{"id":147046,"date":"2024-11-12T12:24:47","date_gmt":"2024-11-12T12:24:47","guid":{"rendered":"https:\/\/web.greenpatio.es\/?page_id=147046"},"modified":"2025-01-23T11:40:52","modified_gmt":"2025-01-23T11:40:52","slug":"la-terraza","status":"publish","type":"page","link":"https:\/\/greenpatio.es\/de\/la-terraza\/","title":{"rendered":"La Terraza"},"content":{"rendered":"<div data-elementor-type=\"wp-page\" data-elementor-id=\"147046\" class=\"elementor elementor-147046\" data-elementor-post-type=\"page\">\n\t\t\t\t<div class=\"elementor-element elementor-element-f4c45d9 e-con-full e-flex parallax_section_no qode_elementor_container_no e-con e-parent\" data-id=\"f4c45d9\" data-element_type=\"container\" data-settings=\"{&quot;background_background&quot;:&quot;classic&quot;}\">\n\t\t\t\t<div class=\"elementor-element elementor-element-c3edf7a elementor-widget elementor-widget-text-editor\" data-id=\"c3edf7a\" data-element_type=\"widget\" data-widget_type=\"text-editor.default\">\n\t\t\t\t<div class=\"elementor-widget-container\">\n\t\t\t\t\t\t\t\t\t<h6 style=\"color: white;\"><b>LA IMPRENTA<\/b><\/h6><br>\n<h1 class=\"qodef-m-title entry-title\"><strong style=\"font-family: 'Roboto', sans-serif; color: white;\"> La Terraza<\/strong><\/h1>\t\t\t\t\t\t\t\t<\/div>\n\t\t\t\t<\/div>\n\t\t\t\t<div class=\"elementor-element elementor-element-d71fc8c elementor-widget__width-auto elementor-absolute elementor-widget elementor-widget-bridge_icon_text\" data-id=\"d71fc8c\" data-element_type=\"widget\" data-settings=\"{&quot;_position&quot;:&quot;absolute&quot;}\" data-widget_type=\"bridge_icon_text.default\">\n\t\t\t\t<div class=\"elementor-widget-container\">\n\t\t\t\t\t<div class='q_icon_with_title tiny normal_icon left_from_title'><div class=\"icon_text_holder\" style=\"\"><div class=\"icon_text_inner\" style=\"\"><div class=\"icon_title_holder\"><div class=\"icon_holder\" style=\" \"><span data-icon-type=\"normal\"   style=\"font-size: 5px;\" class=\"qode_iwt_icon_holder q_font_awsome_icon fa-lg\"><i class=\"qode_icon_font_awesome_5 fa5 fa fa-circle qode_iwt_icon_element\" style=\"color: #FFFFFF;\" ><\/i><\/span><\/div><h6 class=\"icon_title\" style=\"color: #FFFFFF;\"><\/h6><\/div><p style=''><\/p><\/div><\/div><\/div>\t\t\t\t<\/div>\n\t\t\t\t<\/div>\n\t\t\t\t<div class=\"elementor-element elementor-element-d1201d1 elementor-widget__width-auto elementor-absolute elementor-widget elementor-widget-text-editor\" data-id=\"d1201d1\" data-element_type=\"widget\" data-settings=\"{&quot;_position&quot;:&quot;absolute&quot;}\" data-widget_type=\"text-editor.default\">\n\t\t\t\t<div class=\"elementor-widget-container\">\n\t\t\t\t\t\t\t\t\t<div style=\"display: flex; align-items: center; color: #ffffff; font-size: 18px;\">\n  <!-- \u00danico elemento: icono y texto -->\n  <span style=\"display: inline-flex; align-items: center;\">\n    <img decoding=\"async\" style=\"width: 40px; margin-right: 10px;\" src=\"https:\/\/greenpatio.es\/wp-content\/uploads\/2025\/01\/superficie.png\" alt=\"Icon\" \/>\n    230 m\u00b2\n  <\/span>\n<\/div>\n\t\t\t\t\t\t\t\t<\/div>\n\t\t\t\t<\/div>\n\t\t\t\t<\/div>\n\t\t<div class=\"elementor-element elementor-element-c07218b e-con-full e-flex parallax_section_no qode_elementor_container_no e-con e-parent\" data-id=\"c07218b\" data-element_type=\"container\" data-settings=\"{&quot;background_background&quot;:&quot;classic&quot;}\">\n\t\t<div class=\"elementor-element elementor-element-2a1c5f8 e-con-full e-flex parallax_section_no qode_elementor_container_no e-con e-child\" data-id=\"2a1c5f8\" data-element_type=\"container\">\n\t\t\t\t<div class=\"elementor-element elementor-element-2418e19 elementor-widget__width-initial elementor-widget elementor-widget-qi_addons_for_elementor_section_title\" data-id=\"2418e19\" data-element_type=\"widget\" data-widget_type=\"qi_addons_for_elementor_section_title.default\">\n\t\t\t\t<div class=\"elementor-widget-container\">\n\t\t\t\t\t<div class=\"qodef-shortcode qodef-m  qodef-qi-section-title  qodef-decoration--italic  qodef-link--underline-draw qodef-subtitle-icon--left\">\n\t\t\t\t\t\t<h2 class=\"qodef-m-title translation-block\">Exklusive Terrasse f\u00fcr <br>einzigartige Veranstaltungen<\/h2>\n\t\t\t<div class=\"qodef-m-text\">&nbsp;\n<p style=\"font-size: 20px\">Im Herzen des Finanzzentrums von Madrid gelegen, ist unsere Terrasse eine urbane Oase, in der frische Luft und Komfort aufeinandertreffen, um ein einzigartiges Erlebnis zu bieten.\nDieser Raum ist ideal f\u00fcr alle, die einen exklusiven und vielseitigen Ort f\u00fcr Outdoor-Veranstaltungen suchen und das dynamische und lebendige Ambiente der Stadt genie\u00dfen m\u00f6chten.<\/p><\/div>\n\t<\/div>\n\t\t\t\t<\/div>\n\t\t\t\t<\/div>\n\t\t\t\t<div class=\"elementor-element elementor-element-a151c4d elementor-widget elementor-widget-bridge_button\" data-id=\"a151c4d\" data-element_type=\"widget\" data-widget_type=\"bridge_button.default\">\n\t\t\t\t<div class=\"elementor-widget-container\">\n\t\t\t\t\t<a  itemprop=\"url\" href=\"#contacto-terraza\" target=\"_self\"  class=\"qbutton  default\" style=\"border-color: #808336; \">Terrasse buchen<span aria-hidden=\"true\" class=\"qode_icon_font_elegant arrow_carrot-right_alt2 qode_button_icon_element\" style=\"\" ><\/span><\/a>\t\t\t\t<\/div>\n\t\t\t\t<\/div>\n\t\t\t\t<\/div>\n\t\t<div class=\"elementor-element elementor-element-714458f e-con-full e-flex parallax_section_no qode_elementor_container_no e-con e-child\" data-id=\"714458f\" data-element_type=\"container\">\n\t\t\t\t<div class=\"elementor-element elementor-element-291b77a elementor-widget__width-auto elementor-widget elementor-widget-bridge_image_gallery\" data-id=\"291b77a\" data-element_type=\"widget\" data-widget_type=\"bridge_image_gallery.default\">\n\t\t\t\t<div class=\"elementor-widget-container\">\n\t\t\t\t\t<div class=\"qode-image-gallery\"><div class=\"qode-image-gallery-inner\"><div class=\"qode-image-gallery-slides drag_enabled wpb_image_grid\" data-interval=\"\"data-control=\"false\"data-direction=\"false\"data-pause-on-hover=\"false\"data-drag=\"true\"><div class=\"gallery_holder\"><ul class=\"gallery_inner   v0\"><li class=\"no_grayscale\"><img decoding=\"async\" itemprop=\"image\" src=\"https:\/\/greenpatio.es\/wp-content\/uploads\/2024\/11\/2-9.jpg\" \/><\/li><\/ul><\/div><\/div><\/div><\/div>\t\t\t\t<\/div>\n\t\t\t\t<\/div>\n\t\t\t\t<\/div>\n\t\t\t\t<\/div>\n\t\t<div class=\"elementor-element elementor-element-b6e18ff e-flex e-con-boxed parallax_section_no qode_elementor_container_no e-con e-parent\" data-id=\"b6e18ff\" data-element_type=\"container\">\n\t\t\t\t\t<div class=\"e-con-inner\">\n\t\t<div class=\"elementor-element elementor-element-db6dcda e-grid e-con-full parallax_section_no qode_elementor_container_no e-con e-child\" data-id=\"db6dcda\" data-element_type=\"container\">\n\t\t\t\t<div class=\"elementor-element elementor-element-da63fad elementor-widget elementor-widget-bridge_icon_text\" data-id=\"da63fad\" data-element_type=\"widget\" data-widget_type=\"bridge_icon_text.default\">\n\t\t\t\t<div class=\"elementor-widget-container\">\n\t\t\t\t\t<div class='q_icon_with_title small custom_icon_image center qode-iwt-content-alignment-center'><div class=\"icon_holder\" style=\" \"><img decoding=\"async\" itemprop=\"image\" style=\"\" src=\"https:\/\/greenpatio.es\/wp-content\/uploads\/2024\/11\/blueprint_8785215.png\" alt=\"\"><\/div><div class=\"icon_text_holder\" style=\"\"><div class=\"icon_text_inner\" style=\"\"><h5 class=\"icon_title\" style=\"\"><b>230 m2<\/b>  durchsichtig<\/h5><p style=''><\/p><\/div><\/div><\/div>\t\t\t\t<\/div>\n\t\t\t\t<\/div>\n\t\t\t\t<div class=\"elementor-element elementor-element-855f75b elementor-widget elementor-widget-bridge_icon_text\" data-id=\"855f75b\" data-element_type=\"widget\" data-widget_type=\"bridge_icon_text.default\">\n\t\t\t\t<div class=\"elementor-widget-container\">\n\t\t\t\t\t<div class='q_icon_with_title small custom_icon_image center qode-iwt-content-alignment-center'><div class=\"icon_holder\" style=\" \"><img decoding=\"async\" itemprop=\"image\" style=\"\" src=\"https:\/\/greenpatio.es\/wp-content\/uploads\/2024\/11\/forest_15858070.png\" alt=\"\"><\/div><div class=\"icon_text_holder\" style=\"\"><div class=\"icon_text_inner\" style=\"\"><h5 class=\"icon_title\" style=\"\">Platz im Freien<\/h5><p style=''><\/p><\/div><\/div><\/div>\t\t\t\t<\/div>\n\t\t\t\t<\/div>\n\t\t\t\t<\/div>\n\t\t\t\t\t<\/div>\n\t\t\t\t<\/div>\n\t\t<div class=\"elementor-element elementor-element-03ce9ae e-con-full e-flex parallax_section_no qode_elementor_container_no e-con e-parent\" data-id=\"03ce9ae\" data-element_type=\"container\" data-settings=\"{&quot;background_background&quot;:&quot;video&quot;,&quot;background_video_link&quot;:&quot;https:\\\/\\\/vimeo.com\\\/1029301139&quot;,&quot;background_play_on_mobile&quot;:&quot;yes&quot;}\">\n\t\t<div class=\"elementor-background-video-container\">\n\t\t\t\t\t\t\t<div class=\"elementor-background-video-embed\"><\/div>\n\t\t\t\t\t\t<\/div><div class=\"elementor-element elementor-element-b7da05f e-con-full e-flex parallax_section_no qode_elementor_container_no e-con e-child\" data-id=\"b7da05f\" data-element_type=\"container\">\n\t\t\t\t<div class=\"elementor-element elementor-element-b9a2b01 elementor-widget__width-initial elementor-widget elementor-widget-text-editor\" data-id=\"b9a2b01\" data-element_type=\"widget\" data-widget_type=\"text-editor.default\">\n\t\t\t\t<div class=\"elementor-widget-container\">\n\t\t\t\t\t\t\t\t\t<h6 style=\"display: flex; align-items: center;\">\n  <span style=\"color: #ffffff; margin-right: 8px;\">Virtueller Rundgang<\/span>\n  <img decoding=\"async\" src=\"https:\/\/greenpatio.es\/wp-content\/uploads\/2024\/11\/virtual.png\" alt=\"Icono\" style=\"width: 40px; height: 30px;\">\n<\/h6>\t\t\t\t\t\t\t\t<\/div>\n\t\t\t\t<\/div>\n\t\t\t\t<\/div>\n\t\t\t\t<\/div>\n\t\t<div class=\"elementor-element elementor-element-4fffc58 e-con-full e-flex parallax_section_no qode_elementor_container_no e-con e-parent\" data-id=\"4fffc58\" data-element_type=\"container\">\n\t\t<div class=\"elementor-element elementor-element-adac35b e-con-full e-flex parallax_section_no qode_elementor_container_no e-con e-child\" data-id=\"adac35b\" data-element_type=\"container\">\n\t\t\t\t<div class=\"elementor-element elementor-element-72857ad elementor-widget elementor-widget-text-editor\" data-id=\"72857ad\" data-element_type=\"widget\" data-widget_type=\"text-editor.default\">\n\t\t\t\t<div class=\"elementor-widget-container\">\n\t\t\t\t\t\t\t\t\t<div class=\"elementor-element elementor-element-841aadd qodef--underline elementor-widget elementor-widget-text-editor\" data-id=\"841aadd\" data-element_type=\"widget\" data-widget_type=\"text-editor.default\"><div class=\"elementor-widget-container\"><h4><a class=\"qode-underline-link\" href=\"https:\/\/greenpatio.es\/wp-content\/uploads\/2024\/11\/DOSSIER%20GREEN%20PATIO%2024%20F-compressed.pdf\" target=\"_blank\" rel=\"noopener\">Dossier herunterladen<\/a><\/h4><\/div><\/div>\t\t\t\t\t\t\t\t<\/div>\n\t\t\t\t<\/div>\n\t\t\t\t<div class=\"elementor-element elementor-element-672cae6 elementor-widget elementor-widget-text-editor\" data-id=\"672cae6\" data-element_type=\"widget\" data-widget_type=\"text-editor.default\">\n\t\t\t\t<div class=\"elementor-widget-container\">\n\t\t\t\t\t\t\t\t\t<div class=\"elementor-element elementor-element-841aadd qodef--underline elementor-widget elementor-widget-text-editor\" data-id=\"841aadd\" data-element_type=\"widget\" data-widget_type=\"text-editor.default\">\n<div class=\"elementor-widget-container\">\n<h4><a class=\"qode-underline-link\" href=\"#contacto-terraza\">Informationen \u00fcber diesen Raum anfordern<\/a><\/h4>\n<\/div>\n<\/div>\t\t\t\t\t\t\t\t<\/div>\n\t\t\t\t<\/div>\n\t\t\t\t<div class=\"elementor-element elementor-element-44c4798 elementor-widget elementor-widget-text-editor\" data-id=\"44c4798\" data-element_type=\"widget\" data-widget_type=\"text-editor.default\">\n\t\t\t\t<div class=\"elementor-widget-container\">\n\t\t\t\t\t\t\t\t\t<div class=\"elementor-element elementor-element-841aadd qodef--underline elementor-widget elementor-widget-text-editor\" data-id=\"841aadd\" data-element_type=\"widget\" data-widget_type=\"text-editor.default\">\n<div class=\"elementor-widget-container\">\n<h4><a class=\"qode-underline-link\" href=\"https:\/\/greenpatio.es\/wp-content\/uploads\/2025\/01\/plano-GreenPatio-LaImprenta.pdf\" target=\"_blank\" rel=\"noopener\">Plan herunterladen<\/a><\/h4>\n<\/div>\n<\/div>\t\t\t\t\t\t\t\t<\/div>\n\t\t\t\t<\/div>\n\t\t\t\t<\/div>\n\t\t<div class=\"elementor-element elementor-element-6d684ce e-con-full e-flex parallax_section_no qode_elementor_container_no e-con e-child\" data-id=\"6d684ce\" data-element_type=\"container\">\n\t\t\t\t<div class=\"elementor-element elementor-element-ec178cc elementor-widget__width-initial elementor-widget elementor-widget-qi_addons_for_elementor_section_title\" data-id=\"ec178cc\" data-element_type=\"widget\" data-widget_type=\"qi_addons_for_elementor_section_title.default\">\n\t\t\t\t<div class=\"elementor-widget-container\">\n\t\t\t\t\t<div class=\"qodef-shortcode qodef-m  qodef-qi-section-title  qodef-decoration--italic  qodef-link--underline-draw qodef-subtitle-icon--left\">\n\t\t\t\t\t\t<h4 class=\"qodef-m-title\">\n\t\tVielseitiger Raum\t<\/h4>\n\t\t\t<div class=\"qodef-m-text\">La Terraza ist ein ger\u00e4umiger und anpassungsf\u00e4higer Raum, der f\u00fcr eine Vielzahl von Veranstaltungen konfiguriert werden kann, von Empf\u00e4ngen\neine Vielzahl von Veranstaltungen, von Empf\u00e4ngen und Cocktailpartys bis hin zu Pr\u00e4sentationen und privaten Feiern.\nund private Feiern.<\/div>\n\t<\/div>\n\t\t\t\t<\/div>\n\t\t\t\t<\/div>\n\t\t\t\t<\/div>\n\t\t<div class=\"elementor-element elementor-element-cfa5118 e-con-full e-flex parallax_section_no qode_elementor_container_no e-con e-child\" data-id=\"cfa5118\" data-element_type=\"container\">\n\t\t\t\t<div class=\"elementor-element elementor-element-0c43245 elementor-widget__width-initial elementor-widget elementor-widget-qi_addons_for_elementor_section_title\" data-id=\"0c43245\" data-element_type=\"widget\" data-widget_type=\"qi_addons_for_elementor_section_title.default\">\n\t\t\t\t<div class=\"elementor-widget-container\">\n\t\t\t\t\t<div class=\"qodef-shortcode qodef-m  qodef-qi-section-title  qodef-decoration--italic  qodef-link--underline-draw qodef-subtitle-icon--left\">\n\t\t\t\t\t\t<h4 class=\"qodef-m-title\">\n\t\tNat\u00fcrliche Umwelt\t<\/h4>\n\t\t\t<div class=\"qodef-m-text\">Umgeben von sorgf\u00e4ltig ausgew\u00e4hltem Gr\u00fcn, bietet die La Terraza eine entspannende und erfrischende\neine entspannende und erfrischende Atmosph\u00e4re. Diese nat\u00fcrliche Umgebung in Verbindung mit der frischen Luft schafft eine ideale\neine ideale Atmosph\u00e4re, um abzuschalten und besondere Momente zu genie\u00dfen.<\/div>\n\t<\/div>\n\t\t\t\t<\/div>\n\t\t\t\t<\/div>\n\t\t\t\t<\/div>\n\t\t\t\t<\/div>\n\t\t<div class=\"elementor-element elementor-element-a9d6dfc e-con-full e-flex parallax_section_no qode_elementor_container_no e-con e-parent\" data-id=\"a9d6dfc\" data-element_type=\"container\">\n\t\t\t\t<div class=\"elementor-element elementor-element-56531a1 qodef-navigation-together--bottom elementor-widget elementor-widget-qi_addons_for_elementor_image_slider\" data-id=\"56531a1\" data-element_type=\"widget\" data-widget_type=\"qi_addons_for_elementor_image_slider.default\">\n\t\t\t\t<div class=\"elementor-widget-container\">\n\t\t\t\t\t<div class=\"qodef-shortcode qodef-m  qodef-qi-image-slider qodef-qi-fslightbox-popup qodef-popup-gallery    qodef-col-num--2 qodef-qi-grid qodef-qi-swiper-container  qodef-navigation--together qodef-navigation-alignment--flex-end     qodef-navigation--hover-move\" data-options=\"{&quot;direction&quot;:&quot;horizontal&quot;,&quot;slidesPerView&quot;:&quot;2&quot;,&quot;spaceBetween&quot;:8,&quot;spaceBetweenTablet&quot;:30,&quot;spaceBetweenMobile&quot;:30,&quot;effect&quot;:&quot;&quot;,&quot;loop&quot;:true,&quot;autoplay&quot;:true,&quot;centeredSlides&quot;:false,&quot;speed&quot;:&quot;&quot;,&quot;speedAnimation&quot;:&quot;&quot;,&quot;outsideNavigation&quot;:&quot;yes&quot;,&quot;outsidePagination&quot;:&quot;no&quot;,&quot;unique&quot;:487,&quot;partialValue&quot;:0.4,&quot;disablePartialValue&quot;:&quot;&quot;,&quot;parallax&quot;:&quot;no&quot;}\">\n\t<div class=\"swiper-wrapper\">\n\t\t<div class=\"qodef-e swiper-slide\">\n\t<div class=\"qodef-e-inner\">\n\t\t<div class=\"qodef-e-inner-holder\">\n\t\t\t\t\t\t\t<a class=\"qodef-popup-item\" itemprop=\"image\" href=\"https:\/\/greenpatio.es\/wp-content\/uploads\/2024\/11\/1-8.jpg\" data-type=\"image\" data-fslightbox=\"gallery-487\" data-e-disable-page-transition=\"\u201dtrue\u201d\">\n\t\t\t\t\t\t\t<img fetchpriority=\"high\" decoding=\"async\" width=\"1920\" height=\"1080\" src=\"https:\/\/greenpatio.es\/wp-content\/uploads\/2024\/11\/1-8.jpg\" class=\"attachment-full size-full\" alt=\"\" srcset=\"https:\/\/greenpatio.es\/wp-content\/uploads\/2024\/11\/1-8.jpg 1920w, https:\/\/greenpatio.es\/wp-content\/uploads\/2024\/11\/1-8-300x169.jpg 300w, https:\/\/greenpatio.es\/wp-content\/uploads\/2024\/11\/1-8-1024x576.jpg 1024w, https:\/\/greenpatio.es\/wp-content\/uploads\/2024\/11\/1-8-768x432.jpg 768w, https:\/\/greenpatio.es\/wp-content\/uploads\/2024\/11\/1-8-1536x864.jpg 1536w, https:\/\/greenpatio.es\/wp-content\/uploads\/2024\/11\/1-8-700x394.jpg 700w, https:\/\/greenpatio.es\/wp-content\/uploads\/2024\/11\/1-8-539x303.jpg 539w\" sizes=\"(max-width: 1920px) 100vw, 1920px\" \/>\t\t\t\t\t\t\t<\/a>\n\t\t\t\t\t<\/div>\n\t<\/div>\n\t<\/div>\n<div class=\"qodef-e swiper-slide\">\n\t<div class=\"qodef-e-inner\">\n\t\t<div class=\"qodef-e-inner-holder\">\n\t\t\t\t\t\t\t<a class=\"qodef-popup-item\" itemprop=\"image\" href=\"https:\/\/greenpatio.es\/wp-content\/uploads\/2024\/11\/2-10.jpg\" data-type=\"image\" data-fslightbox=\"gallery-487\" data-e-disable-page-transition=\"\u201dtrue\u201d\">\n\t\t\t\t\t\t\t<img decoding=\"async\" width=\"1920\" height=\"1080\" src=\"https:\/\/greenpatio.es\/wp-content\/uploads\/2024\/11\/2-10.jpg\" class=\"attachment-full size-full\" alt=\"\" srcset=\"https:\/\/greenpatio.es\/wp-content\/uploads\/2024\/11\/2-10.jpg 1920w, https:\/\/greenpatio.es\/wp-content\/uploads\/2024\/11\/2-10-300x169.jpg 300w, https:\/\/greenpatio.es\/wp-content\/uploads\/2024\/11\/2-10-1024x576.jpg 1024w, https:\/\/greenpatio.es\/wp-content\/uploads\/2024\/11\/2-10-768x432.jpg 768w, https:\/\/greenpatio.es\/wp-content\/uploads\/2024\/11\/2-10-1536x864.jpg 1536w, https:\/\/greenpatio.es\/wp-content\/uploads\/2024\/11\/2-10-700x394.jpg 700w, https:\/\/greenpatio.es\/wp-content\/uploads\/2024\/11\/2-10-539x303.jpg 539w\" sizes=\"(max-width: 1920px) 100vw, 1920px\" \/>\t\t\t\t\t\t\t<\/a>\n\t\t\t\t\t<\/div>\n\t<\/div>\n\t<\/div>\n\t<\/div>\n\t<\/div>\n\t\t\t<div class=\"qodef-swiper-together-nav\">\n\t\t\t<div class=\"qodef-swiper-together-inner\">\n\t\t<div class=\"swiper-button-prev swiper-button-outside swiper-button-prev-487\"><svg xmlns=\"http:\/\/www.w3.org\/2000\/svg\" id=\"arrow-left\" width=\"879\" height=\"192.281\" viewbox=\"0 0 879 192.281\"><g id=\"Component_1_1\" data-name=\"Component 1 &#x2013; 1\"><path id=\"Path_18060\" data-name=\"Path 18060\" d=\"M164.813,96.141V0L82.406,48.07,0,96.141l82.406,48.07,82.406,48.07Z\"><\/path><rect id=\"Rectangle_874\" data-name=\"Rectangle 874\" width=\"714.188\" height=\"24.628\" transform=\"translate(879 108.455) rotate(180)\"><\/rect><\/g><\/svg><\/div>\n\t<div class=\"swiper-button-next swiper-button-outside swiper-button-next-487\"><svg xmlns=\"http:\/\/www.w3.org\/2000\/svg\" width=\"879\" height=\"192.281\" viewbox=\"0 0 879 192.281\"><g id=\"arrow-left\" transform=\"translate(879 192.281) rotate(180)\"><g id=\"Component_1_1\" data-name=\"Component 1 &#x2013; 1\"><path id=\"Path_18060\" data-name=\"Path 18060\" d=\"M164.813,96.141V0L82.406,48.07,0,96.141l82.406,48.07,82.406,48.07Z\"><\/path><rect id=\"Rectangle_874\" data-name=\"Rectangle 874\" width=\"714.188\" height=\"24.628\" transform=\"translate(879 108.455) rotate(180)\"><\/rect><\/g><\/g><\/svg><\/div>\n\t\t\t\t<\/div>\n\t\t<\/div>\n\t\t\t\t\t<\/div>\n\t\t\t\t<\/div>\n\t\t\t\t<\/div>\n\t\t<div class=\"elementor-element elementor-element-cf93380 e-con-full e-flex parallax_section_no qode_elementor_container_no e-con e-parent\" data-id=\"cf93380\" data-element_type=\"container\">\n\t\t\t\t<div class=\"elementor-element elementor-element-ed4a965 elementor-widget elementor-widget-qi_addons_for_elementor_separator\" data-id=\"ed4a965\" data-element_type=\"widget\" data-widget_type=\"qi_addons_for_elementor_separator.default\">\n\t\t\t\t<div class=\"elementor-widget-container\">\n\t\t\t\t\t<div class=\"qodef-shortcode qodef-m  qodef-qi-separator qodef-qi-clear qodef-separator--standard\">\n\t<div class=\"qodef-m-line\"><\/div>\n<\/div>\n\t\t\t\t<\/div>\n\t\t\t\t<\/div>\n\t\t\t\t<\/div>\n\t\t<div class=\"elementor-element elementor-element-3da8d76 e-con-full e-flex parallax_section_no qode_elementor_container_no e-con e-parent\" data-id=\"3da8d76\" data-element_type=\"container\" id=\"contacto-terraza\">\n\t\t\t\t<div class=\"elementor-element elementor-element-1eca537 elementor-widget elementor-widget-text-editor\" data-id=\"1eca537\" data-element_type=\"widget\" data-widget_type=\"text-editor.default\">\n\t\t\t\t<div class=\"elementor-widget-container\">\n\t\t\t\t\t\t\t\t\t<h2 class=\"qodef-m-title\" style=\"text-align: center;\">Standort \/ Kontakt<\/h2>\t\t\t\t\t\t\t\t<\/div>\n\t\t\t\t<\/div>\n\t\t\t\t<\/div>\n\t\t<div class=\"elementor-element elementor-element-664200e e-con-full qode_elementor_container_inner e-flex parallax_section_no e-con e-parent\" data-id=\"664200e\" data-element_type=\"container\">\n\t\t<div class=\"elementor-element elementor-element-056e511 e-con-full e-flex parallax_section_no qode_elementor_container_no e-con e-child\" data-id=\"056e511\" data-element_type=\"container\">\n\t\t\t\t<div class=\"elementor-element elementor-element-a40adf8 elementor-widget elementor-widget-google_maps\" data-id=\"a40adf8\" data-element_type=\"widget\" data-widget_type=\"google_maps.default\">\n\t\t\t\t<div class=\"elementor-widget-container\">\n\t\t\t\t\t\t\t<div class=\"elementor-custom-embed\">\n\t\t\t<iframe loading=\"lazy\"\n\t\t\t\t\tsrc=\"https:\/\/www.google.com\/maps\/embed\/v1\/place?key=AIzaSyAjoVOdInGgzaGSqebFLmoGasqU4YTmsNQ&#038;q=Green%20Patio&#038;zoom=11\"\n\t\t\t\t\ttitle=\"Green Patio\"\n\t\t\t\t\taria-label=\"Green Patio\"\n\t\t\t><\/iframe>\n\t\t<\/div>\n\t\t\t\t\t\t<\/div>\n\t\t\t\t<\/div>\n\t\t<div class=\"elementor-element elementor-element-3b96833 e-flex e-con-boxed parallax_section_no qode_elementor_container_no e-con e-child\" data-id=\"3b96833\" data-element_type=\"container\">\n\t\t\t\t\t<div class=\"e-con-inner\">\n\t\t<div class=\"elementor-element elementor-element-562be69 e-grid e-con-full parallax_section_no qode_elementor_container_no e-con e-child\" data-id=\"562be69\" data-element_type=\"container\" data-settings=\"{&quot;background_background&quot;:&quot;classic&quot;}\">\n\t\t\t\t<div class=\"elementor-element elementor-element-fb71fbd elementor-widget elementor-widget-bridge_icon_text\" data-id=\"fb71fbd\" data-element_type=\"widget\" data-widget_type=\"bridge_icon_text.default\">\n\t\t\t\t<div class=\"elementor-widget-container\">\n\t\t\t\t\t<div class='q_icon_with_title tiny custom_icon_image center qode-iwt-content-alignment-left'><div class=\"icon_holder\" style=\" \"><img decoding=\"async\" itemprop=\"image\" style=\"\" src=\"https:\/\/greenpatio.es\/wp-content\/uploads\/2024\/11\/pngwing.com_.png\" alt=\"\"><\/div><div class=\"icon_text_holder\" style=\"\"><div class=\"icon_text_inner\" style=\"\"><h4 class=\"icon_title\" style=\"color: #000000;\"><b>Metro<\/b><\/h4><p style=''>Metro Estrecho (Linie 1). <br>Metro Tetu\u00e1n (Linie 1).<\/p><\/div><\/div><\/div>\t\t\t\t<\/div>\n\t\t\t\t<\/div>\n\t\t\t\t<div class=\"elementor-element elementor-element-a993aa0 elementor-widget elementor-widget-bridge_icon_text\" data-id=\"a993aa0\" data-element_type=\"widget\" data-widget_type=\"bridge_icon_text.default\">\n\t\t\t\t<div class=\"elementor-widget-container\">\n\t\t\t\t\t<div class='q_icon_with_title tiny custom_icon_image center qode-iwt-content-alignment-left'><div class=\"icon_holder\" style=\" \"><img decoding=\"async\" itemprop=\"image\" style=\"\" src=\"https:\/\/greenpatio.es\/wp-content\/uploads\/2024\/11\/pngwing.com_.png\" alt=\"\"><\/div><div class=\"icon_text_holder\" style=\"\"><div class=\"icon_text_inner\" style=\"\"><h4 class=\"icon_title\" style=\"color: #000000;\"><b>Vorstadt<\/b><\/h4><p style=''>Cercan\u00edas Nuevos Ministerios (C1, C2, C3, C3A, C4A, C4B, C7, C8 und C10).<\/p><\/div><\/div><\/div>\t\t\t\t<\/div>\n\t\t\t\t<\/div>\n\t\t\t\t<div class=\"elementor-element elementor-element-dfc4651 elementor-widget elementor-widget-bridge_icon_text\" data-id=\"dfc4651\" data-element_type=\"widget\" data-widget_type=\"bridge_icon_text.default\">\n\t\t\t\t<div class=\"elementor-widget-container\">\n\t\t\t\t\t<div class='q_icon_with_title tiny custom_icon_image center qode-iwt-content-alignment-left'><div class=\"icon_holder\" style=\" \"><img decoding=\"async\" itemprop=\"image\" style=\"\" src=\"https:\/\/greenpatio.es\/wp-content\/uploads\/2024\/11\/transport_16065889.png\" alt=\"\"><\/div><div class=\"icon_text_holder\" style=\"\"><div class=\"icon_text_inner\" style=\"\"><h4 class=\"icon_title\" style=\"color: #000000;\"><b>Bus<\/b><\/h4><p style=''>3, 64, 124, 66, 124, 128.<\/p><\/div><\/div><\/div>\t\t\t\t<\/div>\n\t\t\t\t<\/div>\n\t\t\t\t<\/div>\n\t\t\t\t\t<\/div>\n\t\t\t\t<\/div>\n\t\t\t\t<\/div>\n\t\t<div class=\"elementor-element elementor-element-15fd3f1 e-con-full e-flex parallax_section_no qode_elementor_container_no e-con e-child\" data-id=\"15fd3f1\" data-element_type=\"container\">\n\t\t\t\t<div class=\"elementor-element elementor-element-c93db9c elementor-widget elementor-widget-bridge_cf_7\" data-id=\"c93db9c\" data-element_type=\"widget\" data-widget_type=\"bridge_cf_7.default\">\n\t\t\t\t<div class=\"elementor-widget-container\">\n\t\t\t\t\t    <div class=\"qode-contact-form-7 qode-contact-form-7-0\">\n    \n<div class=\"wpcf7 no-js\" id=\"wpcf7-f5-o1\" lang=\"en-US\" dir=\"ltr\" data-wpcf7-id=\"5\">\n<div class=\"screen-reader-response\"><p role=\"status\" aria-live=\"polite\" aria-atomic=\"true\"><\/p> <ul><\/ul><\/div>\n<form action=\"\/de\/wp-json\/wp\/v2\/pages\/147046#wpcf7-f5-o1\" method=\"post\" class=\"wpcf7-form init cf7_custom_style_1\" aria-label=\"Kontakt-Formular\" novalidate=\"novalidate\" data-status=\"init\" data-trp-original-action=\"\/de\/wp-json\/wp\/v2\/pages\/147046#wpcf7-f5-o1\">\n<fieldset class=\"hidden-fields-container\"><input type=\"hidden\" name=\"_wpcf7\" value=\"5\" \/><input type=\"hidden\" name=\"_wpcf7_version\" value=\"6.1.3\" \/><input type=\"hidden\" name=\"_wpcf7_locale\" value=\"en_US\" \/><input type=\"hidden\" name=\"_wpcf7_unit_tag\" value=\"wpcf7-f5-o1\" \/><input type=\"hidden\" name=\"_wpcf7_container_post\" value=\"0\" \/><input type=\"hidden\" name=\"_wpcf7_posted_data_hash\" value=\"\" \/><input type=\"hidden\" name=\"_wpcf7_recaptcha_response\" value=\"\" \/>\n<\/fieldset>\n<!-- Fila 1 \u00b7 Nombre  |  Tel\u00e9fono -->\n<div class=\"two_columns_50_50 clearfix\">\n    <div class=\"column1\">\n        <div class=\"column_inner\">\n            <span class=\"wpcf7-form-control-wrap\" data-name=\"your-name\"><input size=\"40\" maxlength=\"400\" class=\"wpcf7-form-control wpcf7-text wpcf7-validates-as-required\" aria-required=\"true\" aria-invalid=\"false\" placeholder=\"Vorname und Nachname\" value=\"\" type=\"text\" name=\"your-name\" \/><\/span>\n        <\/div>\n    <\/div>\n\n    <div class=\"column2\">\n        <div class=\"column_inner\">\n            <span class=\"wpcf7-form-control-wrap\" data-name=\"your-phone\"><input size=\"40\" maxlength=\"400\" class=\"wpcf7-form-control wpcf7-tel wpcf7-validates-as-required wpcf7-text wpcf7-validates-as-tel\" aria-required=\"true\" aria-invalid=\"false\" placeholder=\"Telefon\" value=\"\" type=\"tel\" name=\"your-phone\" \/><\/span>\n        <\/div>\n    <\/div>\n<\/div>\n\n<!-- Fila 2 \u00b7 Correo electr\u00f3nico | \u00bfC\u00f3mo nos has conocido? -->\n<div class=\"two_columns_50_50 clearfix\">\n    <div class=\"column1\">\n        <div class=\"column_inner\">\n            <span class=\"wpcf7-form-control-wrap\" data-name=\"your-email\"><input size=\"40\" maxlength=\"400\" class=\"wpcf7-form-control wpcf7-email wpcf7-validates-as-required wpcf7-text wpcf7-validates-as-email\" aria-required=\"true\" aria-invalid=\"false\" placeholder=\"E-Mail Adresse\" value=\"\" type=\"email\" name=\"your-email\" \/><\/span>\n        <\/div>\n    <\/div>\n\n    <div class=\"column2\">\n        <div class=\"column_inner\">\n            <span class=\"wpcf7-form-control-wrap\" data-name=\"your-referral\"><select class=\"wpcf7-form-control wpcf7-select wpcf7-validates-as-required\" aria-required=\"true\" aria-invalid=\"false\" name=\"your-referral\"><option value=\"\u00bfC\u00f3mo nos has conocido?\">Wie haben Sie uns kennengelernt?<\/option><option value=\"A trav\u00e9s de Instagram\">\u00dcber Instagram<\/option><option value=\"En LinkedIn\">Auf LinkedIn<\/option><option value=\"Buscando en Google\">Suche bei Google<\/option><option value=\"Me lo recomend\u00f3 un amigo\">Ein Freund hat es mir empfohlen<\/option><option value=\"En medios de comunicaci\u00f3n\">In den Medien<\/option><\/select><\/span>\n        <\/div>\n    <\/div>\n<\/div>\n\n<!-- Fila 3 \u00b7 Fecha del evento | N\u00ba asistentes -->\n<div class=\"two_columns_50_50 clearfix\">\n    <div class=\"column1\">\n        <div class=\"column_inner\">\n<span class=\"wpcf7-form-control-wrap\" data-name=\"your-event-date\"><input class=\"wpcf7-form-control wpcf7-date wpcf7-validates-as-required wpcf7-validates-as-date event-date\" id=\"event-date\" min=\"2024-01-01\" max=\"2026-12-31\" aria-required=\"true\" aria-invalid=\"false\" value=\"\" type=\"date\" name=\"your-event-date\" \/><\/span>\n\n        <\/div>\n    <\/div>\n\n    <div class=\"column2\">\n        <div class=\"column_inner\">\n            <span class=\"wpcf7-form-control-wrap\" data-name=\"your-attendees\"><input class=\"wpcf7-form-control wpcf7-number wpcf7-validates-as-number\" aria-invalid=\"false\" placeholder=\"Ungef\u00e4hre Anzahl der Teilnehmer\" value=\"\" type=\"number\" name=\"your-attendees\" \/><\/span>\n        <\/div>\n    <\/div>\n<\/div>\n\n<!-- Selector de espacio -->\n<div class=\"qodef-input-wrapper\">\n    <label for=\"event-space\"><p>W\u00e4hlen Sie den Raum:<\/p><\/label>\n    <span class=\"wpcf7-form-control-wrap\" data-name=\"event-space\"><select class=\"wpcf7-form-control wpcf7-select wpcf7-validates-as-required\" aria-required=\"true\" aria-invalid=\"false\" name=\"event-space\"><option value=\"La Imprenta - Sala Plenaria\">La Imprenta - Plenarsaal<\/option><option value=\"La Imprenta - Invernadero\">La Imprenta - Gew\u00e4chshaus<\/option><option value=\"La Imprenta - Escenario\">La Imprenta - B\u00fchne<\/option><option value=\"La Imprenta - Sala Cristal\">La Imprenta - Kristallzimmer<\/option><option value=\"La Imprenta - L&#039;Atelier\">La Imprenta - L'Atelier<\/option><option value=\"Covarrubias The One - Sala White\">Covarrubias The One - Wei\u00dfer Raum<\/option><option value=\"Covarrubias The One - Sala Black\">Covarrubias Der Eine - Sala Black<\/option><option value=\"Sala 25\">Sala 25<\/option><option value=\"Lima Rooms\">Lima Zimmer<\/option><option value=\"Espacio Legends\">Legenden Raum<\/option><\/select><\/span>\n<\/div><br>\n\n<span class=\"wpcf7-form-control-wrap\" data-name=\"your-event-details\"><textarea cols=\"40\" rows=\"10\" maxlength=\"2000\" class=\"wpcf7-form-control wpcf7-textarea wpcf7-validates-as-required\" aria-required=\"true\" aria-invalid=\"false\" placeholder=\"Erz\u00e4hlen Sie uns von Ihrer Veranstaltung...\" name=\"your-event-details\"><\/textarea><\/span>\n\n<!-- Bot\u00f3n -->\n<div class=\"qodef-cf-submit-holder\">\n    <div class=\"qodef-cf-submit-inner\">\n        <input class=\"wpcf7-form-control wpcf7-submit has-spinner\" type=\"submit\" value=\"Eine Nachricht senden\" \/>\n    <\/div>\n<\/div><div class=\"wpcf7-response-output\" aria-hidden=\"true\"><\/div>\n<input type=\"hidden\" name=\"trp-form-language\" value=\"de\"\/><\/form>\n<\/div>\n    <\/div>\n\t\t\t\t<\/div>\n\t\t\t\t<\/div>\n\t\t\t\t<\/div>\n\t\t\t\t<\/div>\n\t\t\t\t<\/div>","protected":false},"excerpt":{"rendered":"<p>LA IMPRENTA La Terraza 230...<\/p>","protected":false},"author":1,"featured_media":0,"parent":0,"menu_order":0,"comment_status":"closed","ping_status":"closed","template":"full_width.php","meta":{"_monsterinsights_skip_tracking":false,"_monsterinsights_sitenote_active":false,"_monsterinsights_sitenote_note":"","_monsterinsights_sitenote_category":0,"footnotes":""},"class_list":["post-147046","page","type-page","status-publish","hentry"],"yoast_head":"<!-- This site is optimized with the Yoast SEO plugin v24.0 - https:\/\/yoast.com\/wordpress\/plugins\/seo\/ -->\n<title>Eventos al Aire Libre - La Terraza - Green Patio<\/title>\n<meta name=\"description\" content=\"Disfruta de la terraza de Green Patio, un espacio al aire libre en el centro financiero de Madrid. Ideal para eventos al aire libre.\" \/>\n<meta name=\"robots\" content=\"index, follow, max-snippet:-1, max-image-preview:large, max-video-preview:-1\" \/>\n<link rel=\"canonical\" href=\"https:\/\/greenpatio.es\/de\/la-terraza\/\" \/>\n<meta property=\"og:locale\" content=\"de_DE\" \/>\n<meta property=\"og:type\" content=\"article\" \/>\n<meta property=\"og:title\" content=\"Eventos al Aire Libre - La Terraza - Green Patio\" \/>\n<meta property=\"og:description\" content=\"Disfruta de la terraza de Green Patio, un espacio al aire libre en el centro financiero de Madrid. Ideal para eventos al aire libre.\" \/>\n<meta property=\"og:url\" content=\"https:\/\/greenpatio.es\/de\/la-terraza\/\" \/>\n<meta property=\"og:site_name\" content=\"Green Patio\" \/>\n<meta property=\"article:modified_time\" content=\"2025-01-23T11:40:52+00:00\" \/>\n<meta property=\"og:image\" content=\"https:\/\/greenpatio.es\/wp-content\/uploads\/2025\/01\/superficie.png\" \/>\n<meta name=\"twitter:card\" content=\"summary_large_image\" \/>\n<meta name=\"twitter:label1\" content=\"Gesch\u00e4tzte Lesezeit\" \/>\n\t<meta name=\"twitter:data1\" content=\"4\u00a0Minuten\" \/>\n<script type=\"application\/ld+json\" class=\"yoast-schema-graph\">{\"@context\":\"https:\/\/schema.org\",\"@graph\":[{\"@type\":\"NewsArticle\",\"@id\":\"https:\/\/greenpatio.es\/la-terraza\/#article\",\"isPartOf\":{\"@id\":\"https:\/\/greenpatio.es\/la-terraza\/\"},\"author\":{\"name\":\"admin\",\"@id\":\"https:\/\/greenpatio.es\/#\/schema\/person\/85538d898e3b9d8195d05f58aa605b8d\"},\"headline\":\"La Terraza\",\"datePublished\":\"2024-11-12T12:24:47+00:00\",\"dateModified\":\"2025-01-23T11:40:52+00:00\",\"mainEntityOfPage\":{\"@id\":\"https:\/\/greenpatio.es\/la-terraza\/\"},\"wordCount\":232,\"publisher\":{\"@id\":\"https:\/\/greenpatio.es\/#organization\"},\"image\":{\"@id\":\"https:\/\/greenpatio.es\/la-terraza\/#primaryimage\"},\"thumbnailUrl\":\"https:\/\/greenpatio.es\/wp-content\/uploads\/2025\/01\/superficie.png\",\"inLanguage\":\"de\"},{\"@type\":\"WebPage\",\"@id\":\"https:\/\/greenpatio.es\/la-terraza\/\",\"url\":\"https:\/\/greenpatio.es\/la-terraza\/\",\"name\":\"Eventos al Aire Libre - La Terraza - Green Patio\",\"isPartOf\":{\"@id\":\"https:\/\/greenpatio.es\/#website\"},\"primaryImageOfPage\":{\"@id\":\"https:\/\/greenpatio.es\/la-terraza\/#primaryimage\"},\"image\":{\"@id\":\"https:\/\/greenpatio.es\/la-terraza\/#primaryimage\"},\"thumbnailUrl\":\"https:\/\/greenpatio.es\/wp-content\/uploads\/2025\/01\/superficie.png\",\"datePublished\":\"2024-11-12T12:24:47+00:00\",\"dateModified\":\"2025-01-23T11:40:52+00:00\",\"description\":\"Disfruta de la terraza de Green Patio, un espacio al aire libre en el centro financiero de Madrid. Ideal para eventos al aire libre.\",\"breadcrumb\":{\"@id\":\"https:\/\/greenpatio.es\/la-terraza\/#breadcrumb\"},\"inLanguage\":\"de\",\"potentialAction\":[{\"@type\":\"ReadAction\",\"target\":[\"https:\/\/greenpatio.es\/la-terraza\/\"]}]},{\"@type\":\"ImageObject\",\"inLanguage\":\"de\",\"@id\":\"https:\/\/greenpatio.es\/la-terraza\/#primaryimage\",\"url\":\"https:\/\/greenpatio.es\/wp-content\/uploads\/2025\/01\/superficie.png\",\"contentUrl\":\"https:\/\/greenpatio.es\/wp-content\/uploads\/2025\/01\/superficie.png\"},{\"@type\":\"BreadcrumbList\",\"@id\":\"https:\/\/greenpatio.es\/la-terraza\/#breadcrumb\",\"itemListElement\":[{\"@type\":\"ListItem\",\"position\":1,\"name\":\"Inicio\",\"item\":\"https:\/\/greenpatio.es\/\"},{\"@type\":\"ListItem\",\"position\":2,\"name\":\"La Terraza\"}]},{\"@type\":\"WebSite\",\"@id\":\"https:\/\/greenpatio.es\/#website\",\"url\":\"https:\/\/greenpatio.es\/\",\"name\":\"Green Patio\",\"description\":\"Espacios para eventos en Madrid\",\"publisher\":{\"@id\":\"https:\/\/greenpatio.es\/#organization\"},\"alternateName\":\"Green Patio - Espacios para eventos en Madrid\",\"potentialAction\":[{\"@type\":\"SearchAction\",\"target\":{\"@type\":\"EntryPoint\",\"urlTemplate\":\"https:\/\/greenpatio.es\/?s={search_term_string}\"},\"query-input\":{\"@type\":\"PropertyValueSpecification\",\"valueRequired\":true,\"valueName\":\"search_term_string\"}}],\"inLanguage\":\"de\"},{\"@type\":\"Organization\",\"@id\":\"https:\/\/greenpatio.es\/#organization\",\"name\":\"Green Patio\",\"alternateName\":\"Green Patio Espacio para eventos en Madrid\",\"url\":\"https:\/\/greenpatio.es\/\",\"logo\":{\"@type\":\"ImageObject\",\"inLanguage\":\"de\",\"@id\":\"https:\/\/greenpatio.es\/#\/schema\/logo\/image\/\",\"url\":\"https:\/\/greenpatio.es\/wp-content\/uploads\/2024\/12\/logo-reducido-green-patio.png\",\"contentUrl\":\"https:\/\/greenpatio.es\/wp-content\/uploads\/2024\/12\/logo-reducido-green-patio.png\",\"width\":1465,\"height\":1465,\"caption\":\"Green Patio\"},\"image\":{\"@id\":\"https:\/\/greenpatio.es\/#\/schema\/logo\/image\/\"},\"sameAs\":[\"https:\/\/www.instagram.com\/greenpatioevents\/\"]},{\"@type\":\"Person\",\"@id\":\"https:\/\/greenpatio.es\/#\/schema\/person\/85538d898e3b9d8195d05f58aa605b8d\",\"name\":\"admin\",\"image\":{\"@type\":\"ImageObject\",\"inLanguage\":\"de\",\"@id\":\"https:\/\/greenpatio.es\/#\/schema\/person\/image\/\",\"url\":\"https:\/\/secure.gravatar.com\/avatar\/dc343822ff32eded78127b9bc70d7a8bc38956142c75c7731c634a64f56fcafe?s=96&d=mm&r=g\",\"contentUrl\":\"https:\/\/secure.gravatar.com\/avatar\/dc343822ff32eded78127b9bc70d7a8bc38956142c75c7731c634a64f56fcafe?s=96&d=mm&r=g\",\"caption\":\"admin\"},\"sameAs\":[\"https:\/\/greenpatio.es\"]}]}<\/script>\n<!-- \/ Yoast SEO plugin. -->","yoast_head_json":{"title":"Eventos al Aire Libre - La Terraza - Green Patio","description":"Disfruta de la terraza de Green Patio, un espacio al aire libre en el centro financiero de Madrid. Ideal para eventos al aire libre.","robots":{"index":"index","follow":"follow","max-snippet":"max-snippet:-1","max-image-preview":"max-image-preview:large","max-video-preview":"max-video-preview:-1"},"canonical":"https:\/\/greenpatio.es\/de\/la-terraza\/","og_locale":"de_DE","og_type":"article","og_title":"Eventos al Aire Libre - La Terraza - Green Patio","og_description":"Disfruta de la terraza de Green Patio, un espacio al aire libre en el centro financiero de Madrid. Ideal para eventos al aire libre.","og_url":"https:\/\/greenpatio.es\/de\/la-terraza\/","og_site_name":"Green Patio","article_modified_time":"2025-01-23T11:40:52+00:00","og_image":[{"url":"https:\/\/greenpatio.es\/wp-content\/uploads\/2025\/01\/superficie.png","type":"","width":"","height":""}],"twitter_card":"summary_large_image","twitter_misc":{"Gesch\u00e4tzte Lesezeit":"4\u00a0Minuten"},"schema":{"@context":"https:\/\/schema.org","@graph":[{"@type":"NewsArticle","@id":"https:\/\/greenpatio.es\/la-terraza\/#article","isPartOf":{"@id":"https:\/\/greenpatio.es\/la-terraza\/"},"author":{"name":"admin","@id":"https:\/\/greenpatio.es\/#\/schema\/person\/85538d898e3b9d8195d05f58aa605b8d"},"headline":"La Terraza","datePublished":"2024-11-12T12:24:47+00:00","dateModified":"2025-01-23T11:40:52+00:00","mainEntityOfPage":{"@id":"https:\/\/greenpatio.es\/la-terraza\/"},"wordCount":232,"publisher":{"@id":"https:\/\/greenpatio.es\/#organization"},"image":{"@id":"https:\/\/greenpatio.es\/la-terraza\/#primaryimage"},"thumbnailUrl":"https:\/\/greenpatio.es\/wp-content\/uploads\/2025\/01\/superficie.png","inLanguage":"de"},{"@type":"WebPage","@id":"https:\/\/greenpatio.es\/la-terraza\/","url":"https:\/\/greenpatio.es\/la-terraza\/","name":"Eventos al Aire Libre - La Terraza - Green Patio","isPartOf":{"@id":"https:\/\/greenpatio.es\/#website"},"primaryImageOfPage":{"@id":"https:\/\/greenpatio.es\/la-terraza\/#primaryimage"},"image":{"@id":"https:\/\/greenpatio.es\/la-terraza\/#primaryimage"},"thumbnailUrl":"https:\/\/greenpatio.es\/wp-content\/uploads\/2025\/01\/superficie.png","datePublished":"2024-11-12T12:24:47+00:00","dateModified":"2025-01-23T11:40:52+00:00","description":"Disfruta de la terraza de Green Patio, un espacio al aire libre en el centro financiero de Madrid. Ideal para eventos al aire libre.","breadcrumb":{"@id":"https:\/\/greenpatio.es\/la-terraza\/#breadcrumb"},"inLanguage":"de","potentialAction":[{"@type":"ReadAction","target":["https:\/\/greenpatio.es\/la-terraza\/"]}]},{"@type":"ImageObject","inLanguage":"de","@id":"https:\/\/greenpatio.es\/la-terraza\/#primaryimage","url":"https:\/\/greenpatio.es\/wp-content\/uploads\/2025\/01\/superficie.png","contentUrl":"https:\/\/greenpatio.es\/wp-content\/uploads\/2025\/01\/superficie.png"},{"@type":"BreadcrumbList","@id":"https:\/\/greenpatio.es\/la-terraza\/#breadcrumb","itemListElement":[{"@type":"ListItem","position":1,"name":"Inicio","item":"https:\/\/greenpatio.es\/"},{"@type":"ListItem","position":2,"name":"La Terraza"}]},{"@type":"WebSite","@id":"https:\/\/greenpatio.es\/#website","url":"https:\/\/greenpatio.es\/","name":"Green Patio","description":"Espacios para eventos en Madrid","publisher":{"@id":"https:\/\/greenpatio.es\/#organization"},"alternateName":"Green Patio - Espacios para eventos en Madrid","potentialAction":[{"@type":"SearchAction","target":{"@type":"EntryPoint","urlTemplate":"https:\/\/greenpatio.es\/?s={search_term_string}"},"query-input":{"@type":"PropertyValueSpecification","valueRequired":true,"valueName":"search_term_string"}}],"inLanguage":"de"},{"@type":"Organization","@id":"https:\/\/greenpatio.es\/#organization","name":"Green Patio","alternateName":"Green Patio Espacio para eventos en Madrid","url":"https:\/\/greenpatio.es\/","logo":{"@type":"ImageObject","inLanguage":"de","@id":"https:\/\/greenpatio.es\/#\/schema\/logo\/image\/","url":"https:\/\/greenpatio.es\/wp-content\/uploads\/2024\/12\/logo-reducido-green-patio.png","contentUrl":"https:\/\/greenpatio.es\/wp-content\/uploads\/2024\/12\/logo-reducido-green-patio.png","width":1465,"height":1465,"caption":"Green Patio"},"image":{"@id":"https:\/\/greenpatio.es\/#\/schema\/logo\/image\/"},"sameAs":["https:\/\/www.instagram.com\/greenpatioevents\/"]},{"@type":"Person","@id":"https:\/\/greenpatio.es\/#\/schema\/person\/85538d898e3b9d8195d05f58aa605b8d","name":"admin","image":{"@type":"ImageObject","inLanguage":"de","@id":"https:\/\/greenpatio.es\/#\/schema\/person\/image\/","url":"https:\/\/secure.gravatar.com\/avatar\/dc343822ff32eded78127b9bc70d7a8bc38956142c75c7731c634a64f56fcafe?s=96&d=mm&r=g","contentUrl":"https:\/\/secure.gravatar.com\/avatar\/dc343822ff32eded78127b9bc70d7a8bc38956142c75c7731c634a64f56fcafe?s=96&d=mm&r=g","caption":"admin"},"sameAs":["https:\/\/greenpatio.es"]}]}},"_links":{"self":[{"href":"https:\/\/greenpatio.es\/de\/wp-json\/wp\/v2\/pages\/147046","targetHints":{"allow":["GET"]}}],"collection":[{"href":"https:\/\/greenpatio.es\/de\/wp-json\/wp\/v2\/pages"}],"about":[{"href":"https:\/\/greenpatio.es\/de\/wp-json\/wp\/v2\/types\/page"}],"author":[{"embeddable":true,"href":"https:\/\/greenpatio.es\/de\/wp-json\/wp\/v2\/users\/1"}],"replies":[{"embeddable":true,"href":"https:\/\/greenpatio.es\/de\/wp-json\/wp\/v2\/comments?post=147046"}],"version-history":[{"count":49,"href":"https:\/\/greenpatio.es\/de\/wp-json\/wp\/v2\/pages\/147046\/revisions"}],"predecessor-version":[{"id":149838,"href":"https:\/\/greenpatio.es\/de\/wp-json\/wp\/v2\/pages\/147046\/revisions\/149838"}],"wp:attachment":[{"href":"https:\/\/greenpatio.es\/de\/wp-json\/wp\/v2\/media?parent=147046"}],"curies":[{"name":"wp","href":"https:\/\/api.w.org\/{rel}","templated":true}]}}