{"id":147221,"date":"2024-11-12T15:58:50","date_gmt":"2024-11-12T15:58:50","guid":{"rendered":"https:\/\/web.greenpatio.es\/?page_id=147221"},"modified":"2024-12-10T11:48:47","modified_gmt":"2024-12-10T11:48:47","slug":"sostenibilidad","status":"publish","type":"page","link":"https:\/\/greenpatio.es\/de\/sostenibilidad\/","title":{"rendered":"Nachhaltigkeit"},"content":{"rendered":"<div data-elementor-type=\"wp-page\" data-elementor-id=\"147221\" class=\"elementor elementor-147221\" data-elementor-post-type=\"page\">\n\t\t\t\t<div style=\"background-image: url(https:\/\/greenpatio.es\/wp-content\/uploads\/2020\/04\/aboutus-title-img.jpg);\" class=\"parallax_section_holder elementor-element elementor-element-0aa2036 e-con-full parallax_section_holder e-flex qode_elementor_container_no e-con e-parent\" data-speed=\"0\" data-id=\"0aa2036\" data-element_type=\"container\" data-settings=\"{&quot;qode_parallax_image&quot;:{&quot;url&quot;:&quot;https:\\\/\\\/greenpatio.es\\\/wp-content\\\/uploads\\\/2020\\\/04\\\/aboutus-title-img.jpg&quot;,&quot;id&quot;:1639,&quot;size&quot;:&quot;&quot;,&quot;alt&quot;:&quot;a&quot;,&quot;source&quot;:&quot;library&quot;},&quot;background_background&quot;:&quot;slideshow&quot;,&quot;background_slideshow_gallery&quot;:[{&quot;id&quot;:147234,&quot;url&quot;:&quot;https:\\\/\\\/greenpatio.es\\\/wp-content\\\/uploads\\\/2024\\\/11\\\/sostenibilidad.jpg&quot;}],&quot;background_slideshow_loop&quot;:&quot;yes&quot;,&quot;background_slideshow_slide_duration&quot;:5000,&quot;background_slideshow_slide_transition&quot;:&quot;fade&quot;,&quot;background_slideshow_transition_duration&quot;:500}\">\n\t\t\t\t<div class=\"elementor-element elementor-element-73c584d elementor-widget elementor-widget-qi_addons_for_elementor_section_title\" data-id=\"73c584d\" data-element_type=\"widget\" data-widget_type=\"qi_addons_for_elementor_section_title.default\">\n\t\t\t\t<div class=\"elementor-widget-container\">\n\t\t\t\t\t<div class=\"qodef-shortcode qodef-m  qodef-qi-section-title  qodef-decoration--italic  qodef-link--underline-draw qodef-subtitle-icon--left\">\n\t\t\t\t\t\t<h1 class=\"qodef-m-title\">\n\t\tNachhaltigkeit<br><h6 style=\"color:white\">HOME \/ NACHHALTIGKEIT<\/6>\t<\/h1>\n\t\t\t<\/div>\n\t\t\t\t<\/div>\n\t\t\t\t<\/div>\n\t\t\t\t<\/div>\n\t\t<div class=\"elementor-element elementor-element-d247489 e-flex e-con-boxed parallax_section_no qode_elementor_container_no e-con e-parent\" data-id=\"d247489\" data-element_type=\"container\">\n\t\t\t\t\t<div class=\"e-con-inner\">\n\t\t\t\t<div class=\"elementor-element elementor-element-14c1d48 elementor-widget elementor-widget-image\" data-id=\"14c1d48\" data-element_type=\"widget\" data-widget_type=\"image.default\">\n\t\t\t\t<div class=\"elementor-widget-container\">\n\t\t\t\t\t\t\t\t\t\t\t\t\t\t\t<img fetchpriority=\"high\" decoding=\"async\" width=\"359\" height=\"182\" src=\"https:\/\/greenpatio.es\/wp-content\/uploads\/2024\/11\/Capa-1-1.png\" class=\"attachment-large size-large wp-image-146207\" alt=\"\" srcset=\"https:\/\/greenpatio.es\/wp-content\/uploads\/2024\/11\/Capa-1-1.png 359w, https:\/\/greenpatio.es\/wp-content\/uploads\/2024\/11\/Capa-1-1-300x152.png 300w\" sizes=\"(max-width: 359px) 100vw, 359px\" \/>\t\t\t\t\t\t\t\t\t\t\t\t\t\t\t<\/div>\n\t\t\t\t<\/div>\n\t\t\t\t<div class=\"elementor-element elementor-element-151bb16 elementor-widget__width-initial elementor-widget elementor-widget-text-editor\" data-id=\"151bb16\" data-element_type=\"widget\" data-widget_type=\"text-editor.default\">\n\t\t\t\t<div class=\"elementor-widget-container\">\n\t\t\t\t\t\t\t\t\t<h4 class=\"qodef-m-title\" style=\"line-height: 1.5;\">Das Unternehmen hat ein au\u00dfergew\u00f6hnliches Engagement f\u00fcr Nachhaltigkeit bewiesen, indem es ein ehemaliges Druckereigeb\u00e4ude in einen modernen und vielseitigen Veranstaltungsraum verwandelt hat. Bei diesem Projekt wird nicht nur die historische Struktur erhalten, sondern auch die mit dem Bau neuer Geb\u00e4ude verbundene Umweltbelastung minimiert.\n<br><br>\n<b>\nZu den H\u00f6hepunkten dieser Nachhaltigkeitsinitiative geh\u00f6ren:<\/b><\/h4>\t\t\t\t\t\t\t\t<\/div>\n\t\t\t\t<\/div>\n\t\t\t\t\t<\/div>\n\t\t\t\t<\/div>\n\t\t<div class=\"elementor-element elementor-element-5a09113 e-con-full qode_elementor_container_inner e-flex parallax_section_no e-con e-parent\" data-id=\"5a09113\" data-element_type=\"container\">\n\t\t<div class=\"elementor-element elementor-element-eb69f08 e-flex e-con-boxed parallax_section_no qode_elementor_container_no e-con e-child\" data-id=\"eb69f08\" data-element_type=\"container\">\n\t\t\t\t\t<div class=\"e-con-inner\">\n\t\t\t\t<div class=\"elementor-element elementor-element-631ed01 elementor-widget elementor-widget-bridge_icon_text\" data-id=\"631ed01\" data-element_type=\"widget\" data-widget_type=\"bridge_icon_text.default\">\n\t\t\t\t<div class=\"elementor-widget-container\">\n\t\t\t\t\t<div class='q_icon_with_title small custom_icon_image center qode-iwt-content-alignment-left'><div class=\"icon_holder q_icon_animation\" style=\" \"><img decoding=\"async\" itemprop=\"image\" style=\"\" src=\"https:\/\/greenpatio.es\/wp-content\/uploads\/2024\/11\/reuse_10735669.png\" alt=\"\"><\/div><div class=\"icon_text_holder\" style=\"\"><div class=\"icon_text_inner\" style=\"\"><h4 class=\"icon_title\" style=\"\"><b>Wiederverwendung von <br>Bestehende Infrastruktur<\/b><\/h4><p style=''><br><p style=\"line-height:1.8\">Anstatt die alte Druckerei abzurei\u00dfen, entschied sich das Unternehmen, sie zu renovieren und so die materiellen Ressourcen und die Energie, die in der urspr\u00fcnglichen Struktur enthalten waren, zu schonen. Auf diese Weise werden Bauabf\u00e4lle und der Bedarf an neuen Materialien erheblich reduziert.<\/p><\/p><\/div><\/div><\/div>\t\t\t\t<\/div>\n\t\t\t\t<\/div>\n\t\t\t\t\t<\/div>\n\t\t\t\t<\/div>\n\t\t<div class=\"elementor-element elementor-element-ccd0489 e-flex e-con-boxed parallax_section_no qode_elementor_container_no e-con e-child\" data-id=\"ccd0489\" data-element_type=\"container\">\n\t\t\t\t\t<div class=\"e-con-inner\">\n\t\t\t\t<div class=\"elementor-element elementor-element-d48ea27 elementor-widget elementor-widget-bridge_icon_text\" data-id=\"d48ea27\" data-element_type=\"widget\" data-widget_type=\"bridge_icon_text.default\">\n\t\t\t\t<div class=\"elementor-widget-container\">\n\t\t\t\t\t<div class='q_icon_with_title small custom_icon_image center qode-iwt-content-alignment-left'><div class=\"icon_holder q_icon_animation\" style=\" \"><img decoding=\"async\" itemprop=\"image\" style=\"\" src=\"https:\/\/greenpatio.es\/wp-content\/uploads\/2024\/11\/green-energy_10735609.png\" alt=\"\"><\/div><div class=\"icon_text_holder\" style=\"\"><div class=\"icon_text_inner\" style=\"\"><h4 class=\"icon_title\" style=\"\"><b>Energieeffizientes Design<\/b><\/h4><p style=''><br><p style=\"line-height:1.8\">Der neue Raum wurde so konzipiert, dass er energieeffizient ist und Technologien wie LED-Beleuchtung, nat\u00fcrliche Beleuchtung und Bel\u00fcftungssysteme in allen R\u00e4umen, energieeffiziente Heiz- und K\u00fchlsysteme sowie eine verbesserte Isolierung umfasst. Diese Verbesserungen verringern nicht nur den Energieverbrauch, sondern reduzieren auch langfristig die Kohlenstoffemissionen.<\/p><\/p><\/div><\/div><\/div>\t\t\t\t<\/div>\n\t\t\t\t<\/div>\n\t\t\t\t\t<\/div>\n\t\t\t\t<\/div>\n\t\t<div class=\"elementor-element elementor-element-efbd10c e-flex e-con-boxed parallax_section_no qode_elementor_container_no e-con e-child\" data-id=\"efbd10c\" data-element_type=\"container\">\n\t\t\t\t\t<div class=\"e-con-inner\">\n\t\t\t\t<div class=\"elementor-element elementor-element-5711497 elementor-widget elementor-widget-bridge_icon_text\" data-id=\"5711497\" data-element_type=\"widget\" data-widget_type=\"bridge_icon_text.default\">\n\t\t\t\t<div class=\"elementor-widget-container\">\n\t\t\t\t\t<div class='q_icon_with_title small custom_icon_image center qode-iwt-content-alignment-left'><div class=\"icon_holder q_icon_animation\" style=\" \"><img decoding=\"async\" itemprop=\"image\" style=\"\" src=\"https:\/\/greenpatio.es\/wp-content\/uploads\/2024\/11\/environment_10735651.png\" alt=\"\"><\/div><div class=\"icon_text_holder\" style=\"\"><div class=\"icon_text_inner\" style=\"\"><h4 class=\"icon_title\" style=\"\"><b>Handgefertigte Materialien<\/b><\/h4><p style=''><br>Alle Materialien, die bei der Renovierung verwendet wurden, sind handgefertigt und umweltfreundlich, von den Ziegeln bis zu den Fliesen, jedes Element wurde sorgf\u00e4ltig nach seiner Nachhaltigkeit ausgew\u00e4hlt. Dar\u00fcber hinaus sind die meisten unserer M\u00f6bel aus wiederverwertetem Holz und restaurierten M\u00f6beln hergestellt, die \u00c4sthetik und \u00f6kologische Verantwortung miteinander verbinden.<\/p><\/div><\/div><\/div>\t\t\t\t<\/div>\n\t\t\t\t<\/div>\n\t\t\t\t\t<\/div>\n\t\t\t\t<\/div>\n\t\t\t\t<\/div>\n\t\t<div class=\"elementor-element elementor-element-6b287ba e-con-full e-flex parallax_section_no qode_elementor_container_no e-con e-parent\" data-id=\"6b287ba\" data-element_type=\"container\" data-settings=\"{&quot;background_background&quot;:&quot;slideshow&quot;,&quot;background_slideshow_gallery&quot;:[],&quot;background_slideshow_loop&quot;:&quot;yes&quot;,&quot;background_slideshow_slide_duration&quot;:5000,&quot;background_slideshow_slide_transition&quot;:&quot;fade&quot;,&quot;background_slideshow_transition_duration&quot;:500}\">\n\t\t<div class=\"elementor-element elementor-element-169370d e-grid e-con-boxed parallax_section_no qode_elementor_container_no e-con e-child\" data-id=\"169370d\" data-element_type=\"container\">\n\t\t\t\t\t<div class=\"e-con-inner\">\n\t\t\t\t<div class=\"elementor-element elementor-element-c41f1fc elementor-widget elementor-widget-image\" data-id=\"c41f1fc\" data-element_type=\"widget\" data-widget_type=\"image.default\">\n\t\t\t\t<div class=\"elementor-widget-container\">\n\t\t\t\t\t\t\t\t\t\t\t\t\t\t\t<img decoding=\"async\" width=\"570\" height=\"570\" src=\"https:\/\/greenpatio.es\/wp-content\/uploads\/2024\/11\/1b_imprenta-1-570x570.jpg\" class=\"attachment-portfolio-square size-portfolio-square wp-image-149314\" alt=\"\" srcset=\"https:\/\/greenpatio.es\/wp-content\/uploads\/2024\/11\/1b_imprenta-1-570x570.jpg 570w, https:\/\/greenpatio.es\/wp-content\/uploads\/2024\/11\/1b_imprenta-1-150x150.jpg 150w, https:\/\/greenpatio.es\/wp-content\/uploads\/2024\/11\/1b_imprenta-1-500x500.jpg 500w, https:\/\/greenpatio.es\/wp-content\/uploads\/2024\/11\/1b_imprenta-1-1000x1000.jpg 1000w, https:\/\/greenpatio.es\/wp-content\/uploads\/2024\/11\/1b_imprenta-1-650x650.jpg 650w, https:\/\/greenpatio.es\/wp-content\/uploads\/2024\/11\/1b_imprenta-1-1300x1300.jpg 1300w\" sizes=\"(max-width: 570px) 100vw, 570px\" \/>\t\t\t\t\t\t\t\t\t\t\t\t\t\t\t<\/div>\n\t\t\t\t<\/div>\n\t\t\t\t<div class=\"elementor-element elementor-element-1eda559 elementor-drop-cap-yes elementor-drop-cap-view-default elementor-widget elementor-widget-text-editor\" data-id=\"1eda559\" data-element_type=\"widget\" data-settings=\"{&quot;drop_cap&quot;:&quot;yes&quot;}\" data-widget_type=\"text-editor.default\">\n\t\t\t\t<div class=\"elementor-widget-container\">\n\t\t\t\t\t\t\t\t\t<h5 style=\"line-height: 1.5;\" class=\"translation-block\">Diese Umwandlung verwandelt die <u>ehemalige Druckmaschine in einen funktionalen und \u00e4sthetisch ansprechenden Veranstaltungsraum<\/u> und setzt Ma\u00dfst\u00e4be f\u00fcr Nachhaltigkeit und Umweltverantwortung in der Branche.<br><br>Das Unternehmen hat nicht nur ein historisches Geb\u00e4ude wiederbelebt, sondern auch unsere Umwelt f\u00fcr k\u00fcnftige Generationen respektiert und gesch\u00fctzt.<\/h5>\t\t\t\t\t\t\t\t<\/div>\n\t\t\t\t<\/div>\n\t\t\t\t\t<\/div>\n\t\t\t\t<\/div>\n\t\t<div class=\"elementor-element elementor-element-7fc190c e-grid e-con-boxed parallax_section_no qode_elementor_container_no e-con e-child\" data-id=\"7fc190c\" data-element_type=\"container\">\n\t\t\t\t\t<div class=\"e-con-inner\">\n\t\t\t\t<div class=\"elementor-element elementor-element-cab04c3 elementor-drop-cap-yes elementor-drop-cap-view-default elementor-widget elementor-widget-text-editor\" data-id=\"cab04c3\" data-element_type=\"widget\" data-settings=\"{&quot;drop_cap&quot;:&quot;yes&quot;}\" data-widget_type=\"text-editor.default\">\n\t\t\t\t<div class=\"elementor-widget-container\">\n\t\t\t\t\t\t\t\t\t<h5 style=\"line-height: 1.5;\">Bei Green Patio geht unser Engagement f\u00fcr die Umwelt noch weiter. Im Jahr 2025 werden wir unser Werk in La Imprenta grundlegend umgestalten und es in einen emissionsfreien Raum verwandeln. Wir werden Solarenergie- und Batteriesysteme einf\u00fchren und so die Energieautarkie erreichen.<br \/><br \/><br \/>Mit diesen Verbesserungen bieten wir unseren Kunden die M\u00f6glichkeit, v\u00f6llig nachhaltige Veranstaltungen auszurichten, ohne Kompromisse bei der Qualit\u00e4t oder dem Erlebnis einzugehen. Bei Green Patio arbeiten wir daran, jede Veranstaltung nicht nur erfolgreich, sondern auch umweltfreundlich zu gestalten.<\/h5>\t\t\t\t\t\t\t\t<\/div>\n\t\t\t\t<\/div>\n\t\t\t\t<div class=\"elementor-element elementor-element-aa6ec4c elementor-widget elementor-widget-image\" data-id=\"aa6ec4c\" data-element_type=\"widget\" data-widget_type=\"image.default\">\n\t\t\t\t<div class=\"elementor-widget-container\">\n\t\t\t\t\t\t\t\t\t\t\t\t\t\t\t<img decoding=\"async\" width=\"1024\" height=\"683\" src=\"https:\/\/greenpatio.es\/wp-content\/uploads\/2024\/11\/linecar_compromiso_medioambiente_cero_emisiones-1024x683.jpg\" class=\"attachment-large size-large wp-image-147928\" alt=\"\" srcset=\"https:\/\/greenpatio.es\/wp-content\/uploads\/2024\/11\/linecar_compromiso_medioambiente_cero_emisiones-1024x683.jpg 1024w, https:\/\/greenpatio.es\/wp-content\/uploads\/2024\/11\/linecar_compromiso_medioambiente_cero_emisiones-300x200.jpg 300w, https:\/\/greenpatio.es\/wp-content\/uploads\/2024\/11\/linecar_compromiso_medioambiente_cero_emisiones-768x512.jpg 768w, https:\/\/greenpatio.es\/wp-content\/uploads\/2024\/11\/linecar_compromiso_medioambiente_cero_emisiones-1536x1025.jpg 1536w, https:\/\/greenpatio.es\/wp-content\/uploads\/2024\/11\/linecar_compromiso_medioambiente_cero_emisiones-700x467.jpg 700w, https:\/\/greenpatio.es\/wp-content\/uploads\/2024\/11\/linecar_compromiso_medioambiente_cero_emisiones.jpg 1920w\" sizes=\"(max-width: 1024px) 100vw, 1024px\" \/>\t\t\t\t\t\t\t\t\t\t\t\t\t\t\t<\/div>\n\t\t\t\t<\/div>\n\t\t\t\t\t<\/div>\n\t\t\t\t<\/div>\n\t\t\t\t<\/div>\n\t\t\t\t<\/div>","protected":false},"excerpt":{"rendered":"<p>Sostenibilidad INICIO \/ SOSTENIBILIDAD La&#8230;<\/p>","protected":false},"author":1,"featured_media":0,"parent":0,"menu_order":0,"comment_status":"closed","ping_status":"closed","template":"full_width.php","meta":{"_monsterinsights_skip_tracking":false,"_monsterinsights_sitenote_active":false,"_monsterinsights_sitenote_note":"","_monsterinsights_sitenote_category":0,"footnotes":""},"class_list":["post-147221","page","type-page","status-publish","hentry"],"yoast_head":"<!-- This site is optimized with the Yoast SEO plugin v24.0 - https:\/\/yoast.com\/wordpress\/plugins\/seo\/ -->\n<title>Sostenibilidad - Green Patio<\/title>\n<meta name=\"description\" content=\"Explora los servicios de alquiler de ESPACIOS SOSTENIBLES para eventos de Green Patio. Espacios \u00fanicos para eventos corporativos en Madrid.\" \/>\n<meta name=\"robots\" content=\"index, follow, max-snippet:-1, max-image-preview:large, max-video-preview:-1\" \/>\n<link rel=\"canonical\" href=\"https:\/\/greenpatio.es\/de\/sostenibilidad\/\" \/>\n<meta property=\"og:locale\" content=\"de_DE\" \/>\n<meta property=\"og:type\" content=\"article\" \/>\n<meta property=\"og:title\" content=\"Sostenibilidad - Green Patio\" \/>\n<meta property=\"og:description\" content=\"Explora los servicios de alquiler de ESPACIOS SOSTENIBLES para eventos de Green Patio. Espacios \u00fanicos para eventos corporativos en Madrid.\" \/>\n<meta property=\"og:url\" content=\"https:\/\/greenpatio.es\/de\/sostenibilidad\/\" \/>\n<meta property=\"og:site_name\" content=\"Green Patio\" \/>\n<meta property=\"article:modified_time\" content=\"2024-12-10T11:48:47+00:00\" \/>\n<meta property=\"og:image\" content=\"https:\/\/web.greenpatio.es\/wp-content\/uploads\/2024\/11\/Capa-1-1.png\" \/>\n<meta name=\"twitter:card\" content=\"summary_large_image\" \/>\n<meta name=\"twitter:label1\" content=\"Gesch\u00e4tzte Lesezeit\" \/>\n\t<meta name=\"twitter:data1\" content=\"3\u00a0Minuten\" \/>\n<script type=\"application\/ld+json\" class=\"yoast-schema-graph\">{\"@context\":\"https:\/\/schema.org\",\"@graph\":[{\"@type\":\"NewsArticle\",\"@id\":\"https:\/\/greenpatio.es\/sostenibilidad\/#article\",\"isPartOf\":{\"@id\":\"https:\/\/greenpatio.es\/sostenibilidad\/\"},\"author\":{\"name\":\"admin\",\"@id\":\"https:\/\/greenpatio.es\/#\/schema\/person\/85538d898e3b9d8195d05f58aa605b8d\"},\"headline\":\"Sostenibilidad\",\"datePublished\":\"2024-11-12T15:58:50+00:00\",\"dateModified\":\"2024-12-10T11:48:47+00:00\",\"mainEntityOfPage\":{\"@id\":\"https:\/\/greenpatio.es\/sostenibilidad\/\"},\"wordCount\":393,\"publisher\":{\"@id\":\"https:\/\/greenpatio.es\/#organization\"},\"image\":{\"@id\":\"https:\/\/greenpatio.es\/sostenibilidad\/#primaryimage\"},\"thumbnailUrl\":\"https:\/\/web.greenpatio.es\/wp-content\/uploads\/2024\/11\/Capa-1-1.png\",\"inLanguage\":\"de\"},{\"@type\":\"WebPage\",\"@id\":\"https:\/\/greenpatio.es\/sostenibilidad\/\",\"url\":\"https:\/\/greenpatio.es\/sostenibilidad\/\",\"name\":\"Sostenibilidad - Green Patio\",\"isPartOf\":{\"@id\":\"https:\/\/greenpatio.es\/#website\"},\"primaryImageOfPage\":{\"@id\":\"https:\/\/greenpatio.es\/sostenibilidad\/#primaryimage\"},\"image\":{\"@id\":\"https:\/\/greenpatio.es\/sostenibilidad\/#primaryimage\"},\"thumbnailUrl\":\"https:\/\/web.greenpatio.es\/wp-content\/uploads\/2024\/11\/Capa-1-1.png\",\"datePublished\":\"2024-11-12T15:58:50+00:00\",\"dateModified\":\"2024-12-10T11:48:47+00:00\",\"description\":\"Explora los servicios de alquiler de ESPACIOS SOSTENIBLES para eventos de Green Patio. Espacios \u00fanicos para eventos corporativos en Madrid.\",\"breadcrumb\":{\"@id\":\"https:\/\/greenpatio.es\/sostenibilidad\/#breadcrumb\"},\"inLanguage\":\"de\",\"potentialAction\":[{\"@type\":\"ReadAction\",\"target\":[\"https:\/\/greenpatio.es\/sostenibilidad\/\"]}]},{\"@type\":\"ImageObject\",\"inLanguage\":\"de\",\"@id\":\"https:\/\/greenpatio.es\/sostenibilidad\/#primaryimage\",\"url\":\"https:\/\/web.greenpatio.es\/wp-content\/uploads\/2024\/11\/Capa-1-1.png\",\"contentUrl\":\"https:\/\/web.greenpatio.es\/wp-content\/uploads\/2024\/11\/Capa-1-1.png\"},{\"@type\":\"BreadcrumbList\",\"@id\":\"https:\/\/greenpatio.es\/sostenibilidad\/#breadcrumb\",\"itemListElement\":[{\"@type\":\"ListItem\",\"position\":1,\"name\":\"Inicio\",\"item\":\"https:\/\/greenpatio.es\/\"},{\"@type\":\"ListItem\",\"position\":2,\"name\":\"Sostenibilidad\"}]},{\"@type\":\"WebSite\",\"@id\":\"https:\/\/greenpatio.es\/#website\",\"url\":\"https:\/\/greenpatio.es\/\",\"name\":\"Green Patio\",\"description\":\"Espacios para eventos en Madrid\",\"publisher\":{\"@id\":\"https:\/\/greenpatio.es\/#organization\"},\"alternateName\":\"Green Patio - Espacios para eventos en Madrid\",\"potentialAction\":[{\"@type\":\"SearchAction\",\"target\":{\"@type\":\"EntryPoint\",\"urlTemplate\":\"https:\/\/greenpatio.es\/?s={search_term_string}\"},\"query-input\":{\"@type\":\"PropertyValueSpecification\",\"valueRequired\":true,\"valueName\":\"search_term_string\"}}],\"inLanguage\":\"de\"},{\"@type\":\"Organization\",\"@id\":\"https:\/\/greenpatio.es\/#organization\",\"name\":\"Green Patio\",\"alternateName\":\"Green Patio Espacio para eventos en Madrid\",\"url\":\"https:\/\/greenpatio.es\/\",\"logo\":{\"@type\":\"ImageObject\",\"inLanguage\":\"de\",\"@id\":\"https:\/\/greenpatio.es\/#\/schema\/logo\/image\/\",\"url\":\"https:\/\/greenpatio.es\/wp-content\/uploads\/2024\/12\/logo-reducido-green-patio.png\",\"contentUrl\":\"https:\/\/greenpatio.es\/wp-content\/uploads\/2024\/12\/logo-reducido-green-patio.png\",\"width\":1465,\"height\":1465,\"caption\":\"Green Patio\"},\"image\":{\"@id\":\"https:\/\/greenpatio.es\/#\/schema\/logo\/image\/\"},\"sameAs\":[\"https:\/\/www.instagram.com\/greenpatioevents\/\"]},{\"@type\":\"Person\",\"@id\":\"https:\/\/greenpatio.es\/#\/schema\/person\/85538d898e3b9d8195d05f58aa605b8d\",\"name\":\"admin\",\"image\":{\"@type\":\"ImageObject\",\"inLanguage\":\"de\",\"@id\":\"https:\/\/greenpatio.es\/#\/schema\/person\/image\/\",\"url\":\"https:\/\/secure.gravatar.com\/avatar\/dc343822ff32eded78127b9bc70d7a8bc38956142c75c7731c634a64f56fcafe?s=96&d=mm&r=g\",\"contentUrl\":\"https:\/\/secure.gravatar.com\/avatar\/dc343822ff32eded78127b9bc70d7a8bc38956142c75c7731c634a64f56fcafe?s=96&d=mm&r=g\",\"caption\":\"admin\"},\"sameAs\":[\"https:\/\/greenpatio.es\"]}]}<\/script>\n<!-- \/ Yoast SEO plugin. -->","yoast_head_json":{"title":"Sostenibilidad - Green Patio","description":"Explora los servicios de alquiler de ESPACIOS SOSTENIBLES para eventos de Green Patio. Espacios \u00fanicos para eventos corporativos en Madrid.","robots":{"index":"index","follow":"follow","max-snippet":"max-snippet:-1","max-image-preview":"max-image-preview:large","max-video-preview":"max-video-preview:-1"},"canonical":"https:\/\/greenpatio.es\/de\/sostenibilidad\/","og_locale":"de_DE","og_type":"article","og_title":"Sostenibilidad - Green Patio","og_description":"Explora los servicios de alquiler de ESPACIOS SOSTENIBLES para eventos de Green Patio. Espacios \u00fanicos para eventos corporativos en Madrid.","og_url":"https:\/\/greenpatio.es\/de\/sostenibilidad\/","og_site_name":"Green Patio","article_modified_time":"2024-12-10T11:48:47+00:00","og_image":[{"url":"https:\/\/web.greenpatio.es\/wp-content\/uploads\/2024\/11\/Capa-1-1.png","type":"","width":"","height":""}],"twitter_card":"summary_large_image","twitter_misc":{"Gesch\u00e4tzte Lesezeit":"3\u00a0Minuten"},"schema":{"@context":"https:\/\/schema.org","@graph":[{"@type":"NewsArticle","@id":"https:\/\/greenpatio.es\/sostenibilidad\/#article","isPartOf":{"@id":"https:\/\/greenpatio.es\/sostenibilidad\/"},"author":{"name":"admin","@id":"https:\/\/greenpatio.es\/#\/schema\/person\/85538d898e3b9d8195d05f58aa605b8d"},"headline":"Sostenibilidad","datePublished":"2024-11-12T15:58:50+00:00","dateModified":"2024-12-10T11:48:47+00:00","mainEntityOfPage":{"@id":"https:\/\/greenpatio.es\/sostenibilidad\/"},"wordCount":393,"publisher":{"@id":"https:\/\/greenpatio.es\/#organization"},"image":{"@id":"https:\/\/greenpatio.es\/sostenibilidad\/#primaryimage"},"thumbnailUrl":"https:\/\/web.greenpatio.es\/wp-content\/uploads\/2024\/11\/Capa-1-1.png","inLanguage":"de"},{"@type":"WebPage","@id":"https:\/\/greenpatio.es\/sostenibilidad\/","url":"https:\/\/greenpatio.es\/sostenibilidad\/","name":"Sostenibilidad - Green Patio","isPartOf":{"@id":"https:\/\/greenpatio.es\/#website"},"primaryImageOfPage":{"@id":"https:\/\/greenpatio.es\/sostenibilidad\/#primaryimage"},"image":{"@id":"https:\/\/greenpatio.es\/sostenibilidad\/#primaryimage"},"thumbnailUrl":"https:\/\/web.greenpatio.es\/wp-content\/uploads\/2024\/11\/Capa-1-1.png","datePublished":"2024-11-12T15:58:50+00:00","dateModified":"2024-12-10T11:48:47+00:00","description":"Explora los servicios de alquiler de ESPACIOS SOSTENIBLES para eventos de Green Patio. Espacios \u00fanicos para eventos corporativos en Madrid.","breadcrumb":{"@id":"https:\/\/greenpatio.es\/sostenibilidad\/#breadcrumb"},"inLanguage":"de","potentialAction":[{"@type":"ReadAction","target":["https:\/\/greenpatio.es\/sostenibilidad\/"]}]},{"@type":"ImageObject","inLanguage":"de","@id":"https:\/\/greenpatio.es\/sostenibilidad\/#primaryimage","url":"https:\/\/web.greenpatio.es\/wp-content\/uploads\/2024\/11\/Capa-1-1.png","contentUrl":"https:\/\/web.greenpatio.es\/wp-content\/uploads\/2024\/11\/Capa-1-1.png"},{"@type":"BreadcrumbList","@id":"https:\/\/greenpatio.es\/sostenibilidad\/#breadcrumb","itemListElement":[{"@type":"ListItem","position":1,"name":"Inicio","item":"https:\/\/greenpatio.es\/"},{"@type":"ListItem","position":2,"name":"Sostenibilidad"}]},{"@type":"WebSite","@id":"https:\/\/greenpatio.es\/#website","url":"https:\/\/greenpatio.es\/","name":"Green Patio","description":"Espacios para eventos en Madrid","publisher":{"@id":"https:\/\/greenpatio.es\/#organization"},"alternateName":"Green Patio - Espacios para eventos en Madrid","potentialAction":[{"@type":"SearchAction","target":{"@type":"EntryPoint","urlTemplate":"https:\/\/greenpatio.es\/?s={search_term_string}"},"query-input":{"@type":"PropertyValueSpecification","valueRequired":true,"valueName":"search_term_string"}}],"inLanguage":"de"},{"@type":"Organization","@id":"https:\/\/greenpatio.es\/#organization","name":"Green Patio","alternateName":"Green Patio Espacio para eventos en Madrid","url":"https:\/\/greenpatio.es\/","logo":{"@type":"ImageObject","inLanguage":"de","@id":"https:\/\/greenpatio.es\/#\/schema\/logo\/image\/","url":"https:\/\/greenpatio.es\/wp-content\/uploads\/2024\/12\/logo-reducido-green-patio.png","contentUrl":"https:\/\/greenpatio.es\/wp-content\/uploads\/2024\/12\/logo-reducido-green-patio.png","width":1465,"height":1465,"caption":"Green Patio"},"image":{"@id":"https:\/\/greenpatio.es\/#\/schema\/logo\/image\/"},"sameAs":["https:\/\/www.instagram.com\/greenpatioevents\/"]},{"@type":"Person","@id":"https:\/\/greenpatio.es\/#\/schema\/person\/85538d898e3b9d8195d05f58aa605b8d","name":"admin","image":{"@type":"ImageObject","inLanguage":"de","@id":"https:\/\/greenpatio.es\/#\/schema\/person\/image\/","url":"https:\/\/secure.gravatar.com\/avatar\/dc343822ff32eded78127b9bc70d7a8bc38956142c75c7731c634a64f56fcafe?s=96&d=mm&r=g","contentUrl":"https:\/\/secure.gravatar.com\/avatar\/dc343822ff32eded78127b9bc70d7a8bc38956142c75c7731c634a64f56fcafe?s=96&d=mm&r=g","caption":"admin"},"sameAs":["https:\/\/greenpatio.es"]}]}},"_links":{"self":[{"href":"https:\/\/greenpatio.es\/de\/wp-json\/wp\/v2\/pages\/147221","targetHints":{"allow":["GET"]}}],"collection":[{"href":"https:\/\/greenpatio.es\/de\/wp-json\/wp\/v2\/pages"}],"about":[{"href":"https:\/\/greenpatio.es\/de\/wp-json\/wp\/v2\/types\/page"}],"author":[{"embeddable":true,"href":"https:\/\/greenpatio.es\/de\/wp-json\/wp\/v2\/users\/1"}],"replies":[{"embeddable":true,"href":"https:\/\/greenpatio.es\/de\/wp-json\/wp\/v2\/comments?post=147221"}],"version-history":[{"count":220,"href":"https:\/\/greenpatio.es\/de\/wp-json\/wp\/v2\/pages\/147221\/revisions"}],"predecessor-version":[{"id":149317,"href":"https:\/\/greenpatio.es\/de\/wp-json\/wp\/v2\/pages\/147221\/revisions\/149317"}],"wp:attachment":[{"href":"https:\/\/greenpatio.es\/de\/wp-json\/wp\/v2\/media?parent=147221"}],"curies":[{"name":"wp","href":"https:\/\/api.w.org\/{rel}","templated":true}]}}