{"id":147566,"date":"2024-11-13T11:09:27","date_gmt":"2024-11-13T11:09:27","guid":{"rendered":"https:\/\/web.greenpatio.es\/?page_id=147566"},"modified":"2024-12-10T11:56:10","modified_gmt":"2024-12-10T11:56:10","slug":"filosofia","status":"publish","type":"page","link":"https:\/\/greenpatio.es\/de\/filosofia\/","title":{"rendered":"Philosophie"},"content":{"rendered":"<div data-elementor-type=\"wp-page\" data-elementor-id=\"147566\" class=\"elementor elementor-147566\" data-elementor-post-type=\"page\">\n\t\t\t\t<div style=\"background-image: url(https:\/\/greenpatio.es\/wp-content\/uploads\/2020\/04\/aboutus-title-img.jpg);\" class=\"parallax_section_holder elementor-element elementor-element-864868b e-con-full parallax_section_holder e-flex qode_elementor_container_no e-con e-parent\" data-speed=\"0\" data-id=\"864868b\" data-element_type=\"container\" data-settings=\"{&quot;background_background&quot;:&quot;classic&quot;,&quot;qode_parallax_image&quot;:{&quot;url&quot;:&quot;https:\\\/\\\/greenpatio.es\\\/wp-content\\\/uploads\\\/2020\\\/04\\\/aboutus-title-img.jpg&quot;,&quot;id&quot;:1639,&quot;size&quot;:&quot;&quot;,&quot;alt&quot;:&quot;a&quot;,&quot;source&quot;:&quot;library&quot;}}\">\n\t\t\t\t<div class=\"elementor-element elementor-element-53f7377 elementor-widget elementor-widget-qi_addons_for_elementor_section_title\" data-id=\"53f7377\" data-element_type=\"widget\" data-widget_type=\"qi_addons_for_elementor_section_title.default\">\n\t\t\t\t<div class=\"elementor-widget-container\">\n\t\t\t\t\t<div class=\"qodef-shortcode qodef-m  qodef-qi-section-title  qodef-decoration--italic  qodef-link--underline-draw qodef-subtitle-icon--left\">\n\t\t\t\t\t\t<h1 class=\"qodef-m-title\">\n\t\tPhilosophie<br><h6 style=\"color:white\">STARTSEITE \/ PHILOSOPHIE<\/6>\t<\/h1>\n\t\t\t<\/div>\n\t\t\t\t<\/div>\n\t\t\t\t<\/div>\n\t\t\t\t<\/div>\n\t\t<div class=\"elementor-element elementor-element-d57676d e-flex e-con-boxed parallax_section_no qode_elementor_container_no e-con e-parent\" data-id=\"d57676d\" data-element_type=\"container\">\n\t\t\t\t\t<div class=\"e-con-inner\">\n\t\t\t\t<div class=\"elementor-element elementor-element-ec8c430 elementor-invisible elementor-widget elementor-widget-heading\" data-id=\"ec8c430\" data-element_type=\"widget\" data-settings=\"{&quot;_animation&quot;:&quot;fadeIn&quot;}\" data-widget_type=\"heading.default\">\n\t\t\t\t<div class=\"elementor-widget-container\">\n\t\t\t\t\t<span class=\"elementor-heading-title elementor-size-default\">URSPRUNG DES BEGRIFFS<\/span>\t\t\t\t<\/div>\n\t\t\t\t<\/div>\n\t\t\t\t<div class=\"elementor-element elementor-element-2279355 animated-slow elementor-invisible elementor-widget elementor-widget-heading\" data-id=\"2279355\" data-element_type=\"widget\" data-settings=\"{&quot;_animation&quot;:&quot;fadeIn&quot;}\" data-widget_type=\"heading.default\">\n\t\t\t\t<div class=\"elementor-widget-container\">\n\t\t\t\t\t<h1 class=\"elementor-heading-title elementor-size-default\"><u style=\"color:#808336 !important\">GREEN<\/u> <u>PATIO<\/u><\/h1>\t\t\t\t<\/div>\n\t\t\t\t<\/div>\n\t\t\t\t\t<\/div>\n\t\t\t\t<\/div>\n\t\t<div class=\"elementor-element elementor-element-fbc65d3 e-flex e-con-boxed parallax_section_no qode_elementor_container_no e-con e-parent\" data-id=\"fbc65d3\" data-element_type=\"container\">\n\t\t\t\t\t<div class=\"e-con-inner\">\n\t\t<div class=\"elementor-element elementor-element-a30ecd6 e-con-full e-flex parallax_section_no qode_elementor_container_no e-con e-child\" data-id=\"a30ecd6\" data-element_type=\"container\">\n\t\t\t\t<div class=\"elementor-element elementor-element-fc64d7f animated-slow elementor-invisible elementor-widget elementor-widget-text-editor\" data-id=\"fc64d7f\" data-element_type=\"widget\" data-settings=\"{&quot;_animation&quot;:&quot;fadeIn&quot;}\" data-widget_type=\"text-editor.default\">\n\t\t\t\t<div class=\"elementor-widget-container\">\n\t\t\t\t\t\t\t\t\t<h4 style=\"color: #808336; line-height: 1.5;\">Das Wort <b>\u00abGREEN\u00bb<\/b> steht f\u00fcr unser Engagement f\u00fcr Nachhaltigkeit und Respekt f\u00fcr die Umwelt. Diese Faktoren sind die Grundpfeiler unserer Philosophie und haben die Architektur und das Wesen unserer R\u00e4ume beeinflusst.<\/h4>\t\t\t\t\t\t\t\t<\/div>\n\t\t\t\t<\/div>\n\t\t\t\t<\/div>\n\t\t<div class=\"elementor-element elementor-element-e8f7396 e-con-full e-flex parallax_section_no qode_elementor_container_no e-con e-child\" data-id=\"e8f7396\" data-element_type=\"container\">\n\t\t\t\t<div class=\"elementor-element elementor-element-a477ac5 animated-slow elementor-invisible elementor-widget elementor-widget-text-editor\" data-id=\"a477ac5\" data-element_type=\"widget\" data-settings=\"{&quot;_animation&quot;:&quot;fadeIn&quot;}\" data-widget_type=\"text-editor.default\">\n\t\t\t\t<div class=\"elementor-widget-container\">\n\t\t\t\t\t\t\t\t\t<h4 style=\"line-height: 1.5;\">Das Wort <b>\u00abPATIO\u00bb<\/b> ist von der andalusischen Tradition inspiriert, in der der Innenhof das Herz des Hauses ist und der Ort, an dem die wichtigsten Momente und Erinnerungen stattfinden.<\/h4>\t\t\t\t\t\t\t\t<\/div>\n\t\t\t\t<\/div>\n\t\t\t\t<\/div>\n\t\t\t\t\t<\/div>\n\t\t\t\t<\/div>\n\t\t<div class=\"elementor-element elementor-element-833d6f8 e-flex e-con-boxed parallax_section_no qode_elementor_container_no e-con e-parent\" data-id=\"833d6f8\" data-element_type=\"container\">\n\t\t\t\t\t<div class=\"e-con-inner\">\n\t\t<div class=\"elementor-element elementor-element-3e8d9d5 e-con-full e-flex parallax_section_no qode_elementor_container_no e-con e-child\" data-id=\"3e8d9d5\" data-element_type=\"container\">\n\t\t\t\t<div class=\"elementor-element elementor-element-4ede19e animated-slow elementor-invisible elementor-widget elementor-widget-text-editor\" data-id=\"4ede19e\" data-element_type=\"widget\" data-settings=\"{&quot;_animation&quot;:&quot;fadeIn&quot;}\" data-widget_type=\"text-editor.default\">\n\t\t\t\t<div class=\"elementor-widget-container\">\n\t\t\t\t\t\t\t\t\t<h4 class=\"qodef-m-title\" style=\"text-align: center; height: 1.5px;\">Der Name \u00abGREEN PATIO\u00bb spiegelt das Wesen der Marke wider, indem er unser \u00f6kologisches Engagement mit der W\u00e4rme und Tradition der andalusischen Innenh\u00f6fe verbindet, in denen man einzigartige Momente erlebt.<\/h4>\t\t\t\t\t\t\t\t<\/div>\n\t\t\t\t<\/div>\n\t\t\t\t<\/div>\n\t\t\t\t\t<\/div>\n\t\t\t\t<\/div>\n\t\t<div style=\"background-image: url(https:\/\/greenpatio.es\/wp-content\/uploads\/2020\/04\/ourservices-parallax-img.jpg);\" class=\"parallax_section_holder elementor-element elementor-element-7948ef3 e-con-full parallax_section_holder e-flex qode_elementor_container_no e-con e-parent\" data-speed=\"0\" data-id=\"7948ef3\" data-element_type=\"container\" data-settings=\"{&quot;qode_parallax_image&quot;:{&quot;url&quot;:&quot;https:\\\/\\\/greenpatio.es\\\/wp-content\\\/uploads\\\/2020\\\/04\\\/ourservices-parallax-img.jpg&quot;,&quot;id&quot;:2149,&quot;size&quot;:&quot;&quot;,&quot;alt&quot;:&quot;a&quot;,&quot;source&quot;:&quot;library&quot;},&quot;background_background&quot;:&quot;slideshow&quot;,&quot;background_slideshow_gallery&quot;:[{&quot;id&quot;:148757,&quot;url&quot;:&quot;https:\\\/\\\/greenpatio.es\\\/wp-content\\\/uploads\\\/2024\\\/11\\\/Proyecto-nuevo-1.jpg&quot;}],&quot;background_slideshow_loop&quot;:&quot;yes&quot;,&quot;background_slideshow_slide_duration&quot;:5000,&quot;background_slideshow_slide_transition&quot;:&quot;fade&quot;,&quot;background_slideshow_transition_duration&quot;:500}\">\n\t\t\t\t<\/div>\n\t\t<div class=\"elementor-element elementor-element-2a44225 e-grid e-con-boxed parallax_section_no qode_elementor_container_no e-con e-parent\" data-id=\"2a44225\" data-element_type=\"container\">\n\t\t\t\t\t<div class=\"e-con-inner\">\n\t\t\t\t<div class=\"elementor-element elementor-element-0a5d853 elementor-widget elementor-widget-text-editor\" data-id=\"0a5d853\" data-element_type=\"widget\" data-widget_type=\"text-editor.default\">\n\t\t\t\t<div class=\"elementor-widget-container\">\n\t\t\t\t\t\t\t\t\t<p>Unter <strong>Green Patio <\/strong>wir bieten einzigartige und vielseitige R\u00e4ume f\u00fcr Firmenveranstaltungen. Unsere R\u00e4ume sind sorgf\u00e4ltig auf Ihre Bed\u00fcrfnisse abgestimmt und bilden den idealen Rahmen f\u00fcr einzigartige und unvergessliche Veranstaltungen.<\/p><p>W\u00e4hlen Sie <strong>Green Patio<\/strong> f\u00fcr Ihre Veranstaltung ist gleichbedeutend mit einer Entscheidung f\u00fcr Exzellenz und Umweltverantwortung. Wir sind bestrebt, unseren Kunden ein einzigartiges Erlebnis zu bieten, das Exklusivit\u00e4t und viel Liebe zum Detail vereint.<\/p>\t\t\t\t\t\t\t\t<\/div>\n\t\t\t\t<\/div>\n\t\t\t\t<div class=\"elementor-element elementor-element-54f3a98 elementor-widget elementor-widget-text-editor\" data-id=\"54f3a98\" data-element_type=\"widget\" data-widget_type=\"text-editor.default\">\n\t\t\t\t<div class=\"elementor-widget-container\">\n\t\t\t\t\t\t\t\t\t<p><strong>Schaffung neuer Standards f\u00fcr den Kundenservice.<\/strong><\/p><p>Der Kundenservice ist unsere Priorit\u00e4t. Vom ersten Kontakt an werden unsere Kunden pers\u00f6nlich und eng betreut. Wir bem\u00fchen uns, ihre spezifischen Bed\u00fcrfnisse zu verstehen und bieten flexible L\u00f6sungen an, die ihre Erwartungen perfekt erf\u00fcllen.<\/p><p>\u00a0<\/p><p>Unser Team steht Ihnen jederzeit zur Verf\u00fcgung, um alle Fragen zu beantworten und Sie in jeder Phase des Prozesses zu unterst\u00fctzen, von der Planung bis zur Durchf\u00fchrung der Veranstaltung.<\/p>\t\t\t\t\t\t\t\t<\/div>\n\t\t\t\t<\/div>\n\t\t\t\t<div class=\"elementor-element elementor-element-7edbc09 elementor-widget elementor-widget-text-editor\" data-id=\"7edbc09\" data-element_type=\"widget\" data-widget_type=\"text-editor.default\">\n\t\t\t\t<div class=\"elementor-widget-container\">\n\t\t\t\t\t\t\t\t\t<p>Die Erfahrung von Green Patio bei der Organisation gro\u00dfer Firmenveranstaltungen zeugt von unserer Professionalit\u00e4t und unserem Engagement f\u00fcr jedes Detail. Wir k\u00fcmmern uns um alle logistischen Aspekte, einschlie\u00dflich der Gestaltung des Raums, der Koordinierung der audiovisuellen Ausr\u00fcstung, des Caterings, des Mobiliars, der Dekoration, falls erforderlich, und aller anderen spezifischen Veranstaltungsanforderungen.<\/p><p>\u00a0<\/p><p>Wir sorgen daf\u00fcr, dass alles reibungslos abl\u00e4uft, damit sich unsere Kunden auf das Wesentliche konzentrieren k\u00f6nnen: <strong>den Erfolg Ihrer Veranstaltung.<\/strong><\/p>\t\t\t\t\t\t\t\t<\/div>\n\t\t\t\t<\/div>\n\t\t\t\t\t<\/div>\n\t\t\t\t<\/div>\n\t\t\t\t<\/div>","protected":false},"excerpt":{"rendered":"<p>Philosophie HOME \/ PHILOSOPHIE ORIGIN...<\/p>","protected":false},"author":1,"featured_media":147848,"parent":0,"menu_order":0,"comment_status":"closed","ping_status":"closed","template":"full_width.php","meta":{"_monsterinsights_skip_tracking":false,"_monsterinsights_sitenote_active":false,"_monsterinsights_sitenote_note":"","_monsterinsights_sitenote_category":0,"footnotes":""},"class_list":["post-147566","page","type-page","status-publish","has-post-thumbnail","hentry"],"yoast_head":"<!-- This site is optimized with the Yoast SEO plugin v24.0 - https:\/\/yoast.com\/wordpress\/plugins\/seo\/ -->\n<title>Filosof\u00eda - Green Patio - Espacios \u00fanicos<\/title>\n<meta name=\"description\" content=\"En Green Patio ofrecemos espacios \u00fanicos y vers\u00e1tiles para eventos corporativos. Espacios \u00fanicos dise\u00f1ados para adaptarse a sus necesidades.\" \/>\n<meta name=\"robots\" content=\"index, follow, max-snippet:-1, max-image-preview:large, max-video-preview:-1\" \/>\n<link rel=\"canonical\" href=\"https:\/\/greenpatio.es\/de\/filosofia\/\" \/>\n<meta property=\"og:locale\" content=\"de_DE\" \/>\n<meta property=\"og:type\" content=\"article\" \/>\n<meta property=\"og:title\" content=\"Filosof\u00eda - Green Patio - Espacios \u00fanicos\" \/>\n<meta property=\"og:description\" content=\"En Green Patio ofrecemos espacios \u00fanicos y vers\u00e1tiles para eventos corporativos. Espacios \u00fanicos dise\u00f1ados para adaptarse a sus necesidades.\" \/>\n<meta property=\"og:url\" content=\"https:\/\/greenpatio.es\/de\/filosofia\/\" \/>\n<meta property=\"og:site_name\" content=\"Green Patio\" \/>\n<meta property=\"article:modified_time\" content=\"2024-12-10T11:56:10+00:00\" \/>\n<meta property=\"og:image\" content=\"https:\/\/greenpatio.es\/wp-content\/uploads\/2024\/11\/GP.jpg\" \/>\n\t<meta property=\"og:image:width\" content=\"1920\" \/>\n\t<meta property=\"og:image:height\" content=\"1000\" \/>\n\t<meta property=\"og:image:type\" content=\"image\/jpeg\" \/>\n<meta name=\"twitter:card\" content=\"summary_large_image\" \/>\n<meta name=\"twitter:label1\" content=\"Gesch\u00e4tzte Lesezeit\" \/>\n\t<meta name=\"twitter:data1\" content=\"2\u00a0Minuten\" \/>\n<script type=\"application\/ld+json\" class=\"yoast-schema-graph\">{\"@context\":\"https:\/\/schema.org\",\"@graph\":[{\"@type\":\"NewsArticle\",\"@id\":\"https:\/\/greenpatio.es\/filosofia\/#article\",\"isPartOf\":{\"@id\":\"https:\/\/greenpatio.es\/filosofia\/\"},\"author\":{\"name\":\"admin\",\"@id\":\"https:\/\/greenpatio.es\/#\/schema\/person\/85538d898e3b9d8195d05f58aa605b8d\"},\"headline\":\"Filosof\u00eda\",\"datePublished\":\"2024-11-13T11:09:27+00:00\",\"dateModified\":\"2024-12-10T11:56:10+00:00\",\"mainEntityOfPage\":{\"@id\":\"https:\/\/greenpatio.es\/filosofia\/\"},\"wordCount\":344,\"publisher\":{\"@id\":\"https:\/\/greenpatio.es\/#organization\"},\"image\":{\"@id\":\"https:\/\/greenpatio.es\/filosofia\/#primaryimage\"},\"thumbnailUrl\":\"https:\/\/greenpatio.es\/wp-content\/uploads\/2024\/11\/GP.jpg\",\"inLanguage\":\"de\"},{\"@type\":\"WebPage\",\"@id\":\"https:\/\/greenpatio.es\/filosofia\/\",\"url\":\"https:\/\/greenpatio.es\/filosofia\/\",\"name\":\"Filosof\u00eda - Green Patio - Espacios \u00fanicos\",\"isPartOf\":{\"@id\":\"https:\/\/greenpatio.es\/#website\"},\"primaryImageOfPage\":{\"@id\":\"https:\/\/greenpatio.es\/filosofia\/#primaryimage\"},\"image\":{\"@id\":\"https:\/\/greenpatio.es\/filosofia\/#primaryimage\"},\"thumbnailUrl\":\"https:\/\/greenpatio.es\/wp-content\/uploads\/2024\/11\/GP.jpg\",\"datePublished\":\"2024-11-13T11:09:27+00:00\",\"dateModified\":\"2024-12-10T11:56:10+00:00\",\"description\":\"En Green Patio ofrecemos espacios \u00fanicos y vers\u00e1tiles para eventos corporativos. Espacios \u00fanicos dise\u00f1ados para adaptarse a sus necesidades.\",\"breadcrumb\":{\"@id\":\"https:\/\/greenpatio.es\/filosofia\/#breadcrumb\"},\"inLanguage\":\"de\",\"potentialAction\":[{\"@type\":\"ReadAction\",\"target\":[\"https:\/\/greenpatio.es\/filosofia\/\"]}]},{\"@type\":\"ImageObject\",\"inLanguage\":\"de\",\"@id\":\"https:\/\/greenpatio.es\/filosofia\/#primaryimage\",\"url\":\"https:\/\/greenpatio.es\/wp-content\/uploads\/2024\/11\/GP.jpg\",\"contentUrl\":\"https:\/\/greenpatio.es\/wp-content\/uploads\/2024\/11\/GP.jpg\",\"width\":1920,\"height\":1000},{\"@type\":\"BreadcrumbList\",\"@id\":\"https:\/\/greenpatio.es\/filosofia\/#breadcrumb\",\"itemListElement\":[{\"@type\":\"ListItem\",\"position\":1,\"name\":\"Inicio\",\"item\":\"https:\/\/greenpatio.es\/\"},{\"@type\":\"ListItem\",\"position\":2,\"name\":\"Filosof\u00eda\"}]},{\"@type\":\"WebSite\",\"@id\":\"https:\/\/greenpatio.es\/#website\",\"url\":\"https:\/\/greenpatio.es\/\",\"name\":\"Green Patio\",\"description\":\"Espacios para eventos en Madrid\",\"publisher\":{\"@id\":\"https:\/\/greenpatio.es\/#organization\"},\"alternateName\":\"Green Patio - Espacios para eventos en Madrid\",\"potentialAction\":[{\"@type\":\"SearchAction\",\"target\":{\"@type\":\"EntryPoint\",\"urlTemplate\":\"https:\/\/greenpatio.es\/?s={search_term_string}\"},\"query-input\":{\"@type\":\"PropertyValueSpecification\",\"valueRequired\":true,\"valueName\":\"search_term_string\"}}],\"inLanguage\":\"de\"},{\"@type\":\"Organization\",\"@id\":\"https:\/\/greenpatio.es\/#organization\",\"name\":\"Green Patio\",\"alternateName\":\"Green Patio Espacio para eventos en Madrid\",\"url\":\"https:\/\/greenpatio.es\/\",\"logo\":{\"@type\":\"ImageObject\",\"inLanguage\":\"de\",\"@id\":\"https:\/\/greenpatio.es\/#\/schema\/logo\/image\/\",\"url\":\"https:\/\/greenpatio.es\/wp-content\/uploads\/2024\/12\/logo-reducido-green-patio.png\",\"contentUrl\":\"https:\/\/greenpatio.es\/wp-content\/uploads\/2024\/12\/logo-reducido-green-patio.png\",\"width\":1465,\"height\":1465,\"caption\":\"Green Patio\"},\"image\":{\"@id\":\"https:\/\/greenpatio.es\/#\/schema\/logo\/image\/\"},\"sameAs\":[\"https:\/\/www.instagram.com\/greenpatioevents\/\"]},{\"@type\":\"Person\",\"@id\":\"https:\/\/greenpatio.es\/#\/schema\/person\/85538d898e3b9d8195d05f58aa605b8d\",\"name\":\"admin\",\"image\":{\"@type\":\"ImageObject\",\"inLanguage\":\"de\",\"@id\":\"https:\/\/greenpatio.es\/#\/schema\/person\/image\/\",\"url\":\"https:\/\/secure.gravatar.com\/avatar\/dc343822ff32eded78127b9bc70d7a8bc38956142c75c7731c634a64f56fcafe?s=96&d=mm&r=g\",\"contentUrl\":\"https:\/\/secure.gravatar.com\/avatar\/dc343822ff32eded78127b9bc70d7a8bc38956142c75c7731c634a64f56fcafe?s=96&d=mm&r=g\",\"caption\":\"admin\"},\"sameAs\":[\"https:\/\/greenpatio.es\"]}]}<\/script>\n<!-- \/ Yoast SEO plugin. -->","yoast_head_json":{"title":"Filosof\u00eda - Green Patio - Espacios \u00fanicos","description":"En Green Patio ofrecemos espacios \u00fanicos y vers\u00e1tiles para eventos corporativos. Espacios \u00fanicos dise\u00f1ados para adaptarse a sus necesidades.","robots":{"index":"index","follow":"follow","max-snippet":"max-snippet:-1","max-image-preview":"max-image-preview:large","max-video-preview":"max-video-preview:-1"},"canonical":"https:\/\/greenpatio.es\/de\/filosofia\/","og_locale":"de_DE","og_type":"article","og_title":"Filosof\u00eda - Green Patio - Espacios \u00fanicos","og_description":"En Green Patio ofrecemos espacios \u00fanicos y vers\u00e1tiles para eventos corporativos. Espacios \u00fanicos dise\u00f1ados para adaptarse a sus necesidades.","og_url":"https:\/\/greenpatio.es\/de\/filosofia\/","og_site_name":"Green Patio","article_modified_time":"2024-12-10T11:56:10+00:00","og_image":[{"width":1920,"height":1000,"url":"https:\/\/greenpatio.es\/wp-content\/uploads\/2024\/11\/GP.jpg","type":"image\/jpeg"}],"twitter_card":"summary_large_image","twitter_misc":{"Gesch\u00e4tzte Lesezeit":"2\u00a0Minuten"},"schema":{"@context":"https:\/\/schema.org","@graph":[{"@type":"NewsArticle","@id":"https:\/\/greenpatio.es\/filosofia\/#article","isPartOf":{"@id":"https:\/\/greenpatio.es\/filosofia\/"},"author":{"name":"admin","@id":"https:\/\/greenpatio.es\/#\/schema\/person\/85538d898e3b9d8195d05f58aa605b8d"},"headline":"Filosof\u00eda","datePublished":"2024-11-13T11:09:27+00:00","dateModified":"2024-12-10T11:56:10+00:00","mainEntityOfPage":{"@id":"https:\/\/greenpatio.es\/filosofia\/"},"wordCount":344,"publisher":{"@id":"https:\/\/greenpatio.es\/#organization"},"image":{"@id":"https:\/\/greenpatio.es\/filosofia\/#primaryimage"},"thumbnailUrl":"https:\/\/greenpatio.es\/wp-content\/uploads\/2024\/11\/GP.jpg","inLanguage":"de"},{"@type":"WebPage","@id":"https:\/\/greenpatio.es\/filosofia\/","url":"https:\/\/greenpatio.es\/filosofia\/","name":"Filosof\u00eda - Green Patio - Espacios \u00fanicos","isPartOf":{"@id":"https:\/\/greenpatio.es\/#website"},"primaryImageOfPage":{"@id":"https:\/\/greenpatio.es\/filosofia\/#primaryimage"},"image":{"@id":"https:\/\/greenpatio.es\/filosofia\/#primaryimage"},"thumbnailUrl":"https:\/\/greenpatio.es\/wp-content\/uploads\/2024\/11\/GP.jpg","datePublished":"2024-11-13T11:09:27+00:00","dateModified":"2024-12-10T11:56:10+00:00","description":"En Green Patio ofrecemos espacios \u00fanicos y vers\u00e1tiles para eventos corporativos. Espacios \u00fanicos dise\u00f1ados para adaptarse a sus necesidades.","breadcrumb":{"@id":"https:\/\/greenpatio.es\/filosofia\/#breadcrumb"},"inLanguage":"de","potentialAction":[{"@type":"ReadAction","target":["https:\/\/greenpatio.es\/filosofia\/"]}]},{"@type":"ImageObject","inLanguage":"de","@id":"https:\/\/greenpatio.es\/filosofia\/#primaryimage","url":"https:\/\/greenpatio.es\/wp-content\/uploads\/2024\/11\/GP.jpg","contentUrl":"https:\/\/greenpatio.es\/wp-content\/uploads\/2024\/11\/GP.jpg","width":1920,"height":1000},{"@type":"BreadcrumbList","@id":"https:\/\/greenpatio.es\/filosofia\/#breadcrumb","itemListElement":[{"@type":"ListItem","position":1,"name":"Inicio","item":"https:\/\/greenpatio.es\/"},{"@type":"ListItem","position":2,"name":"Filosof\u00eda"}]},{"@type":"WebSite","@id":"https:\/\/greenpatio.es\/#website","url":"https:\/\/greenpatio.es\/","name":"Green Patio","description":"Espacios para eventos en Madrid","publisher":{"@id":"https:\/\/greenpatio.es\/#organization"},"alternateName":"Green Patio - Espacios para eventos en Madrid","potentialAction":[{"@type":"SearchAction","target":{"@type":"EntryPoint","urlTemplate":"https:\/\/greenpatio.es\/?s={search_term_string}"},"query-input":{"@type":"PropertyValueSpecification","valueRequired":true,"valueName":"search_term_string"}}],"inLanguage":"de"},{"@type":"Organization","@id":"https:\/\/greenpatio.es\/#organization","name":"Green Patio","alternateName":"Green Patio Espacio para eventos en Madrid","url":"https:\/\/greenpatio.es\/","logo":{"@type":"ImageObject","inLanguage":"de","@id":"https:\/\/greenpatio.es\/#\/schema\/logo\/image\/","url":"https:\/\/greenpatio.es\/wp-content\/uploads\/2024\/12\/logo-reducido-green-patio.png","contentUrl":"https:\/\/greenpatio.es\/wp-content\/uploads\/2024\/12\/logo-reducido-green-patio.png","width":1465,"height":1465,"caption":"Green Patio"},"image":{"@id":"https:\/\/greenpatio.es\/#\/schema\/logo\/image\/"},"sameAs":["https:\/\/www.instagram.com\/greenpatioevents\/"]},{"@type":"Person","@id":"https:\/\/greenpatio.es\/#\/schema\/person\/85538d898e3b9d8195d05f58aa605b8d","name":"admin","image":{"@type":"ImageObject","inLanguage":"de","@id":"https:\/\/greenpatio.es\/#\/schema\/person\/image\/","url":"https:\/\/secure.gravatar.com\/avatar\/dc343822ff32eded78127b9bc70d7a8bc38956142c75c7731c634a64f56fcafe?s=96&d=mm&r=g","contentUrl":"https:\/\/secure.gravatar.com\/avatar\/dc343822ff32eded78127b9bc70d7a8bc38956142c75c7731c634a64f56fcafe?s=96&d=mm&r=g","caption":"admin"},"sameAs":["https:\/\/greenpatio.es"]}]}},"_links":{"self":[{"href":"https:\/\/greenpatio.es\/de\/wp-json\/wp\/v2\/pages\/147566","targetHints":{"allow":["GET"]}}],"collection":[{"href":"https:\/\/greenpatio.es\/de\/wp-json\/wp\/v2\/pages"}],"about":[{"href":"https:\/\/greenpatio.es\/de\/wp-json\/wp\/v2\/types\/page"}],"author":[{"embeddable":true,"href":"https:\/\/greenpatio.es\/de\/wp-json\/wp\/v2\/users\/1"}],"replies":[{"embeddable":true,"href":"https:\/\/greenpatio.es\/de\/wp-json\/wp\/v2\/comments?post=147566"}],"version-history":[{"count":274,"href":"https:\/\/greenpatio.es\/de\/wp-json\/wp\/v2\/pages\/147566\/revisions"}],"predecessor-version":[{"id":149590,"href":"https:\/\/greenpatio.es\/de\/wp-json\/wp\/v2\/pages\/147566\/revisions\/149590"}],"wp:featuredmedia":[{"embeddable":true,"href":"https:\/\/greenpatio.es\/de\/wp-json\/wp\/v2\/media\/147848"}],"wp:attachment":[{"href":"https:\/\/greenpatio.es\/de\/wp-json\/wp\/v2\/media?parent=147566"}],"curies":[{"name":"wp","href":"https:\/\/api.w.org\/{rel}","templated":true}]}}