{"id":152378,"date":"2025-07-24T13:22:55","date_gmt":"2025-07-24T13:22:55","guid":{"rendered":"https:\/\/greenpatio.es\/?page_id=152378"},"modified":"2025-07-24T13:42:59","modified_gmt":"2025-07-24T13:42:59","slug":"politica-privacidad","status":"publish","type":"page","link":"https:\/\/greenpatio.es\/de\/politica-privacidad\/","title":{"rendered":"Datenschutzbestimmungen"},"content":{"rendered":"<div data-elementor-type=\"wp-page\" data-elementor-id=\"152378\" class=\"elementor elementor-152378\" data-elementor-post-type=\"page\">\n\t\t\t\t<div class=\"elementor-element elementor-element-3eb93f5 e-con-full e-flex parallax_section_no qode_elementor_container_no e-con e-parent\" data-id=\"3eb93f5\" data-element_type=\"container\">\n\t\t\t\t<\/div>\n\t\t<div class=\"elementor-element elementor-element-f0a3855 e-con-full e-flex parallax_section_no qode_elementor_container_no e-con e-parent\" data-id=\"f0a3855\" data-element_type=\"container\" data-settings=\"{&quot;background_background&quot;:&quot;classic&quot;}\">\n\t\t<div class=\"elementor-element elementor-element-a9d443f e-con-full e-flex parallax_section_no qode_elementor_container_no e-con e-child\" data-id=\"a9d443f\" data-element_type=\"container\" data-settings=\"{&quot;background_background&quot;:&quot;classic&quot;}\">\n\t\t\t\t<div class=\"elementor-element elementor-element-84f3e1b elementor-widget elementor-widget-heading\" data-id=\"84f3e1b\" data-element_type=\"widget\" data-widget_type=\"heading.default\">\n\t\t\t\t<div class=\"elementor-widget-container\">\n\t\t\t\t\t<h1 class=\"elementor-heading-title elementor-size-default\"><b>Datenschutzbestimmungen<\/b>\n<\/h1>\t\t\t\t<\/div>\n\t\t\t\t<\/div>\n\t\t\t\t<\/div>\n\t\t\t\t<\/div>\n\t\t<div class=\"elementor-element elementor-element-403dc23 e-con-full e-flex parallax_section_no qode_elementor_container_no e-con e-parent\" data-id=\"403dc23\" data-element_type=\"container\">\n\t\t\t\t<div class=\"elementor-element elementor-element-2e248fc elementor-widget elementor-widget-text-editor\" data-id=\"2e248fc\" data-element_type=\"widget\" data-widget_type=\"text-editor.default\">\n\t\t\t\t<div class=\"elementor-widget-container\">\n\t\t\t\t\t\t\t\t\t<!DOCTYPE html>\n<html lang=\"es\">\n<head>\n  <meta charset=\"UTF-8\">\n  <title>Pol\u00edtica de Privacidad &#8211; GREEN PATIO<\/title>\n<\/head>\n<body>\n\n<h1>PRIVACY POLICY<\/h1>\n\n<p>In dieser Datenschutzerkl\u00e4rung finden Sie alle relevanten Informationen \u00fcber die Datenverarbeitung, die unter dem Eigentum und der Verantwortung von <strong>Gr\u00fcner Patio S.L.<\/strong> (im Folgenden \"<strong>GREEN PATIO<\/strong>\"), f\u00fcr das Kollektiv derer, die an unseren Dienstleistungen interessiert sind.<\/p>\n\n<p>Bitte nehmen Sie sich ein paar Minuten Zeit, um unsere Datenschutzerkl\u00e4rung zu lesen, es dauert nicht lange. Wir m\u00f6chten Ihnen auf einfache, klare und transparente Weise erkl\u00e4ren, wie wir Ihre pers\u00f6nlichen Daten und Ihre Rechte behandeln und sch\u00fctzen. Ihre Sicherheit und die Sicherheit Ihrer pers\u00f6nlichen Daten ist f\u00fcr GREEN PATIO von gr\u00f6\u00dfter Bedeutung und wir nehmen deren angemessenen Schutz sehr ernst.<\/p>\n\n<h2>AN WEN RICHTET SICH DIESE POLITIK UND AUF WEN WIRD SIE ANGEWENDET?<\/h2>\n\n<p>Diese Datenschutzrichtlinie gilt f\u00fcr alle Nutzer der Website, unabh\u00e4ngig davon, ob sie Kunden von GREEN PATIO sind oder nicht (im Folgenden unbestimmt \"der Nutzer\" oder \"Nutzer\"), die als nat\u00fcrliche Personen gelten. Unter personenbezogenen Daten verstehen wir alle Informationen \u00fcber eine identifizierte oder identifizierbare nat\u00fcrliche Person.<\/p>\n\n<p>Diese Website ist f\u00fcr Benutzer \u00fcber 18 Jahre bestimmt, und ihre Nutzung ist Personen unter 18 Jahren f\u00fcr die Registrierung und die Inanspruchnahme unserer Dienstleistungen, die dort angeboten werden k\u00f6nnen, untersagt.<\/p>\n\n<p>Diese Website beh\u00e4lt sich das Recht vor, eine Alters\u00fcberpr\u00fcfung der Personen vorzunehmen, die pers\u00f6nliche Daten angeben. Alle Daten einer Person unter 18 Jahren werden gel\u00f6scht.<\/p>\n\n<p>Der Nutzer best\u00e4tigt verantwortungsbewusst, dass er \u00fcber eine ausreichende Gesch\u00e4ftsf\u00e4higkeit verf\u00fcgt, um gegebenenfalls die von der Website angebotenen Registrierungs- oder Zahlungsdienste in Anspruch nehmen zu k\u00f6nnen.<\/p>\n\n<p>Minderj\u00e4hrige unter 18 Jahren ben\u00f6tigen die vorherige Genehmigung ihrer Eltern, Erziehungsberechtigten oder gesetzlichen Vertreter, die f\u00fcr die Handlungen der ihnen anvertrauten Minderj\u00e4hrigen gem\u00e4\u00df den geltenden Vorschriften verantwortlich sind.<\/p>\n\n<p>Wir w\u00e4ren Ihnen dankbar, wenn Sie uns helfen k\u00f6nnten, Ihre pers\u00f6nlichen Daten auf dem neuesten Stand zu halten, indem Sie uns \u00fcber \u00c4nderungen Ihrer Kontaktdaten oder Pr\u00e4ferenzen informieren.<\/p>\n\n<h2>Informationen zur Behandlung<\/h2>\n\n<p>Gem\u00e4\u00df den Bestimmungen der EU-Datenschutz-Grundverordnung (im Folgenden GDPR) vom 27. April 2016 muss der Nutzer rechtzeitig und spezifisch vom f\u00fcr die Verarbeitung Verantwortlichen \u00fcber die Zwecke der Verarbeitung informiert werden.<\/p>\n\n<p>Zu diesem Zweck werden die folgenden Informationen bereitgestellt:<\/p>\n\n<h3>WER IST F\u00dcR DIE VERARBEITUNG IHRER DATEN VERANTWORTLICH, WENN SIE UNSERE WEBSITE BESUCHEN ODER NUTZEN?<\/h3>\n\n<ul>\n  <li><strong>Die Identit\u00e4t:<\/strong> Gr\u00fcner Patio S.L.<\/li>\n  <li><strong>NIF:<\/strong> B88404678<\/li>\n  <li><strong>Adresse:<\/strong> c\/ Salamanca n\u00ba 23, 28.020 - Madrid<\/li>\n  <li><strong>Datenschutzbeauftragter:<\/strong> <a href=\"mailto:administracion@greenpatio.es\">administracion@greenpatio.es<\/a><\/li>\n<\/ul>\n<h2>WELCHE ART VON DATEN VERARBEITEN WIR?<\/h2>\n\n<p>Die Verarbeitung Ihrer Daten ist erforderlich, um Ihnen den Zugang zu den Inhalten und\/oder Funktionen der Website zu erm\u00f6glichen oder Ihnen auf Wunsch Informationen zukommen zu lassen oder Ihnen die \u00fcber die Website verf\u00fcgbaren Dienste anzubieten. In diesem Zusammenhang verpflichten wir uns nachdr\u00fccklich, Ihre personenbezogenen Daten auf legitime und koh\u00e4rente Weise gem\u00e4\u00df den Grunds\u00e4tzen und rechtlichen Verpflichtungen der geltenden Datenschutzbestimmungen zu verarbeiten.<\/p>\n\n<p>Wenn Sie auf der Website surfen und insbesondere wenn Sie interagieren, stellen Sie uns direkt Daten zur Verf\u00fcgung, z. B. wenn Sie ein Formular oder eine Anfrage ausf\u00fcllen, die online zur Verf\u00fcgung gestellt werden, in \u00dcbereinstimmung mit den jeweils angegebenen Verarbeitungszwecken.<\/p>\n\n<p>Alle mit einem Sternchen (*) gekennzeichneten Felder auf den Ihnen zur Verf\u00fcgung gestellten Formularen m\u00fcssen ausgef\u00fcllt werden. Andernfalls kann es uns unm\u00f6glich sein, Sie zu betreuen und Ihnen die gew\u00fcnschten Informationen oder Dienstleistungen zukommen zu lassen.<\/p>\n\n<p>Daher m\u00fcssen Sie wahrheitsgem\u00e4\u00dfe Angaben machen, und die Verwendung von Pseudonymen oder anderen Mitteln zur Verschleierung Ihrer Identit\u00e4t ist untersagt, es sei denn, wir verlangen ausdr\u00fccklich die Erstellung eines Spitznamens oder Alias als Benutzernamen.<\/p>\n\n<p>Sollte es erforderlich sein, ein privates Zugangspasswort zu erstellen, raten wir Ihnen, dieses stets sicher aufzubewahren. Sie tragen die alleinige Verantwortung f\u00fcr die unbefugte oder nicht autorisierte Nutzung Ihres pers\u00f6nlichen Kontos und verpflichten sich in diesem Zusammenhang, diese Informationen sorgf\u00e4ltig zu verwenden, sie nicht an Dritte weiterzugeben und jeden Verlust oder Diebstahl zu melden.<\/p>\n\n<p>Damit die bereitgestellten Informationen immer auf dem neuesten Stand sind und keine Fehler enthalten, m\u00fcssen Sie GREEN PATIO so schnell wie m\u00f6glich \u00fcber alle \u00c4nderungen und Berichtigungen Ihrer pers\u00f6nlichen Daten informieren, wie in Punkt 9 - Rechte - angegeben.<\/p>\n\n<p>Kurz gesagt, wir verarbeiten die personenbezogenen Daten, die Sie uns im Zusammenhang mit unseren Dienstleistungen, an denen Sie Interesse gezeigt haben, zur Verf\u00fcgung gestellt haben.<\/p>\n\n<p>Wir werden Sie stets um Daten bitten, die angemessen und relevant sind und sich auf das beschr\u00e4nken, was f\u00fcr die Zwecke der Verarbeitung erforderlich ist (Grundsatz der Minimierung personenbezogener Daten):<\/p>\n\n<ul>\n  <li><strong>Identifizierungsdaten:<\/strong> Vorname, Nachname.<\/li>\n  <li><strong>Kontaktinformationen:<\/strong> Telefonnummer, E-Mail Adresse.<\/li>\n  <li><strong>Kommerziell und bevorzugt:<\/strong> Informationen, die Sie \u00fcber Ihre Pr\u00e4ferenzen zur Verf\u00fcgung stellen, z. B. die Art des Produkts oder der Dienstleistung, an der Sie interessiert sind.<\/li>\n  <li><strong>Daten zur Kundenhistorie:<\/strong> Kommunikation mit GREEN PATIO \u00fcber alle Kan\u00e4le (Telefon, E-Mail, Instant Messaging, soziale Netzwerke, Zufriedenheitsumfragen usw.).<\/li>\n  <li><strong>Navigationsdaten:<\/strong> die durch Cookies gesammelt werden. Sie k\u00f6nnen die Verwendung von Cookies in der Cookie-Richtlinie konfigurieren.<\/li>\n  <li><strong>Verbindungsdaten:<\/strong> Ger\u00e4te-IP, die von dem Browser, den Sie f\u00fcr die Verbindung verwenden, bereitgestellt wird. Wir verwenden die IP nicht, um Sie zu identifizieren oder das Surfen mit Ihnen in Verbindung zu bringen.<\/li>\n<\/ul>\n<h2>AUF WELCHER GRUNDLAGE VERARBEITEN WIR IHRE DATEN RECHTM\u00c4SSIG?<\/h2>\n\n<table border=\"1\" cellpadding=\"8\" cellspacing=\"0\">\n  <thead>\n    <tr>\n      <th><strong>Ziele der Behandlung<\/strong><\/th>\n      <th><strong>Rechtm\u00e4\u00dfige Grundlage f\u00fcr die Verarbeitung<\/strong><\/th>\n    <\/tr>\n  <\/thead>\n  <tbody>\n    <tr>\n      <td>Ihnen das Surfen auf der Website und den Zugriff auf deren Inhalte zu erm\u00f6glichen<\/td>\n      <td>\n        Zustimmung (Art. 6.1.a RGPD) <br>\n        Berechtigtes Interesse (Art. 6.1.f RGPD)\n      <\/td>\n    <\/tr>\n    <tr>\n      <td>Informationen \u00fcber die Merkmale der angeforderten Dienstleistungen einreichen<\/td>\n      <td>\n        Vorvertragliche Ma\u00dfnahmen (Art. 6.1.b RGPD) <br>\n        Zustimmung (Art. 6.1.a RGPD)\n      <\/td>\n    <\/tr>\n    <tr>\n      <td>Versenden von Mitteilungen, die vertrags\u00e4hnlichen oder interessierten Dienstleistungen \u00e4hneln<\/td>\n      <td>\n        Artikel 21.2 LSSI-EG <br>\n        Berechtigtes Interesse (Art. 6.1.f RGPD)\n      <\/td>\n    <\/tr>\n    <tr>\n      <td>Versenden Sie Werbeaktionen, Angebote, Veranstaltungen, Verlosungen, Kampagnen usw.<\/td>\n      <td>Zustimmung (Art. 6.1.a RGPD)<\/td>\n    <\/tr>\n    <tr>\n      <td>Durchf\u00fchrung von Wettbewerben und Gewinnspielen (inkl. Bildnutzung)<\/td>\n      <td>Zustimmung (Art. 6.1.a RGPD)<\/td>\n    <\/tr>\n    <tr>\n      <td>Kundenbetreuung und Bearbeitung von Beschwerden<\/td>\n      <td>\n        Vorvertragliche oder vertragliche Ma\u00dfnahmen (Art. 6.1.b RGPD) <br>\n        Zustimmung (Art. 6.1.a RGPD) <br>\n        Gesetzliche Verpflichtungen (Art. 6.1.c GDPR)\n      <\/td>\n    <\/tr>\n    <tr>\n      <td>Qualit\u00e4ts- und Zufriedenheitsumfragen<\/td>\n      <td>Berechtigtes Interesse (Art. 6.1.f RGPD)<\/td>\n    <\/tr>\n    <tr>\n      <td>Verwendung von analytischen oder statistischen Cookies<\/td>\n      <td>Zustimmung (Art. 6.1.a RGPD)<\/td>\n    <\/tr>\n    <tr>\n      <td>Technische und organisatorische Schutzma\u00dfnahmen<\/td>\n      <td>\n        Gesetzliche Verpflichtung (Art. 6.1.c RGPD) <br>\n        Berechtigtes Interesse (Art. 6.1.f RGPD) <br>\n        Erw\u00e4gungsgrund 49 GDPR\n      <\/td>\n    <\/tr>\n    <tr>\n      <td>Betrugsaufdeckung, Verbrechensverh\u00fctung, Compliance<\/td>\n      <td>\n        Gesetzliche Verpflichtung (Art. 6.1.c RGPD) <br>\n        Berechtigtes Interesse (Art. 6.1.f RGPD)\n      <\/td>\n    <\/tr>\n  <\/tbody>\n<\/table>\n\n<h3>Widerruf der Zustimmung<\/h3>\n<p>Wenn die rechtm\u00e4\u00dfige Grundlage f\u00fcr die Verarbeitung Ihrer personenbezogenen Daten Ihre Zustimmung ist, erinnern wir Sie daran, dass Sie das Recht haben, Ihre Zustimmung jederzeit einfach und kostenlos zu widerrufen, indem Sie uns schreiben an <a href=\"mailto:administracion@greenpatio.es\">administracion@greenpatio.es<\/a>.<\/p>\n\n<h3>* Berechtigtes Interesse: Was bedeutet das in unserem Fall?<\/h3>\n<p>GREEN PATIO kann Ihre pers\u00f6nlichen Daten auf der Grundlage seines berechtigten Interesses verarbeiten, um:<\/p>\n<ul>\n  <li>Ihnen Mitteilungen \u00fcber \u00e4hnliche Dienstleistungen zukommen zu lassen, die in Auftrag gegeben wurden oder f\u00fcr die Sie sich bereits interessiert haben.<\/li>\n  <li>Senden Sie nicht-elektronische Mitteilungen an Unternehmen oder Freiberufler.<\/li>\n  <li>Durchf\u00fchrung von Umfragen zur \u00dcberwachung der Qualit\u00e4t der angebotenen Dienstleistungen.<\/li>\n  <li>Sie in Notf\u00e4llen zu Ihrer Sicherheit zu kontaktieren.<\/li>\n<\/ul>\n<h2>WIE LANGE BEWAHREN WIR IHRE DATEN AUF?<\/h2>\n\n<table border=\"1\" cellpadding=\"8\" cellspacing=\"0\">\n  <thead>\n    <tr>\n      <th><strong>Personenbezogene Daten im Zusammenhang mit gemeldeten Verarbeitungszwecken<\/strong><\/th>\n      <th><strong>Erhaltungszeitr\u00e4ume oder -kriterien<\/strong><\/th>\n    <\/tr>\n  <\/thead>\n  <tbody>\n    <tr>\n      <td>Website-Navigation<\/td>\n      <td>F\u00fcr die unerl\u00e4ssliche und notwendige Zeit, um Ihnen eine korrekte Navigation zu erm\u00f6glichen. F\u00fcr analytische Cookies, wie in der Cookie-Politik angegeben.<\/td>\n    <\/tr>\n    <tr>\n      <td>Informationen \u00fcber die gew\u00fcnschten Dienstleistungen<\/td>\n      <td>F\u00fcr 2 Jahre ab der letzten Genehmigung oder bis Sie Ihre Einwilligung widerrufen oder der Verarbeitung widersprechen.<\/td>\n    <\/tr>\n    <tr>\n      <td>Mitteilungen, die den vertraglich vereinbarten Dienstleistungen \u00e4hnlich sind<\/td>\n      <td>Bis Sie Ihre Einwilligung widerrufen oder Widerspruch einlegen, und f\u00fcr maximal 2 Jahre nach dem letzten Kontakt.<\/td>\n    <\/tr>\n    <tr>\n      <td>Werbung, Verkaufsf\u00f6rderung, Gewinnspiele und Kampagnen<\/td>\n      <td>Wie oben: bis zum Widerspruch oder maximal 2 Jahre seit dem letzten Kontakt.<\/td>\n    <\/tr>\n    <tr>\n      <td>Kundenbetreuung<\/td>\n      <td>F\u00fcr die Zeit, die unbedingt notwendig ist, um die Anfrage zu bearbeiten und zu l\u00f6sen.<\/td>\n    <\/tr>\n    <tr>\n      <td>Meinungsumfragen und Qualit\u00e4tserhebungen<\/td>\n      <td>Solange ein vorvertragliches oder vertragliches Verh\u00e4ltnis besteht.<\/td>\n    <\/tr>\n    <tr>\n      <td>Analytische Cookies<\/td>\n      <td>Wie in der Cookie-Richtlinie angegeben.<\/td>\n    <\/tr>\n    <tr>\n      <td>Technische und organisatorische Sicherheitsma\u00dfnahmen<\/td>\n      <td>W\u00e4hrend der rechtm\u00e4\u00dfigen Verarbeitung und Speicherung der Daten. Anschlie\u00dfend k\u00f6nnen sie anonymisiert werden.<\/td>\n    <\/tr>\n    <tr>\n      <td>Einhaltung von Vorschriften, Betrug, Kriminalit\u00e4t<\/td>\n      <td>\n        - 10 Jahre (Geldw\u00e4schegesetz) <br>\n        - 6 Jahre (Steuerverbindlichkeiten) <br>\n        - 3 Jahre (Verbraucherbeschwerden) <br>\n        - 4 bis 10 Jahre (Buchhaltungs-\/Steuerunterlagen)\n      <\/td>\n    <\/tr>\n  <\/tbody>\n<\/table>\n\n<h3>Wichtige Hinweise<\/h3>\n<ul>\n  <li>Die Daten werden so lange aufbewahrt, wie es zur Erf\u00fcllung des Zwecks erforderlich ist, es sei denn, ein l\u00e4ngerer Zeitraum ist gesetzlich vorgeschrieben.<\/li>\n  <li>Aufgrund von Datenschutzbestimmungen k\u00f6nnen wir Ihre Daten bis zu 3 Jahre nach der Erfassung sicher aufbewahren, auch wenn sie nicht mehr verwendet werden.<\/li>\n  <li>Sobald die Notwendigkeit der Verarbeitung entf\u00e4llt, k\u00f6nnen die Daten gel\u00f6scht werden:\n    <ul>\n      <li>Sie m\u00fcssen gesperrt werden, damit sie den Beh\u00f6rden zur Verf\u00fcgung gestellt werden k\u00f6nnen.<\/li>\n      <li>Sicher gel\u00f6scht oder anonymisiert werden.<\/li>\n    <\/ul>\n  <\/li>\n<\/ul>\n<h2>WAS PASSIERT, WENN SIE UNS IHRE DATEN NICHT ZUR VERF\u00dcGUNG STELLEN?<\/h2>\n\n<p>Wir weisen Sie darauf hin, dass die Daten, die wir von Ihnen anfordern, das Minimum sind, das zur Erf\u00fcllung des Zwecks der Verarbeitung erforderlich ist, so dass wir die Verarbeitung nicht durchf\u00fchren k\u00f6nnen, wenn Sie sie nicht bereitstellen.<\/p>\n\n<ul>\n  <li>Wenn Sie Ihre Kontaktdaten nicht angeben, k\u00f6nnen wir Ihre Anfrage nicht beantworten oder Ihnen keine kommerziellen Informationen zusenden.<\/li>\n  <li>Wenn Sie technische Cookies nicht akzeptieren, k\u00f6nnen Sie die Website nicht richtig nutzen.<\/li>\n<\/ul>\n\n<h2>GEBEN WIR IHRE PERSONENBEZOGENEN DATEN AN DRITTE WEITER?<\/h2>\n\n<p>Wir verkaufen oder vermieten Ihre pers\u00f6nlichen Daten nicht. Wir werden sie nur in den folgenden F\u00e4llen weitergeben:<\/p>\n\n<ul>\n  <li>Mit Technologielieferanten oder Mitarbeitern, die Dienstleistungen f\u00fcr GREEN PATIO erbringen, immer im Rahmen eines Vertraulichkeitsvertrags und eines Verarbeitungsauftrags gem\u00e4\u00df Art. 28 RGPD.<\/li>\n  <li>Mit Einrichtungen zur Aufdeckung von Betrug oder zur Verbrechensbek\u00e4mpfung, um die gesetzlichen Bestimmungen einzuhalten.<\/li>\n  <li>Mit Beh\u00f6rden, Gerichten oder Tribunalen, wenn wir gesetzlich dazu verpflichtet sind.<\/li>\n<\/ul>\n\n<p>Alle Auftragsverarbeiter arbeiten nach unseren Anweisungen und nach strengen Kriterien der Sicherheit, der Vertraulichkeit und der Datenschutzbestimmungen.<\/p>\n\n<h2>F\u00dcHREN WIR INTERNATIONALE \u00dcBERWEISUNGEN DURCH?<\/h2>\n\n<p>Wir \u00fcbermitteln Ihre personenbezogenen Daten nicht ins Ausland.<\/p>\n\n<p>Wenn ein Lieferant au\u00dferhalb des Europ\u00e4ischen Wirtschaftsraums (EWR) ans\u00e4ssig ist, stellen wir sicher, dass es einen Angemessenheitsbeschluss, von der Europ\u00e4ischen Kommission genehmigte Standardklauseln oder verbindliche unternehmensinterne Vorschriften (BCR) gibt.<\/p>\n\n<h2>WELCHE RECHTE HABEN SIE?<\/h2>\n\n<p>Gem\u00e4\u00df den Artikeln 15 bis 22 der Datenschutz-Grundverordnung k\u00f6nnen Sie die folgenden Rechte aus\u00fcben:<\/p>\n\n<ul>\n  <li><strong>Zugang:<\/strong> wissen, welche Daten wir \u00fcber Sie verarbeiten.<\/li>\n  <li><strong>Berichtigung:<\/strong> die Berichtigung unrichtiger Daten zu verlangen.<\/li>\n  <li><strong>L\u00f6schung:<\/strong> uns bitten, Ihre Daten zu l\u00f6schen, wenn sie nicht mehr ben\u00f6tigt werden.<\/li>\n  <li><strong>Einschr\u00e4nkung:<\/strong> die Behandlung unter bestimmten Bedingungen einschr\u00e4nken.<\/li>\n  <li><strong>Tragbarkeit:<\/strong> Ihre Daten in einem strukturierten Format erhalten oder uns bitten, sie an einen anderen f\u00fcr die Datenverarbeitung Verantwortlichen zu \u00fcbermitteln.<\/li>\n  <li><strong>Opposition:<\/strong> der Verarbeitung auf der Grundlage eines berechtigten Interesses oder zu Marketingzwecken zu widersprechen.<\/li>\n  <li><strong>Sie d\u00fcrfen nicht Gegenstand automatisierter Entscheidungen sein:<\/strong> einschlie\u00dflich Profiling.<\/li>\n  <li><strong>Zustimmung zur\u00fcckziehen:<\/strong> jederzeit \u00e4ndern, ohne dass die Rechtm\u00e4\u00dfigkeit der vorherigen Verarbeitung ber\u00fchrt wird.<\/li>\n<\/ul>\n\n<p>Sie k\u00f6nnen diese Rechte kostenlos aus\u00fcben, indem Sie einen Antrag mit einer Kopie Ihres Personalausweises an folgende Adresse schicken:<\/p>\n<ul>\n  <li><strong>E-Mail:<\/strong> <a href=\"mailto:administracion@greenpatio.es\">administracion@greenpatio.es<\/a><\/li>\n  <li><strong>Postanschrift:<\/strong> c\/ Salamanca n\u00ba 23, 28020 - Madrid<\/li>\n<\/ul>\n\n<p>Sie k\u00f6nnen auch eine Beschwerde bei der spanischen Datenschutzbeh\u00f6rde einreichen (<a href=\"https:\/\/www.aepd.es\" target=\"_blank\">www.aepd.es<\/a>), wenn Sie der Meinung sind, dass wir Ihre Rechte nicht angemessen ber\u00fccksichtigt haben.<\/p>\n<h2>WELCHE SICHERHEITSMASSNAHMEN TREFFEN WIR F\u00dcR IHRE DATEN?<\/h2>\n\n<p>GREEN PATIO hat alle erforderlichen technischen und organisatorischen Ma\u00dfnahmen ergriffen, um die Sicherheit und Integrit\u00e4t der von ihr verarbeiteten personenbezogenen Daten zu gew\u00e4hrleisten und deren Verlust, Ver\u00e4nderung und\/oder Zugriff durch unbefugte Dritte zu verhindern.<\/p>\n\n<p>Neben anderen Ma\u00dfnahmen:<\/p>\n<ul>\n  <li>Physischer Schutz von Einrichtungen und Servern.<\/li>\n  <li>Der Zugang ist nur f\u00fcr autorisiertes Personal m\u00f6glich.<\/li>\n  <li>Verschl\u00fcsselung und Anonymisierung von Daten, wo immer m\u00f6glich.<\/li>\n  <li>Schutz vor Malware, Firewalls und Backups.<\/li>\n  <li>Pers\u00f6nliche und nicht \u00fcbertragbare Passw\u00f6rter.<\/li>\n  <li>Vertragsklauseln mit Verarbeitern.<\/li>\n  <li>Spezielle Datenschutzschulungen f\u00fcr das Personal.<\/li>\n<\/ul>\n\n<h2>G\u00dcLTIGKEIT UND \u00c4NDERUNG DER DATENSCHUTZPOLITIK<\/h2>\n\n<p>GREEN PATIO beh\u00e4lt sich das Recht vor, diese Politik zu \u00e4ndern, um sie an neue Gesetzgebung oder Rechtsprechung sowie an sektorale Kriterien oder Praktiken anzupassen.<\/p>\n\n<p>In einem solchen Fall wird dies rechtzeitig auf der Website bekannt gegeben. Eine regelm\u00e4\u00dfige \u00dcberpr\u00fcfung wird empfohlen.<\/p>\n\n<p>Diese Datenschutzrichtlinie gilt ab dem 24. Juni 2025.<\/p>\n\n<h2>ZUST\u00c4NDIGKEIT UND ANWENDBARES RECHT<\/h2>\n\n<p>Im Falle von Streitigkeiten oder Meinungsverschiedenheiten unterwerfen sich die Parteien unter ausdr\u00fccklichem Verzicht auf jede andere Zust\u00e4ndigkeit den Gerichten von <strong>Gerichte und Gerichtsh\u00f6fe der Stadt Vigo<\/strong>unbeschadet etwaiger Rechte des Verbrauchers, sich gem\u00e4\u00df der Verordnung (EU) Nr. 1215\/2012 an seine \u00f6rtliche Gerichtsbarkeit zu wenden.<\/p>\n\n<p>GREEN PATIO verpflichtet sich in jedem Fall, eine g\u00fctliche Einigung anzustreben, bevor der Rechtsweg beschritten wird.<\/p>\n\n<\/body>\n<\/html>\n\n\t\t\t\t\t\t\t\t<\/div>\n\t\t\t\t<\/div>\n\t\t\t\t<\/div>\n\t\t\t\t<\/div>","protected":false},"excerpt":{"rendered":"<p>Pol\u00edtica de Privacidad Pol\u00edtica de&#8230;<\/p>","protected":false},"author":1,"featured_media":0,"parent":0,"menu_order":0,"comment_status":"closed","ping_status":"closed","template":"full_width.php","meta":{"_monsterinsights_skip_tracking":false,"_monsterinsights_sitenote_active":false,"_monsterinsights_sitenote_note":"","_monsterinsights_sitenote_category":0,"footnotes":""},"class_list":["post-152378","page","type-page","status-publish","hentry"],"yoast_head":"<!-- This site is optimized with the Yoast SEO plugin v24.0 - https:\/\/yoast.com\/wordpress\/plugins\/seo\/ -->\n<title>Contacta con Green Patio - Tel\u00e9fono - Green Patio<\/title>\n<meta name=\"description\" content=\"Tel\u00e9fono: 669 01 88 34 - Contacta para m\u00e1s informaci\u00f3n sobre alquiler de espacios para eventos en Madrid. Solicita tu presupuesto.\" \/>\n<meta name=\"robots\" content=\"index, follow, max-snippet:-1, max-image-preview:large, max-video-preview:-1\" \/>\n<link rel=\"canonical\" href=\"https:\/\/greenpatio.es\/de\/politica-privacidad\/\" \/>\n<meta property=\"og:locale\" content=\"de_DE\" \/>\n<meta property=\"og:type\" content=\"article\" \/>\n<meta property=\"og:title\" content=\"Contacta con Green Patio - Tel\u00e9fono - Green Patio\" \/>\n<meta property=\"og:description\" content=\"Tel\u00e9fono: 669 01 88 34 - Contacta para m\u00e1s informaci\u00f3n sobre alquiler de espacios para eventos en Madrid. Solicita tu presupuesto.\" \/>\n<meta property=\"og:url\" content=\"https:\/\/greenpatio.es\/de\/politica-privacidad\/\" \/>\n<meta property=\"og:site_name\" content=\"Green Patio\" \/>\n<meta property=\"article:modified_time\" content=\"2025-07-24T13:42:59+00:00\" \/>\n<meta name=\"twitter:card\" content=\"summary_large_image\" \/>\n<meta name=\"twitter:label1\" content=\"Gesch\u00e4tzte Lesezeit\" \/>\n\t<meta name=\"twitter:data1\" content=\"10\u00a0Minuten\" \/>\n<script type=\"application\/ld+json\" class=\"yoast-schema-graph\">{\"@context\":\"https:\/\/schema.org\",\"@graph\":[{\"@type\":\"NewsArticle\",\"@id\":\"https:\/\/greenpatio.es\/politica-privacidad\/#article\",\"isPartOf\":{\"@id\":\"https:\/\/greenpatio.es\/politica-privacidad\/\"},\"author\":{\"name\":\"admin\",\"@id\":\"https:\/\/greenpatio.es\/#\/schema\/person\/85538d898e3b9d8195d05f58aa605b8d\"},\"headline\":\"Pol\u00edtica de Privacidad\",\"datePublished\":\"2025-07-24T13:22:55+00:00\",\"dateModified\":\"2025-07-24T13:42:59+00:00\",\"mainEntityOfPage\":{\"@id\":\"https:\/\/greenpatio.es\/politica-privacidad\/\"},\"wordCount\":2189,\"publisher\":{\"@id\":\"https:\/\/greenpatio.es\/#organization\"},\"inLanguage\":\"de\"},{\"@type\":\"WebPage\",\"@id\":\"https:\/\/greenpatio.es\/politica-privacidad\/\",\"url\":\"https:\/\/greenpatio.es\/politica-privacidad\/\",\"name\":\"Contacta con Green Patio - Tel\u00e9fono - Green Patio\",\"isPartOf\":{\"@id\":\"https:\/\/greenpatio.es\/#website\"},\"datePublished\":\"2025-07-24T13:22:55+00:00\",\"dateModified\":\"2025-07-24T13:42:59+00:00\",\"description\":\"Tel\u00e9fono: 669 01 88 34 - Contacta para m\u00e1s informaci\u00f3n sobre alquiler de espacios para eventos en Madrid. Solicita tu presupuesto.\",\"breadcrumb\":{\"@id\":\"https:\/\/greenpatio.es\/politica-privacidad\/#breadcrumb\"},\"inLanguage\":\"de\",\"potentialAction\":[{\"@type\":\"ReadAction\",\"target\":[\"https:\/\/greenpatio.es\/politica-privacidad\/\"]}]},{\"@type\":\"BreadcrumbList\",\"@id\":\"https:\/\/greenpatio.es\/politica-privacidad\/#breadcrumb\",\"itemListElement\":[{\"@type\":\"ListItem\",\"position\":1,\"name\":\"Inicio\",\"item\":\"https:\/\/greenpatio.es\/\"},{\"@type\":\"ListItem\",\"position\":2,\"name\":\"Pol\u00edtica de Privacidad\"}]},{\"@type\":\"WebSite\",\"@id\":\"https:\/\/greenpatio.es\/#website\",\"url\":\"https:\/\/greenpatio.es\/\",\"name\":\"Green Patio\",\"description\":\"Espacios para eventos en Madrid\",\"publisher\":{\"@id\":\"https:\/\/greenpatio.es\/#organization\"},\"alternateName\":\"Green Patio - Espacios para eventos en Madrid\",\"potentialAction\":[{\"@type\":\"SearchAction\",\"target\":{\"@type\":\"EntryPoint\",\"urlTemplate\":\"https:\/\/greenpatio.es\/?s={search_term_string}\"},\"query-input\":{\"@type\":\"PropertyValueSpecification\",\"valueRequired\":true,\"valueName\":\"search_term_string\"}}],\"inLanguage\":\"de\"},{\"@type\":\"Organization\",\"@id\":\"https:\/\/greenpatio.es\/#organization\",\"name\":\"Green Patio\",\"alternateName\":\"Green Patio Espacio para eventos en Madrid\",\"url\":\"https:\/\/greenpatio.es\/\",\"logo\":{\"@type\":\"ImageObject\",\"inLanguage\":\"de\",\"@id\":\"https:\/\/greenpatio.es\/#\/schema\/logo\/image\/\",\"url\":\"https:\/\/greenpatio.es\/wp-content\/uploads\/2024\/12\/logo-reducido-green-patio.png\",\"contentUrl\":\"https:\/\/greenpatio.es\/wp-content\/uploads\/2024\/12\/logo-reducido-green-patio.png\",\"width\":1465,\"height\":1465,\"caption\":\"Green Patio\"},\"image\":{\"@id\":\"https:\/\/greenpatio.es\/#\/schema\/logo\/image\/\"},\"sameAs\":[\"https:\/\/www.instagram.com\/greenpatioevents\/\"]},{\"@type\":\"Person\",\"@id\":\"https:\/\/greenpatio.es\/#\/schema\/person\/85538d898e3b9d8195d05f58aa605b8d\",\"name\":\"admin\",\"image\":{\"@type\":\"ImageObject\",\"inLanguage\":\"de\",\"@id\":\"https:\/\/greenpatio.es\/#\/schema\/person\/image\/\",\"url\":\"https:\/\/secure.gravatar.com\/avatar\/dc343822ff32eded78127b9bc70d7a8bc38956142c75c7731c634a64f56fcafe?s=96&d=mm&r=g\",\"contentUrl\":\"https:\/\/secure.gravatar.com\/avatar\/dc343822ff32eded78127b9bc70d7a8bc38956142c75c7731c634a64f56fcafe?s=96&d=mm&r=g\",\"caption\":\"admin\"},\"sameAs\":[\"https:\/\/greenpatio.es\"]}]}<\/script>\n<!-- \/ Yoast SEO plugin. -->","yoast_head_json":{"title":"Contacta con Green Patio - Tel\u00e9fono - Green Patio","description":"Tel\u00e9fono: 669 01 88 34 - Contacta para m\u00e1s informaci\u00f3n sobre alquiler de espacios para eventos en Madrid. Solicita tu presupuesto.","robots":{"index":"index","follow":"follow","max-snippet":"max-snippet:-1","max-image-preview":"max-image-preview:large","max-video-preview":"max-video-preview:-1"},"canonical":"https:\/\/greenpatio.es\/de\/politica-privacidad\/","og_locale":"de_DE","og_type":"article","og_title":"Contacta con Green Patio - Tel\u00e9fono - Green Patio","og_description":"Tel\u00e9fono: 669 01 88 34 - Contacta para m\u00e1s informaci\u00f3n sobre alquiler de espacios para eventos en Madrid. Solicita tu presupuesto.","og_url":"https:\/\/greenpatio.es\/de\/politica-privacidad\/","og_site_name":"Green Patio","article_modified_time":"2025-07-24T13:42:59+00:00","twitter_card":"summary_large_image","twitter_misc":{"Gesch\u00e4tzte Lesezeit":"10\u00a0Minuten"},"schema":{"@context":"https:\/\/schema.org","@graph":[{"@type":"NewsArticle","@id":"https:\/\/greenpatio.es\/politica-privacidad\/#article","isPartOf":{"@id":"https:\/\/greenpatio.es\/politica-privacidad\/"},"author":{"name":"admin","@id":"https:\/\/greenpatio.es\/#\/schema\/person\/85538d898e3b9d8195d05f58aa605b8d"},"headline":"Pol\u00edtica de Privacidad","datePublished":"2025-07-24T13:22:55+00:00","dateModified":"2025-07-24T13:42:59+00:00","mainEntityOfPage":{"@id":"https:\/\/greenpatio.es\/politica-privacidad\/"},"wordCount":2189,"publisher":{"@id":"https:\/\/greenpatio.es\/#organization"},"inLanguage":"de"},{"@type":"WebPage","@id":"https:\/\/greenpatio.es\/politica-privacidad\/","url":"https:\/\/greenpatio.es\/politica-privacidad\/","name":"Contacta con Green Patio - Tel\u00e9fono - Green Patio","isPartOf":{"@id":"https:\/\/greenpatio.es\/#website"},"datePublished":"2025-07-24T13:22:55+00:00","dateModified":"2025-07-24T13:42:59+00:00","description":"Tel\u00e9fono: 669 01 88 34 - Contacta para m\u00e1s informaci\u00f3n sobre alquiler de espacios para eventos en Madrid. Solicita tu presupuesto.","breadcrumb":{"@id":"https:\/\/greenpatio.es\/politica-privacidad\/#breadcrumb"},"inLanguage":"de","potentialAction":[{"@type":"ReadAction","target":["https:\/\/greenpatio.es\/politica-privacidad\/"]}]},{"@type":"BreadcrumbList","@id":"https:\/\/greenpatio.es\/politica-privacidad\/#breadcrumb","itemListElement":[{"@type":"ListItem","position":1,"name":"Inicio","item":"https:\/\/greenpatio.es\/"},{"@type":"ListItem","position":2,"name":"Pol\u00edtica de Privacidad"}]},{"@type":"WebSite","@id":"https:\/\/greenpatio.es\/#website","url":"https:\/\/greenpatio.es\/","name":"Green Patio","description":"Espacios para eventos en Madrid","publisher":{"@id":"https:\/\/greenpatio.es\/#organization"},"alternateName":"Green Patio - Espacios para eventos en Madrid","potentialAction":[{"@type":"SearchAction","target":{"@type":"EntryPoint","urlTemplate":"https:\/\/greenpatio.es\/?s={search_term_string}"},"query-input":{"@type":"PropertyValueSpecification","valueRequired":true,"valueName":"search_term_string"}}],"inLanguage":"de"},{"@type":"Organization","@id":"https:\/\/greenpatio.es\/#organization","name":"Green Patio","alternateName":"Green Patio Espacio para eventos en Madrid","url":"https:\/\/greenpatio.es\/","logo":{"@type":"ImageObject","inLanguage":"de","@id":"https:\/\/greenpatio.es\/#\/schema\/logo\/image\/","url":"https:\/\/greenpatio.es\/wp-content\/uploads\/2024\/12\/logo-reducido-green-patio.png","contentUrl":"https:\/\/greenpatio.es\/wp-content\/uploads\/2024\/12\/logo-reducido-green-patio.png","width":1465,"height":1465,"caption":"Green Patio"},"image":{"@id":"https:\/\/greenpatio.es\/#\/schema\/logo\/image\/"},"sameAs":["https:\/\/www.instagram.com\/greenpatioevents\/"]},{"@type":"Person","@id":"https:\/\/greenpatio.es\/#\/schema\/person\/85538d898e3b9d8195d05f58aa605b8d","name":"admin","image":{"@type":"ImageObject","inLanguage":"de","@id":"https:\/\/greenpatio.es\/#\/schema\/person\/image\/","url":"https:\/\/secure.gravatar.com\/avatar\/dc343822ff32eded78127b9bc70d7a8bc38956142c75c7731c634a64f56fcafe?s=96&d=mm&r=g","contentUrl":"https:\/\/secure.gravatar.com\/avatar\/dc343822ff32eded78127b9bc70d7a8bc38956142c75c7731c634a64f56fcafe?s=96&d=mm&r=g","caption":"admin"},"sameAs":["https:\/\/greenpatio.es"]}]}},"_links":{"self":[{"href":"https:\/\/greenpatio.es\/de\/wp-json\/wp\/v2\/pages\/152378","targetHints":{"allow":["GET"]}}],"collection":[{"href":"https:\/\/greenpatio.es\/de\/wp-json\/wp\/v2\/pages"}],"about":[{"href":"https:\/\/greenpatio.es\/de\/wp-json\/wp\/v2\/types\/page"}],"author":[{"embeddable":true,"href":"https:\/\/greenpatio.es\/de\/wp-json\/wp\/v2\/users\/1"}],"replies":[{"embeddable":true,"href":"https:\/\/greenpatio.es\/de\/wp-json\/wp\/v2\/comments?post=152378"}],"version-history":[{"count":7,"href":"https:\/\/greenpatio.es\/de\/wp-json\/wp\/v2\/pages\/152378\/revisions"}],"predecessor-version":[{"id":152386,"href":"https:\/\/greenpatio.es\/de\/wp-json\/wp\/v2\/pages\/152378\/revisions\/152386"}],"wp:attachment":[{"href":"https:\/\/greenpatio.es\/de\/wp-json\/wp\/v2\/media?parent=152378"}],"curies":[{"name":"wp","href":"https:\/\/api.w.org\/{rel}","templated":true}]}}