{"id":147221,"date":"2024-11-12T15:58:50","date_gmt":"2024-11-12T15:58:50","guid":{"rendered":"https:\/\/web.greenpatio.es\/?page_id=147221"},"modified":"2024-12-10T11:48:47","modified_gmt":"2024-12-10T11:48:47","slug":"sostenibilidad","status":"publish","type":"page","link":"https:\/\/greenpatio.es\/fr\/sostenibilidad\/","title":{"rendered":"Durabilit\u00e9"},"content":{"rendered":"<div data-elementor-type=\"wp-page\" data-elementor-id=\"147221\" class=\"elementor elementor-147221\" data-elementor-post-type=\"page\">\n\t\t\t\t<div style=\"background-image: url(https:\/\/greenpatio.es\/wp-content\/uploads\/2020\/04\/aboutus-title-img.jpg);\" class=\"parallax_section_holder elementor-element elementor-element-0aa2036 e-con-full parallax_section_holder e-flex qode_elementor_container_no e-con e-parent\" data-speed=\"0\" data-id=\"0aa2036\" data-element_type=\"container\" data-settings=\"{&quot;qode_parallax_image&quot;:{&quot;url&quot;:&quot;https:\\\/\\\/greenpatio.es\\\/wp-content\\\/uploads\\\/2020\\\/04\\\/aboutus-title-img.jpg&quot;,&quot;id&quot;:1639,&quot;size&quot;:&quot;&quot;,&quot;alt&quot;:&quot;a&quot;,&quot;source&quot;:&quot;library&quot;},&quot;background_background&quot;:&quot;slideshow&quot;,&quot;background_slideshow_gallery&quot;:[{&quot;id&quot;:147234,&quot;url&quot;:&quot;https:\\\/\\\/greenpatio.es\\\/wp-content\\\/uploads\\\/2024\\\/11\\\/sostenibilidad.jpg&quot;}],&quot;background_slideshow_loop&quot;:&quot;yes&quot;,&quot;background_slideshow_slide_duration&quot;:5000,&quot;background_slideshow_slide_transition&quot;:&quot;fade&quot;,&quot;background_slideshow_transition_duration&quot;:500}\">\n\t\t\t\t<div class=\"elementor-element elementor-element-73c584d elementor-widget elementor-widget-qi_addons_for_elementor_section_title\" data-id=\"73c584d\" data-element_type=\"widget\" data-widget_type=\"qi_addons_for_elementor_section_title.default\">\n\t\t\t\t<div class=\"elementor-widget-container\">\n\t\t\t\t\t<div class=\"qodef-shortcode qodef-m  qodef-qi-section-title  qodef-decoration--italic  qodef-link--underline-draw qodef-subtitle-icon--left\">\n\t\t\t\t\t\t<h1 class=\"qodef-m-title\">\n\t\tDurabilit\u00e9<br><h6 style=\"color:white\">PAGE D'ACCUEIL \/ D\u00c9VELOPPEMENT DURABLE<\/6>\t<\/h1>\n\t\t\t<\/div>\n\t\t\t\t<\/div>\n\t\t\t\t<\/div>\n\t\t\t\t<\/div>\n\t\t<div class=\"elementor-element elementor-element-d247489 e-flex e-con-boxed parallax_section_no qode_elementor_container_no e-con e-parent\" data-id=\"d247489\" data-element_type=\"container\">\n\t\t\t\t\t<div class=\"e-con-inner\">\n\t\t\t\t<div class=\"elementor-element elementor-element-14c1d48 elementor-widget elementor-widget-image\" data-id=\"14c1d48\" data-element_type=\"widget\" data-widget_type=\"image.default\">\n\t\t\t\t<div class=\"elementor-widget-container\">\n\t\t\t\t\t\t\t\t\t\t\t\t\t\t\t<img fetchpriority=\"high\" decoding=\"async\" width=\"359\" height=\"182\" src=\"https:\/\/greenpatio.es\/wp-content\/uploads\/2024\/11\/Capa-1-1.png\" class=\"attachment-large size-large wp-image-146207\" alt=\"\" srcset=\"https:\/\/greenpatio.es\/wp-content\/uploads\/2024\/11\/Capa-1-1.png 359w, https:\/\/greenpatio.es\/wp-content\/uploads\/2024\/11\/Capa-1-1-300x152.png 300w\" sizes=\"(max-width: 359px) 100vw, 359px\" \/>\t\t\t\t\t\t\t\t\t\t\t\t\t\t\t<\/div>\n\t\t\t\t<\/div>\n\t\t\t\t<div class=\"elementor-element elementor-element-151bb16 elementor-widget__width-initial elementor-widget elementor-widget-text-editor\" data-id=\"151bb16\" data-element_type=\"widget\" data-widget_type=\"text-editor.default\">\n\t\t\t\t<div class=\"elementor-widget-container\">\n\t\t\t\t\t\t\t\t\t<h4 class=\"qodef-m-title\" style=\"line-height: 1.5;\">L'entreprise a fait preuve d'un engagement exceptionnel en faveur du d\u00e9veloppement durable en transformant une ancienne imprimerie en un espace \u00e9v\u00e9nementiel moderne et polyvalent. Ce projet permet non seulement de pr\u00e9server la structure historique, mais aussi de minimiser l'impact environnemental associ\u00e9 \u00e0 la construction de nouveaux b\u00e2timents.\n<br><br>\n<b>\nLes points forts de cette initiative de d\u00e9veloppement durable sont les suivants<\/b><\/h4>\t\t\t\t\t\t\t\t<\/div>\n\t\t\t\t<\/div>\n\t\t\t\t\t<\/div>\n\t\t\t\t<\/div>\n\t\t<div class=\"elementor-element elementor-element-5a09113 e-con-full qode_elementor_container_inner e-flex parallax_section_no e-con e-parent\" data-id=\"5a09113\" data-element_type=\"container\">\n\t\t<div class=\"elementor-element elementor-element-eb69f08 e-flex e-con-boxed parallax_section_no qode_elementor_container_no e-con e-child\" data-id=\"eb69f08\" data-element_type=\"container\">\n\t\t\t\t\t<div class=\"e-con-inner\">\n\t\t\t\t<div class=\"elementor-element elementor-element-631ed01 elementor-widget elementor-widget-bridge_icon_text\" data-id=\"631ed01\" data-element_type=\"widget\" data-widget_type=\"bridge_icon_text.default\">\n\t\t\t\t<div class=\"elementor-widget-container\">\n\t\t\t\t\t<div class='q_icon_with_title small custom_icon_image center qode-iwt-content-alignment-left'><div class=\"icon_holder q_icon_animation\" style=\" \"><img decoding=\"async\" itemprop=\"image\" style=\"\" src=\"https:\/\/greenpatio.es\/wp-content\/uploads\/2024\/11\/reuse_10735669.png\" alt=\"\"><\/div><div class=\"icon_text_holder\" style=\"\"><div class=\"icon_text_inner\" style=\"\"><h4 class=\"icon_title\" style=\"\"><b>R\u00e9utilisation des <br>Infrastructure existante<\/b><\/h4><p style=''><br><p style=\"line-height:1.8\">Au lieu de d\u00e9molir l'ancienne imprimerie, l'entreprise a choisi de la r\u00e9nover, conservant ainsi les ressources mat\u00e9rielles et l'\u00e9nergie contenues dans la structure d'origine. Cette pratique permet de r\u00e9duire consid\u00e9rablement les d\u00e9chets de construction et la demande de nouveaux mat\u00e9riaux.<\/p><\/p><\/div><\/div><\/div>\t\t\t\t<\/div>\n\t\t\t\t<\/div>\n\t\t\t\t\t<\/div>\n\t\t\t\t<\/div>\n\t\t<div class=\"elementor-element elementor-element-ccd0489 e-flex e-con-boxed parallax_section_no qode_elementor_container_no e-con e-child\" data-id=\"ccd0489\" data-element_type=\"container\">\n\t\t\t\t\t<div class=\"e-con-inner\">\n\t\t\t\t<div class=\"elementor-element elementor-element-d48ea27 elementor-widget elementor-widget-bridge_icon_text\" data-id=\"d48ea27\" data-element_type=\"widget\" data-widget_type=\"bridge_icon_text.default\">\n\t\t\t\t<div class=\"elementor-widget-container\">\n\t\t\t\t\t<div class='q_icon_with_title small custom_icon_image center qode-iwt-content-alignment-left'><div class=\"icon_holder q_icon_animation\" style=\" \"><img decoding=\"async\" itemprop=\"image\" style=\"\" src=\"https:\/\/greenpatio.es\/wp-content\/uploads\/2024\/11\/green-energy_10735609.png\" alt=\"\"><\/div><div class=\"icon_text_holder\" style=\"\"><div class=\"icon_text_inner\" style=\"\"><h4 class=\"icon_title\" style=\"\"><b>Conception \u00e9conome en \u00e9nergie<\/b><\/h4><p style=''><br><p style=\"line-height:1.8\">Le nouvel espace a \u00e9t\u00e9 con\u00e7u pour \u00eatre \u00e9conome en \u00e9nergie, en int\u00e9grant des technologies telles que l'\u00e9clairage LED, l'\u00e9clairage naturel et des syst\u00e8mes de ventilation dans toutes les pi\u00e8ces, des syst\u00e8mes de chauffage et de refroidissement \u00e9conomes en \u00e9nergie, et une meilleure isolation. Ces am\u00e9liorations permettent non seulement de r\u00e9duire la consommation d'\u00e9nergie, mais aussi de diminuer les \u00e9missions de carbone \u00e0 long terme.<\/p><\/p><\/div><\/div><\/div>\t\t\t\t<\/div>\n\t\t\t\t<\/div>\n\t\t\t\t\t<\/div>\n\t\t\t\t<\/div>\n\t\t<div class=\"elementor-element elementor-element-efbd10c e-flex e-con-boxed parallax_section_no qode_elementor_container_no e-con e-child\" data-id=\"efbd10c\" data-element_type=\"container\">\n\t\t\t\t\t<div class=\"e-con-inner\">\n\t\t\t\t<div class=\"elementor-element elementor-element-5711497 elementor-widget elementor-widget-bridge_icon_text\" data-id=\"5711497\" data-element_type=\"widget\" data-widget_type=\"bridge_icon_text.default\">\n\t\t\t\t<div class=\"elementor-widget-container\">\n\t\t\t\t\t<div class='q_icon_with_title small custom_icon_image center qode-iwt-content-alignment-left'><div class=\"icon_holder q_icon_animation\" style=\" \"><img decoding=\"async\" itemprop=\"image\" style=\"\" src=\"https:\/\/greenpatio.es\/wp-content\/uploads\/2024\/11\/environment_10735651.png\" alt=\"\"><\/div><div class=\"icon_text_holder\" style=\"\"><div class=\"icon_text_inner\" style=\"\"><h4 class=\"icon_title\" style=\"\"><b>Mat\u00e9riaux fabriqu\u00e9s \u00e0 la main<\/b><\/h4><p style=''><br>Tous les mat\u00e9riaux utilis\u00e9s lors de la r\u00e9novation sont fabriqu\u00e9s \u00e0 la main et respectueux de l'environnement. Des briques aux tuiles, chaque \u00e9l\u00e9ment est soigneusement s\u00e9lectionn\u00e9 pour sa durabilit\u00e9. De plus, la plupart de nos meubles sont fabriqu\u00e9s \u00e0 partir de bois r\u00e9cup\u00e9r\u00e9 et de meubles restaur\u00e9s, alliant ainsi esth\u00e9tique et responsabilit\u00e9 \u00e9cologique.<\/p><\/div><\/div><\/div>\t\t\t\t<\/div>\n\t\t\t\t<\/div>\n\t\t\t\t\t<\/div>\n\t\t\t\t<\/div>\n\t\t\t\t<\/div>\n\t\t<div class=\"elementor-element elementor-element-6b287ba e-con-full e-flex parallax_section_no qode_elementor_container_no e-con e-parent\" data-id=\"6b287ba\" data-element_type=\"container\" data-settings=\"{&quot;background_background&quot;:&quot;slideshow&quot;,&quot;background_slideshow_gallery&quot;:[],&quot;background_slideshow_loop&quot;:&quot;yes&quot;,&quot;background_slideshow_slide_duration&quot;:5000,&quot;background_slideshow_slide_transition&quot;:&quot;fade&quot;,&quot;background_slideshow_transition_duration&quot;:500}\">\n\t\t<div class=\"elementor-element elementor-element-169370d e-grid e-con-boxed parallax_section_no qode_elementor_container_no e-con e-child\" data-id=\"169370d\" data-element_type=\"container\">\n\t\t\t\t\t<div class=\"e-con-inner\">\n\t\t\t\t<div class=\"elementor-element elementor-element-c41f1fc elementor-widget elementor-widget-image\" data-id=\"c41f1fc\" data-element_type=\"widget\" data-widget_type=\"image.default\">\n\t\t\t\t<div class=\"elementor-widget-container\">\n\t\t\t\t\t\t\t\t\t\t\t\t\t\t\t<img decoding=\"async\" width=\"570\" height=\"570\" src=\"https:\/\/greenpatio.es\/wp-content\/uploads\/2024\/11\/1b_imprenta-1-570x570.jpg\" class=\"attachment-portfolio-square size-portfolio-square wp-image-149314\" alt=\"\" srcset=\"https:\/\/greenpatio.es\/wp-content\/uploads\/2024\/11\/1b_imprenta-1-570x570.jpg 570w, https:\/\/greenpatio.es\/wp-content\/uploads\/2024\/11\/1b_imprenta-1-150x150.jpg 150w, https:\/\/greenpatio.es\/wp-content\/uploads\/2024\/11\/1b_imprenta-1-500x500.jpg 500w, https:\/\/greenpatio.es\/wp-content\/uploads\/2024\/11\/1b_imprenta-1-1000x1000.jpg 1000w, https:\/\/greenpatio.es\/wp-content\/uploads\/2024\/11\/1b_imprenta-1-650x650.jpg 650w, https:\/\/greenpatio.es\/wp-content\/uploads\/2024\/11\/1b_imprenta-1-1300x1300.jpg 1300w\" sizes=\"(max-width: 570px) 100vw, 570px\" \/>\t\t\t\t\t\t\t\t\t\t\t\t\t\t\t<\/div>\n\t\t\t\t<\/div>\n\t\t\t\t<div class=\"elementor-element elementor-element-1eda559 elementor-drop-cap-yes elementor-drop-cap-view-default elementor-widget elementor-widget-text-editor\" data-id=\"1eda559\" data-element_type=\"widget\" data-settings=\"{&quot;drop_cap&quot;:&quot;yes&quot;}\" data-widget_type=\"text-editor.default\">\n\t\t\t\t<div class=\"elementor-widget-container\">\n\t\t\t\t\t\t\t\t\t<h5 style=\"line-height: 1.5;\" class=\"translation-block\">Cette transformation transforme l'ancienne imprimerie en un espace \u00e9v\u00e9nementiel fonctionnel et esth\u00e9tiquement attrayant<\/u>, et \u00e9tablit la norme en mati\u00e8re de durabilit\u00e9 et de responsabilit\u00e9 environnementale dans l'industrie.<br><br>L'entreprise a non seulement revitalis\u00e9 un b\u00e2timent historique, mais l'a fait d'une mani\u00e8re qui respecte et prot\u00e8ge notre environnement pour les g\u00e9n\u00e9rations futures.<\/h5>\t\t\t\t\t\t\t\t<\/div>\n\t\t\t\t<\/div>\n\t\t\t\t\t<\/div>\n\t\t\t\t<\/div>\n\t\t<div class=\"elementor-element elementor-element-7fc190c e-grid e-con-boxed parallax_section_no qode_elementor_container_no e-con e-child\" data-id=\"7fc190c\" data-element_type=\"container\">\n\t\t\t\t\t<div class=\"e-con-inner\">\n\t\t\t\t<div class=\"elementor-element elementor-element-cab04c3 elementor-drop-cap-yes elementor-drop-cap-view-default elementor-widget elementor-widget-text-editor\" data-id=\"cab04c3\" data-element_type=\"widget\" data-settings=\"{&quot;drop_cap&quot;:&quot;yes&quot;}\" data-widget_type=\"text-editor.default\">\n\t\t\t\t<div class=\"elementor-widget-container\">\n\t\t\t\t\t\t\t\t\t<h5 style=\"line-height: 1.5;\">Chez Green Patio, notre engagement en faveur de l'environnement va plus loin. En 2025, nous proc\u00e9derons \u00e0 une transformation majeure de notre usine de La Imprenta, que nous transformerons en un espace \u00e0 z\u00e9ro \u00e9mission. Nous mettrons en place des syst\u00e8mes d'\u00e9nergie solaire et de batteries, afin d'atteindre l'autosuffisance \u00e9nerg\u00e9tique.<br \/><br \/><br \/>Gr\u00e2ce \u00e0 ces am\u00e9liorations, nous offrirons \u00e0 nos clients la possibilit\u00e9 d'organiser des \u00e9v\u00e9nements enti\u00e8rement durables, sans faire de compromis sur la qualit\u00e9 ou l'exp\u00e9rience. Chez Green Patio, nous nous effor\u00e7ons de faire en sorte que chaque \u00e9v\u00e9nement soit non seulement r\u00e9ussi, mais aussi respectueux de la plan\u00e8te.<\/h5>\t\t\t\t\t\t\t\t<\/div>\n\t\t\t\t<\/div>\n\t\t\t\t<div class=\"elementor-element elementor-element-aa6ec4c elementor-widget elementor-widget-image\" data-id=\"aa6ec4c\" data-element_type=\"widget\" data-widget_type=\"image.default\">\n\t\t\t\t<div class=\"elementor-widget-container\">\n\t\t\t\t\t\t\t\t\t\t\t\t\t\t\t<img decoding=\"async\" width=\"1024\" height=\"683\" src=\"https:\/\/greenpatio.es\/wp-content\/uploads\/2024\/11\/linecar_compromiso_medioambiente_cero_emisiones-1024x683.jpg\" class=\"attachment-large size-large wp-image-147928\" alt=\"\" srcset=\"https:\/\/greenpatio.es\/wp-content\/uploads\/2024\/11\/linecar_compromiso_medioambiente_cero_emisiones-1024x683.jpg 1024w, https:\/\/greenpatio.es\/wp-content\/uploads\/2024\/11\/linecar_compromiso_medioambiente_cero_emisiones-300x200.jpg 300w, https:\/\/greenpatio.es\/wp-content\/uploads\/2024\/11\/linecar_compromiso_medioambiente_cero_emisiones-768x512.jpg 768w, https:\/\/greenpatio.es\/wp-content\/uploads\/2024\/11\/linecar_compromiso_medioambiente_cero_emisiones-1536x1025.jpg 1536w, https:\/\/greenpatio.es\/wp-content\/uploads\/2024\/11\/linecar_compromiso_medioambiente_cero_emisiones-700x467.jpg 700w, https:\/\/greenpatio.es\/wp-content\/uploads\/2024\/11\/linecar_compromiso_medioambiente_cero_emisiones.jpg 1920w\" sizes=\"(max-width: 1024px) 100vw, 1024px\" \/>\t\t\t\t\t\t\t\t\t\t\t\t\t\t\t<\/div>\n\t\t\t\t<\/div>\n\t\t\t\t\t<\/div>\n\t\t\t\t<\/div>\n\t\t\t\t<\/div>\n\t\t\t\t<\/div>","protected":false},"excerpt":{"rendered":"<p>Sostenibilidad INICIO \/ SOSTENIBILIDAD La&#8230;<\/p>","protected":false},"author":1,"featured_media":0,"parent":0,"menu_order":0,"comment_status":"closed","ping_status":"closed","template":"full_width.php","meta":{"_monsterinsights_skip_tracking":false,"_monsterinsights_sitenote_active":false,"_monsterinsights_sitenote_note":"","_monsterinsights_sitenote_category":0,"footnotes":""},"class_list":["post-147221","page","type-page","status-publish","hentry"],"yoast_head":"<!-- This site is optimized with the Yoast SEO plugin v24.0 - https:\/\/yoast.com\/wordpress\/plugins\/seo\/ -->\n<title>Sostenibilidad - Green Patio<\/title>\n<meta name=\"description\" content=\"Explora los servicios de alquiler de ESPACIOS SOSTENIBLES para eventos de Green Patio. Espacios \u00fanicos para eventos corporativos en Madrid.\" \/>\n<meta name=\"robots\" content=\"index, follow, max-snippet:-1, max-image-preview:large, max-video-preview:-1\" \/>\n<link rel=\"canonical\" href=\"https:\/\/greenpatio.es\/fr\/sostenibilidad\/\" \/>\n<meta property=\"og:locale\" content=\"fr_FR\" \/>\n<meta property=\"og:type\" content=\"article\" \/>\n<meta property=\"og:title\" content=\"Sostenibilidad - Green Patio\" \/>\n<meta property=\"og:description\" content=\"Explora los servicios de alquiler de ESPACIOS SOSTENIBLES para eventos de Green Patio. Espacios \u00fanicos para eventos corporativos en Madrid.\" \/>\n<meta property=\"og:url\" content=\"https:\/\/greenpatio.es\/fr\/sostenibilidad\/\" \/>\n<meta property=\"og:site_name\" content=\"Green Patio\" \/>\n<meta property=\"article:modified_time\" content=\"2024-12-10T11:48:47+00:00\" \/>\n<meta property=\"og:image\" content=\"https:\/\/web.greenpatio.es\/wp-content\/uploads\/2024\/11\/Capa-1-1.png\" \/>\n<meta name=\"twitter:card\" content=\"summary_large_image\" \/>\n<meta name=\"twitter:label1\" content=\"Dur\u00e9e de lecture estim\u00e9e\" \/>\n\t<meta name=\"twitter:data1\" content=\"3 minutes\" \/>\n<script type=\"application\/ld+json\" class=\"yoast-schema-graph\">{\"@context\":\"https:\/\/schema.org\",\"@graph\":[{\"@type\":\"NewsArticle\",\"@id\":\"https:\/\/greenpatio.es\/sostenibilidad\/#article\",\"isPartOf\":{\"@id\":\"https:\/\/greenpatio.es\/sostenibilidad\/\"},\"author\":{\"name\":\"admin\",\"@id\":\"https:\/\/greenpatio.es\/#\/schema\/person\/85538d898e3b9d8195d05f58aa605b8d\"},\"headline\":\"Sostenibilidad\",\"datePublished\":\"2024-11-12T15:58:50+00:00\",\"dateModified\":\"2024-12-10T11:48:47+00:00\",\"mainEntityOfPage\":{\"@id\":\"https:\/\/greenpatio.es\/sostenibilidad\/\"},\"wordCount\":393,\"publisher\":{\"@id\":\"https:\/\/greenpatio.es\/#organization\"},\"image\":{\"@id\":\"https:\/\/greenpatio.es\/sostenibilidad\/#primaryimage\"},\"thumbnailUrl\":\"https:\/\/web.greenpatio.es\/wp-content\/uploads\/2024\/11\/Capa-1-1.png\",\"inLanguage\":\"fr-FR\"},{\"@type\":\"WebPage\",\"@id\":\"https:\/\/greenpatio.es\/sostenibilidad\/\",\"url\":\"https:\/\/greenpatio.es\/sostenibilidad\/\",\"name\":\"Sostenibilidad - Green Patio\",\"isPartOf\":{\"@id\":\"https:\/\/greenpatio.es\/#website\"},\"primaryImageOfPage\":{\"@id\":\"https:\/\/greenpatio.es\/sostenibilidad\/#primaryimage\"},\"image\":{\"@id\":\"https:\/\/greenpatio.es\/sostenibilidad\/#primaryimage\"},\"thumbnailUrl\":\"https:\/\/web.greenpatio.es\/wp-content\/uploads\/2024\/11\/Capa-1-1.png\",\"datePublished\":\"2024-11-12T15:58:50+00:00\",\"dateModified\":\"2024-12-10T11:48:47+00:00\",\"description\":\"Explora los servicios de alquiler de ESPACIOS SOSTENIBLES para eventos de Green Patio. Espacios \u00fanicos para eventos corporativos en Madrid.\",\"breadcrumb\":{\"@id\":\"https:\/\/greenpatio.es\/sostenibilidad\/#breadcrumb\"},\"inLanguage\":\"fr-FR\",\"potentialAction\":[{\"@type\":\"ReadAction\",\"target\":[\"https:\/\/greenpatio.es\/sostenibilidad\/\"]}]},{\"@type\":\"ImageObject\",\"inLanguage\":\"fr-FR\",\"@id\":\"https:\/\/greenpatio.es\/sostenibilidad\/#primaryimage\",\"url\":\"https:\/\/web.greenpatio.es\/wp-content\/uploads\/2024\/11\/Capa-1-1.png\",\"contentUrl\":\"https:\/\/web.greenpatio.es\/wp-content\/uploads\/2024\/11\/Capa-1-1.png\"},{\"@type\":\"BreadcrumbList\",\"@id\":\"https:\/\/greenpatio.es\/sostenibilidad\/#breadcrumb\",\"itemListElement\":[{\"@type\":\"ListItem\",\"position\":1,\"name\":\"Inicio\",\"item\":\"https:\/\/greenpatio.es\/\"},{\"@type\":\"ListItem\",\"position\":2,\"name\":\"Sostenibilidad\"}]},{\"@type\":\"WebSite\",\"@id\":\"https:\/\/greenpatio.es\/#website\",\"url\":\"https:\/\/greenpatio.es\/\",\"name\":\"Green Patio\",\"description\":\"Espacios para eventos en Madrid\",\"publisher\":{\"@id\":\"https:\/\/greenpatio.es\/#organization\"},\"alternateName\":\"Green Patio - Espacios para eventos en Madrid\",\"potentialAction\":[{\"@type\":\"SearchAction\",\"target\":{\"@type\":\"EntryPoint\",\"urlTemplate\":\"https:\/\/greenpatio.es\/?s={search_term_string}\"},\"query-input\":{\"@type\":\"PropertyValueSpecification\",\"valueRequired\":true,\"valueName\":\"search_term_string\"}}],\"inLanguage\":\"fr-FR\"},{\"@type\":\"Organization\",\"@id\":\"https:\/\/greenpatio.es\/#organization\",\"name\":\"Green Patio\",\"alternateName\":\"Green Patio Espacio para eventos en Madrid\",\"url\":\"https:\/\/greenpatio.es\/\",\"logo\":{\"@type\":\"ImageObject\",\"inLanguage\":\"fr-FR\",\"@id\":\"https:\/\/greenpatio.es\/#\/schema\/logo\/image\/\",\"url\":\"https:\/\/greenpatio.es\/wp-content\/uploads\/2024\/12\/logo-reducido-green-patio.png\",\"contentUrl\":\"https:\/\/greenpatio.es\/wp-content\/uploads\/2024\/12\/logo-reducido-green-patio.png\",\"width\":1465,\"height\":1465,\"caption\":\"Green Patio\"},\"image\":{\"@id\":\"https:\/\/greenpatio.es\/#\/schema\/logo\/image\/\"},\"sameAs\":[\"https:\/\/www.instagram.com\/greenpatioevents\/\"]},{\"@type\":\"Person\",\"@id\":\"https:\/\/greenpatio.es\/#\/schema\/person\/85538d898e3b9d8195d05f58aa605b8d\",\"name\":\"admin\",\"image\":{\"@type\":\"ImageObject\",\"inLanguage\":\"fr-FR\",\"@id\":\"https:\/\/greenpatio.es\/#\/schema\/person\/image\/\",\"url\":\"https:\/\/secure.gravatar.com\/avatar\/dc343822ff32eded78127b9bc70d7a8bc38956142c75c7731c634a64f56fcafe?s=96&d=mm&r=g\",\"contentUrl\":\"https:\/\/secure.gravatar.com\/avatar\/dc343822ff32eded78127b9bc70d7a8bc38956142c75c7731c634a64f56fcafe?s=96&d=mm&r=g\",\"caption\":\"admin\"},\"sameAs\":[\"https:\/\/greenpatio.es\"]}]}<\/script>\n<!-- \/ Yoast SEO plugin. -->","yoast_head_json":{"title":"Sostenibilidad - Green Patio","description":"Explora los servicios de alquiler de ESPACIOS SOSTENIBLES para eventos de Green Patio. Espacios \u00fanicos para eventos corporativos en Madrid.","robots":{"index":"index","follow":"follow","max-snippet":"max-snippet:-1","max-image-preview":"max-image-preview:large","max-video-preview":"max-video-preview:-1"},"canonical":"https:\/\/greenpatio.es\/fr\/sostenibilidad\/","og_locale":"fr_FR","og_type":"article","og_title":"Sostenibilidad - Green Patio","og_description":"Explora los servicios de alquiler de ESPACIOS SOSTENIBLES para eventos de Green Patio. Espacios \u00fanicos para eventos corporativos en Madrid.","og_url":"https:\/\/greenpatio.es\/fr\/sostenibilidad\/","og_site_name":"Green Patio","article_modified_time":"2024-12-10T11:48:47+00:00","og_image":[{"url":"https:\/\/web.greenpatio.es\/wp-content\/uploads\/2024\/11\/Capa-1-1.png","type":"","width":"","height":""}],"twitter_card":"summary_large_image","twitter_misc":{"Dur\u00e9e de lecture estim\u00e9e":"3 minutes"},"schema":{"@context":"https:\/\/schema.org","@graph":[{"@type":"NewsArticle","@id":"https:\/\/greenpatio.es\/sostenibilidad\/#article","isPartOf":{"@id":"https:\/\/greenpatio.es\/sostenibilidad\/"},"author":{"name":"admin","@id":"https:\/\/greenpatio.es\/#\/schema\/person\/85538d898e3b9d8195d05f58aa605b8d"},"headline":"Sostenibilidad","datePublished":"2024-11-12T15:58:50+00:00","dateModified":"2024-12-10T11:48:47+00:00","mainEntityOfPage":{"@id":"https:\/\/greenpatio.es\/sostenibilidad\/"},"wordCount":393,"publisher":{"@id":"https:\/\/greenpatio.es\/#organization"},"image":{"@id":"https:\/\/greenpatio.es\/sostenibilidad\/#primaryimage"},"thumbnailUrl":"https:\/\/web.greenpatio.es\/wp-content\/uploads\/2024\/11\/Capa-1-1.png","inLanguage":"fr-FR"},{"@type":"WebPage","@id":"https:\/\/greenpatio.es\/sostenibilidad\/","url":"https:\/\/greenpatio.es\/sostenibilidad\/","name":"Sostenibilidad - Green Patio","isPartOf":{"@id":"https:\/\/greenpatio.es\/#website"},"primaryImageOfPage":{"@id":"https:\/\/greenpatio.es\/sostenibilidad\/#primaryimage"},"image":{"@id":"https:\/\/greenpatio.es\/sostenibilidad\/#primaryimage"},"thumbnailUrl":"https:\/\/web.greenpatio.es\/wp-content\/uploads\/2024\/11\/Capa-1-1.png","datePublished":"2024-11-12T15:58:50+00:00","dateModified":"2024-12-10T11:48:47+00:00","description":"Explora los servicios de alquiler de ESPACIOS SOSTENIBLES para eventos de Green Patio. Espacios \u00fanicos para eventos corporativos en Madrid.","breadcrumb":{"@id":"https:\/\/greenpatio.es\/sostenibilidad\/#breadcrumb"},"inLanguage":"fr-FR","potentialAction":[{"@type":"ReadAction","target":["https:\/\/greenpatio.es\/sostenibilidad\/"]}]},{"@type":"ImageObject","inLanguage":"fr-FR","@id":"https:\/\/greenpatio.es\/sostenibilidad\/#primaryimage","url":"https:\/\/web.greenpatio.es\/wp-content\/uploads\/2024\/11\/Capa-1-1.png","contentUrl":"https:\/\/web.greenpatio.es\/wp-content\/uploads\/2024\/11\/Capa-1-1.png"},{"@type":"BreadcrumbList","@id":"https:\/\/greenpatio.es\/sostenibilidad\/#breadcrumb","itemListElement":[{"@type":"ListItem","position":1,"name":"Inicio","item":"https:\/\/greenpatio.es\/"},{"@type":"ListItem","position":2,"name":"Sostenibilidad"}]},{"@type":"WebSite","@id":"https:\/\/greenpatio.es\/#website","url":"https:\/\/greenpatio.es\/","name":"Green Patio","description":"Espacios para eventos en Madrid","publisher":{"@id":"https:\/\/greenpatio.es\/#organization"},"alternateName":"Green Patio - Espacios para eventos en Madrid","potentialAction":[{"@type":"SearchAction","target":{"@type":"EntryPoint","urlTemplate":"https:\/\/greenpatio.es\/?s={search_term_string}"},"query-input":{"@type":"PropertyValueSpecification","valueRequired":true,"valueName":"search_term_string"}}],"inLanguage":"fr-FR"},{"@type":"Organization","@id":"https:\/\/greenpatio.es\/#organization","name":"Green Patio","alternateName":"Green Patio Espacio para eventos en Madrid","url":"https:\/\/greenpatio.es\/","logo":{"@type":"ImageObject","inLanguage":"fr-FR","@id":"https:\/\/greenpatio.es\/#\/schema\/logo\/image\/","url":"https:\/\/greenpatio.es\/wp-content\/uploads\/2024\/12\/logo-reducido-green-patio.png","contentUrl":"https:\/\/greenpatio.es\/wp-content\/uploads\/2024\/12\/logo-reducido-green-patio.png","width":1465,"height":1465,"caption":"Green Patio"},"image":{"@id":"https:\/\/greenpatio.es\/#\/schema\/logo\/image\/"},"sameAs":["https:\/\/www.instagram.com\/greenpatioevents\/"]},{"@type":"Person","@id":"https:\/\/greenpatio.es\/#\/schema\/person\/85538d898e3b9d8195d05f58aa605b8d","name":"admin","image":{"@type":"ImageObject","inLanguage":"fr-FR","@id":"https:\/\/greenpatio.es\/#\/schema\/person\/image\/","url":"https:\/\/secure.gravatar.com\/avatar\/dc343822ff32eded78127b9bc70d7a8bc38956142c75c7731c634a64f56fcafe?s=96&d=mm&r=g","contentUrl":"https:\/\/secure.gravatar.com\/avatar\/dc343822ff32eded78127b9bc70d7a8bc38956142c75c7731c634a64f56fcafe?s=96&d=mm&r=g","caption":"admin"},"sameAs":["https:\/\/greenpatio.es"]}]}},"_links":{"self":[{"href":"https:\/\/greenpatio.es\/fr\/wp-json\/wp\/v2\/pages\/147221","targetHints":{"allow":["GET"]}}],"collection":[{"href":"https:\/\/greenpatio.es\/fr\/wp-json\/wp\/v2\/pages"}],"about":[{"href":"https:\/\/greenpatio.es\/fr\/wp-json\/wp\/v2\/types\/page"}],"author":[{"embeddable":true,"href":"https:\/\/greenpatio.es\/fr\/wp-json\/wp\/v2\/users\/1"}],"replies":[{"embeddable":true,"href":"https:\/\/greenpatio.es\/fr\/wp-json\/wp\/v2\/comments?post=147221"}],"version-history":[{"count":220,"href":"https:\/\/greenpatio.es\/fr\/wp-json\/wp\/v2\/pages\/147221\/revisions"}],"predecessor-version":[{"id":149317,"href":"https:\/\/greenpatio.es\/fr\/wp-json\/wp\/v2\/pages\/147221\/revisions\/149317"}],"wp:attachment":[{"href":"https:\/\/greenpatio.es\/fr\/wp-json\/wp\/v2\/media?parent=147221"}],"curies":[{"name":"wp","href":"https:\/\/api.w.org\/{rel}","templated":true}]}}