{"id":147566,"date":"2024-11-13T11:09:27","date_gmt":"2024-11-13T11:09:27","guid":{"rendered":"https:\/\/web.greenpatio.es\/?page_id=147566"},"modified":"2024-12-10T11:56:10","modified_gmt":"2024-12-10T11:56:10","slug":"filosofia","status":"publish","type":"page","link":"https:\/\/greenpatio.es\/fr\/filosofia\/","title":{"rendered":"Philosophie"},"content":{"rendered":"<div data-elementor-type=\"wp-page\" data-elementor-id=\"147566\" class=\"elementor elementor-147566\" data-elementor-post-type=\"page\">\n\t\t\t\t<div style=\"background-image: url(https:\/\/greenpatio.es\/wp-content\/uploads\/2020\/04\/aboutus-title-img.jpg);\" class=\"parallax_section_holder elementor-element elementor-element-864868b e-con-full parallax_section_holder e-flex qode_elementor_container_no e-con e-parent\" data-speed=\"0\" data-id=\"864868b\" data-element_type=\"container\" data-settings=\"{&quot;background_background&quot;:&quot;classic&quot;,&quot;qode_parallax_image&quot;:{&quot;url&quot;:&quot;https:\\\/\\\/greenpatio.es\\\/wp-content\\\/uploads\\\/2020\\\/04\\\/aboutus-title-img.jpg&quot;,&quot;id&quot;:1639,&quot;size&quot;:&quot;&quot;,&quot;alt&quot;:&quot;a&quot;,&quot;source&quot;:&quot;library&quot;}}\">\n\t\t\t\t<div class=\"elementor-element elementor-element-53f7377 elementor-widget elementor-widget-qi_addons_for_elementor_section_title\" data-id=\"53f7377\" data-element_type=\"widget\" data-widget_type=\"qi_addons_for_elementor_section_title.default\">\n\t\t\t\t<div class=\"elementor-widget-container\">\n\t\t\t\t\t<div class=\"qodef-shortcode qodef-m  qodef-qi-section-title  qodef-decoration--italic  qodef-link--underline-draw qodef-subtitle-icon--left\">\n\t\t\t\t\t\t<h1 class=\"qodef-m-title\">\n\t\tPhilosophie<br><h6 style=\"color:white\">PAGE D'ACCUEIL \/ PHILOSOPHIE<\/6>\t<\/h1>\n\t\t\t<\/div>\n\t\t\t\t<\/div>\n\t\t\t\t<\/div>\n\t\t\t\t<\/div>\n\t\t<div class=\"elementor-element elementor-element-d57676d e-flex e-con-boxed parallax_section_no qode_elementor_container_no e-con e-parent\" data-id=\"d57676d\" data-element_type=\"container\">\n\t\t\t\t\t<div class=\"e-con-inner\">\n\t\t\t\t<div class=\"elementor-element elementor-element-ec8c430 elementor-invisible elementor-widget elementor-widget-heading\" data-id=\"ec8c430\" data-element_type=\"widget\" data-settings=\"{&quot;_animation&quot;:&quot;fadeIn&quot;}\" data-widget_type=\"heading.default\">\n\t\t\t\t<div class=\"elementor-widget-container\">\n\t\t\t\t\t<span class=\"elementor-heading-title elementor-size-default\">ORIGINE DU TERME<\/span>\t\t\t\t<\/div>\n\t\t\t\t<\/div>\n\t\t\t\t<div class=\"elementor-element elementor-element-2279355 animated-slow elementor-invisible elementor-widget elementor-widget-heading\" data-id=\"2279355\" data-element_type=\"widget\" data-settings=\"{&quot;_animation&quot;:&quot;fadeIn&quot;}\" data-widget_type=\"heading.default\">\n\t\t\t\t<div class=\"elementor-widget-container\">\n\t\t\t\t\t<h1 class=\"elementor-heading-title elementor-size-default\"><u style=\"color:#808336 !important\">GREEN<\/u> <u>PATIO<\/u><\/h1>\t\t\t\t<\/div>\n\t\t\t\t<\/div>\n\t\t\t\t\t<\/div>\n\t\t\t\t<\/div>\n\t\t<div class=\"elementor-element elementor-element-fbc65d3 e-flex e-con-boxed parallax_section_no qode_elementor_container_no e-con e-parent\" data-id=\"fbc65d3\" data-element_type=\"container\">\n\t\t\t\t\t<div class=\"e-con-inner\">\n\t\t<div class=\"elementor-element elementor-element-a30ecd6 e-con-full e-flex parallax_section_no qode_elementor_container_no e-con e-child\" data-id=\"a30ecd6\" data-element_type=\"container\">\n\t\t\t\t<div class=\"elementor-element elementor-element-fc64d7f animated-slow elementor-invisible elementor-widget elementor-widget-text-editor\" data-id=\"fc64d7f\" data-element_type=\"widget\" data-settings=\"{&quot;_animation&quot;:&quot;fadeIn&quot;}\" data-widget_type=\"text-editor.default\">\n\t\t\t\t<div class=\"elementor-widget-container\">\n\t\t\t\t\t\t\t\t\t<h4 style=\"color: #808336; line-height: 1.5;\">Le mot <b>\u00abGREEN\u00bb<\/b> repr\u00e9sente notre engagement en faveur de la durabilit\u00e9 et du respect de l'environnement. Ces facteurs sont des piliers fondamentaux de notre philosophie et ont influenc\u00e9 l'architecture et l'essence de nos espaces.<\/h4>\t\t\t\t\t\t\t\t<\/div>\n\t\t\t\t<\/div>\n\t\t\t\t<\/div>\n\t\t<div class=\"elementor-element elementor-element-e8f7396 e-con-full e-flex parallax_section_no qode_elementor_container_no e-con e-child\" data-id=\"e8f7396\" data-element_type=\"container\">\n\t\t\t\t<div class=\"elementor-element elementor-element-a477ac5 animated-slow elementor-invisible elementor-widget elementor-widget-text-editor\" data-id=\"a477ac5\" data-element_type=\"widget\" data-settings=\"{&quot;_animation&quot;:&quot;fadeIn&quot;}\" data-widget_type=\"text-editor.default\">\n\t\t\t\t<div class=\"elementor-widget-container\">\n\t\t\t\t\t\t\t\t\t<h4 style=\"line-height: 1.5;\">Le mot <b>\u00abPATIO\u00bb<\/b> s'inspire de la tradition andalouse, o\u00f9 les patios sont le c\u0153ur de la maison et l'endroit o\u00f9 se d\u00e9roulent les moments et les souvenirs les plus importants.<\/h4>\t\t\t\t\t\t\t\t<\/div>\n\t\t\t\t<\/div>\n\t\t\t\t<\/div>\n\t\t\t\t\t<\/div>\n\t\t\t\t<\/div>\n\t\t<div class=\"elementor-element elementor-element-833d6f8 e-flex e-con-boxed parallax_section_no qode_elementor_container_no e-con e-parent\" data-id=\"833d6f8\" data-element_type=\"container\">\n\t\t\t\t\t<div class=\"e-con-inner\">\n\t\t<div class=\"elementor-element elementor-element-3e8d9d5 e-con-full e-flex parallax_section_no qode_elementor_container_no e-con e-child\" data-id=\"3e8d9d5\" data-element_type=\"container\">\n\t\t\t\t<div class=\"elementor-element elementor-element-4ede19e animated-slow elementor-invisible elementor-widget elementor-widget-text-editor\" data-id=\"4ede19e\" data-element_type=\"widget\" data-settings=\"{&quot;_animation&quot;:&quot;fadeIn&quot;}\" data-widget_type=\"text-editor.default\">\n\t\t\t\t<div class=\"elementor-widget-container\">\n\t\t\t\t\t\t\t\t\t<h4 class=\"qodef-m-title\" style=\"text-align: center; height: 1.5px;\">Le nom \"GREEN PATIO\" refl\u00e8te l'essence de la marque, fusionnant notre engagement \u00e9cologique avec la chaleur et la tradition des patios andalous, des espaces o\u00f9 l'on partage des moments uniques.<\/h4>\t\t\t\t\t\t\t\t<\/div>\n\t\t\t\t<\/div>\n\t\t\t\t<\/div>\n\t\t\t\t\t<\/div>\n\t\t\t\t<\/div>\n\t\t<div style=\"background-image: url(https:\/\/greenpatio.es\/wp-content\/uploads\/2020\/04\/ourservices-parallax-img.jpg);\" class=\"parallax_section_holder elementor-element elementor-element-7948ef3 e-con-full parallax_section_holder e-flex qode_elementor_container_no e-con e-parent\" data-speed=\"0\" data-id=\"7948ef3\" data-element_type=\"container\" data-settings=\"{&quot;qode_parallax_image&quot;:{&quot;url&quot;:&quot;https:\\\/\\\/greenpatio.es\\\/wp-content\\\/uploads\\\/2020\\\/04\\\/ourservices-parallax-img.jpg&quot;,&quot;id&quot;:2149,&quot;size&quot;:&quot;&quot;,&quot;alt&quot;:&quot;a&quot;,&quot;source&quot;:&quot;library&quot;},&quot;background_background&quot;:&quot;slideshow&quot;,&quot;background_slideshow_gallery&quot;:[{&quot;id&quot;:148757,&quot;url&quot;:&quot;https:\\\/\\\/greenpatio.es\\\/wp-content\\\/uploads\\\/2024\\\/11\\\/Proyecto-nuevo-1.jpg&quot;}],&quot;background_slideshow_loop&quot;:&quot;yes&quot;,&quot;background_slideshow_slide_duration&quot;:5000,&quot;background_slideshow_slide_transition&quot;:&quot;fade&quot;,&quot;background_slideshow_transition_duration&quot;:500}\">\n\t\t\t\t<\/div>\n\t\t<div class=\"elementor-element elementor-element-2a44225 e-grid e-con-boxed parallax_section_no qode_elementor_container_no e-con e-parent\" data-id=\"2a44225\" data-element_type=\"container\">\n\t\t\t\t\t<div class=\"e-con-inner\">\n\t\t\t\t<div class=\"elementor-element elementor-element-0a5d853 elementor-widget elementor-widget-text-editor\" data-id=\"0a5d853\" data-element_type=\"widget\" data-widget_type=\"text-editor.default\">\n\t\t\t\t<div class=\"elementor-widget-container\">\n\t\t\t\t\t\t\t\t\t<p>Au <strong>Green Patio <\/strong>nous proposons des espaces uniques et polyvalents pour les \u00e9v\u00e9nements d'entreprise. Nos espaces sont soigneusement con\u00e7us pour r\u00e9pondre \u00e0 vos besoins et devenir le cadre id\u00e9al pour des \u00e9v\u00e9nements uniques et m\u00e9morables.<\/p><p>Choisir <strong>Green Patio<\/strong> pour votre \u00e9v\u00e9nement est synonyme de choix de l'excellence et de responsabilit\u00e9 environnementale. Nous nous effor\u00e7ons d'offrir \u00e0 nos clients une exp\u00e9rience unique, alliant exclusivit\u00e9 et souci du d\u00e9tail.<\/p>\t\t\t\t\t\t\t\t<\/div>\n\t\t\t\t<\/div>\n\t\t\t\t<div class=\"elementor-element elementor-element-54f3a98 elementor-widget elementor-widget-text-editor\" data-id=\"54f3a98\" data-element_type=\"widget\" data-widget_type=\"text-editor.default\">\n\t\t\t\t<div class=\"elementor-widget-container\">\n\t\t\t\t\t\t\t\t\t<p><strong>Cr\u00e9er de nouvelles normes de service \u00e0 la client\u00e8le.<\/strong><\/p><p>Le service \u00e0 la client\u00e8le est notre priorit\u00e9. D\u00e8s le premier contact, nos clients b\u00e9n\u00e9ficient d'un traitement personnalis\u00e9 et de proximit\u00e9. Nous nous effor\u00e7ons de comprendre leurs besoins sp\u00e9cifiques et de leur proposer des solutions flexibles qui r\u00e9pondent parfaitement \u00e0 leurs attentes.<\/p><p>\u00a0<\/p><p>Notre \u00e9quipe est toujours disponible pour r\u00e9pondre aux questions et apporter son soutien \u00e0 chaque \u00e9tape du processus, de la planification initiale \u00e0 l'ach\u00e8vement de l'\u00e9v\u00e9nement.<\/p>\t\t\t\t\t\t\t\t<\/div>\n\t\t\t\t<\/div>\n\t\t\t\t<div class=\"elementor-element elementor-element-7edbc09 elementor-widget elementor-widget-text-editor\" data-id=\"7edbc09\" data-element_type=\"widget\" data-widget_type=\"text-editor.default\">\n\t\t\t\t<div class=\"elementor-widget-container\">\n\t\t\t\t\t\t\t\t\t<p>L'exp\u00e9rience de Green Patio dans la gestion de grands \u00e9v\u00e9nements d'entreprise t\u00e9moigne de son professionnalisme et de son souci du d\u00e9tail. Nous prenons en charge tous les aspects logistiques, y compris l'am\u00e9nagement de l'espace, la coordination de l'\u00e9quipement audiovisuel, la restauration, le mobilier, la d\u00e9coration si n\u00e9cessaire et tous les autres besoins sp\u00e9cifiques de l'\u00e9v\u00e9nement.<\/p><p>\u00a0<\/p><p>Nous veillons \u00e0 ce que tout se passe bien, permettant ainsi \u00e0 nos clients de se concentrer sur ce qui compte le plus : <strong>la r\u00e9ussite de votre \u00e9v\u00e9nement.<\/strong><\/p>\t\t\t\t\t\t\t\t<\/div>\n\t\t\t\t<\/div>\n\t\t\t\t\t<\/div>\n\t\t\t\t<\/div>\n\t\t\t\t<\/div>","protected":false},"excerpt":{"rendered":"<p>Philosophie HOME \/ PHILOSOPHIE ORIGINE...<\/p>","protected":false},"author":1,"featured_media":147848,"parent":0,"menu_order":0,"comment_status":"closed","ping_status":"closed","template":"full_width.php","meta":{"_monsterinsights_skip_tracking":false,"_monsterinsights_sitenote_active":false,"_monsterinsights_sitenote_note":"","_monsterinsights_sitenote_category":0,"footnotes":""},"class_list":["post-147566","page","type-page","status-publish","has-post-thumbnail","hentry"],"yoast_head":"<!-- This site is optimized with the Yoast SEO plugin v24.0 - https:\/\/yoast.com\/wordpress\/plugins\/seo\/ -->\n<title>Filosof\u00eda - Green Patio - Espacios \u00fanicos<\/title>\n<meta name=\"description\" content=\"En Green Patio ofrecemos espacios \u00fanicos y vers\u00e1tiles para eventos corporativos. Espacios \u00fanicos dise\u00f1ados para adaptarse a sus necesidades.\" \/>\n<meta name=\"robots\" content=\"index, follow, max-snippet:-1, max-image-preview:large, max-video-preview:-1\" \/>\n<link rel=\"canonical\" href=\"https:\/\/greenpatio.es\/fr\/filosofia\/\" \/>\n<meta property=\"og:locale\" content=\"fr_FR\" \/>\n<meta property=\"og:type\" content=\"article\" \/>\n<meta property=\"og:title\" content=\"Filosof\u00eda - Green Patio - Espacios \u00fanicos\" \/>\n<meta property=\"og:description\" content=\"En Green Patio ofrecemos espacios \u00fanicos y vers\u00e1tiles para eventos corporativos. Espacios \u00fanicos dise\u00f1ados para adaptarse a sus necesidades.\" \/>\n<meta property=\"og:url\" content=\"https:\/\/greenpatio.es\/fr\/filosofia\/\" \/>\n<meta property=\"og:site_name\" content=\"Green Patio\" \/>\n<meta property=\"article:modified_time\" content=\"2024-12-10T11:56:10+00:00\" \/>\n<meta property=\"og:image\" content=\"https:\/\/greenpatio.es\/wp-content\/uploads\/2024\/11\/GP.jpg\" \/>\n\t<meta property=\"og:image:width\" content=\"1920\" \/>\n\t<meta property=\"og:image:height\" content=\"1000\" \/>\n\t<meta property=\"og:image:type\" content=\"image\/jpeg\" \/>\n<meta name=\"twitter:card\" content=\"summary_large_image\" \/>\n<meta name=\"twitter:label1\" content=\"Dur\u00e9e de lecture estim\u00e9e\" \/>\n\t<meta name=\"twitter:data1\" content=\"2 minutes\" \/>\n<script type=\"application\/ld+json\" class=\"yoast-schema-graph\">{\"@context\":\"https:\/\/schema.org\",\"@graph\":[{\"@type\":\"NewsArticle\",\"@id\":\"https:\/\/greenpatio.es\/filosofia\/#article\",\"isPartOf\":{\"@id\":\"https:\/\/greenpatio.es\/filosofia\/\"},\"author\":{\"name\":\"admin\",\"@id\":\"https:\/\/greenpatio.es\/#\/schema\/person\/85538d898e3b9d8195d05f58aa605b8d\"},\"headline\":\"Filosof\u00eda\",\"datePublished\":\"2024-11-13T11:09:27+00:00\",\"dateModified\":\"2024-12-10T11:56:10+00:00\",\"mainEntityOfPage\":{\"@id\":\"https:\/\/greenpatio.es\/filosofia\/\"},\"wordCount\":344,\"publisher\":{\"@id\":\"https:\/\/greenpatio.es\/#organization\"},\"image\":{\"@id\":\"https:\/\/greenpatio.es\/filosofia\/#primaryimage\"},\"thumbnailUrl\":\"https:\/\/greenpatio.es\/wp-content\/uploads\/2024\/11\/GP.jpg\",\"inLanguage\":\"fr-FR\"},{\"@type\":\"WebPage\",\"@id\":\"https:\/\/greenpatio.es\/filosofia\/\",\"url\":\"https:\/\/greenpatio.es\/filosofia\/\",\"name\":\"Filosof\u00eda - Green Patio - Espacios \u00fanicos\",\"isPartOf\":{\"@id\":\"https:\/\/greenpatio.es\/#website\"},\"primaryImageOfPage\":{\"@id\":\"https:\/\/greenpatio.es\/filosofia\/#primaryimage\"},\"image\":{\"@id\":\"https:\/\/greenpatio.es\/filosofia\/#primaryimage\"},\"thumbnailUrl\":\"https:\/\/greenpatio.es\/wp-content\/uploads\/2024\/11\/GP.jpg\",\"datePublished\":\"2024-11-13T11:09:27+00:00\",\"dateModified\":\"2024-12-10T11:56:10+00:00\",\"description\":\"En Green Patio ofrecemos espacios \u00fanicos y vers\u00e1tiles para eventos corporativos. Espacios \u00fanicos dise\u00f1ados para adaptarse a sus necesidades.\",\"breadcrumb\":{\"@id\":\"https:\/\/greenpatio.es\/filosofia\/#breadcrumb\"},\"inLanguage\":\"fr-FR\",\"potentialAction\":[{\"@type\":\"ReadAction\",\"target\":[\"https:\/\/greenpatio.es\/filosofia\/\"]}]},{\"@type\":\"ImageObject\",\"inLanguage\":\"fr-FR\",\"@id\":\"https:\/\/greenpatio.es\/filosofia\/#primaryimage\",\"url\":\"https:\/\/greenpatio.es\/wp-content\/uploads\/2024\/11\/GP.jpg\",\"contentUrl\":\"https:\/\/greenpatio.es\/wp-content\/uploads\/2024\/11\/GP.jpg\",\"width\":1920,\"height\":1000},{\"@type\":\"BreadcrumbList\",\"@id\":\"https:\/\/greenpatio.es\/filosofia\/#breadcrumb\",\"itemListElement\":[{\"@type\":\"ListItem\",\"position\":1,\"name\":\"Inicio\",\"item\":\"https:\/\/greenpatio.es\/\"},{\"@type\":\"ListItem\",\"position\":2,\"name\":\"Filosof\u00eda\"}]},{\"@type\":\"WebSite\",\"@id\":\"https:\/\/greenpatio.es\/#website\",\"url\":\"https:\/\/greenpatio.es\/\",\"name\":\"Green Patio\",\"description\":\"Espacios para eventos en Madrid\",\"publisher\":{\"@id\":\"https:\/\/greenpatio.es\/#organization\"},\"alternateName\":\"Green Patio - Espacios para eventos en Madrid\",\"potentialAction\":[{\"@type\":\"SearchAction\",\"target\":{\"@type\":\"EntryPoint\",\"urlTemplate\":\"https:\/\/greenpatio.es\/?s={search_term_string}\"},\"query-input\":{\"@type\":\"PropertyValueSpecification\",\"valueRequired\":true,\"valueName\":\"search_term_string\"}}],\"inLanguage\":\"fr-FR\"},{\"@type\":\"Organization\",\"@id\":\"https:\/\/greenpatio.es\/#organization\",\"name\":\"Green Patio\",\"alternateName\":\"Green Patio Espacio para eventos en Madrid\",\"url\":\"https:\/\/greenpatio.es\/\",\"logo\":{\"@type\":\"ImageObject\",\"inLanguage\":\"fr-FR\",\"@id\":\"https:\/\/greenpatio.es\/#\/schema\/logo\/image\/\",\"url\":\"https:\/\/greenpatio.es\/wp-content\/uploads\/2024\/12\/logo-reducido-green-patio.png\",\"contentUrl\":\"https:\/\/greenpatio.es\/wp-content\/uploads\/2024\/12\/logo-reducido-green-patio.png\",\"width\":1465,\"height\":1465,\"caption\":\"Green Patio\"},\"image\":{\"@id\":\"https:\/\/greenpatio.es\/#\/schema\/logo\/image\/\"},\"sameAs\":[\"https:\/\/www.instagram.com\/greenpatioevents\/\"]},{\"@type\":\"Person\",\"@id\":\"https:\/\/greenpatio.es\/#\/schema\/person\/85538d898e3b9d8195d05f58aa605b8d\",\"name\":\"admin\",\"image\":{\"@type\":\"ImageObject\",\"inLanguage\":\"fr-FR\",\"@id\":\"https:\/\/greenpatio.es\/#\/schema\/person\/image\/\",\"url\":\"https:\/\/secure.gravatar.com\/avatar\/dc343822ff32eded78127b9bc70d7a8bc38956142c75c7731c634a64f56fcafe?s=96&d=mm&r=g\",\"contentUrl\":\"https:\/\/secure.gravatar.com\/avatar\/dc343822ff32eded78127b9bc70d7a8bc38956142c75c7731c634a64f56fcafe?s=96&d=mm&r=g\",\"caption\":\"admin\"},\"sameAs\":[\"https:\/\/greenpatio.es\"]}]}<\/script>\n<!-- \/ Yoast SEO plugin. -->","yoast_head_json":{"title":"Filosof\u00eda - Green Patio - Espacios \u00fanicos","description":"En Green Patio ofrecemos espacios \u00fanicos y vers\u00e1tiles para eventos corporativos. Espacios \u00fanicos dise\u00f1ados para adaptarse a sus necesidades.","robots":{"index":"index","follow":"follow","max-snippet":"max-snippet:-1","max-image-preview":"max-image-preview:large","max-video-preview":"max-video-preview:-1"},"canonical":"https:\/\/greenpatio.es\/fr\/filosofia\/","og_locale":"fr_FR","og_type":"article","og_title":"Filosof\u00eda - Green Patio - Espacios \u00fanicos","og_description":"En Green Patio ofrecemos espacios \u00fanicos y vers\u00e1tiles para eventos corporativos. Espacios \u00fanicos dise\u00f1ados para adaptarse a sus necesidades.","og_url":"https:\/\/greenpatio.es\/fr\/filosofia\/","og_site_name":"Green Patio","article_modified_time":"2024-12-10T11:56:10+00:00","og_image":[{"width":1920,"height":1000,"url":"https:\/\/greenpatio.es\/wp-content\/uploads\/2024\/11\/GP.jpg","type":"image\/jpeg"}],"twitter_card":"summary_large_image","twitter_misc":{"Dur\u00e9e de lecture estim\u00e9e":"2 minutes"},"schema":{"@context":"https:\/\/schema.org","@graph":[{"@type":"NewsArticle","@id":"https:\/\/greenpatio.es\/filosofia\/#article","isPartOf":{"@id":"https:\/\/greenpatio.es\/filosofia\/"},"author":{"name":"admin","@id":"https:\/\/greenpatio.es\/#\/schema\/person\/85538d898e3b9d8195d05f58aa605b8d"},"headline":"Filosof\u00eda","datePublished":"2024-11-13T11:09:27+00:00","dateModified":"2024-12-10T11:56:10+00:00","mainEntityOfPage":{"@id":"https:\/\/greenpatio.es\/filosofia\/"},"wordCount":344,"publisher":{"@id":"https:\/\/greenpatio.es\/#organization"},"image":{"@id":"https:\/\/greenpatio.es\/filosofia\/#primaryimage"},"thumbnailUrl":"https:\/\/greenpatio.es\/wp-content\/uploads\/2024\/11\/GP.jpg","inLanguage":"fr-FR"},{"@type":"WebPage","@id":"https:\/\/greenpatio.es\/filosofia\/","url":"https:\/\/greenpatio.es\/filosofia\/","name":"Filosof\u00eda - Green Patio - Espacios \u00fanicos","isPartOf":{"@id":"https:\/\/greenpatio.es\/#website"},"primaryImageOfPage":{"@id":"https:\/\/greenpatio.es\/filosofia\/#primaryimage"},"image":{"@id":"https:\/\/greenpatio.es\/filosofia\/#primaryimage"},"thumbnailUrl":"https:\/\/greenpatio.es\/wp-content\/uploads\/2024\/11\/GP.jpg","datePublished":"2024-11-13T11:09:27+00:00","dateModified":"2024-12-10T11:56:10+00:00","description":"En Green Patio ofrecemos espacios \u00fanicos y vers\u00e1tiles para eventos corporativos. Espacios \u00fanicos dise\u00f1ados para adaptarse a sus necesidades.","breadcrumb":{"@id":"https:\/\/greenpatio.es\/filosofia\/#breadcrumb"},"inLanguage":"fr-FR","potentialAction":[{"@type":"ReadAction","target":["https:\/\/greenpatio.es\/filosofia\/"]}]},{"@type":"ImageObject","inLanguage":"fr-FR","@id":"https:\/\/greenpatio.es\/filosofia\/#primaryimage","url":"https:\/\/greenpatio.es\/wp-content\/uploads\/2024\/11\/GP.jpg","contentUrl":"https:\/\/greenpatio.es\/wp-content\/uploads\/2024\/11\/GP.jpg","width":1920,"height":1000},{"@type":"BreadcrumbList","@id":"https:\/\/greenpatio.es\/filosofia\/#breadcrumb","itemListElement":[{"@type":"ListItem","position":1,"name":"Inicio","item":"https:\/\/greenpatio.es\/"},{"@type":"ListItem","position":2,"name":"Filosof\u00eda"}]},{"@type":"WebSite","@id":"https:\/\/greenpatio.es\/#website","url":"https:\/\/greenpatio.es\/","name":"Green Patio","description":"Espacios para eventos en Madrid","publisher":{"@id":"https:\/\/greenpatio.es\/#organization"},"alternateName":"Green Patio - Espacios para eventos en Madrid","potentialAction":[{"@type":"SearchAction","target":{"@type":"EntryPoint","urlTemplate":"https:\/\/greenpatio.es\/?s={search_term_string}"},"query-input":{"@type":"PropertyValueSpecification","valueRequired":true,"valueName":"search_term_string"}}],"inLanguage":"fr-FR"},{"@type":"Organization","@id":"https:\/\/greenpatio.es\/#organization","name":"Green Patio","alternateName":"Green Patio Espacio para eventos en Madrid","url":"https:\/\/greenpatio.es\/","logo":{"@type":"ImageObject","inLanguage":"fr-FR","@id":"https:\/\/greenpatio.es\/#\/schema\/logo\/image\/","url":"https:\/\/greenpatio.es\/wp-content\/uploads\/2024\/12\/logo-reducido-green-patio.png","contentUrl":"https:\/\/greenpatio.es\/wp-content\/uploads\/2024\/12\/logo-reducido-green-patio.png","width":1465,"height":1465,"caption":"Green Patio"},"image":{"@id":"https:\/\/greenpatio.es\/#\/schema\/logo\/image\/"},"sameAs":["https:\/\/www.instagram.com\/greenpatioevents\/"]},{"@type":"Person","@id":"https:\/\/greenpatio.es\/#\/schema\/person\/85538d898e3b9d8195d05f58aa605b8d","name":"admin","image":{"@type":"ImageObject","inLanguage":"fr-FR","@id":"https:\/\/greenpatio.es\/#\/schema\/person\/image\/","url":"https:\/\/secure.gravatar.com\/avatar\/dc343822ff32eded78127b9bc70d7a8bc38956142c75c7731c634a64f56fcafe?s=96&d=mm&r=g","contentUrl":"https:\/\/secure.gravatar.com\/avatar\/dc343822ff32eded78127b9bc70d7a8bc38956142c75c7731c634a64f56fcafe?s=96&d=mm&r=g","caption":"admin"},"sameAs":["https:\/\/greenpatio.es"]}]}},"_links":{"self":[{"href":"https:\/\/greenpatio.es\/fr\/wp-json\/wp\/v2\/pages\/147566","targetHints":{"allow":["GET"]}}],"collection":[{"href":"https:\/\/greenpatio.es\/fr\/wp-json\/wp\/v2\/pages"}],"about":[{"href":"https:\/\/greenpatio.es\/fr\/wp-json\/wp\/v2\/types\/page"}],"author":[{"embeddable":true,"href":"https:\/\/greenpatio.es\/fr\/wp-json\/wp\/v2\/users\/1"}],"replies":[{"embeddable":true,"href":"https:\/\/greenpatio.es\/fr\/wp-json\/wp\/v2\/comments?post=147566"}],"version-history":[{"count":274,"href":"https:\/\/greenpatio.es\/fr\/wp-json\/wp\/v2\/pages\/147566\/revisions"}],"predecessor-version":[{"id":149590,"href":"https:\/\/greenpatio.es\/fr\/wp-json\/wp\/v2\/pages\/147566\/revisions\/149590"}],"wp:featuredmedia":[{"embeddable":true,"href":"https:\/\/greenpatio.es\/fr\/wp-json\/wp\/v2\/media\/147848"}],"wp:attachment":[{"href":"https:\/\/greenpatio.es\/fr\/wp-json\/wp\/v2\/media?parent=147566"}],"curies":[{"name":"wp","href":"https:\/\/api.w.org\/{rel}","templated":true}]}}