{"id":152378,"date":"2025-07-24T13:22:55","date_gmt":"2025-07-24T13:22:55","guid":{"rendered":"https:\/\/greenpatio.es\/?page_id=152378"},"modified":"2025-07-24T13:42:59","modified_gmt":"2025-07-24T13:42:59","slug":"politica-privacidad","status":"publish","type":"page","link":"https:\/\/greenpatio.es\/fr\/politica-privacidad\/","title":{"rendered":"Politique de confidentialit\u00e9"},"content":{"rendered":"<div data-elementor-type=\"wp-page\" data-elementor-id=\"152378\" class=\"elementor elementor-152378\" data-elementor-post-type=\"page\">\n\t\t\t\t<div class=\"elementor-element elementor-element-3eb93f5 e-con-full e-flex parallax_section_no qode_elementor_container_no e-con e-parent\" data-id=\"3eb93f5\" data-element_type=\"container\">\n\t\t\t\t<\/div>\n\t\t<div class=\"elementor-element elementor-element-f0a3855 e-con-full e-flex parallax_section_no qode_elementor_container_no e-con e-parent\" data-id=\"f0a3855\" data-element_type=\"container\" data-settings=\"{&quot;background_background&quot;:&quot;classic&quot;}\">\n\t\t<div class=\"elementor-element elementor-element-a9d443f e-con-full e-flex parallax_section_no qode_elementor_container_no e-con e-child\" data-id=\"a9d443f\" data-element_type=\"container\" data-settings=\"{&quot;background_background&quot;:&quot;classic&quot;}\">\n\t\t\t\t<div class=\"elementor-element elementor-element-84f3e1b elementor-widget elementor-widget-heading\" data-id=\"84f3e1b\" data-element_type=\"widget\" data-widget_type=\"heading.default\">\n\t\t\t\t<div class=\"elementor-widget-container\">\n\t\t\t\t\t<h1 class=\"elementor-heading-title elementor-size-default\"><b>Politique de confidentialit\u00e9<\/b>\n<\/h1>\t\t\t\t<\/div>\n\t\t\t\t<\/div>\n\t\t\t\t<\/div>\n\t\t\t\t<\/div>\n\t\t<div class=\"elementor-element elementor-element-403dc23 e-con-full e-flex parallax_section_no qode_elementor_container_no e-con e-parent\" data-id=\"403dc23\" data-element_type=\"container\">\n\t\t\t\t<div class=\"elementor-element elementor-element-2e248fc elementor-widget elementor-widget-text-editor\" data-id=\"2e248fc\" data-element_type=\"widget\" data-widget_type=\"text-editor.default\">\n\t\t\t\t<div class=\"elementor-widget-container\">\n\t\t\t\t\t\t\t\t\t<!DOCTYPE html>\n<html lang=\"es\">\n<head>\n  <meta charset=\"UTF-8\">\n  <title>Pol\u00edtica de Privacidad &#8211; GREEN PATIO<\/title>\n<\/head>\n<body>\n\n<h1>POLITIQUE DE CONFIDENTIALIT\u00c9<\/h1>\n\n<p>Dans cette politique de confidentialit\u00e9, vous trouverez toutes les informations pertinentes sur le traitement des donn\u00e9es effectu\u00e9 sous la propri\u00e9t\u00e9 et la responsabilit\u00e9 de <strong>Green Patio S.L.<\/strong> (ci-apr\u00e8s \"<strong>GREEN PATIO<\/strong>\"), pour l'ensemble des personnes int\u00e9ress\u00e9es par nos services.<\/p>\n\n<p>Veuillez prendre quelques minutes pour lire notre politique de confidentialit\u00e9, ce ne sera pas long. Nous souhaitons vous expliquer de mani\u00e8re simple, claire et transparente comment nous traitons et prot\u00e9geons vos informations personnelles et vos droits. Votre s\u00e9curit\u00e9 et la s\u00e9curit\u00e9 de vos donn\u00e9es personnelles sont d'une importance capitale pour GREEN PATIO et nous prenons tr\u00e8s au s\u00e9rieux leur protection ad\u00e9quate.<\/p>\n\n<h2>\u00c0 QUI S'ADRESSE ET S'APPLIQUE CETTE POLITIQUE ?<\/h2>\n\n<p>La pr\u00e9sente politique de protection de la vie priv\u00e9e s'applique \u00e0 tous les utilisateurs du site web, qu'ils soient ou non clients de GREEN PATIO (ci-apr\u00e8s, indistinctement, \" l'utilisateur \" ou \" les utilisateurs \") qui sont consid\u00e9r\u00e9s comme des personnes physiques. Par donn\u00e9es \u00e0 caract\u00e8re personnel, nous entendons toute information concernant une personne physique identifi\u00e9e ou identifiable.<\/p>\n\n<p>Ce site Web est destin\u00e9 aux utilisateurs de plus de 18 ans, et son utilisation est interdite aux moins de 18 ans pour l'enregistrement et la souscription des services qui peuvent y \u00eatre offerts.<\/p>\n\n<p>Ce site web se r\u00e9serve le droit de v\u00e9rifier l'\u00e2ge des personnes qui fournissent des donn\u00e9es personnelles. Toute donn\u00e9e concernant une personne \u00e2g\u00e9e de moins de 18 ans sera supprim\u00e9e.<\/p>\n\n<p>L'Utilisateur reconna\u00eet de mani\u00e8re responsable qu'il dispose de la capacit\u00e9 juridique suffisante pour pouvoir souscrire, le cas \u00e9ch\u00e9ant, aux services d'enregistrement ou de paiement propos\u00e9s par le Site.<\/p>\n\n<p>Les mineurs de moins de 18 ans doivent obtenir l'autorisation pr\u00e9alable de leurs parents, tuteurs ou repr\u00e9sentants l\u00e9gaux, qui seront tenus responsables des actes accomplis par les mineurs dont ils ont la charge, conform\u00e9ment \u00e0 la r\u00e9glementation en vigueur.<\/p>\n\n<p>Nous vous serions reconnaissants de nous aider \u00e0 mettre \u00e0 jour vos donn\u00e9es personnelles en nous informant de toute modification de vos coordonn\u00e9es ou de vos pr\u00e9f\u00e9rences.<\/p>\n\n<h2>Informations sur le traitement<\/h2>\n\n<p>Conform\u00e9ment aux dispositions du r\u00e8glement g\u00e9n\u00e9ral sur la protection des donn\u00e9es (ci-apr\u00e8s RGPD) de l'UE du 27 avril 2016, l'utilisateur doit recevoir en temps utile des informations sp\u00e9cifiques de la part du responsable du traitement ainsi que les utilisations et les finalit\u00e9s du traitement.<\/p>\n\n<p>\u00c0 cette fin, les informations suivantes sont fournies :<\/p>\n\n<h3>SI VOUS NAVIGUEZ OU UTILISEZ NOTRE SITE WEB, QUI EST RESPONSABLE DU TRAITEMENT DE VOS DONN\u00c9ES ?<\/h3>\n\n<ul>\n  <li><strong>Identit\u00e9 :<\/strong> Green Patio S.L.<\/li>\n  <li><strong>FNI :<\/strong> B88404678<\/li>\n  <li><strong>Adresse :<\/strong> c\/ Salamanca n\u00ba 23, 28.020 - Madrid<\/li>\n  <li><strong>D\u00e9l\u00e9gu\u00e9 \u00e0 la protection des donn\u00e9es :<\/strong> <a href=\"mailto:administracion@greenpatio.es\">administracion@greenpatio.es<\/a><\/li>\n<\/ul>\n<h2>QUEL TYPE DE DONN\u00c9ES TRAITONS-NOUS ?<\/h2>\n\n<p>Le traitement de vos donn\u00e9es est n\u00e9cessaire pour vous permettre d'acc\u00e9der aux contenus et\/ou aux fonctionnalit\u00e9s du site web ou, si vous le souhaitez, pour pouvoir vous envoyer des informations ou vous fournir les services disponibles sur le site web. \u00c0 cet \u00e9gard, nous nous engageons fermement \u00e0 traiter vos donn\u00e9es personnelles de mani\u00e8re l\u00e9gitime et coh\u00e9rente, conform\u00e9ment aux principes et aux obligations l\u00e9gales pr\u00e9vus par la r\u00e9glementation en vigueur en mati\u00e8re de protection des donn\u00e9es personnelles.<\/p>\n\n<p>Lorsque vous naviguez sur le site web et, en particulier, lorsque vous interagissez, vous nous fournissez directement des donn\u00e9es, par exemple lorsque vous remplissez un formulaire ou une demande mis \u00e0 disposition en ligne, conform\u00e9ment aux finalit\u00e9s de traitement indiqu\u00e9es dans chaque cas.<\/p>\n\n<p>Tous les champs marqu\u00e9s d'un ast\u00e9risque (*) dans les formulaires mis \u00e0 votre disposition doivent \u00eatre remplis. \u00c0 d\u00e9faut, nous pourrions \u00eatre dans l'impossibilit\u00e9 de vous r\u00e9pondre et de vous fournir les informations ou les services demand\u00e9s.<\/p>\n\n<p>Par cons\u00e9quent, vous devez fournir des informations v\u00e9ridiques et l'utilisation de pseudonymes ou d'autres moyens de dissimuler votre identit\u00e9 est interdite, sauf lorsque nous demandons express\u00e9ment la cr\u00e9ation d'un surnom ou d'un pseudonyme en tant que nom d'utilisateur.<\/p>\n\n<p>Dans le cas o\u00f9 il est n\u00e9cessaire de cr\u00e9er un mot de passe d'acc\u00e8s priv\u00e9, nous vous conseillons de le conserver pr\u00e9cieusement \u00e0 tout moment. Vous \u00eates seul responsable de l'utilisation de votre compte personnel, qu'elle soit autoris\u00e9e ou non, et vous vous engagez \u00e0 cet \u00e9gard \u00e0 faire un usage diligent de ces informations, \u00e0 ne pas les rendre accessibles \u00e0 des tiers et \u00e0 en signaler la perte ou le vol.<\/p>\n\n<p>Afin que les informations fournies soient toujours \u00e0 jour et ne contiennent pas d'erreurs, vous devez informer GREEN PATIO, dans les plus brefs d\u00e9lais, de toute modification et correction de vos donn\u00e9es personnelles au fur et \u00e0 mesure qu'elles surviennent, comme indiqu\u00e9 au point 9 - Droits.<\/p>\n\n<p>En bref, nous traitons les donn\u00e9es \u00e0 caract\u00e8re personnel que vous nous avez fournies en relation avec nos services pour lesquels vous avez manifest\u00e9 de l'int\u00e9r\u00eat.<\/p>\n\n<p>Nous vous demanderons toujours des donn\u00e9es ad\u00e9quates, pertinentes et limit\u00e9es \u00e0 ce qui est n\u00e9cessaire aux fins du traitement (principe de minimisation des donn\u00e9es \u00e0 caract\u00e8re personnel) :<\/p>\n\n<ul>\n  <li><strong>Donn\u00e9es d'identification :<\/strong> pr\u00e9nom, nom.<\/li>\n  <li><strong>Coordonn\u00e9es de la personne \u00e0 contacter :<\/strong> num\u00e9ro de t\u00e9l\u00e9phone, adresse \u00e9lectronique.<\/li>\n  <li><strong>Commercial et pr\u00e9f\u00e9rences :<\/strong> les informations que vous fournissez sur vos pr\u00e9f\u00e9rences, par exemple le type de produit ou de service qui vous int\u00e9resse.<\/li>\n  <li><strong>Donn\u00e9es relatives \u00e0 l'historique des clients :<\/strong> les communications avec GREEN PATIO par tout canal (t\u00e9l\u00e9phone, email, messagerie instantan\u00e9e, r\u00e9seaux sociaux, enqu\u00eates de satisfaction, etc.)<\/li>\n  <li><strong>Donn\u00e9es de navigation :<\/strong> collect\u00e9es par le biais de cookies. Vous pouvez configurer l'utilisation des cookies dans la Politique en mati\u00e8re de cookies.<\/li>\n  <li><strong>Donn\u00e9es de connexion :<\/strong> IP de l'appareil, fournie par le navigateur que vous utilisez pour vous connecter. Nous n'utilisons pas l'IP pour vous identifier ou associer la navigation \u00e0 votre personne.<\/li>\n<\/ul>\n<h2>SUR QUELLE BASE POUVONS-NOUS L\u00c9GITIMEMENT TRAITER VOS DONN\u00c9ES ?<\/h2>\n\n<table border=\"1\" cellpadding=\"8\" cellspacing=\"0\">\n  <thead>\n    <tr>\n      <th><strong>Objectifs du traitement<\/strong><\/th>\n      <th><strong>Base l\u00e9gitime du traitement<\/strong><\/th>\n    <\/tr>\n  <\/thead>\n  <tbody>\n    <tr>\n      <td>vous permettre de naviguer sur le site web et d'acc\u00e9der \u00e0 son contenu<\/td>\n      <td>\n        Consentement (art. 6.1.a RGPD) <br>\n        Int\u00e9r\u00eat l\u00e9gitime (art. 6.1.f RGPD)\n      <\/td>\n    <\/tr>\n    <tr>\n      <td>Fournir des informations sur les caract\u00e9ristiques des services demand\u00e9s<\/td>\n      <td>\n        Mesures pr\u00e9contractuelles (art. 6.1.b RGPD) <br>\n        Consentement (art. 6.1.a RGPD)\n      <\/td>\n    <\/tr>\n    <tr>\n      <td>Envoi de communications relatives \u00e0 des services contractuels ou int\u00e9ress\u00e9s<\/td>\n      <td>\n        Article 21.2 LSSI-EC <br>\n        Int\u00e9r\u00eat l\u00e9gitime (art. 6.1.f RGPD)\n      <\/td>\n    <\/tr>\n    <tr>\n      <td>Envoyez des promotions, des offres, des \u00e9v\u00e9nements, des tirages au sort, des campagnes, etc.<\/td>\n      <td>Consentement (art. 6.1.a RGPD)<\/td>\n    <\/tr>\n    <tr>\n      <td>Gestion de concours et de loteries (y compris l'utilisation de l'image)<\/td>\n      <td>Consentement (art. 6.1.a RGPD)<\/td>\n    <\/tr>\n    <tr>\n      <td>Service \u00e0 la client\u00e8le et traitement des r\u00e9clamations<\/td>\n      <td>\n        Mesures pr\u00e9contractuelles ou contractuelles (art. 6.1.b RGPD) <br>\n        Consentement (art. 6.1.a RGPD) <br>\n        Obligations l\u00e9gales (art. 6.1.c GDPR)\n      <\/td>\n    <\/tr>\n    <tr>\n      <td>Enqu\u00eates de qualit\u00e9 et de satisfaction<\/td>\n      <td>Int\u00e9r\u00eat l\u00e9gitime (art. 6.1.f RGPD)<\/td>\n    <\/tr>\n    <tr>\n      <td>Utilisation de cookies analytiques ou statistiques<\/td>\n      <td>Consentement (art. 6.1.a RGPD)<\/td>\n    <\/tr>\n    <tr>\n      <td>Mesures de protection techniques et organisationnelles<\/td>\n      <td>\n        Obligation l\u00e9gale (art. 6.1.c RGPD) <br>\n        Int\u00e9r\u00eat l\u00e9gitime (art. 6.1.f RGPD) <br>\n        Consid\u00e9rant 49 du GDPR\n      <\/td>\n    <\/tr>\n    <tr>\n      <td>D\u00e9tection de la fraude, pr\u00e9vention de la criminalit\u00e9, conformit\u00e9<\/td>\n      <td>\n        Obligation l\u00e9gale (art. 6.1.c RGPD) <br>\n        Int\u00e9r\u00eat l\u00e9gitime (art. 6.1.f RGPD)\n      <\/td>\n    <\/tr>\n  <\/tbody>\n<\/table>\n\n<h3>R\u00e9vocation du consentement<\/h3>\n<p>Lorsque la base l\u00e9gitime du traitement de vos donn\u00e9es personnelles est votre consentement, nous vous rappelons que vous avez le droit de r\u00e9voquer votre consentement \u00e0 tout moment, simplement et gratuitement, en nous \u00e9crivant \u00e0 l'adresse suivante <a href=\"mailto:administracion@greenpatio.es\">administracion@greenpatio.es<\/a>.<\/p>\n\n<h3>* Int\u00e9r\u00eat l\u00e9gitime : qu'est-ce que cela signifie dans notre cas ?<\/h3>\n<p>GREEN PATIO peut traiter vos donn\u00e9es personnelles sur la base de son int\u00e9r\u00eat l\u00e9gitime pour :<\/p>\n<ul>\n  <li>vous envoyer des communications sur des services similaires faisant l'objet d'un contrat ou pr\u00e9sentant un int\u00e9r\u00eat pr\u00e9alable.<\/li>\n  <li>Envoyer des communications non \u00e9lectroniques \u00e0 des entreprises ou \u00e0 des ind\u00e9pendants.<\/li>\n  <li>R\u00e9aliser des enqu\u00eates pour contr\u00f4ler la qualit\u00e9 des services fournis.<\/li>\n  <li>Vous contacter en cas d'urgence pour votre s\u00e9curit\u00e9.<\/li>\n<\/ul>\n<h2>COMBIEN DE TEMPS CONSERVONS-NOUS VOS DONN\u00c9ES ?<\/h2>\n\n<table border=\"1\" cellpadding=\"8\" cellspacing=\"0\">\n  <thead>\n    <tr>\n      <th><strong>Donn\u00e9es personnelles associ\u00e9es aux objectifs de traitement d\u00e9clar\u00e9s<\/strong><\/th>\n      <th><strong>P\u00e9riodes ou crit\u00e8res de conservation<\/strong><\/th>\n    <\/tr>\n  <\/thead>\n  <tbody>\n    <tr>\n      <td>Navigation sur le site web<\/td>\n      <td>Pour le temps essentiel et n\u00e9cessaire pour vous permettre de naviguer correctement. Pour les cookies analytiques, comme indiqu\u00e9 dans la politique relative aux cookies.<\/td>\n    <\/tr>\n    <tr>\n      <td>Informations sur les services demand\u00e9s<\/td>\n      <td>Pendant deux ans \u00e0 compter de la derni\u00e8re autorisation, ou jusqu'\u00e0 ce que vous r\u00e9voquiez votre consentement ou que vous vous opposiez au traitement.<\/td>\n    <\/tr>\n    <tr>\n      <td>Communications similaires aux services contractuels<\/td>\n      <td>Jusqu'\u00e0 ce que vous r\u00e9voquiez votre consentement ou que vous vous y opposiez, et pendant une dur\u00e9e maximale de deux ans \u00e0 compter du dernier contact.<\/td>\n    <\/tr>\n    <tr>\n      <td>Publicit\u00e9, promotions, tirages au sort et campagnes<\/td>\n      <td>Idem : jusqu'\u00e0 l'opposition ou au maximum 2 ans apr\u00e8s le dernier contact.<\/td>\n    <\/tr>\n    <tr>\n      <td>Service \u00e0 la client\u00e8le<\/td>\n      <td>Pendant le temps strictement n\u00e9cessaire \u00e0 la gestion et \u00e0 la r\u00e9solution de la requ\u00eate.<\/td>\n    <\/tr>\n    <tr>\n      <td>Enqu\u00eates d'opinion et de qualit\u00e9<\/td>\n      <td>Tant qu'il existe une relation pr\u00e9contractuelle ou contractuelle.<\/td>\n    <\/tr>\n    <tr>\n      <td>Cookies analytiques<\/td>\n      <td>Comme indiqu\u00e9 dans la politique en mati\u00e8re de cookies.<\/td>\n    <\/tr>\n    <tr>\n      <td>Mesures de s\u00e9curit\u00e9 techniques et organisationnelles<\/td>\n      <td>Pendant le traitement et le stockage licites des donn\u00e9es. Par la suite, elles peuvent \u00eatre rendues anonymes.<\/td>\n    <\/tr>\n    <tr>\n      <td>Conformit\u00e9 r\u00e9glementaire, fraude, criminalit\u00e9<\/td>\n      <td>\n        - 10 ans (loi sur le blanchiment de capitaux) <br>\n        - 6 ans (dettes fiscales) <br>\n        - 3 ans (plaintes des consommateurs) <br>\n        - 4 \u00e0 10 ans (documentation comptable\/fiscale)\n      <\/td>\n    <\/tr>\n  <\/tbody>\n<\/table>\n\n<h3>Remarques importantes<\/h3>\n<ul>\n  <li>Les donn\u00e9es seront conserv\u00e9es aussi longtemps que n\u00e9cessaire pour atteindre leur objectif, \u00e0 moins qu'une p\u00e9riode plus longue ne soit l\u00e9galement requise.<\/li>\n  <li>En raison des r\u00e8gles de protection des donn\u00e9es, nous pouvons conserver vos informations en toute s\u00e9curit\u00e9 jusqu'\u00e0 3 ans apr\u00e8s leur collecte, m\u00eame si elles ne sont plus utilis\u00e9es.<\/li>\n  <li>Une fois que le traitement a cess\u00e9 d'\u00eatre n\u00e9cessaire, les donn\u00e9es peuvent \u00eatre utilis\u00e9es :\n    <ul>\n      <li>A bloquer pour \u00eatre mis \u00e0 la disposition des autorit\u00e9s.<\/li>\n      <li>\u00eatre supprim\u00e9es ou anonymis\u00e9es en toute s\u00e9curit\u00e9.<\/li>\n    <\/ul>\n  <\/li>\n<\/ul>\n<h2>QUE SE PASSE-T-IL SI VOUS NE NOUS COMMUNIQUEZ PAS VOS COORDONN\u00c9ES ?<\/h2>\n\n<p>Nous vous informons que les donn\u00e9es que nous vous demandons sont le minimum n\u00e9cessaire pour atteindre la finalit\u00e9 du traitement, de sorte que si vous ne les fournissez pas, nous ne serons pas en mesure de l'effectuer.<\/p>\n\n<ul>\n  <li>Si vous ne fournissez pas vos coordonn\u00e9es, nous ne serons pas en mesure de r\u00e9pondre \u00e0 votre demande ou de vous envoyer des informations commerciales.<\/li>\n  <li>Si vous n'acceptez pas les cookies techniques, vous ne pourrez pas naviguer correctement sur le site web.<\/li>\n<\/ul>\n\n<h2>PARTAGEONS-NOUS VOS DONN\u00c9ES PERSONNELLES AVEC DES TIERS ?<\/h2>\n\n<p>Nous ne vendons ni ne louons vos donn\u00e9es personnelles. Nous ne les partagerons que dans les cas suivants :<\/p>\n\n<ul>\n  <li>Avec des fournisseurs de technologie ou des collaborateurs qui fournissent des services \u00e0 GREEN PATIO, toujours dans le cadre d'un contrat de confidentialit\u00e9 et d'une cession de traitement conform\u00e9ment \u00e0 l'article 28 du RGPD.<\/li>\n  <li>avec des entit\u00e9s charg\u00e9es de la d\u00e9tection des fraudes ou de la pr\u00e9vention des d\u00e9lits, dans le respect de la l\u00e9gislation.<\/li>\n  <li>avec les autorit\u00e9s publiques, les cours et les tribunaux, si nous y sommes contraints par la loi.<\/li>\n<\/ul>\n\n<p>Tous les sous-traitants travaillent selon nos instructions et conform\u00e9ment \u00e0 des crit\u00e8res stricts de s\u00e9curit\u00e9, de confidentialit\u00e9 et de protection des donn\u00e9es.<\/p>\n\n<h2>EFFECTUONS-NOUS DES TRANSFERTS INTERNATIONAUX ?<\/h2>\n\n<p>Nous n'effectuons pas de transferts internationaux de vos donn\u00e9es personnelles.<\/p>\n\n<p>Si un fournisseur se trouve en dehors de l'Espace \u00e9conomique europ\u00e9en (EEE), nous nous assurerons qu'il existe une d\u00e9cision d'ad\u00e9quation, des clauses types approuv\u00e9es par la Commission europ\u00e9enne ou des r\u00e8gles d'entreprise contraignantes (BCR).<\/p>\n\n<h2>QUELS SONT VOS DROITS ?<\/h2>\n\n<p>Vous pouvez exercer les droits suivants conform\u00e9ment aux articles 15 \u00e0 22 du RGPD :<\/p>\n\n<ul>\n  <li><strong>Acc\u00e8s :<\/strong> conna\u00eetre les donn\u00e9es que nous traitons \u00e0 votre sujet.<\/li>\n  <li><strong>Correction :<\/strong> demander la correction de donn\u00e9es inexactes.<\/li>\n  <li><strong>Suppression :<\/strong> nous demander de supprimer vos donn\u00e9es lorsqu'elles ne sont plus n\u00e9cessaires.<\/li>\n  <li><strong>Limitation :<\/strong> restreindre le traitement dans certaines conditions.<\/li>\n  <li><strong>Portabilit\u00e9 :<\/strong> recevoir vos donn\u00e9es dans un format structur\u00e9 ou nous demander de les transmettre \u00e0 un autre responsable du traitement.<\/li>\n  <li><strong>Opposition :<\/strong> s'opposer au traitement fond\u00e9 sur l'int\u00e9r\u00eat l\u00e9gitime ou \u00e0 des fins de marketing.<\/li>\n  <li><strong>Ne pas faire l'objet de d\u00e9cisions automatis\u00e9es :<\/strong> y compris le profilage.<\/li>\n  <li><strong>Retirer le consentement :<\/strong> \u00e0 tout moment sans affecter la lic\u00e9it\u00e9 du traitement pr\u00e9c\u00e9dent.<\/li>\n<\/ul>\n\n<p>Vous pouvez exercer ces droits gratuitement en envoyant une demande accompagn\u00e9e d'une copie de votre carte d'identit\u00e9 \u00e0 l'adresse suivante<\/p>\n<ul>\n  <li><strong>Courriel :<\/strong> <a href=\"mailto:administracion@greenpatio.es\">administracion@greenpatio.es<\/a><\/li>\n  <li><strong>Adresse postale :<\/strong> c\/ Salamanca n\u00ba 23, 28020 - Madrid<\/li>\n<\/ul>\n\n<p>Vous pouvez \u00e9galement d\u00e9poser une plainte aupr\u00e8s de l'Agence espagnole de protection des donn\u00e9es (<a href=\"https:\/\/www.aepd.es\" target=\"_blank\">www.aepd.es<\/a>) si vous estimez que nous n'avons pas correctement trait\u00e9 vos droits.<\/p>\n<h2>QUELLES MESURES DE S\u00c9CURIT\u00c9 APPLIQUONS-NOUS \u00c0 VOS DONN\u00c9ES ?<\/h2>\n\n<p>GREEN PATIO a adopt\u00e9 toutes les mesures techniques et organisationnelles n\u00e9cessaires pour garantir la s\u00e9curit\u00e9 et l'int\u00e9grit\u00e9 des donn\u00e9es personnelles qu'elle traite, ainsi que pour \u00e9viter leur perte, leur alt\u00e9ration et\/ou leur acc\u00e8s par des tiers non autoris\u00e9s.<\/p>\n\n<p>Parmi d'autres mesures :<\/p>\n<ul>\n  <li>Protection physique des installations et des serveurs.<\/li>\n  <li>L'acc\u00e8s est r\u00e9serv\u00e9 au personnel autoris\u00e9.<\/li>\n  <li>Cryptage et anonymisation des donn\u00e9es dans la mesure du possible.<\/li>\n  <li>Protection contre les logiciels malveillants, pare-feu et sauvegardes.<\/li>\n  <li>Mots de passe personnels et non transf\u00e9rables.<\/li>\n  <li>Clauses contractuelles avec les sous-traitants.<\/li>\n  <li>Formation sp\u00e9cifique au respect de la vie priv\u00e9e pour le personnel.<\/li>\n<\/ul>\n\n<h2>VALIDIT\u00c9 ET MODIFICATION DE LA POLITIQUE DE CONFIDENTIALIT\u00c9<\/h2>\n\n<p>GREEN PATIO se r\u00e9serve le droit de modifier cette politique pour l'adapter \u00e0 de nouvelles l\u00e9gislations ou jurisprudences, ainsi qu'\u00e0 des crit\u00e8res ou pratiques sectoriels.<\/p>\n\n<p>Dans ce cas, elle sera annonc\u00e9e sur le site web bien \u00e0 l'avance. Une r\u00e9vision p\u00e9riodique est recommand\u00e9e.<\/p>\n\n<p>La pr\u00e9sente politique de confidentialit\u00e9 est en vigueur depuis le 24 juin 2025.<\/p>\n\n<h2>JURIDICTION ET DROIT APPLICABLE<\/h2>\n\n<p>En cas de litige ou de controverse, les parties se soumettent, en renon\u00e7ant express\u00e9ment \u00e0 toute autre juridiction, aux tribunaux de <strong>Cours et tribunaux de la ville de Vigo<\/strong>sans pr\u00e9judice des droits que le consommateur pourrait avoir de porter l'affaire devant sa juridiction locale conform\u00e9ment au r\u00e8glement (UE) n\u00b0 1215\/2012.<\/p>\n\n<p>En tout \u00e9tat de cause, GREEN PATIO s'engage \u00e0 tenter de r\u00e9soudre tout litige \u00e0 l'amiable avant de recourir \u00e0 une action en justice.<\/p>\n\n<\/body>\n<\/html>\n\n\t\t\t\t\t\t\t\t<\/div>\n\t\t\t\t<\/div>\n\t\t\t\t<\/div>\n\t\t\t\t<\/div>","protected":false},"excerpt":{"rendered":"<p>Pol\u00edtica de Privacidad Pol\u00edtica de&#8230;<\/p>","protected":false},"author":1,"featured_media":0,"parent":0,"menu_order":0,"comment_status":"closed","ping_status":"closed","template":"full_width.php","meta":{"_monsterinsights_skip_tracking":false,"_monsterinsights_sitenote_active":false,"_monsterinsights_sitenote_note":"","_monsterinsights_sitenote_category":0,"footnotes":""},"class_list":["post-152378","page","type-page","status-publish","hentry"],"yoast_head":"<!-- This site is optimized with the Yoast SEO plugin v24.0 - https:\/\/yoast.com\/wordpress\/plugins\/seo\/ -->\n<title>Contacta con Green Patio - Tel\u00e9fono - Green Patio<\/title>\n<meta name=\"description\" content=\"Tel\u00e9fono: 669 01 88 34 - Contacta para m\u00e1s informaci\u00f3n sobre alquiler de espacios para eventos en Madrid. Solicita tu presupuesto.\" \/>\n<meta name=\"robots\" content=\"index, follow, max-snippet:-1, max-image-preview:large, max-video-preview:-1\" \/>\n<link rel=\"canonical\" href=\"https:\/\/greenpatio.es\/fr\/politica-privacidad\/\" \/>\n<meta property=\"og:locale\" content=\"fr_FR\" \/>\n<meta property=\"og:type\" content=\"article\" \/>\n<meta property=\"og:title\" content=\"Contacta con Green Patio - Tel\u00e9fono - Green Patio\" \/>\n<meta property=\"og:description\" content=\"Tel\u00e9fono: 669 01 88 34 - Contacta para m\u00e1s informaci\u00f3n sobre alquiler de espacios para eventos en Madrid. Solicita tu presupuesto.\" \/>\n<meta property=\"og:url\" content=\"https:\/\/greenpatio.es\/fr\/politica-privacidad\/\" \/>\n<meta property=\"og:site_name\" content=\"Green Patio\" \/>\n<meta property=\"article:modified_time\" content=\"2025-07-24T13:42:59+00:00\" \/>\n<meta name=\"twitter:card\" content=\"summary_large_image\" \/>\n<meta name=\"twitter:label1\" content=\"Dur\u00e9e de lecture estim\u00e9e\" \/>\n\t<meta name=\"twitter:data1\" content=\"10 minutes\" \/>\n<script type=\"application\/ld+json\" class=\"yoast-schema-graph\">{\"@context\":\"https:\/\/schema.org\",\"@graph\":[{\"@type\":\"NewsArticle\",\"@id\":\"https:\/\/greenpatio.es\/politica-privacidad\/#article\",\"isPartOf\":{\"@id\":\"https:\/\/greenpatio.es\/politica-privacidad\/\"},\"author\":{\"name\":\"admin\",\"@id\":\"https:\/\/greenpatio.es\/#\/schema\/person\/85538d898e3b9d8195d05f58aa605b8d\"},\"headline\":\"Pol\u00edtica de Privacidad\",\"datePublished\":\"2025-07-24T13:22:55+00:00\",\"dateModified\":\"2025-07-24T13:42:59+00:00\",\"mainEntityOfPage\":{\"@id\":\"https:\/\/greenpatio.es\/politica-privacidad\/\"},\"wordCount\":2189,\"publisher\":{\"@id\":\"https:\/\/greenpatio.es\/#organization\"},\"inLanguage\":\"fr-FR\"},{\"@type\":\"WebPage\",\"@id\":\"https:\/\/greenpatio.es\/politica-privacidad\/\",\"url\":\"https:\/\/greenpatio.es\/politica-privacidad\/\",\"name\":\"Contacta con Green Patio - Tel\u00e9fono - Green Patio\",\"isPartOf\":{\"@id\":\"https:\/\/greenpatio.es\/#website\"},\"datePublished\":\"2025-07-24T13:22:55+00:00\",\"dateModified\":\"2025-07-24T13:42:59+00:00\",\"description\":\"Tel\u00e9fono: 669 01 88 34 - Contacta para m\u00e1s informaci\u00f3n sobre alquiler de espacios para eventos en Madrid. Solicita tu presupuesto.\",\"breadcrumb\":{\"@id\":\"https:\/\/greenpatio.es\/politica-privacidad\/#breadcrumb\"},\"inLanguage\":\"fr-FR\",\"potentialAction\":[{\"@type\":\"ReadAction\",\"target\":[\"https:\/\/greenpatio.es\/politica-privacidad\/\"]}]},{\"@type\":\"BreadcrumbList\",\"@id\":\"https:\/\/greenpatio.es\/politica-privacidad\/#breadcrumb\",\"itemListElement\":[{\"@type\":\"ListItem\",\"position\":1,\"name\":\"Inicio\",\"item\":\"https:\/\/greenpatio.es\/\"},{\"@type\":\"ListItem\",\"position\":2,\"name\":\"Pol\u00edtica de Privacidad\"}]},{\"@type\":\"WebSite\",\"@id\":\"https:\/\/greenpatio.es\/#website\",\"url\":\"https:\/\/greenpatio.es\/\",\"name\":\"Green Patio\",\"description\":\"Espacios para eventos en Madrid\",\"publisher\":{\"@id\":\"https:\/\/greenpatio.es\/#organization\"},\"alternateName\":\"Green Patio - Espacios para eventos en Madrid\",\"potentialAction\":[{\"@type\":\"SearchAction\",\"target\":{\"@type\":\"EntryPoint\",\"urlTemplate\":\"https:\/\/greenpatio.es\/?s={search_term_string}\"},\"query-input\":{\"@type\":\"PropertyValueSpecification\",\"valueRequired\":true,\"valueName\":\"search_term_string\"}}],\"inLanguage\":\"fr-FR\"},{\"@type\":\"Organization\",\"@id\":\"https:\/\/greenpatio.es\/#organization\",\"name\":\"Green Patio\",\"alternateName\":\"Green Patio Espacio para eventos en Madrid\",\"url\":\"https:\/\/greenpatio.es\/\",\"logo\":{\"@type\":\"ImageObject\",\"inLanguage\":\"fr-FR\",\"@id\":\"https:\/\/greenpatio.es\/#\/schema\/logo\/image\/\",\"url\":\"https:\/\/greenpatio.es\/wp-content\/uploads\/2024\/12\/logo-reducido-green-patio.png\",\"contentUrl\":\"https:\/\/greenpatio.es\/wp-content\/uploads\/2024\/12\/logo-reducido-green-patio.png\",\"width\":1465,\"height\":1465,\"caption\":\"Green Patio\"},\"image\":{\"@id\":\"https:\/\/greenpatio.es\/#\/schema\/logo\/image\/\"},\"sameAs\":[\"https:\/\/www.instagram.com\/greenpatioevents\/\"]},{\"@type\":\"Person\",\"@id\":\"https:\/\/greenpatio.es\/#\/schema\/person\/85538d898e3b9d8195d05f58aa605b8d\",\"name\":\"admin\",\"image\":{\"@type\":\"ImageObject\",\"inLanguage\":\"fr-FR\",\"@id\":\"https:\/\/greenpatio.es\/#\/schema\/person\/image\/\",\"url\":\"https:\/\/secure.gravatar.com\/avatar\/dc343822ff32eded78127b9bc70d7a8bc38956142c75c7731c634a64f56fcafe?s=96&d=mm&r=g\",\"contentUrl\":\"https:\/\/secure.gravatar.com\/avatar\/dc343822ff32eded78127b9bc70d7a8bc38956142c75c7731c634a64f56fcafe?s=96&d=mm&r=g\",\"caption\":\"admin\"},\"sameAs\":[\"https:\/\/greenpatio.es\"]}]}<\/script>\n<!-- \/ Yoast SEO plugin. -->","yoast_head_json":{"title":"Contacta con Green Patio - Tel\u00e9fono - Green Patio","description":"Tel\u00e9fono: 669 01 88 34 - Contacta para m\u00e1s informaci\u00f3n sobre alquiler de espacios para eventos en Madrid. Solicita tu presupuesto.","robots":{"index":"index","follow":"follow","max-snippet":"max-snippet:-1","max-image-preview":"max-image-preview:large","max-video-preview":"max-video-preview:-1"},"canonical":"https:\/\/greenpatio.es\/fr\/politica-privacidad\/","og_locale":"fr_FR","og_type":"article","og_title":"Contacta con Green Patio - Tel\u00e9fono - Green Patio","og_description":"Tel\u00e9fono: 669 01 88 34 - Contacta para m\u00e1s informaci\u00f3n sobre alquiler de espacios para eventos en Madrid. Solicita tu presupuesto.","og_url":"https:\/\/greenpatio.es\/fr\/politica-privacidad\/","og_site_name":"Green Patio","article_modified_time":"2025-07-24T13:42:59+00:00","twitter_card":"summary_large_image","twitter_misc":{"Dur\u00e9e de lecture estim\u00e9e":"10 minutes"},"schema":{"@context":"https:\/\/schema.org","@graph":[{"@type":"NewsArticle","@id":"https:\/\/greenpatio.es\/politica-privacidad\/#article","isPartOf":{"@id":"https:\/\/greenpatio.es\/politica-privacidad\/"},"author":{"name":"admin","@id":"https:\/\/greenpatio.es\/#\/schema\/person\/85538d898e3b9d8195d05f58aa605b8d"},"headline":"Pol\u00edtica de Privacidad","datePublished":"2025-07-24T13:22:55+00:00","dateModified":"2025-07-24T13:42:59+00:00","mainEntityOfPage":{"@id":"https:\/\/greenpatio.es\/politica-privacidad\/"},"wordCount":2189,"publisher":{"@id":"https:\/\/greenpatio.es\/#organization"},"inLanguage":"fr-FR"},{"@type":"WebPage","@id":"https:\/\/greenpatio.es\/politica-privacidad\/","url":"https:\/\/greenpatio.es\/politica-privacidad\/","name":"Contacta con Green Patio - Tel\u00e9fono - Green Patio","isPartOf":{"@id":"https:\/\/greenpatio.es\/#website"},"datePublished":"2025-07-24T13:22:55+00:00","dateModified":"2025-07-24T13:42:59+00:00","description":"Tel\u00e9fono: 669 01 88 34 - Contacta para m\u00e1s informaci\u00f3n sobre alquiler de espacios para eventos en Madrid. Solicita tu presupuesto.","breadcrumb":{"@id":"https:\/\/greenpatio.es\/politica-privacidad\/#breadcrumb"},"inLanguage":"fr-FR","potentialAction":[{"@type":"ReadAction","target":["https:\/\/greenpatio.es\/politica-privacidad\/"]}]},{"@type":"BreadcrumbList","@id":"https:\/\/greenpatio.es\/politica-privacidad\/#breadcrumb","itemListElement":[{"@type":"ListItem","position":1,"name":"Inicio","item":"https:\/\/greenpatio.es\/"},{"@type":"ListItem","position":2,"name":"Pol\u00edtica de Privacidad"}]},{"@type":"WebSite","@id":"https:\/\/greenpatio.es\/#website","url":"https:\/\/greenpatio.es\/","name":"Green Patio","description":"Espacios para eventos en Madrid","publisher":{"@id":"https:\/\/greenpatio.es\/#organization"},"alternateName":"Green Patio - Espacios para eventos en Madrid","potentialAction":[{"@type":"SearchAction","target":{"@type":"EntryPoint","urlTemplate":"https:\/\/greenpatio.es\/?s={search_term_string}"},"query-input":{"@type":"PropertyValueSpecification","valueRequired":true,"valueName":"search_term_string"}}],"inLanguage":"fr-FR"},{"@type":"Organization","@id":"https:\/\/greenpatio.es\/#organization","name":"Green Patio","alternateName":"Green Patio Espacio para eventos en Madrid","url":"https:\/\/greenpatio.es\/","logo":{"@type":"ImageObject","inLanguage":"fr-FR","@id":"https:\/\/greenpatio.es\/#\/schema\/logo\/image\/","url":"https:\/\/greenpatio.es\/wp-content\/uploads\/2024\/12\/logo-reducido-green-patio.png","contentUrl":"https:\/\/greenpatio.es\/wp-content\/uploads\/2024\/12\/logo-reducido-green-patio.png","width":1465,"height":1465,"caption":"Green Patio"},"image":{"@id":"https:\/\/greenpatio.es\/#\/schema\/logo\/image\/"},"sameAs":["https:\/\/www.instagram.com\/greenpatioevents\/"]},{"@type":"Person","@id":"https:\/\/greenpatio.es\/#\/schema\/person\/85538d898e3b9d8195d05f58aa605b8d","name":"admin","image":{"@type":"ImageObject","inLanguage":"fr-FR","@id":"https:\/\/greenpatio.es\/#\/schema\/person\/image\/","url":"https:\/\/secure.gravatar.com\/avatar\/dc343822ff32eded78127b9bc70d7a8bc38956142c75c7731c634a64f56fcafe?s=96&d=mm&r=g","contentUrl":"https:\/\/secure.gravatar.com\/avatar\/dc343822ff32eded78127b9bc70d7a8bc38956142c75c7731c634a64f56fcafe?s=96&d=mm&r=g","caption":"admin"},"sameAs":["https:\/\/greenpatio.es"]}]}},"_links":{"self":[{"href":"https:\/\/greenpatio.es\/fr\/wp-json\/wp\/v2\/pages\/152378","targetHints":{"allow":["GET"]}}],"collection":[{"href":"https:\/\/greenpatio.es\/fr\/wp-json\/wp\/v2\/pages"}],"about":[{"href":"https:\/\/greenpatio.es\/fr\/wp-json\/wp\/v2\/types\/page"}],"author":[{"embeddable":true,"href":"https:\/\/greenpatio.es\/fr\/wp-json\/wp\/v2\/users\/1"}],"replies":[{"embeddable":true,"href":"https:\/\/greenpatio.es\/fr\/wp-json\/wp\/v2\/comments?post=152378"}],"version-history":[{"count":7,"href":"https:\/\/greenpatio.es\/fr\/wp-json\/wp\/v2\/pages\/152378\/revisions"}],"predecessor-version":[{"id":152386,"href":"https:\/\/greenpatio.es\/fr\/wp-json\/wp\/v2\/pages\/152378\/revisions\/152386"}],"wp:attachment":[{"href":"https:\/\/greenpatio.es\/fr\/wp-json\/wp\/v2\/media?parent=152378"}],"curies":[{"name":"wp","href":"https:\/\/api.w.org\/{rel}","templated":true}]}}