{"id":147221,"date":"2024-11-12T15:58:50","date_gmt":"2024-11-12T15:58:50","guid":{"rendered":"https:\/\/web.greenpatio.es\/?page_id=147221"},"modified":"2024-12-10T11:48:47","modified_gmt":"2024-12-10T11:48:47","slug":"sostenibilidad","status":"publish","type":"page","link":"https:\/\/greenpatio.es\/it\/sostenibilidad\/","title":{"rendered":"Sostenibilit\u00e0"},"content":{"rendered":"<div data-elementor-type=\"wp-page\" data-elementor-id=\"147221\" class=\"elementor elementor-147221\" data-elementor-post-type=\"page\">\n\t\t\t\t<div style=\"background-image: url(https:\/\/greenpatio.es\/wp-content\/uploads\/2020\/04\/aboutus-title-img.jpg);\" class=\"parallax_section_holder elementor-element elementor-element-0aa2036 e-con-full parallax_section_holder e-flex qode_elementor_container_no e-con e-parent\" data-speed=\"0\" data-id=\"0aa2036\" data-element_type=\"container\" data-settings=\"{&quot;qode_parallax_image&quot;:{&quot;url&quot;:&quot;https:\\\/\\\/greenpatio.es\\\/wp-content\\\/uploads\\\/2020\\\/04\\\/aboutus-title-img.jpg&quot;,&quot;id&quot;:1639,&quot;size&quot;:&quot;&quot;,&quot;alt&quot;:&quot;a&quot;,&quot;source&quot;:&quot;library&quot;},&quot;background_background&quot;:&quot;slideshow&quot;,&quot;background_slideshow_gallery&quot;:[{&quot;id&quot;:147234,&quot;url&quot;:&quot;https:\\\/\\\/greenpatio.es\\\/wp-content\\\/uploads\\\/2024\\\/11\\\/sostenibilidad.jpg&quot;}],&quot;background_slideshow_loop&quot;:&quot;yes&quot;,&quot;background_slideshow_slide_duration&quot;:5000,&quot;background_slideshow_slide_transition&quot;:&quot;fade&quot;,&quot;background_slideshow_transition_duration&quot;:500}\">\n\t\t\t\t<div class=\"elementor-element elementor-element-73c584d elementor-widget elementor-widget-qi_addons_for_elementor_section_title\" data-id=\"73c584d\" data-element_type=\"widget\" data-widget_type=\"qi_addons_for_elementor_section_title.default\">\n\t\t\t\t<div class=\"elementor-widget-container\">\n\t\t\t\t\t<div class=\"qodef-shortcode qodef-m  qodef-qi-section-title  qodef-decoration--italic  qodef-link--underline-draw qodef-subtitle-icon--left\">\n\t\t\t\t\t\t<h1 class=\"qodef-m-title\">\n\t\tSostenibilit\u00e0<br><h6 style=\"color:white\">HOME \/ SOSTENIBILIT\u00c0<\/6>\t<\/h1>\n\t\t\t<\/div>\n\t\t\t\t<\/div>\n\t\t\t\t<\/div>\n\t\t\t\t<\/div>\n\t\t<div class=\"elementor-element elementor-element-d247489 e-flex e-con-boxed parallax_section_no qode_elementor_container_no e-con e-parent\" data-id=\"d247489\" data-element_type=\"container\">\n\t\t\t\t\t<div class=\"e-con-inner\">\n\t\t\t\t<div class=\"elementor-element elementor-element-14c1d48 elementor-widget elementor-widget-image\" data-id=\"14c1d48\" data-element_type=\"widget\" data-widget_type=\"image.default\">\n\t\t\t\t<div class=\"elementor-widget-container\">\n\t\t\t\t\t\t\t\t\t\t\t\t\t\t\t<img fetchpriority=\"high\" decoding=\"async\" width=\"359\" height=\"182\" src=\"https:\/\/greenpatio.es\/wp-content\/uploads\/2024\/11\/Capa-1-1.png\" class=\"attachment-large size-large wp-image-146207\" alt=\"\" srcset=\"https:\/\/greenpatio.es\/wp-content\/uploads\/2024\/11\/Capa-1-1.png 359w, https:\/\/greenpatio.es\/wp-content\/uploads\/2024\/11\/Capa-1-1-300x152.png 300w\" sizes=\"(max-width: 359px) 100vw, 359px\" \/>\t\t\t\t\t\t\t\t\t\t\t\t\t\t\t<\/div>\n\t\t\t\t<\/div>\n\t\t\t\t<div class=\"elementor-element elementor-element-151bb16 elementor-widget__width-initial elementor-widget elementor-widget-text-editor\" data-id=\"151bb16\" data-element_type=\"widget\" data-widget_type=\"text-editor.default\">\n\t\t\t\t<div class=\"elementor-widget-container\">\n\t\t\t\t\t\t\t\t\t<h4 class=\"qodef-m-title\" style=\"line-height: 1.5;\">L'azienda ha dimostrato un impegno eccezionale per la sostenibilit\u00e0, trasformando un ex edificio adibito a tipografia in uno spazio moderno e versatile per eventi. Questo progetto non solo preserva la struttura storica, ma riduce anche al minimo l'impatto ambientale associato alla costruzione di nuovi edifici.\n<br><br>\n<b>\nI punti salienti di questa iniziativa di sostenibilit\u00e0 includono:<\/b><\/h4>\t\t\t\t\t\t\t\t<\/div>\n\t\t\t\t<\/div>\n\t\t\t\t\t<\/div>\n\t\t\t\t<\/div>\n\t\t<div class=\"elementor-element elementor-element-5a09113 e-con-full qode_elementor_container_inner e-flex parallax_section_no e-con e-parent\" data-id=\"5a09113\" data-element_type=\"container\">\n\t\t<div class=\"elementor-element elementor-element-eb69f08 e-flex e-con-boxed parallax_section_no qode_elementor_container_no e-con e-child\" data-id=\"eb69f08\" data-element_type=\"container\">\n\t\t\t\t\t<div class=\"e-con-inner\">\n\t\t\t\t<div class=\"elementor-element elementor-element-631ed01 elementor-widget elementor-widget-bridge_icon_text\" data-id=\"631ed01\" data-element_type=\"widget\" data-widget_type=\"bridge_icon_text.default\">\n\t\t\t\t<div class=\"elementor-widget-container\">\n\t\t\t\t\t<div class='q_icon_with_title small custom_icon_image center qode-iwt-content-alignment-left'><div class=\"icon_holder q_icon_animation\" style=\" \"><img decoding=\"async\" itemprop=\"image\" style=\"\" src=\"https:\/\/greenpatio.es\/wp-content\/uploads\/2024\/11\/reuse_10735669.png\" alt=\"\"><\/div><div class=\"icon_text_holder\" style=\"\"><div class=\"icon_text_inner\" style=\"\"><h4 class=\"icon_title\" style=\"\"><b>Riutilizzo di <br>Infrastruttura esistente<\/b><\/h4><p style=''><br><p style=\"line-height:1.8\">Invece di demolire la vecchia tipografia, l'azienda ha scelto di ristrutturarla, conservando cos\u00ec le risorse materiali e l'energia contenute nella struttura originale. Questa pratica riduce in modo significativo gli scarti di costruzione e la domanda di nuovi materiali.<\/p><\/p><\/div><\/div><\/div>\t\t\t\t<\/div>\n\t\t\t\t<\/div>\n\t\t\t\t\t<\/div>\n\t\t\t\t<\/div>\n\t\t<div class=\"elementor-element elementor-element-ccd0489 e-flex e-con-boxed parallax_section_no qode_elementor_container_no e-con e-child\" data-id=\"ccd0489\" data-element_type=\"container\">\n\t\t\t\t\t<div class=\"e-con-inner\">\n\t\t\t\t<div class=\"elementor-element elementor-element-d48ea27 elementor-widget elementor-widget-bridge_icon_text\" data-id=\"d48ea27\" data-element_type=\"widget\" data-widget_type=\"bridge_icon_text.default\">\n\t\t\t\t<div class=\"elementor-widget-container\">\n\t\t\t\t\t<div class='q_icon_with_title small custom_icon_image center qode-iwt-content-alignment-left'><div class=\"icon_holder q_icon_animation\" style=\" \"><img decoding=\"async\" itemprop=\"image\" style=\"\" src=\"https:\/\/greenpatio.es\/wp-content\/uploads\/2024\/11\/green-energy_10735609.png\" alt=\"\"><\/div><div class=\"icon_text_holder\" style=\"\"><div class=\"icon_text_inner\" style=\"\"><h4 class=\"icon_title\" style=\"\"><b>Design efficiente dal punto di vista energetico<\/b><\/h4><p style=''><br><p style=\"line-height:1.8\">Il nuovo spazio \u00e8 stato progettato per essere efficiente dal punto di vista energetico, incorporando tecnologie come l'illuminazione a LED, l'illuminazione naturale e i sistemi di ventilazione in tutte le stanze, i sistemi di riscaldamento e raffreddamento ad alta efficienza energetica e un migliore isolamento. Questi miglioramenti non solo riducono il consumo energetico, ma anche le emissioni di carbonio a lungo termine.<\/p><\/p><\/div><\/div><\/div>\t\t\t\t<\/div>\n\t\t\t\t<\/div>\n\t\t\t\t\t<\/div>\n\t\t\t\t<\/div>\n\t\t<div class=\"elementor-element elementor-element-efbd10c e-flex e-con-boxed parallax_section_no qode_elementor_container_no e-con e-child\" data-id=\"efbd10c\" data-element_type=\"container\">\n\t\t\t\t\t<div class=\"e-con-inner\">\n\t\t\t\t<div class=\"elementor-element elementor-element-5711497 elementor-widget elementor-widget-bridge_icon_text\" data-id=\"5711497\" data-element_type=\"widget\" data-widget_type=\"bridge_icon_text.default\">\n\t\t\t\t<div class=\"elementor-widget-container\">\n\t\t\t\t\t<div class='q_icon_with_title small custom_icon_image center qode-iwt-content-alignment-left'><div class=\"icon_holder q_icon_animation\" style=\" \"><img decoding=\"async\" itemprop=\"image\" style=\"\" src=\"https:\/\/greenpatio.es\/wp-content\/uploads\/2024\/11\/environment_10735651.png\" alt=\"\"><\/div><div class=\"icon_text_holder\" style=\"\"><div class=\"icon_text_inner\" style=\"\"><h4 class=\"icon_title\" style=\"\"><b>Materiali fatti a mano<\/b><\/h4><p style=''><br>Tutti i materiali incorporati durante la ristrutturazione sono artigianali ed ecologici, dai mattoni alle piastrelle, ogni elemento \u00e8 stato accuratamente selezionato per la sua sostenibilit\u00e0. Inoltre, la maggior parte dei nostri mobili \u00e8 realizzata con legno di recupero e mobili restaurati, combinando estetica e responsabilit\u00e0 ecologica.<\/p><\/div><\/div><\/div>\t\t\t\t<\/div>\n\t\t\t\t<\/div>\n\t\t\t\t\t<\/div>\n\t\t\t\t<\/div>\n\t\t\t\t<\/div>\n\t\t<div class=\"elementor-element elementor-element-6b287ba e-con-full e-flex parallax_section_no qode_elementor_container_no e-con e-parent\" data-id=\"6b287ba\" data-element_type=\"container\" data-settings=\"{&quot;background_background&quot;:&quot;slideshow&quot;,&quot;background_slideshow_gallery&quot;:[],&quot;background_slideshow_loop&quot;:&quot;yes&quot;,&quot;background_slideshow_slide_duration&quot;:5000,&quot;background_slideshow_slide_transition&quot;:&quot;fade&quot;,&quot;background_slideshow_transition_duration&quot;:500}\">\n\t\t<div class=\"elementor-element elementor-element-169370d e-grid e-con-boxed parallax_section_no qode_elementor_container_no e-con e-child\" data-id=\"169370d\" data-element_type=\"container\">\n\t\t\t\t\t<div class=\"e-con-inner\">\n\t\t\t\t<div class=\"elementor-element elementor-element-c41f1fc elementor-widget elementor-widget-image\" data-id=\"c41f1fc\" data-element_type=\"widget\" data-widget_type=\"image.default\">\n\t\t\t\t<div class=\"elementor-widget-container\">\n\t\t\t\t\t\t\t\t\t\t\t\t\t\t\t<img decoding=\"async\" width=\"570\" height=\"570\" src=\"https:\/\/greenpatio.es\/wp-content\/uploads\/2024\/11\/1b_imprenta-1-570x570.jpg\" class=\"attachment-portfolio-square size-portfolio-square wp-image-149314\" alt=\"\" srcset=\"https:\/\/greenpatio.es\/wp-content\/uploads\/2024\/11\/1b_imprenta-1-570x570.jpg 570w, https:\/\/greenpatio.es\/wp-content\/uploads\/2024\/11\/1b_imprenta-1-150x150.jpg 150w, https:\/\/greenpatio.es\/wp-content\/uploads\/2024\/11\/1b_imprenta-1-500x500.jpg 500w, https:\/\/greenpatio.es\/wp-content\/uploads\/2024\/11\/1b_imprenta-1-1000x1000.jpg 1000w, https:\/\/greenpatio.es\/wp-content\/uploads\/2024\/11\/1b_imprenta-1-650x650.jpg 650w, https:\/\/greenpatio.es\/wp-content\/uploads\/2024\/11\/1b_imprenta-1-1300x1300.jpg 1300w\" sizes=\"(max-width: 570px) 100vw, 570px\" \/>\t\t\t\t\t\t\t\t\t\t\t\t\t\t\t<\/div>\n\t\t\t\t<\/div>\n\t\t\t\t<div class=\"elementor-element elementor-element-1eda559 elementor-drop-cap-yes elementor-drop-cap-view-default elementor-widget elementor-widget-text-editor\" data-id=\"1eda559\" data-element_type=\"widget\" data-settings=\"{&quot;drop_cap&quot;:&quot;yes&quot;}\" data-widget_type=\"text-editor.default\">\n\t\t\t\t<div class=\"elementor-widget-container\">\n\t\t\t\t\t\t\t\t\t<h5 style=\"line-height: 1.5;\" class=\"translation-block\">Questa trasformazione trasforma la <u>ex tipografia in uno spazio per eventi funzionale ed esteticamente accattivante<\/u>; e stabilisce lo standard di sostenibilit\u00e0 e responsabilit\u00e0 ambientale nel settore.<br><br>L'azienda non solo ha rivitalizzato un edificio storico, ma lo ha fatto in modo da rispettare e proteggere il nostro ambiente per le generazioni future.<\/h5>\t\t\t\t\t\t\t\t<\/div>\n\t\t\t\t<\/div>\n\t\t\t\t\t<\/div>\n\t\t\t\t<\/div>\n\t\t<div class=\"elementor-element elementor-element-7fc190c e-grid e-con-boxed parallax_section_no qode_elementor_container_no e-con e-child\" data-id=\"7fc190c\" data-element_type=\"container\">\n\t\t\t\t\t<div class=\"e-con-inner\">\n\t\t\t\t<div class=\"elementor-element elementor-element-cab04c3 elementor-drop-cap-yes elementor-drop-cap-view-default elementor-widget elementor-widget-text-editor\" data-id=\"cab04c3\" data-element_type=\"widget\" data-settings=\"{&quot;drop_cap&quot;:&quot;yes&quot;}\" data-widget_type=\"text-editor.default\">\n\t\t\t\t<div class=\"elementor-widget-container\">\n\t\t\t\t\t\t\t\t\t<h5 style=\"line-height: 1.5;\">In Green Patio, il nostro impegno per l'ambiente va oltre. Nel 2025, realizzeremo un'importante trasformazione nel nostro stabilimento di La Imprenta, trasformandolo in uno spazio a emissioni zero. Implementeremo sistemi di energia solare e di batterie, raggiungendo cos\u00ec l'autosufficienza energetica.<br \/><br \/><br \/>Grazie a questi miglioramenti, offriremo ai nostri clienti l'opportunit\u00e0 di ospitare eventi completamente sostenibili, senza compromettere la qualit\u00e0 o l'esperienza. Al Green Patio, lavoriamo per rendere ogni evento non solo di successo, ma anche rispettoso del pianeta.<\/h5>\t\t\t\t\t\t\t\t<\/div>\n\t\t\t\t<\/div>\n\t\t\t\t<div class=\"elementor-element elementor-element-aa6ec4c elementor-widget elementor-widget-image\" data-id=\"aa6ec4c\" data-element_type=\"widget\" data-widget_type=\"image.default\">\n\t\t\t\t<div class=\"elementor-widget-container\">\n\t\t\t\t\t\t\t\t\t\t\t\t\t\t\t<img decoding=\"async\" width=\"1024\" height=\"683\" src=\"https:\/\/greenpatio.es\/wp-content\/uploads\/2024\/11\/linecar_compromiso_medioambiente_cero_emisiones-1024x683.jpg\" class=\"attachment-large size-large wp-image-147928\" alt=\"\" srcset=\"https:\/\/greenpatio.es\/wp-content\/uploads\/2024\/11\/linecar_compromiso_medioambiente_cero_emisiones-1024x683.jpg 1024w, https:\/\/greenpatio.es\/wp-content\/uploads\/2024\/11\/linecar_compromiso_medioambiente_cero_emisiones-300x200.jpg 300w, https:\/\/greenpatio.es\/wp-content\/uploads\/2024\/11\/linecar_compromiso_medioambiente_cero_emisiones-768x512.jpg 768w, https:\/\/greenpatio.es\/wp-content\/uploads\/2024\/11\/linecar_compromiso_medioambiente_cero_emisiones-1536x1025.jpg 1536w, https:\/\/greenpatio.es\/wp-content\/uploads\/2024\/11\/linecar_compromiso_medioambiente_cero_emisiones-700x467.jpg 700w, https:\/\/greenpatio.es\/wp-content\/uploads\/2024\/11\/linecar_compromiso_medioambiente_cero_emisiones.jpg 1920w\" sizes=\"(max-width: 1024px) 100vw, 1024px\" \/>\t\t\t\t\t\t\t\t\t\t\t\t\t\t\t<\/div>\n\t\t\t\t<\/div>\n\t\t\t\t\t<\/div>\n\t\t\t\t<\/div>\n\t\t\t\t<\/div>\n\t\t\t\t<\/div>","protected":false},"excerpt":{"rendered":"<p>Sostenibilit\u00e0 HOME \/ SOSTENIBILIT\u00c0 Il...<\/p>","protected":false},"author":1,"featured_media":0,"parent":0,"menu_order":0,"comment_status":"closed","ping_status":"closed","template":"full_width.php","meta":{"_monsterinsights_skip_tracking":false,"_monsterinsights_sitenote_active":false,"_monsterinsights_sitenote_note":"","_monsterinsights_sitenote_category":0,"footnotes":""},"class_list":["post-147221","page","type-page","status-publish","hentry"],"yoast_head":"<!-- This site is optimized with the Yoast SEO plugin v24.0 - https:\/\/yoast.com\/wordpress\/plugins\/seo\/ -->\n<title>Sostenibilidad - Green Patio<\/title>\n<meta name=\"description\" content=\"Explora los servicios de alquiler de ESPACIOS SOSTENIBLES para eventos de Green Patio. Espacios \u00fanicos para eventos corporativos en Madrid.\" \/>\n<meta name=\"robots\" content=\"index, follow, max-snippet:-1, max-image-preview:large, max-video-preview:-1\" \/>\n<link rel=\"canonical\" href=\"https:\/\/greenpatio.es\/it\/sostenibilidad\/\" \/>\n<meta property=\"og:locale\" content=\"it_IT\" \/>\n<meta property=\"og:type\" content=\"article\" \/>\n<meta property=\"og:title\" content=\"Sostenibilidad - Green Patio\" \/>\n<meta property=\"og:description\" content=\"Explora los servicios de alquiler de ESPACIOS SOSTENIBLES para eventos de Green Patio. Espacios \u00fanicos para eventos corporativos en Madrid.\" \/>\n<meta property=\"og:url\" content=\"https:\/\/greenpatio.es\/it\/sostenibilidad\/\" \/>\n<meta property=\"og:site_name\" content=\"Green Patio\" \/>\n<meta property=\"article:modified_time\" content=\"2024-12-10T11:48:47+00:00\" \/>\n<meta property=\"og:image\" content=\"https:\/\/web.greenpatio.es\/wp-content\/uploads\/2024\/11\/Capa-1-1.png\" \/>\n<meta name=\"twitter:card\" content=\"summary_large_image\" \/>\n<meta name=\"twitter:label1\" content=\"Tempo di lettura stimato\" \/>\n\t<meta name=\"twitter:data1\" content=\"3 minuti\" \/>\n<script type=\"application\/ld+json\" class=\"yoast-schema-graph\">{\"@context\":\"https:\/\/schema.org\",\"@graph\":[{\"@type\":\"NewsArticle\",\"@id\":\"https:\/\/greenpatio.es\/sostenibilidad\/#article\",\"isPartOf\":{\"@id\":\"https:\/\/greenpatio.es\/sostenibilidad\/\"},\"author\":{\"name\":\"admin\",\"@id\":\"https:\/\/greenpatio.es\/#\/schema\/person\/85538d898e3b9d8195d05f58aa605b8d\"},\"headline\":\"Sostenibilidad\",\"datePublished\":\"2024-11-12T15:58:50+00:00\",\"dateModified\":\"2024-12-10T11:48:47+00:00\",\"mainEntityOfPage\":{\"@id\":\"https:\/\/greenpatio.es\/sostenibilidad\/\"},\"wordCount\":393,\"publisher\":{\"@id\":\"https:\/\/greenpatio.es\/#organization\"},\"image\":{\"@id\":\"https:\/\/greenpatio.es\/sostenibilidad\/#primaryimage\"},\"thumbnailUrl\":\"https:\/\/web.greenpatio.es\/wp-content\/uploads\/2024\/11\/Capa-1-1.png\",\"inLanguage\":\"it-IT\"},{\"@type\":\"WebPage\",\"@id\":\"https:\/\/greenpatio.es\/sostenibilidad\/\",\"url\":\"https:\/\/greenpatio.es\/sostenibilidad\/\",\"name\":\"Sostenibilidad - Green Patio\",\"isPartOf\":{\"@id\":\"https:\/\/greenpatio.es\/#website\"},\"primaryImageOfPage\":{\"@id\":\"https:\/\/greenpatio.es\/sostenibilidad\/#primaryimage\"},\"image\":{\"@id\":\"https:\/\/greenpatio.es\/sostenibilidad\/#primaryimage\"},\"thumbnailUrl\":\"https:\/\/web.greenpatio.es\/wp-content\/uploads\/2024\/11\/Capa-1-1.png\",\"datePublished\":\"2024-11-12T15:58:50+00:00\",\"dateModified\":\"2024-12-10T11:48:47+00:00\",\"description\":\"Explora los servicios de alquiler de ESPACIOS SOSTENIBLES para eventos de Green Patio. Espacios \u00fanicos para eventos corporativos en Madrid.\",\"breadcrumb\":{\"@id\":\"https:\/\/greenpatio.es\/sostenibilidad\/#breadcrumb\"},\"inLanguage\":\"it-IT\",\"potentialAction\":[{\"@type\":\"ReadAction\",\"target\":[\"https:\/\/greenpatio.es\/sostenibilidad\/\"]}]},{\"@type\":\"ImageObject\",\"inLanguage\":\"it-IT\",\"@id\":\"https:\/\/greenpatio.es\/sostenibilidad\/#primaryimage\",\"url\":\"https:\/\/web.greenpatio.es\/wp-content\/uploads\/2024\/11\/Capa-1-1.png\",\"contentUrl\":\"https:\/\/web.greenpatio.es\/wp-content\/uploads\/2024\/11\/Capa-1-1.png\"},{\"@type\":\"BreadcrumbList\",\"@id\":\"https:\/\/greenpatio.es\/sostenibilidad\/#breadcrumb\",\"itemListElement\":[{\"@type\":\"ListItem\",\"position\":1,\"name\":\"Inicio\",\"item\":\"https:\/\/greenpatio.es\/\"},{\"@type\":\"ListItem\",\"position\":2,\"name\":\"Sostenibilidad\"}]},{\"@type\":\"WebSite\",\"@id\":\"https:\/\/greenpatio.es\/#website\",\"url\":\"https:\/\/greenpatio.es\/\",\"name\":\"Green Patio\",\"description\":\"Espacios para eventos en Madrid\",\"publisher\":{\"@id\":\"https:\/\/greenpatio.es\/#organization\"},\"alternateName\":\"Green Patio - Espacios para eventos en Madrid\",\"potentialAction\":[{\"@type\":\"SearchAction\",\"target\":{\"@type\":\"EntryPoint\",\"urlTemplate\":\"https:\/\/greenpatio.es\/?s={search_term_string}\"},\"query-input\":{\"@type\":\"PropertyValueSpecification\",\"valueRequired\":true,\"valueName\":\"search_term_string\"}}],\"inLanguage\":\"it-IT\"},{\"@type\":\"Organization\",\"@id\":\"https:\/\/greenpatio.es\/#organization\",\"name\":\"Green Patio\",\"alternateName\":\"Green Patio Espacio para eventos en Madrid\",\"url\":\"https:\/\/greenpatio.es\/\",\"logo\":{\"@type\":\"ImageObject\",\"inLanguage\":\"it-IT\",\"@id\":\"https:\/\/greenpatio.es\/#\/schema\/logo\/image\/\",\"url\":\"https:\/\/greenpatio.es\/wp-content\/uploads\/2024\/12\/logo-reducido-green-patio.png\",\"contentUrl\":\"https:\/\/greenpatio.es\/wp-content\/uploads\/2024\/12\/logo-reducido-green-patio.png\",\"width\":1465,\"height\":1465,\"caption\":\"Green Patio\"},\"image\":{\"@id\":\"https:\/\/greenpatio.es\/#\/schema\/logo\/image\/\"},\"sameAs\":[\"https:\/\/www.instagram.com\/greenpatioevents\/\"]},{\"@type\":\"Person\",\"@id\":\"https:\/\/greenpatio.es\/#\/schema\/person\/85538d898e3b9d8195d05f58aa605b8d\",\"name\":\"admin\",\"image\":{\"@type\":\"ImageObject\",\"inLanguage\":\"it-IT\",\"@id\":\"https:\/\/greenpatio.es\/#\/schema\/person\/image\/\",\"url\":\"https:\/\/secure.gravatar.com\/avatar\/dc343822ff32eded78127b9bc70d7a8bc38956142c75c7731c634a64f56fcafe?s=96&d=mm&r=g\",\"contentUrl\":\"https:\/\/secure.gravatar.com\/avatar\/dc343822ff32eded78127b9bc70d7a8bc38956142c75c7731c634a64f56fcafe?s=96&d=mm&r=g\",\"caption\":\"admin\"},\"sameAs\":[\"https:\/\/greenpatio.es\"]}]}<\/script>\n<!-- \/ Yoast SEO plugin. -->","yoast_head_json":{"title":"Sostenibilidad - Green Patio","description":"Explora los servicios de alquiler de ESPACIOS SOSTENIBLES para eventos de Green Patio. Espacios \u00fanicos para eventos corporativos en Madrid.","robots":{"index":"index","follow":"follow","max-snippet":"max-snippet:-1","max-image-preview":"max-image-preview:large","max-video-preview":"max-video-preview:-1"},"canonical":"https:\/\/greenpatio.es\/it\/sostenibilidad\/","og_locale":"it_IT","og_type":"article","og_title":"Sostenibilidad - Green Patio","og_description":"Explora los servicios de alquiler de ESPACIOS SOSTENIBLES para eventos de Green Patio. Espacios \u00fanicos para eventos corporativos en Madrid.","og_url":"https:\/\/greenpatio.es\/it\/sostenibilidad\/","og_site_name":"Green Patio","article_modified_time":"2024-12-10T11:48:47+00:00","og_image":[{"url":"https:\/\/web.greenpatio.es\/wp-content\/uploads\/2024\/11\/Capa-1-1.png","type":"","width":"","height":""}],"twitter_card":"summary_large_image","twitter_misc":{"Tempo di lettura stimato":"3 minuti"},"schema":{"@context":"https:\/\/schema.org","@graph":[{"@type":"NewsArticle","@id":"https:\/\/greenpatio.es\/sostenibilidad\/#article","isPartOf":{"@id":"https:\/\/greenpatio.es\/sostenibilidad\/"},"author":{"name":"admin","@id":"https:\/\/greenpatio.es\/#\/schema\/person\/85538d898e3b9d8195d05f58aa605b8d"},"headline":"Sostenibilidad","datePublished":"2024-11-12T15:58:50+00:00","dateModified":"2024-12-10T11:48:47+00:00","mainEntityOfPage":{"@id":"https:\/\/greenpatio.es\/sostenibilidad\/"},"wordCount":393,"publisher":{"@id":"https:\/\/greenpatio.es\/#organization"},"image":{"@id":"https:\/\/greenpatio.es\/sostenibilidad\/#primaryimage"},"thumbnailUrl":"https:\/\/web.greenpatio.es\/wp-content\/uploads\/2024\/11\/Capa-1-1.png","inLanguage":"it-IT"},{"@type":"WebPage","@id":"https:\/\/greenpatio.es\/sostenibilidad\/","url":"https:\/\/greenpatio.es\/sostenibilidad\/","name":"Sostenibilidad - Green Patio","isPartOf":{"@id":"https:\/\/greenpatio.es\/#website"},"primaryImageOfPage":{"@id":"https:\/\/greenpatio.es\/sostenibilidad\/#primaryimage"},"image":{"@id":"https:\/\/greenpatio.es\/sostenibilidad\/#primaryimage"},"thumbnailUrl":"https:\/\/web.greenpatio.es\/wp-content\/uploads\/2024\/11\/Capa-1-1.png","datePublished":"2024-11-12T15:58:50+00:00","dateModified":"2024-12-10T11:48:47+00:00","description":"Explora los servicios de alquiler de ESPACIOS SOSTENIBLES para eventos de Green Patio. Espacios \u00fanicos para eventos corporativos en Madrid.","breadcrumb":{"@id":"https:\/\/greenpatio.es\/sostenibilidad\/#breadcrumb"},"inLanguage":"it-IT","potentialAction":[{"@type":"ReadAction","target":["https:\/\/greenpatio.es\/sostenibilidad\/"]}]},{"@type":"ImageObject","inLanguage":"it-IT","@id":"https:\/\/greenpatio.es\/sostenibilidad\/#primaryimage","url":"https:\/\/web.greenpatio.es\/wp-content\/uploads\/2024\/11\/Capa-1-1.png","contentUrl":"https:\/\/web.greenpatio.es\/wp-content\/uploads\/2024\/11\/Capa-1-1.png"},{"@type":"BreadcrumbList","@id":"https:\/\/greenpatio.es\/sostenibilidad\/#breadcrumb","itemListElement":[{"@type":"ListItem","position":1,"name":"Inicio","item":"https:\/\/greenpatio.es\/"},{"@type":"ListItem","position":2,"name":"Sostenibilidad"}]},{"@type":"WebSite","@id":"https:\/\/greenpatio.es\/#website","url":"https:\/\/greenpatio.es\/","name":"Green Patio","description":"Espacios para eventos en Madrid","publisher":{"@id":"https:\/\/greenpatio.es\/#organization"},"alternateName":"Green Patio - Espacios para eventos en Madrid","potentialAction":[{"@type":"SearchAction","target":{"@type":"EntryPoint","urlTemplate":"https:\/\/greenpatio.es\/?s={search_term_string}"},"query-input":{"@type":"PropertyValueSpecification","valueRequired":true,"valueName":"search_term_string"}}],"inLanguage":"it-IT"},{"@type":"Organization","@id":"https:\/\/greenpatio.es\/#organization","name":"Green Patio","alternateName":"Green Patio Espacio para eventos en Madrid","url":"https:\/\/greenpatio.es\/","logo":{"@type":"ImageObject","inLanguage":"it-IT","@id":"https:\/\/greenpatio.es\/#\/schema\/logo\/image\/","url":"https:\/\/greenpatio.es\/wp-content\/uploads\/2024\/12\/logo-reducido-green-patio.png","contentUrl":"https:\/\/greenpatio.es\/wp-content\/uploads\/2024\/12\/logo-reducido-green-patio.png","width":1465,"height":1465,"caption":"Green Patio"},"image":{"@id":"https:\/\/greenpatio.es\/#\/schema\/logo\/image\/"},"sameAs":["https:\/\/www.instagram.com\/greenpatioevents\/"]},{"@type":"Person","@id":"https:\/\/greenpatio.es\/#\/schema\/person\/85538d898e3b9d8195d05f58aa605b8d","name":"admin","image":{"@type":"ImageObject","inLanguage":"it-IT","@id":"https:\/\/greenpatio.es\/#\/schema\/person\/image\/","url":"https:\/\/secure.gravatar.com\/avatar\/dc343822ff32eded78127b9bc70d7a8bc38956142c75c7731c634a64f56fcafe?s=96&d=mm&r=g","contentUrl":"https:\/\/secure.gravatar.com\/avatar\/dc343822ff32eded78127b9bc70d7a8bc38956142c75c7731c634a64f56fcafe?s=96&d=mm&r=g","caption":"admin"},"sameAs":["https:\/\/greenpatio.es"]}]}},"_links":{"self":[{"href":"https:\/\/greenpatio.es\/it\/wp-json\/wp\/v2\/pages\/147221","targetHints":{"allow":["GET"]}}],"collection":[{"href":"https:\/\/greenpatio.es\/it\/wp-json\/wp\/v2\/pages"}],"about":[{"href":"https:\/\/greenpatio.es\/it\/wp-json\/wp\/v2\/types\/page"}],"author":[{"embeddable":true,"href":"https:\/\/greenpatio.es\/it\/wp-json\/wp\/v2\/users\/1"}],"replies":[{"embeddable":true,"href":"https:\/\/greenpatio.es\/it\/wp-json\/wp\/v2\/comments?post=147221"}],"version-history":[{"count":220,"href":"https:\/\/greenpatio.es\/it\/wp-json\/wp\/v2\/pages\/147221\/revisions"}],"predecessor-version":[{"id":149317,"href":"https:\/\/greenpatio.es\/it\/wp-json\/wp\/v2\/pages\/147221\/revisions\/149317"}],"wp:attachment":[{"href":"https:\/\/greenpatio.es\/it\/wp-json\/wp\/v2\/media?parent=147221"}],"curies":[{"name":"wp","href":"https:\/\/api.w.org\/{rel}","templated":true}]}}