{"id":147221,"date":"2024-11-12T15:58:50","date_gmt":"2024-11-12T15:58:50","guid":{"rendered":"https:\/\/web.greenpatio.es\/?page_id=147221"},"modified":"2024-12-10T11:48:47","modified_gmt":"2024-12-10T11:48:47","slug":"sostenibilidad","status":"publish","type":"page","link":"https:\/\/greenpatio.es\/pt\/sostenibilidad\/","title":{"rendered":"Sustentabilidade"},"content":{"rendered":"<div data-elementor-type=\"wp-page\" data-elementor-id=\"147221\" class=\"elementor elementor-147221\" data-elementor-post-type=\"page\">\n\t\t\t\t<div style=\"background-image: url(https:\/\/greenpatio.es\/wp-content\/uploads\/2020\/04\/aboutus-title-img.jpg);\" class=\"parallax_section_holder elementor-element elementor-element-0aa2036 e-con-full parallax_section_holder e-flex qode_elementor_container_no e-con e-parent\" data-speed=\"0\" data-id=\"0aa2036\" data-element_type=\"container\" data-settings=\"{&quot;qode_parallax_image&quot;:{&quot;url&quot;:&quot;https:\\\/\\\/greenpatio.es\\\/wp-content\\\/uploads\\\/2020\\\/04\\\/aboutus-title-img.jpg&quot;,&quot;id&quot;:1639,&quot;size&quot;:&quot;&quot;,&quot;alt&quot;:&quot;a&quot;,&quot;source&quot;:&quot;library&quot;},&quot;background_background&quot;:&quot;slideshow&quot;,&quot;background_slideshow_gallery&quot;:[{&quot;id&quot;:147234,&quot;url&quot;:&quot;https:\\\/\\\/greenpatio.es\\\/wp-content\\\/uploads\\\/2024\\\/11\\\/sostenibilidad.jpg&quot;}],&quot;background_slideshow_loop&quot;:&quot;yes&quot;,&quot;background_slideshow_slide_duration&quot;:5000,&quot;background_slideshow_slide_transition&quot;:&quot;fade&quot;,&quot;background_slideshow_transition_duration&quot;:500}\">\n\t\t\t\t<div class=\"elementor-element elementor-element-73c584d elementor-widget elementor-widget-qi_addons_for_elementor_section_title\" data-id=\"73c584d\" data-element_type=\"widget\" data-widget_type=\"qi_addons_for_elementor_section_title.default\">\n\t\t\t\t<div class=\"elementor-widget-container\">\n\t\t\t\t\t<div class=\"qodef-shortcode qodef-m  qodef-qi-section-title  qodef-decoration--italic  qodef-link--underline-draw qodef-subtitle-icon--left\">\n\t\t\t\t\t\t<h1 class=\"qodef-m-title\">\n\t\tSustentabilidade<br><h6 style=\"color:white\">IN\u00cdCIO \/ SUSTENTABILIDADE<\/6>\t<\/h1>\n\t\t\t<\/div>\n\t\t\t\t<\/div>\n\t\t\t\t<\/div>\n\t\t\t\t<\/div>\n\t\t<div class=\"elementor-element elementor-element-d247489 e-flex e-con-boxed parallax_section_no qode_elementor_container_no e-con e-parent\" data-id=\"d247489\" data-element_type=\"container\">\n\t\t\t\t\t<div class=\"e-con-inner\">\n\t\t\t\t<div class=\"elementor-element elementor-element-14c1d48 elementor-widget elementor-widget-image\" data-id=\"14c1d48\" data-element_type=\"widget\" data-widget_type=\"image.default\">\n\t\t\t\t<div class=\"elementor-widget-container\">\n\t\t\t\t\t\t\t\t\t\t\t\t\t\t\t<img fetchpriority=\"high\" decoding=\"async\" width=\"359\" height=\"182\" src=\"https:\/\/greenpatio.es\/wp-content\/uploads\/2024\/11\/Capa-1-1.png\" class=\"attachment-large size-large wp-image-146207\" alt=\"\" srcset=\"https:\/\/greenpatio.es\/wp-content\/uploads\/2024\/11\/Capa-1-1.png 359w, https:\/\/greenpatio.es\/wp-content\/uploads\/2024\/11\/Capa-1-1-300x152.png 300w\" sizes=\"(max-width: 359px) 100vw, 359px\" \/>\t\t\t\t\t\t\t\t\t\t\t\t\t\t\t<\/div>\n\t\t\t\t<\/div>\n\t\t\t\t<div class=\"elementor-element elementor-element-151bb16 elementor-widget__width-initial elementor-widget elementor-widget-text-editor\" data-id=\"151bb16\" data-element_type=\"widget\" data-widget_type=\"text-editor.default\">\n\t\t\t\t<div class=\"elementor-widget-container\">\n\t\t\t\t\t\t\t\t\t<h4 class=\"qodef-m-title\" style=\"line-height: 1.5;\">A empresa demonstrou um compromisso excecional com a sustentabilidade ao transformar um antigo edif\u00edcio de imprensa num espa\u00e7o moderno e vers\u00e1til para eventos. Este projeto n\u00e3o s\u00f3 preserva a estrutura hist\u00f3rica, como tamb\u00e9m minimiza o impacto ambiental associado \u00e0 constru\u00e7\u00e3o de novos edif\u00edcios.\n<br><br>\n<b>\nOs destaques desta iniciativa de sustentabilidade incluem:<\/b><\/h4>\t\t\t\t\t\t\t\t<\/div>\n\t\t\t\t<\/div>\n\t\t\t\t\t<\/div>\n\t\t\t\t<\/div>\n\t\t<div class=\"elementor-element elementor-element-5a09113 e-con-full qode_elementor_container_inner e-flex parallax_section_no e-con e-parent\" data-id=\"5a09113\" data-element_type=\"container\">\n\t\t<div class=\"elementor-element elementor-element-eb69f08 e-flex e-con-boxed parallax_section_no qode_elementor_container_no e-con e-child\" data-id=\"eb69f08\" data-element_type=\"container\">\n\t\t\t\t\t<div class=\"e-con-inner\">\n\t\t\t\t<div class=\"elementor-element elementor-element-631ed01 elementor-widget elementor-widget-bridge_icon_text\" data-id=\"631ed01\" data-element_type=\"widget\" data-widget_type=\"bridge_icon_text.default\">\n\t\t\t\t<div class=\"elementor-widget-container\">\n\t\t\t\t\t<div class='q_icon_with_title small custom_icon_image center qode-iwt-content-alignment-left'><div class=\"icon_holder q_icon_animation\" style=\" \"><img decoding=\"async\" itemprop=\"image\" style=\"\" src=\"https:\/\/greenpatio.es\/wp-content\/uploads\/2024\/11\/reuse_10735669.png\" alt=\"\"><\/div><div class=\"icon_text_holder\" style=\"\"><div class=\"icon_text_inner\" style=\"\"><h4 class=\"icon_title\" style=\"\"><b>Reutiliza\u00e7\u00e3o de <br>Infra-estruturas existentes<\/b><\/h4><p style=''><br><p style=\"line-height:1.8\">Em vez de demolir a antiga f\u00e1brica de impress\u00e3o, a empresa optou por renov\u00e1-la, conservando assim os recursos materiais e a energia incorporados na estrutura original. Esta pr\u00e1tica reduz significativamente os res\u00edduos de constru\u00e7\u00e3o e a procura de novos materiais.<\/p><\/p><\/div><\/div><\/div>\t\t\t\t<\/div>\n\t\t\t\t<\/div>\n\t\t\t\t\t<\/div>\n\t\t\t\t<\/div>\n\t\t<div class=\"elementor-element elementor-element-ccd0489 e-flex e-con-boxed parallax_section_no qode_elementor_container_no e-con e-child\" data-id=\"ccd0489\" data-element_type=\"container\">\n\t\t\t\t\t<div class=\"e-con-inner\">\n\t\t\t\t<div class=\"elementor-element elementor-element-d48ea27 elementor-widget elementor-widget-bridge_icon_text\" data-id=\"d48ea27\" data-element_type=\"widget\" data-widget_type=\"bridge_icon_text.default\">\n\t\t\t\t<div class=\"elementor-widget-container\">\n\t\t\t\t\t<div class='q_icon_with_title small custom_icon_image center qode-iwt-content-alignment-left'><div class=\"icon_holder q_icon_animation\" style=\" \"><img decoding=\"async\" itemprop=\"image\" style=\"\" src=\"https:\/\/greenpatio.es\/wp-content\/uploads\/2024\/11\/green-energy_10735609.png\" alt=\"\"><\/div><div class=\"icon_text_holder\" style=\"\"><div class=\"icon_text_inner\" style=\"\"><h4 class=\"icon_title\" style=\"\"><b>Conce\u00e7\u00e3o eficiente em termos energ\u00e9ticos<\/b><\/h4><p style=''><br><p style=\"line-height:1.8\">O novo espa\u00e7o foi concebido para ser energeticamente eficiente, incorporando tecnologias como a ilumina\u00e7\u00e3o LED, sistemas de ilumina\u00e7\u00e3o e ventila\u00e7\u00e3o naturais em todas as divis\u00f5es, sistemas de aquecimento e refrigera\u00e7\u00e3o energeticamente eficientes e um melhor isolamento. Estas melhorias n\u00e3o s\u00f3 reduzem o consumo de energia, como tamb\u00e9m reduzem as emiss\u00f5es de carbono a longo prazo.<\/p><\/p><\/div><\/div><\/div>\t\t\t\t<\/div>\n\t\t\t\t<\/div>\n\t\t\t\t\t<\/div>\n\t\t\t\t<\/div>\n\t\t<div class=\"elementor-element elementor-element-efbd10c e-flex e-con-boxed parallax_section_no qode_elementor_container_no e-con e-child\" data-id=\"efbd10c\" data-element_type=\"container\">\n\t\t\t\t\t<div class=\"e-con-inner\">\n\t\t\t\t<div class=\"elementor-element elementor-element-5711497 elementor-widget elementor-widget-bridge_icon_text\" data-id=\"5711497\" data-element_type=\"widget\" data-widget_type=\"bridge_icon_text.default\">\n\t\t\t\t<div class=\"elementor-widget-container\">\n\t\t\t\t\t<div class='q_icon_with_title small custom_icon_image center qode-iwt-content-alignment-left'><div class=\"icon_holder q_icon_animation\" style=\" \"><img decoding=\"async\" itemprop=\"image\" style=\"\" src=\"https:\/\/greenpatio.es\/wp-content\/uploads\/2024\/11\/environment_10735651.png\" alt=\"\"><\/div><div class=\"icon_text_holder\" style=\"\"><div class=\"icon_text_inner\" style=\"\"><h4 class=\"icon_title\" style=\"\"><b>Materiais feitos \u00e0 m\u00e3o<\/b><\/h4><p style=''><br>Todos os materiais incorporados durante a renova\u00e7\u00e3o s\u00e3o artesanais e amigos do ambiente, desde os tijolos aos azulejos, cada elemento \u00e9 cuidadosamente selecionado pela sua sustentabilidade. Para al\u00e9m disso, a maior parte do nosso mobili\u00e1rio \u00e9 feito a partir de madeira recuperada e m\u00f3veis restaurados, combinando est\u00e9tica e responsabilidade ecol\u00f3gica.<\/p><\/div><\/div><\/div>\t\t\t\t<\/div>\n\t\t\t\t<\/div>\n\t\t\t\t\t<\/div>\n\t\t\t\t<\/div>\n\t\t\t\t<\/div>\n\t\t<div class=\"elementor-element elementor-element-6b287ba e-con-full e-flex parallax_section_no qode_elementor_container_no e-con e-parent\" data-id=\"6b287ba\" data-element_type=\"container\" data-settings=\"{&quot;background_background&quot;:&quot;slideshow&quot;,&quot;background_slideshow_gallery&quot;:[],&quot;background_slideshow_loop&quot;:&quot;yes&quot;,&quot;background_slideshow_slide_duration&quot;:5000,&quot;background_slideshow_slide_transition&quot;:&quot;fade&quot;,&quot;background_slideshow_transition_duration&quot;:500}\">\n\t\t<div class=\"elementor-element elementor-element-169370d e-grid e-con-boxed parallax_section_no qode_elementor_container_no e-con e-child\" data-id=\"169370d\" data-element_type=\"container\">\n\t\t\t\t\t<div class=\"e-con-inner\">\n\t\t\t\t<div class=\"elementor-element elementor-element-c41f1fc elementor-widget elementor-widget-image\" data-id=\"c41f1fc\" data-element_type=\"widget\" data-widget_type=\"image.default\">\n\t\t\t\t<div class=\"elementor-widget-container\">\n\t\t\t\t\t\t\t\t\t\t\t\t\t\t\t<img decoding=\"async\" width=\"570\" height=\"570\" src=\"https:\/\/greenpatio.es\/wp-content\/uploads\/2024\/11\/1b_imprenta-1-570x570.jpg\" class=\"attachment-portfolio-square size-portfolio-square wp-image-149314\" alt=\"\" srcset=\"https:\/\/greenpatio.es\/wp-content\/uploads\/2024\/11\/1b_imprenta-1-570x570.jpg 570w, https:\/\/greenpatio.es\/wp-content\/uploads\/2024\/11\/1b_imprenta-1-150x150.jpg 150w, https:\/\/greenpatio.es\/wp-content\/uploads\/2024\/11\/1b_imprenta-1-500x500.jpg 500w, https:\/\/greenpatio.es\/wp-content\/uploads\/2024\/11\/1b_imprenta-1-1000x1000.jpg 1000w, https:\/\/greenpatio.es\/wp-content\/uploads\/2024\/11\/1b_imprenta-1-650x650.jpg 650w, https:\/\/greenpatio.es\/wp-content\/uploads\/2024\/11\/1b_imprenta-1-1300x1300.jpg 1300w\" sizes=\"(max-width: 570px) 100vw, 570px\" \/>\t\t\t\t\t\t\t\t\t\t\t\t\t\t\t<\/div>\n\t\t\t\t<\/div>\n\t\t\t\t<div class=\"elementor-element elementor-element-1eda559 elementor-drop-cap-yes elementor-drop-cap-view-default elementor-widget elementor-widget-text-editor\" data-id=\"1eda559\" data-element_type=\"widget\" data-settings=\"{&quot;drop_cap&quot;:&quot;yes&quot;}\" data-widget_type=\"text-editor.default\">\n\t\t\t\t<div class=\"elementor-widget-container\">\n\t\t\t\t\t\t\t\t\t<h5 style=\"line-height: 1.5;\" class=\"translation-block\">Esta transforma\u00e7\u00e3o transforma a <u>antiga prensa de impress\u00e3o num espa\u00e7o de eventos funcional e esteticamente apelativo<\/u>; e estabelece o padr\u00e3o de sustentabilidade e responsabilidade ambiental na ind\u00fastria.<br><br>A empresa n\u00e3o s\u00f3 revitalizou um edif\u00edcio hist\u00f3rico, como o fez de uma forma que respeita e protege o nosso ambiente para as gera\u00e7\u00f5es futuras.<\/h5>\t\t\t\t\t\t\t\t<\/div>\n\t\t\t\t<\/div>\n\t\t\t\t\t<\/div>\n\t\t\t\t<\/div>\n\t\t<div class=\"elementor-element elementor-element-7fc190c e-grid e-con-boxed parallax_section_no qode_elementor_container_no e-con e-child\" data-id=\"7fc190c\" data-element_type=\"container\">\n\t\t\t\t\t<div class=\"e-con-inner\">\n\t\t\t\t<div class=\"elementor-element elementor-element-cab04c3 elementor-drop-cap-yes elementor-drop-cap-view-default elementor-widget elementor-widget-text-editor\" data-id=\"cab04c3\" data-element_type=\"widget\" data-settings=\"{&quot;drop_cap&quot;:&quot;yes&quot;}\" data-widget_type=\"text-editor.default\">\n\t\t\t\t<div class=\"elementor-widget-container\">\n\t\t\t\t\t\t\t\t\t<h5 style=\"line-height: 1.5;\">No Green Patio, o nosso compromisso com o ambiente vai mais longe. Em 2025, iremos efetuar uma grande transforma\u00e7\u00e3o nas nossas instala\u00e7\u00f5es de La Imprenta, convertendo-as num espa\u00e7o de emiss\u00f5es zero. Iremos implementar sistemas de energia solar e de baterias, alcan\u00e7ando assim a autossufici\u00eancia energ\u00e9tica.<br \/><br \/><br \/>Com estas melhorias, ofereceremos aos nossos clientes a oportunidade de organizar eventos totalmente sustent\u00e1veis, sem comprometer a qualidade ou a experi\u00eancia. No Green Patio, trabalhamos para que cada evento seja n\u00e3o s\u00f3 bem sucedido, mas tamb\u00e9m amigo do planeta.<\/h5>\t\t\t\t\t\t\t\t<\/div>\n\t\t\t\t<\/div>\n\t\t\t\t<div class=\"elementor-element elementor-element-aa6ec4c elementor-widget elementor-widget-image\" data-id=\"aa6ec4c\" data-element_type=\"widget\" data-widget_type=\"image.default\">\n\t\t\t\t<div class=\"elementor-widget-container\">\n\t\t\t\t\t\t\t\t\t\t\t\t\t\t\t<img decoding=\"async\" width=\"1024\" height=\"683\" src=\"https:\/\/greenpatio.es\/wp-content\/uploads\/2024\/11\/linecar_compromiso_medioambiente_cero_emisiones-1024x683.jpg\" class=\"attachment-large size-large wp-image-147928\" alt=\"\" srcset=\"https:\/\/greenpatio.es\/wp-content\/uploads\/2024\/11\/linecar_compromiso_medioambiente_cero_emisiones-1024x683.jpg 1024w, https:\/\/greenpatio.es\/wp-content\/uploads\/2024\/11\/linecar_compromiso_medioambiente_cero_emisiones-300x200.jpg 300w, https:\/\/greenpatio.es\/wp-content\/uploads\/2024\/11\/linecar_compromiso_medioambiente_cero_emisiones-768x512.jpg 768w, https:\/\/greenpatio.es\/wp-content\/uploads\/2024\/11\/linecar_compromiso_medioambiente_cero_emisiones-1536x1025.jpg 1536w, https:\/\/greenpatio.es\/wp-content\/uploads\/2024\/11\/linecar_compromiso_medioambiente_cero_emisiones-700x467.jpg 700w, https:\/\/greenpatio.es\/wp-content\/uploads\/2024\/11\/linecar_compromiso_medioambiente_cero_emisiones.jpg 1920w\" sizes=\"(max-width: 1024px) 100vw, 1024px\" \/>\t\t\t\t\t\t\t\t\t\t\t\t\t\t\t<\/div>\n\t\t\t\t<\/div>\n\t\t\t\t\t<\/div>\n\t\t\t\t<\/div>\n\t\t\t\t<\/div>\n\t\t\t\t<\/div>","protected":false},"excerpt":{"rendered":"<p>Sustentabilidade HOME \/ SUSTENTABILIDADE O...<\/p>","protected":false},"author":1,"featured_media":0,"parent":0,"menu_order":0,"comment_status":"closed","ping_status":"closed","template":"full_width.php","meta":{"_monsterinsights_skip_tracking":false,"_monsterinsights_sitenote_active":false,"_monsterinsights_sitenote_note":"","_monsterinsights_sitenote_category":0,"footnotes":""},"class_list":["post-147221","page","type-page","status-publish","hentry"],"yoast_head":"<!-- This site is optimized with the Yoast SEO plugin v24.0 - https:\/\/yoast.com\/wordpress\/plugins\/seo\/ -->\n<title>Sostenibilidad - Green Patio<\/title>\n<meta name=\"description\" content=\"Explora los servicios de alquiler de ESPACIOS SOSTENIBLES para eventos de Green Patio. Espacios \u00fanicos para eventos corporativos en Madrid.\" \/>\n<meta name=\"robots\" content=\"index, follow, max-snippet:-1, max-image-preview:large, max-video-preview:-1\" \/>\n<link rel=\"canonical\" href=\"https:\/\/greenpatio.es\/pt\/sostenibilidad\/\" \/>\n<meta property=\"og:locale\" content=\"pt_PT\" \/>\n<meta property=\"og:type\" content=\"article\" \/>\n<meta property=\"og:title\" content=\"Sostenibilidad - Green Patio\" \/>\n<meta property=\"og:description\" content=\"Explora los servicios de alquiler de ESPACIOS SOSTENIBLES para eventos de Green Patio. Espacios \u00fanicos para eventos corporativos en Madrid.\" \/>\n<meta property=\"og:url\" content=\"https:\/\/greenpatio.es\/pt\/sostenibilidad\/\" \/>\n<meta property=\"og:site_name\" content=\"Green Patio\" \/>\n<meta property=\"article:modified_time\" content=\"2024-12-10T11:48:47+00:00\" \/>\n<meta property=\"og:image\" content=\"https:\/\/web.greenpatio.es\/wp-content\/uploads\/2024\/11\/Capa-1-1.png\" \/>\n<meta name=\"twitter:card\" content=\"summary_large_image\" \/>\n<meta name=\"twitter:label1\" content=\"Tempo estimado de leitura\" \/>\n\t<meta name=\"twitter:data1\" content=\"3 minutos\" \/>\n<script type=\"application\/ld+json\" class=\"yoast-schema-graph\">{\"@context\":\"https:\/\/schema.org\",\"@graph\":[{\"@type\":\"NewsArticle\",\"@id\":\"https:\/\/greenpatio.es\/sostenibilidad\/#article\",\"isPartOf\":{\"@id\":\"https:\/\/greenpatio.es\/sostenibilidad\/\"},\"author\":{\"name\":\"admin\",\"@id\":\"https:\/\/greenpatio.es\/#\/schema\/person\/85538d898e3b9d8195d05f58aa605b8d\"},\"headline\":\"Sostenibilidad\",\"datePublished\":\"2024-11-12T15:58:50+00:00\",\"dateModified\":\"2024-12-10T11:48:47+00:00\",\"mainEntityOfPage\":{\"@id\":\"https:\/\/greenpatio.es\/sostenibilidad\/\"},\"wordCount\":393,\"publisher\":{\"@id\":\"https:\/\/greenpatio.es\/#organization\"},\"image\":{\"@id\":\"https:\/\/greenpatio.es\/sostenibilidad\/#primaryimage\"},\"thumbnailUrl\":\"https:\/\/web.greenpatio.es\/wp-content\/uploads\/2024\/11\/Capa-1-1.png\",\"inLanguage\":\"pt-PT\"},{\"@type\":\"WebPage\",\"@id\":\"https:\/\/greenpatio.es\/sostenibilidad\/\",\"url\":\"https:\/\/greenpatio.es\/sostenibilidad\/\",\"name\":\"Sostenibilidad - Green Patio\",\"isPartOf\":{\"@id\":\"https:\/\/greenpatio.es\/#website\"},\"primaryImageOfPage\":{\"@id\":\"https:\/\/greenpatio.es\/sostenibilidad\/#primaryimage\"},\"image\":{\"@id\":\"https:\/\/greenpatio.es\/sostenibilidad\/#primaryimage\"},\"thumbnailUrl\":\"https:\/\/web.greenpatio.es\/wp-content\/uploads\/2024\/11\/Capa-1-1.png\",\"datePublished\":\"2024-11-12T15:58:50+00:00\",\"dateModified\":\"2024-12-10T11:48:47+00:00\",\"description\":\"Explora los servicios de alquiler de ESPACIOS SOSTENIBLES para eventos de Green Patio. Espacios \u00fanicos para eventos corporativos en Madrid.\",\"breadcrumb\":{\"@id\":\"https:\/\/greenpatio.es\/sostenibilidad\/#breadcrumb\"},\"inLanguage\":\"pt-PT\",\"potentialAction\":[{\"@type\":\"ReadAction\",\"target\":[\"https:\/\/greenpatio.es\/sostenibilidad\/\"]}]},{\"@type\":\"ImageObject\",\"inLanguage\":\"pt-PT\",\"@id\":\"https:\/\/greenpatio.es\/sostenibilidad\/#primaryimage\",\"url\":\"https:\/\/web.greenpatio.es\/wp-content\/uploads\/2024\/11\/Capa-1-1.png\",\"contentUrl\":\"https:\/\/web.greenpatio.es\/wp-content\/uploads\/2024\/11\/Capa-1-1.png\"},{\"@type\":\"BreadcrumbList\",\"@id\":\"https:\/\/greenpatio.es\/sostenibilidad\/#breadcrumb\",\"itemListElement\":[{\"@type\":\"ListItem\",\"position\":1,\"name\":\"Inicio\",\"item\":\"https:\/\/greenpatio.es\/\"},{\"@type\":\"ListItem\",\"position\":2,\"name\":\"Sostenibilidad\"}]},{\"@type\":\"WebSite\",\"@id\":\"https:\/\/greenpatio.es\/#website\",\"url\":\"https:\/\/greenpatio.es\/\",\"name\":\"Green Patio\",\"description\":\"Espacios para eventos en Madrid\",\"publisher\":{\"@id\":\"https:\/\/greenpatio.es\/#organization\"},\"alternateName\":\"Green Patio - Espacios para eventos en Madrid\",\"potentialAction\":[{\"@type\":\"SearchAction\",\"target\":{\"@type\":\"EntryPoint\",\"urlTemplate\":\"https:\/\/greenpatio.es\/?s={search_term_string}\"},\"query-input\":{\"@type\":\"PropertyValueSpecification\",\"valueRequired\":true,\"valueName\":\"search_term_string\"}}],\"inLanguage\":\"pt-PT\"},{\"@type\":\"Organization\",\"@id\":\"https:\/\/greenpatio.es\/#organization\",\"name\":\"Green Patio\",\"alternateName\":\"Green Patio Espacio para eventos en Madrid\",\"url\":\"https:\/\/greenpatio.es\/\",\"logo\":{\"@type\":\"ImageObject\",\"inLanguage\":\"pt-PT\",\"@id\":\"https:\/\/greenpatio.es\/#\/schema\/logo\/image\/\",\"url\":\"https:\/\/greenpatio.es\/wp-content\/uploads\/2024\/12\/logo-reducido-green-patio.png\",\"contentUrl\":\"https:\/\/greenpatio.es\/wp-content\/uploads\/2024\/12\/logo-reducido-green-patio.png\",\"width\":1465,\"height\":1465,\"caption\":\"Green Patio\"},\"image\":{\"@id\":\"https:\/\/greenpatio.es\/#\/schema\/logo\/image\/\"},\"sameAs\":[\"https:\/\/www.instagram.com\/greenpatioevents\/\"]},{\"@type\":\"Person\",\"@id\":\"https:\/\/greenpatio.es\/#\/schema\/person\/85538d898e3b9d8195d05f58aa605b8d\",\"name\":\"admin\",\"image\":{\"@type\":\"ImageObject\",\"inLanguage\":\"pt-PT\",\"@id\":\"https:\/\/greenpatio.es\/#\/schema\/person\/image\/\",\"url\":\"https:\/\/secure.gravatar.com\/avatar\/dc343822ff32eded78127b9bc70d7a8bc38956142c75c7731c634a64f56fcafe?s=96&d=mm&r=g\",\"contentUrl\":\"https:\/\/secure.gravatar.com\/avatar\/dc343822ff32eded78127b9bc70d7a8bc38956142c75c7731c634a64f56fcafe?s=96&d=mm&r=g\",\"caption\":\"admin\"},\"sameAs\":[\"https:\/\/greenpatio.es\"]}]}<\/script>\n<!-- \/ Yoast SEO plugin. -->","yoast_head_json":{"title":"Sostenibilidad - Green Patio","description":"Explora los servicios de alquiler de ESPACIOS SOSTENIBLES para eventos de Green Patio. Espacios \u00fanicos para eventos corporativos en Madrid.","robots":{"index":"index","follow":"follow","max-snippet":"max-snippet:-1","max-image-preview":"max-image-preview:large","max-video-preview":"max-video-preview:-1"},"canonical":"https:\/\/greenpatio.es\/pt\/sostenibilidad\/","og_locale":"pt_PT","og_type":"article","og_title":"Sostenibilidad - Green Patio","og_description":"Explora los servicios de alquiler de ESPACIOS SOSTENIBLES para eventos de Green Patio. Espacios \u00fanicos para eventos corporativos en Madrid.","og_url":"https:\/\/greenpatio.es\/pt\/sostenibilidad\/","og_site_name":"Green Patio","article_modified_time":"2024-12-10T11:48:47+00:00","og_image":[{"url":"https:\/\/web.greenpatio.es\/wp-content\/uploads\/2024\/11\/Capa-1-1.png","type":"","width":"","height":""}],"twitter_card":"summary_large_image","twitter_misc":{"Tempo estimado de leitura":"3 minutos"},"schema":{"@context":"https:\/\/schema.org","@graph":[{"@type":"NewsArticle","@id":"https:\/\/greenpatio.es\/sostenibilidad\/#article","isPartOf":{"@id":"https:\/\/greenpatio.es\/sostenibilidad\/"},"author":{"name":"admin","@id":"https:\/\/greenpatio.es\/#\/schema\/person\/85538d898e3b9d8195d05f58aa605b8d"},"headline":"Sostenibilidad","datePublished":"2024-11-12T15:58:50+00:00","dateModified":"2024-12-10T11:48:47+00:00","mainEntityOfPage":{"@id":"https:\/\/greenpatio.es\/sostenibilidad\/"},"wordCount":393,"publisher":{"@id":"https:\/\/greenpatio.es\/#organization"},"image":{"@id":"https:\/\/greenpatio.es\/sostenibilidad\/#primaryimage"},"thumbnailUrl":"https:\/\/web.greenpatio.es\/wp-content\/uploads\/2024\/11\/Capa-1-1.png","inLanguage":"pt-PT"},{"@type":"WebPage","@id":"https:\/\/greenpatio.es\/sostenibilidad\/","url":"https:\/\/greenpatio.es\/sostenibilidad\/","name":"Sostenibilidad - Green Patio","isPartOf":{"@id":"https:\/\/greenpatio.es\/#website"},"primaryImageOfPage":{"@id":"https:\/\/greenpatio.es\/sostenibilidad\/#primaryimage"},"image":{"@id":"https:\/\/greenpatio.es\/sostenibilidad\/#primaryimage"},"thumbnailUrl":"https:\/\/web.greenpatio.es\/wp-content\/uploads\/2024\/11\/Capa-1-1.png","datePublished":"2024-11-12T15:58:50+00:00","dateModified":"2024-12-10T11:48:47+00:00","description":"Explora los servicios de alquiler de ESPACIOS SOSTENIBLES para eventos de Green Patio. Espacios \u00fanicos para eventos corporativos en Madrid.","breadcrumb":{"@id":"https:\/\/greenpatio.es\/sostenibilidad\/#breadcrumb"},"inLanguage":"pt-PT","potentialAction":[{"@type":"ReadAction","target":["https:\/\/greenpatio.es\/sostenibilidad\/"]}]},{"@type":"ImageObject","inLanguage":"pt-PT","@id":"https:\/\/greenpatio.es\/sostenibilidad\/#primaryimage","url":"https:\/\/web.greenpatio.es\/wp-content\/uploads\/2024\/11\/Capa-1-1.png","contentUrl":"https:\/\/web.greenpatio.es\/wp-content\/uploads\/2024\/11\/Capa-1-1.png"},{"@type":"BreadcrumbList","@id":"https:\/\/greenpatio.es\/sostenibilidad\/#breadcrumb","itemListElement":[{"@type":"ListItem","position":1,"name":"Inicio","item":"https:\/\/greenpatio.es\/"},{"@type":"ListItem","position":2,"name":"Sostenibilidad"}]},{"@type":"WebSite","@id":"https:\/\/greenpatio.es\/#website","url":"https:\/\/greenpatio.es\/","name":"Green Patio","description":"Espacios para eventos en Madrid","publisher":{"@id":"https:\/\/greenpatio.es\/#organization"},"alternateName":"Green Patio - Espacios para eventos en Madrid","potentialAction":[{"@type":"SearchAction","target":{"@type":"EntryPoint","urlTemplate":"https:\/\/greenpatio.es\/?s={search_term_string}"},"query-input":{"@type":"PropertyValueSpecification","valueRequired":true,"valueName":"search_term_string"}}],"inLanguage":"pt-PT"},{"@type":"Organization","@id":"https:\/\/greenpatio.es\/#organization","name":"Green Patio","alternateName":"Green Patio Espacio para eventos en Madrid","url":"https:\/\/greenpatio.es\/","logo":{"@type":"ImageObject","inLanguage":"pt-PT","@id":"https:\/\/greenpatio.es\/#\/schema\/logo\/image\/","url":"https:\/\/greenpatio.es\/wp-content\/uploads\/2024\/12\/logo-reducido-green-patio.png","contentUrl":"https:\/\/greenpatio.es\/wp-content\/uploads\/2024\/12\/logo-reducido-green-patio.png","width":1465,"height":1465,"caption":"Green Patio"},"image":{"@id":"https:\/\/greenpatio.es\/#\/schema\/logo\/image\/"},"sameAs":["https:\/\/www.instagram.com\/greenpatioevents\/"]},{"@type":"Person","@id":"https:\/\/greenpatio.es\/#\/schema\/person\/85538d898e3b9d8195d05f58aa605b8d","name":"admin","image":{"@type":"ImageObject","inLanguage":"pt-PT","@id":"https:\/\/greenpatio.es\/#\/schema\/person\/image\/","url":"https:\/\/secure.gravatar.com\/avatar\/dc343822ff32eded78127b9bc70d7a8bc38956142c75c7731c634a64f56fcafe?s=96&d=mm&r=g","contentUrl":"https:\/\/secure.gravatar.com\/avatar\/dc343822ff32eded78127b9bc70d7a8bc38956142c75c7731c634a64f56fcafe?s=96&d=mm&r=g","caption":"admin"},"sameAs":["https:\/\/greenpatio.es"]}]}},"_links":{"self":[{"href":"https:\/\/greenpatio.es\/pt\/wp-json\/wp\/v2\/pages\/147221","targetHints":{"allow":["GET"]}}],"collection":[{"href":"https:\/\/greenpatio.es\/pt\/wp-json\/wp\/v2\/pages"}],"about":[{"href":"https:\/\/greenpatio.es\/pt\/wp-json\/wp\/v2\/types\/page"}],"author":[{"embeddable":true,"href":"https:\/\/greenpatio.es\/pt\/wp-json\/wp\/v2\/users\/1"}],"replies":[{"embeddable":true,"href":"https:\/\/greenpatio.es\/pt\/wp-json\/wp\/v2\/comments?post=147221"}],"version-history":[{"count":220,"href":"https:\/\/greenpatio.es\/pt\/wp-json\/wp\/v2\/pages\/147221\/revisions"}],"predecessor-version":[{"id":149317,"href":"https:\/\/greenpatio.es\/pt\/wp-json\/wp\/v2\/pages\/147221\/revisions\/149317"}],"wp:attachment":[{"href":"https:\/\/greenpatio.es\/pt\/wp-json\/wp\/v2\/media?parent=147221"}],"curies":[{"name":"wp","href":"https:\/\/api.w.org\/{rel}","templated":true}]}}