{"id":147566,"date":"2024-11-13T11:09:27","date_gmt":"2024-11-13T11:09:27","guid":{"rendered":"https:\/\/web.greenpatio.es\/?page_id=147566"},"modified":"2024-12-10T11:56:10","modified_gmt":"2024-12-10T11:56:10","slug":"filosofia","status":"publish","type":"page","link":"https:\/\/greenpatio.es\/pt\/filosofia\/","title":{"rendered":"Filosofia"},"content":{"rendered":"<div data-elementor-type=\"wp-page\" data-elementor-id=\"147566\" class=\"elementor elementor-147566\" data-elementor-post-type=\"page\">\n\t\t\t\t<div style=\"background-image: url(https:\/\/greenpatio.es\/wp-content\/uploads\/2020\/04\/aboutus-title-img.jpg);\" class=\"parallax_section_holder elementor-element elementor-element-864868b e-con-full parallax_section_holder e-flex qode_elementor_container_no e-con e-parent\" data-speed=\"0\" data-id=\"864868b\" data-element_type=\"container\" data-settings=\"{&quot;background_background&quot;:&quot;classic&quot;,&quot;qode_parallax_image&quot;:{&quot;url&quot;:&quot;https:\\\/\\\/greenpatio.es\\\/wp-content\\\/uploads\\\/2020\\\/04\\\/aboutus-title-img.jpg&quot;,&quot;id&quot;:1639,&quot;size&quot;:&quot;&quot;,&quot;alt&quot;:&quot;a&quot;,&quot;source&quot;:&quot;library&quot;}}\">\n\t\t\t\t<div class=\"elementor-element elementor-element-53f7377 elementor-widget elementor-widget-qi_addons_for_elementor_section_title\" data-id=\"53f7377\" data-element_type=\"widget\" data-widget_type=\"qi_addons_for_elementor_section_title.default\">\n\t\t\t\t<div class=\"elementor-widget-container\">\n\t\t\t\t\t<div class=\"qodef-shortcode qodef-m  qodef-qi-section-title  qodef-decoration--italic  qodef-link--underline-draw qodef-subtitle-icon--left\">\n\t\t\t\t\t\t<h1 class=\"qodef-m-title\">\n\t\tFilosofia<br><h6 style=\"color:white\">IN\u00cdCIO \/ FILOSOFIA<\/6>\t<\/h1>\n\t\t\t<\/div>\n\t\t\t\t<\/div>\n\t\t\t\t<\/div>\n\t\t\t\t<\/div>\n\t\t<div class=\"elementor-element elementor-element-d57676d e-flex e-con-boxed parallax_section_no qode_elementor_container_no e-con e-parent\" data-id=\"d57676d\" data-element_type=\"container\">\n\t\t\t\t\t<div class=\"e-con-inner\">\n\t\t\t\t<div class=\"elementor-element elementor-element-ec8c430 elementor-invisible elementor-widget elementor-widget-heading\" data-id=\"ec8c430\" data-element_type=\"widget\" data-settings=\"{&quot;_animation&quot;:&quot;fadeIn&quot;}\" data-widget_type=\"heading.default\">\n\t\t\t\t<div class=\"elementor-widget-container\">\n\t\t\t\t\t<span class=\"elementor-heading-title elementor-size-default\">ORIGEM DO TERMO<\/span>\t\t\t\t<\/div>\n\t\t\t\t<\/div>\n\t\t\t\t<div class=\"elementor-element elementor-element-2279355 animated-slow elementor-invisible elementor-widget elementor-widget-heading\" data-id=\"2279355\" data-element_type=\"widget\" data-settings=\"{&quot;_animation&quot;:&quot;fadeIn&quot;}\" data-widget_type=\"heading.default\">\n\t\t\t\t<div class=\"elementor-widget-container\">\n\t\t\t\t\t<h1 class=\"elementor-heading-title elementor-size-default\"><u style=\"color:#808336 !important\">GREEN<\/u> <u>PATIO<\/u><\/h1>\t\t\t\t<\/div>\n\t\t\t\t<\/div>\n\t\t\t\t\t<\/div>\n\t\t\t\t<\/div>\n\t\t<div class=\"elementor-element elementor-element-fbc65d3 e-flex e-con-boxed parallax_section_no qode_elementor_container_no e-con e-parent\" data-id=\"fbc65d3\" data-element_type=\"container\">\n\t\t\t\t\t<div class=\"e-con-inner\">\n\t\t<div class=\"elementor-element elementor-element-a30ecd6 e-con-full e-flex parallax_section_no qode_elementor_container_no e-con e-child\" data-id=\"a30ecd6\" data-element_type=\"container\">\n\t\t\t\t<div class=\"elementor-element elementor-element-fc64d7f animated-slow elementor-invisible elementor-widget elementor-widget-text-editor\" data-id=\"fc64d7f\" data-element_type=\"widget\" data-settings=\"{&quot;_animation&quot;:&quot;fadeIn&quot;}\" data-widget_type=\"text-editor.default\">\n\t\t\t\t<div class=\"elementor-widget-container\">\n\t\t\t\t\t\t\t\t\t<h4 style=\"color: #808336; line-height: 1.5;\">A palavra <b>\u00abGREEN\u00bb<\/b> representa a nossa dedica\u00e7\u00e3o \u00e0 sustentabilidade e ao respeito pelo ambiente. Estes factores s\u00e3o pilares fundamentais da nossa filosofia e influenciaram a arquitetura e a ess\u00eancia dos nossos espa\u00e7os.<\/h4>\t\t\t\t\t\t\t\t<\/div>\n\t\t\t\t<\/div>\n\t\t\t\t<\/div>\n\t\t<div class=\"elementor-element elementor-element-e8f7396 e-con-full e-flex parallax_section_no qode_elementor_container_no e-con e-child\" data-id=\"e8f7396\" data-element_type=\"container\">\n\t\t\t\t<div class=\"elementor-element elementor-element-a477ac5 animated-slow elementor-invisible elementor-widget elementor-widget-text-editor\" data-id=\"a477ac5\" data-element_type=\"widget\" data-settings=\"{&quot;_animation&quot;:&quot;fadeIn&quot;}\" data-widget_type=\"text-editor.default\">\n\t\t\t\t<div class=\"elementor-widget-container\">\n\t\t\t\t\t\t\t\t\t<h4 style=\"line-height: 1.5;\">A palavra <b>\u00abPATIO\u00bb<\/b> \u00e9 inspirado na tradi\u00e7\u00e3o andaluza, onde os p\u00e1tios s\u00e3o o cora\u00e7\u00e3o da casa e o local onde ocorrem os momentos e as mem\u00f3rias mais importantes.<\/h4>\t\t\t\t\t\t\t\t<\/div>\n\t\t\t\t<\/div>\n\t\t\t\t<\/div>\n\t\t\t\t\t<\/div>\n\t\t\t\t<\/div>\n\t\t<div class=\"elementor-element elementor-element-833d6f8 e-flex e-con-boxed parallax_section_no qode_elementor_container_no e-con e-parent\" data-id=\"833d6f8\" data-element_type=\"container\">\n\t\t\t\t\t<div class=\"e-con-inner\">\n\t\t<div class=\"elementor-element elementor-element-3e8d9d5 e-con-full e-flex parallax_section_no qode_elementor_container_no e-con e-child\" data-id=\"3e8d9d5\" data-element_type=\"container\">\n\t\t\t\t<div class=\"elementor-element elementor-element-4ede19e animated-slow elementor-invisible elementor-widget elementor-widget-text-editor\" data-id=\"4ede19e\" data-element_type=\"widget\" data-settings=\"{&quot;_animation&quot;:&quot;fadeIn&quot;}\" data-widget_type=\"text-editor.default\">\n\t\t\t\t<div class=\"elementor-widget-container\">\n\t\t\t\t\t\t\t\t\t<h4 class=\"qodef-m-title\" style=\"text-align: center; height: 1.5px;\">O nome \"GREEN PATIO\" reflecte a ess\u00eancia da marca, fundindo o nosso compromisso ecol\u00f3gico com o calor e a tradi\u00e7\u00e3o dos p\u00e1tios andaluzes, espa\u00e7os onde se partilham momentos \u00fanicos.<\/h4>\t\t\t\t\t\t\t\t<\/div>\n\t\t\t\t<\/div>\n\t\t\t\t<\/div>\n\t\t\t\t\t<\/div>\n\t\t\t\t<\/div>\n\t\t<div style=\"background-image: url(https:\/\/greenpatio.es\/wp-content\/uploads\/2020\/04\/ourservices-parallax-img.jpg);\" class=\"parallax_section_holder elementor-element elementor-element-7948ef3 e-con-full parallax_section_holder e-flex qode_elementor_container_no e-con e-parent\" data-speed=\"0\" data-id=\"7948ef3\" data-element_type=\"container\" data-settings=\"{&quot;qode_parallax_image&quot;:{&quot;url&quot;:&quot;https:\\\/\\\/greenpatio.es\\\/wp-content\\\/uploads\\\/2020\\\/04\\\/ourservices-parallax-img.jpg&quot;,&quot;id&quot;:2149,&quot;size&quot;:&quot;&quot;,&quot;alt&quot;:&quot;a&quot;,&quot;source&quot;:&quot;library&quot;},&quot;background_background&quot;:&quot;slideshow&quot;,&quot;background_slideshow_gallery&quot;:[{&quot;id&quot;:148757,&quot;url&quot;:&quot;https:\\\/\\\/greenpatio.es\\\/wp-content\\\/uploads\\\/2024\\\/11\\\/Proyecto-nuevo-1.jpg&quot;}],&quot;background_slideshow_loop&quot;:&quot;yes&quot;,&quot;background_slideshow_slide_duration&quot;:5000,&quot;background_slideshow_slide_transition&quot;:&quot;fade&quot;,&quot;background_slideshow_transition_duration&quot;:500}\">\n\t\t\t\t<\/div>\n\t\t<div class=\"elementor-element elementor-element-2a44225 e-grid e-con-boxed parallax_section_no qode_elementor_container_no e-con e-parent\" data-id=\"2a44225\" data-element_type=\"container\">\n\t\t\t\t\t<div class=\"e-con-inner\">\n\t\t\t\t<div class=\"elementor-element elementor-element-0a5d853 elementor-widget elementor-widget-text-editor\" data-id=\"0a5d853\" data-element_type=\"widget\" data-widget_type=\"text-editor.default\">\n\t\t\t\t<div class=\"elementor-widget-container\">\n\t\t\t\t\t\t\t\t\t<p>Em <strong>Green Patio <\/strong>oferecemos espa\u00e7os \u00fanicos e vers\u00e1teis para eventos empresariais. Os nossos espa\u00e7os s\u00e3o cuidadosamente concebidos para se adaptarem \u00e0s suas necessidades e tornarem-se o cen\u00e1rio ideal para eventos \u00fanicos e memor\u00e1veis.<\/p><p>Escolher <strong>Green Patio<\/strong> para o seu evento \u00e9 sin\u00f3nimo de op\u00e7\u00e3o pela excel\u00eancia e responsabilidade ambiental. Procuramos oferecer aos nossos clientes uma experi\u00eancia \u00fanica, combinando exclusividade e grande aten\u00e7\u00e3o ao pormenor.<\/p>\t\t\t\t\t\t\t\t<\/div>\n\t\t\t\t<\/div>\n\t\t\t\t<div class=\"elementor-element elementor-element-54f3a98 elementor-widget elementor-widget-text-editor\" data-id=\"54f3a98\" data-element_type=\"widget\" data-widget_type=\"text-editor.default\">\n\t\t\t\t<div class=\"elementor-widget-container\">\n\t\t\t\t\t\t\t\t\t<p><strong>Criar novos padr\u00f5es de servi\u00e7o ao cliente.<\/strong><\/p><p>O servi\u00e7o ao cliente \u00e9 a nossa prioridade. Desde o primeiro contacto, os nossos clientes recebem um tratamento personalizado e pr\u00f3ximo. Esfor\u00e7amo-nos por compreender as suas necessidades espec\u00edficas e propomos solu\u00e7\u00f5es flex\u00edveis que respondem perfeitamente \u00e0s suas expectativas.<\/p><p>\u00a0<\/p><p>A nossa equipa est\u00e1 sempre dispon\u00edvel para responder a quaisquer perguntas e prestar apoio em todas as fases do processo, desde o planeamento inicial at\u00e9 \u00e0 conclus\u00e3o do evento.<\/p>\t\t\t\t\t\t\t\t<\/div>\n\t\t\t\t<\/div>\n\t\t\t\t<div class=\"elementor-element elementor-element-7edbc09 elementor-widget elementor-widget-text-editor\" data-id=\"7edbc09\" data-element_type=\"widget\" data-widget_type=\"text-editor.default\">\n\t\t\t\t<div class=\"elementor-widget-container\">\n\t\t\t\t\t\t\t\t\t<p>A experi\u00eancia do Green Patio na gest\u00e3o de grandes eventos empresariais \u00e9 prova do nosso profissionalismo e dedica\u00e7\u00e3o a todos os pormenores. Tratamos de todos os aspectos log\u00edsticos, incluindo a disposi\u00e7\u00e3o do espa\u00e7o, a coordena\u00e7\u00e3o do equipamento audiovisual, o catering, o mobili\u00e1rio, a decora\u00e7\u00e3o, se necess\u00e1rio, e quaisquer outras necessidades espec\u00edficas do evento.<\/p><p>\u00a0<\/p><p>Asseguramos que tudo corre sem problemas, permitindo que os nossos clientes se concentrem no que \u00e9 mais importante: <strong>o sucesso do seu evento.<\/strong><\/p>\t\t\t\t\t\t\t\t<\/div>\n\t\t\t\t<\/div>\n\t\t\t\t\t<\/div>\n\t\t\t\t<\/div>\n\t\t\t\t<\/div>","protected":false},"excerpt":{"rendered":"<p>Filosof\u00eda INICIO \/ FILOSOF\u00cdA ORIGEN&#8230;<\/p>","protected":false},"author":1,"featured_media":147848,"parent":0,"menu_order":0,"comment_status":"closed","ping_status":"closed","template":"full_width.php","meta":{"_monsterinsights_skip_tracking":false,"_monsterinsights_sitenote_active":false,"_monsterinsights_sitenote_note":"","_monsterinsights_sitenote_category":0,"footnotes":""},"class_list":["post-147566","page","type-page","status-publish","has-post-thumbnail","hentry"],"yoast_head":"<!-- This site is optimized with the Yoast SEO plugin v24.0 - https:\/\/yoast.com\/wordpress\/plugins\/seo\/ -->\n<title>Filosof\u00eda - Green Patio - Espacios \u00fanicos<\/title>\n<meta name=\"description\" content=\"En Green Patio ofrecemos espacios \u00fanicos y vers\u00e1tiles para eventos corporativos. Espacios \u00fanicos dise\u00f1ados para adaptarse a sus necesidades.\" \/>\n<meta name=\"robots\" content=\"index, follow, max-snippet:-1, max-image-preview:large, max-video-preview:-1\" \/>\n<link rel=\"canonical\" href=\"https:\/\/greenpatio.es\/pt\/filosofia\/\" \/>\n<meta property=\"og:locale\" content=\"pt_PT\" \/>\n<meta property=\"og:type\" content=\"article\" \/>\n<meta property=\"og:title\" content=\"Filosof\u00eda - Green Patio - Espacios \u00fanicos\" \/>\n<meta property=\"og:description\" content=\"En Green Patio ofrecemos espacios \u00fanicos y vers\u00e1tiles para eventos corporativos. Espacios \u00fanicos dise\u00f1ados para adaptarse a sus necesidades.\" \/>\n<meta property=\"og:url\" content=\"https:\/\/greenpatio.es\/pt\/filosofia\/\" \/>\n<meta property=\"og:site_name\" content=\"Green Patio\" \/>\n<meta property=\"article:modified_time\" content=\"2024-12-10T11:56:10+00:00\" \/>\n<meta property=\"og:image\" content=\"https:\/\/greenpatio.es\/wp-content\/uploads\/2024\/11\/GP.jpg\" \/>\n\t<meta property=\"og:image:width\" content=\"1920\" \/>\n\t<meta property=\"og:image:height\" content=\"1000\" \/>\n\t<meta property=\"og:image:type\" content=\"image\/jpeg\" \/>\n<meta name=\"twitter:card\" content=\"summary_large_image\" \/>\n<meta name=\"twitter:label1\" content=\"Tempo estimado de leitura\" \/>\n\t<meta name=\"twitter:data1\" content=\"2 minutos\" \/>\n<script type=\"application\/ld+json\" class=\"yoast-schema-graph\">{\"@context\":\"https:\/\/schema.org\",\"@graph\":[{\"@type\":\"NewsArticle\",\"@id\":\"https:\/\/greenpatio.es\/filosofia\/#article\",\"isPartOf\":{\"@id\":\"https:\/\/greenpatio.es\/filosofia\/\"},\"author\":{\"name\":\"admin\",\"@id\":\"https:\/\/greenpatio.es\/#\/schema\/person\/85538d898e3b9d8195d05f58aa605b8d\"},\"headline\":\"Filosof\u00eda\",\"datePublished\":\"2024-11-13T11:09:27+00:00\",\"dateModified\":\"2024-12-10T11:56:10+00:00\",\"mainEntityOfPage\":{\"@id\":\"https:\/\/greenpatio.es\/filosofia\/\"},\"wordCount\":344,\"publisher\":{\"@id\":\"https:\/\/greenpatio.es\/#organization\"},\"image\":{\"@id\":\"https:\/\/greenpatio.es\/filosofia\/#primaryimage\"},\"thumbnailUrl\":\"https:\/\/greenpatio.es\/wp-content\/uploads\/2024\/11\/GP.jpg\",\"inLanguage\":\"pt-PT\"},{\"@type\":\"WebPage\",\"@id\":\"https:\/\/greenpatio.es\/filosofia\/\",\"url\":\"https:\/\/greenpatio.es\/filosofia\/\",\"name\":\"Filosof\u00eda - Green Patio - Espacios \u00fanicos\",\"isPartOf\":{\"@id\":\"https:\/\/greenpatio.es\/#website\"},\"primaryImageOfPage\":{\"@id\":\"https:\/\/greenpatio.es\/filosofia\/#primaryimage\"},\"image\":{\"@id\":\"https:\/\/greenpatio.es\/filosofia\/#primaryimage\"},\"thumbnailUrl\":\"https:\/\/greenpatio.es\/wp-content\/uploads\/2024\/11\/GP.jpg\",\"datePublished\":\"2024-11-13T11:09:27+00:00\",\"dateModified\":\"2024-12-10T11:56:10+00:00\",\"description\":\"En Green Patio ofrecemos espacios \u00fanicos y vers\u00e1tiles para eventos corporativos. Espacios \u00fanicos dise\u00f1ados para adaptarse a sus necesidades.\",\"breadcrumb\":{\"@id\":\"https:\/\/greenpatio.es\/filosofia\/#breadcrumb\"},\"inLanguage\":\"pt-PT\",\"potentialAction\":[{\"@type\":\"ReadAction\",\"target\":[\"https:\/\/greenpatio.es\/filosofia\/\"]}]},{\"@type\":\"ImageObject\",\"inLanguage\":\"pt-PT\",\"@id\":\"https:\/\/greenpatio.es\/filosofia\/#primaryimage\",\"url\":\"https:\/\/greenpatio.es\/wp-content\/uploads\/2024\/11\/GP.jpg\",\"contentUrl\":\"https:\/\/greenpatio.es\/wp-content\/uploads\/2024\/11\/GP.jpg\",\"width\":1920,\"height\":1000},{\"@type\":\"BreadcrumbList\",\"@id\":\"https:\/\/greenpatio.es\/filosofia\/#breadcrumb\",\"itemListElement\":[{\"@type\":\"ListItem\",\"position\":1,\"name\":\"Inicio\",\"item\":\"https:\/\/greenpatio.es\/\"},{\"@type\":\"ListItem\",\"position\":2,\"name\":\"Filosof\u00eda\"}]},{\"@type\":\"WebSite\",\"@id\":\"https:\/\/greenpatio.es\/#website\",\"url\":\"https:\/\/greenpatio.es\/\",\"name\":\"Green Patio\",\"description\":\"Espacios para eventos en Madrid\",\"publisher\":{\"@id\":\"https:\/\/greenpatio.es\/#organization\"},\"alternateName\":\"Green Patio - Espacios para eventos en Madrid\",\"potentialAction\":[{\"@type\":\"SearchAction\",\"target\":{\"@type\":\"EntryPoint\",\"urlTemplate\":\"https:\/\/greenpatio.es\/?s={search_term_string}\"},\"query-input\":{\"@type\":\"PropertyValueSpecification\",\"valueRequired\":true,\"valueName\":\"search_term_string\"}}],\"inLanguage\":\"pt-PT\"},{\"@type\":\"Organization\",\"@id\":\"https:\/\/greenpatio.es\/#organization\",\"name\":\"Green Patio\",\"alternateName\":\"Green Patio Espacio para eventos en Madrid\",\"url\":\"https:\/\/greenpatio.es\/\",\"logo\":{\"@type\":\"ImageObject\",\"inLanguage\":\"pt-PT\",\"@id\":\"https:\/\/greenpatio.es\/#\/schema\/logo\/image\/\",\"url\":\"https:\/\/greenpatio.es\/wp-content\/uploads\/2024\/12\/logo-reducido-green-patio.png\",\"contentUrl\":\"https:\/\/greenpatio.es\/wp-content\/uploads\/2024\/12\/logo-reducido-green-patio.png\",\"width\":1465,\"height\":1465,\"caption\":\"Green Patio\"},\"image\":{\"@id\":\"https:\/\/greenpatio.es\/#\/schema\/logo\/image\/\"},\"sameAs\":[\"https:\/\/www.instagram.com\/greenpatioevents\/\"]},{\"@type\":\"Person\",\"@id\":\"https:\/\/greenpatio.es\/#\/schema\/person\/85538d898e3b9d8195d05f58aa605b8d\",\"name\":\"admin\",\"image\":{\"@type\":\"ImageObject\",\"inLanguage\":\"pt-PT\",\"@id\":\"https:\/\/greenpatio.es\/#\/schema\/person\/image\/\",\"url\":\"https:\/\/secure.gravatar.com\/avatar\/dc343822ff32eded78127b9bc70d7a8bc38956142c75c7731c634a64f56fcafe?s=96&d=mm&r=g\",\"contentUrl\":\"https:\/\/secure.gravatar.com\/avatar\/dc343822ff32eded78127b9bc70d7a8bc38956142c75c7731c634a64f56fcafe?s=96&d=mm&r=g\",\"caption\":\"admin\"},\"sameAs\":[\"https:\/\/greenpatio.es\"]}]}<\/script>\n<!-- \/ Yoast SEO plugin. -->","yoast_head_json":{"title":"Filosof\u00eda - Green Patio - Espacios \u00fanicos","description":"En Green Patio ofrecemos espacios \u00fanicos y vers\u00e1tiles para eventos corporativos. Espacios \u00fanicos dise\u00f1ados para adaptarse a sus necesidades.","robots":{"index":"index","follow":"follow","max-snippet":"max-snippet:-1","max-image-preview":"max-image-preview:large","max-video-preview":"max-video-preview:-1"},"canonical":"https:\/\/greenpatio.es\/pt\/filosofia\/","og_locale":"pt_PT","og_type":"article","og_title":"Filosof\u00eda - Green Patio - Espacios \u00fanicos","og_description":"En Green Patio ofrecemos espacios \u00fanicos y vers\u00e1tiles para eventos corporativos. Espacios \u00fanicos dise\u00f1ados para adaptarse a sus necesidades.","og_url":"https:\/\/greenpatio.es\/pt\/filosofia\/","og_site_name":"Green Patio","article_modified_time":"2024-12-10T11:56:10+00:00","og_image":[{"width":1920,"height":1000,"url":"https:\/\/greenpatio.es\/wp-content\/uploads\/2024\/11\/GP.jpg","type":"image\/jpeg"}],"twitter_card":"summary_large_image","twitter_misc":{"Tempo estimado de leitura":"2 minutos"},"schema":{"@context":"https:\/\/schema.org","@graph":[{"@type":"NewsArticle","@id":"https:\/\/greenpatio.es\/filosofia\/#article","isPartOf":{"@id":"https:\/\/greenpatio.es\/filosofia\/"},"author":{"name":"admin","@id":"https:\/\/greenpatio.es\/#\/schema\/person\/85538d898e3b9d8195d05f58aa605b8d"},"headline":"Filosof\u00eda","datePublished":"2024-11-13T11:09:27+00:00","dateModified":"2024-12-10T11:56:10+00:00","mainEntityOfPage":{"@id":"https:\/\/greenpatio.es\/filosofia\/"},"wordCount":344,"publisher":{"@id":"https:\/\/greenpatio.es\/#organization"},"image":{"@id":"https:\/\/greenpatio.es\/filosofia\/#primaryimage"},"thumbnailUrl":"https:\/\/greenpatio.es\/wp-content\/uploads\/2024\/11\/GP.jpg","inLanguage":"pt-PT"},{"@type":"WebPage","@id":"https:\/\/greenpatio.es\/filosofia\/","url":"https:\/\/greenpatio.es\/filosofia\/","name":"Filosof\u00eda - Green Patio - Espacios \u00fanicos","isPartOf":{"@id":"https:\/\/greenpatio.es\/#website"},"primaryImageOfPage":{"@id":"https:\/\/greenpatio.es\/filosofia\/#primaryimage"},"image":{"@id":"https:\/\/greenpatio.es\/filosofia\/#primaryimage"},"thumbnailUrl":"https:\/\/greenpatio.es\/wp-content\/uploads\/2024\/11\/GP.jpg","datePublished":"2024-11-13T11:09:27+00:00","dateModified":"2024-12-10T11:56:10+00:00","description":"En Green Patio ofrecemos espacios \u00fanicos y vers\u00e1tiles para eventos corporativos. Espacios \u00fanicos dise\u00f1ados para adaptarse a sus necesidades.","breadcrumb":{"@id":"https:\/\/greenpatio.es\/filosofia\/#breadcrumb"},"inLanguage":"pt-PT","potentialAction":[{"@type":"ReadAction","target":["https:\/\/greenpatio.es\/filosofia\/"]}]},{"@type":"ImageObject","inLanguage":"pt-PT","@id":"https:\/\/greenpatio.es\/filosofia\/#primaryimage","url":"https:\/\/greenpatio.es\/wp-content\/uploads\/2024\/11\/GP.jpg","contentUrl":"https:\/\/greenpatio.es\/wp-content\/uploads\/2024\/11\/GP.jpg","width":1920,"height":1000},{"@type":"BreadcrumbList","@id":"https:\/\/greenpatio.es\/filosofia\/#breadcrumb","itemListElement":[{"@type":"ListItem","position":1,"name":"Inicio","item":"https:\/\/greenpatio.es\/"},{"@type":"ListItem","position":2,"name":"Filosof\u00eda"}]},{"@type":"WebSite","@id":"https:\/\/greenpatio.es\/#website","url":"https:\/\/greenpatio.es\/","name":"Green Patio","description":"Espacios para eventos en Madrid","publisher":{"@id":"https:\/\/greenpatio.es\/#organization"},"alternateName":"Green Patio - Espacios para eventos en Madrid","potentialAction":[{"@type":"SearchAction","target":{"@type":"EntryPoint","urlTemplate":"https:\/\/greenpatio.es\/?s={search_term_string}"},"query-input":{"@type":"PropertyValueSpecification","valueRequired":true,"valueName":"search_term_string"}}],"inLanguage":"pt-PT"},{"@type":"Organization","@id":"https:\/\/greenpatio.es\/#organization","name":"Green Patio","alternateName":"Green Patio Espacio para eventos en Madrid","url":"https:\/\/greenpatio.es\/","logo":{"@type":"ImageObject","inLanguage":"pt-PT","@id":"https:\/\/greenpatio.es\/#\/schema\/logo\/image\/","url":"https:\/\/greenpatio.es\/wp-content\/uploads\/2024\/12\/logo-reducido-green-patio.png","contentUrl":"https:\/\/greenpatio.es\/wp-content\/uploads\/2024\/12\/logo-reducido-green-patio.png","width":1465,"height":1465,"caption":"Green Patio"},"image":{"@id":"https:\/\/greenpatio.es\/#\/schema\/logo\/image\/"},"sameAs":["https:\/\/www.instagram.com\/greenpatioevents\/"]},{"@type":"Person","@id":"https:\/\/greenpatio.es\/#\/schema\/person\/85538d898e3b9d8195d05f58aa605b8d","name":"admin","image":{"@type":"ImageObject","inLanguage":"pt-PT","@id":"https:\/\/greenpatio.es\/#\/schema\/person\/image\/","url":"https:\/\/secure.gravatar.com\/avatar\/dc343822ff32eded78127b9bc70d7a8bc38956142c75c7731c634a64f56fcafe?s=96&d=mm&r=g","contentUrl":"https:\/\/secure.gravatar.com\/avatar\/dc343822ff32eded78127b9bc70d7a8bc38956142c75c7731c634a64f56fcafe?s=96&d=mm&r=g","caption":"admin"},"sameAs":["https:\/\/greenpatio.es"]}]}},"_links":{"self":[{"href":"https:\/\/greenpatio.es\/pt\/wp-json\/wp\/v2\/pages\/147566","targetHints":{"allow":["GET"]}}],"collection":[{"href":"https:\/\/greenpatio.es\/pt\/wp-json\/wp\/v2\/pages"}],"about":[{"href":"https:\/\/greenpatio.es\/pt\/wp-json\/wp\/v2\/types\/page"}],"author":[{"embeddable":true,"href":"https:\/\/greenpatio.es\/pt\/wp-json\/wp\/v2\/users\/1"}],"replies":[{"embeddable":true,"href":"https:\/\/greenpatio.es\/pt\/wp-json\/wp\/v2\/comments?post=147566"}],"version-history":[{"count":274,"href":"https:\/\/greenpatio.es\/pt\/wp-json\/wp\/v2\/pages\/147566\/revisions"}],"predecessor-version":[{"id":149590,"href":"https:\/\/greenpatio.es\/pt\/wp-json\/wp\/v2\/pages\/147566\/revisions\/149590"}],"wp:featuredmedia":[{"embeddable":true,"href":"https:\/\/greenpatio.es\/pt\/wp-json\/wp\/v2\/media\/147848"}],"wp:attachment":[{"href":"https:\/\/greenpatio.es\/pt\/wp-json\/wp\/v2\/media?parent=147566"}],"curies":[{"name":"wp","href":"https:\/\/api.w.org\/{rel}","templated":true}]}}