{"id":152058,"date":"2025-07-22T13:07:47","date_gmt":"2025-07-22T13:07:47","guid":{"rendered":"https:\/\/greenpatio.es\/?page_id=152058"},"modified":"2026-04-17T06:41:13","modified_gmt":"2026-04-17T06:41:13","slug":"lima-rooms","status":"publish","type":"page","link":"https:\/\/greenpatio.es\/pt\/lima-rooms\/","title":{"rendered":"Quartos Lima"},"content":{"rendered":"<div data-elementor-type=\"wp-page\" data-elementor-id=\"152058\" class=\"elementor elementor-152058\" data-elementor-post-type=\"page\">\n\t\t\t\t<div class=\"elementor-element elementor-element-602afd0 e-con-full e-flex parallax_section_no qode_elementor_container_no e-con e-parent\" data-id=\"602afd0\" data-element_type=\"container\" data-settings=\"{&quot;background_background&quot;:&quot;classic&quot;}\">\n\t\t<div class=\"elementor-element elementor-element-2096a63 e-con-full e-flex parallax_section_no qode_elementor_container_no e-con e-child\" data-id=\"2096a63\" data-element_type=\"container\">\n\t\t\t\t<div class=\"elementor-element elementor-element-156110a elementor-widget__width-inherit elementor-widget elementor-widget-text-editor\" data-id=\"156110a\" data-element_type=\"widget\" data-widget_type=\"text-editor.default\">\n\t\t\t\t<div class=\"elementor-widget-container\">\n\t\t\t\t\t\t\t\t\t<h4 class=\"qodef-m-title entry-title\" data-aos=\"fade-up\">\n<strong style=\"font-family: 'Caveat', cursive !important; color: white;\">\nUm espa\u00e7o que inspira com frescura e luz.\n<span class=\"\" style=\"display: inline-block; ; color: white;\">\ud83c\udf4b<\/span>\n<\/strong><\/h4>\t\t\t\t\t\t\t\t<\/div>\n\t\t\t\t<\/div>\n\t\t\t\t<div class=\"elementor-element elementor-element-6778aca elementor-widget elementor-widget-text-editor\" data-id=\"6778aca\" data-element_type=\"widget\" data-widget_type=\"text-editor.default\">\n\t\t\t\t<div class=\"elementor-widget-container\">\n\t\t\t\t\t\t\t\t\t<h1 class=\"qodef-m-title entry-title\"><strong style=\"font-family: 'Alatsi', sans-serif; color: white;\"> QUARTOS LIMA<\/strong><\/h1>\n<h6 style=\"color: white;\"><b>Por Green Patio<\/b><\/h6>\t\t\t\t\t\t\t\t<\/div>\n\t\t\t\t<\/div>\n\t\t\t\t<\/div>\n\t\t\t\t<\/div>\n\t\t<div class=\"elementor-element elementor-element-6fc41c5 e-flex e-con-boxed parallax_section_no qode_elementor_container_no e-con e-parent\" data-id=\"6fc41c5\" data-element_type=\"container\" data-settings=\"{&quot;background_background&quot;:&quot;classic&quot;}\">\n\t\t\t\t\t<div class=\"e-con-inner\">\n\t\t<div class=\"elementor-element elementor-element-6b04453 e-con-full e-flex parallax_section_no qode_elementor_container_no e-con e-child\" data-id=\"6b04453\" data-element_type=\"container\">\n\t\t<div class=\"elementor-element elementor-element-be1cb4d e-con-full e-flex parallax_section_no qode_elementor_container_no e-con e-child\" data-id=\"be1cb4d\" data-element_type=\"container\">\n\t\t<div class=\"elementor-element elementor-element-0a62d77 e-con-full e-flex parallax_section_no qode_elementor_container_no e-con e-child\" data-id=\"0a62d77\" data-element_type=\"container\">\n\t\t\t\t<div class=\"elementor-element elementor-element-51a2d98 elementor-widget elementor-widget-qi_addons_for_elementor_section_title\" data-id=\"51a2d98\" data-element_type=\"widget\" data-widget_type=\"qi_addons_for_elementor_section_title.default\">\n\t\t\t\t<div class=\"elementor-widget-container\">\n\t\t\t\t\t<div class=\"qodef-shortcode qodef-m  qodef-qi-section-title  qodef-decoration--italic  qodef-link--underline-draw qodef-subtitle-icon--left\">\n\t\t\t\t\t\t\t\t<div class=\"qodef-m-text\"><h5 style=\"color: white !important;font-family: 'Alatsi', sans-serif;font-weight: normal;line-height: 1.6\"><span style=\"display: inline-block;width: 0px;overflow: hidden;line-height: 0\" class=\"mce_SELRES_start\">O meu nome \u00e9 Alex.<\/span>\n  <strong>SALA LIMA<\/strong> \u00e9 um espa\u00e7o vers\u00e1til e moderno, concebido para oferecer salas de reuni\u00e3o luminosas e funcionais. Cada sala combina materiais quentes, como a madeira natural, com luz natural filtrada e um design s\u00f3brio que incentiva a concentra\u00e7\u00e3o e o conforto.\n<br><br>As salas, que podem acolher de 8 a 100 pessoas, est\u00e3o equipadas com mobili\u00e1rio ergon\u00f3mico, vegeta\u00e7\u00e3o decorativa e pormenores cuidadosamente pensados para promover um ambiente profissional mas acolhedor, com uma cafetaria pr\u00f3pria para coffee breaks ou almo\u00e7os de neg\u00f3cios.\nIdeal para reuni\u00f5es criativas, sess\u00f5es de equipa ou reuni\u00f5es executivas. Tamb\u00e9m reuni\u00f5es em que s\u00e3o necess\u00e1rias v\u00e1rias salas de descanso e uma sess\u00e3o plen\u00e1ria at\u00e9 100 pessoas.\n<\/h5><\/div>\n\t<\/div>\n\t\t\t\t<\/div>\n\t\t\t\t<\/div>\n\t\t\t\t<\/div>\n\t\t\t\t<\/div>\n\t\t\t\t<\/div>\n\t\t\t\t\t<\/div>\n\t\t\t\t<\/div>\n\t\t<div class=\"elementor-element elementor-element-51f5a81 e-flex e-con-boxed parallax_section_no qode_elementor_container_no e-con e-parent\" data-id=\"51f5a81\" data-element_type=\"container\" data-settings=\"{&quot;background_background&quot;:&quot;classic&quot;}\">\n\t\t\t\t\t<div class=\"e-con-inner\">\n\t\t\t\t<div class=\"elementor-element elementor-element-a73a1e1 elementor-widget elementor-widget-qi_addons_for_elementor_section_title\" data-id=\"a73a1e1\" data-element_type=\"widget\" data-widget_type=\"qi_addons_for_elementor_section_title.default\">\n\t\t\t\t<div class=\"elementor-widget-container\">\n\t\t\t\t\t<div class=\"qodef-shortcode qodef-m  qodef-qi-section-title  qodef-decoration--italic  qodef-link--underline-draw qodef-subtitle-icon--left\">\n\t\t\t\t<h6 class=\"qodef-m-subtitle\">\n\t\tQUARTOS LIMA\t\t\t<\/h6>\n\t\t\t<h1 class=\"qodef-m-title\">\n\t\tPAREDES\t<\/h1>\n\t\t\t<\/div>\n\t\t\t\t<\/div>\n\t\t\t\t<\/div>\n\t\t\t\t\t<\/div>\n\t\t\t\t<\/div>\n\t\t<div class=\"elementor-element elementor-element-f893e4f e-con-full e-flex parallax_section_no qode_elementor_container_no e-con e-parent\" data-id=\"f893e4f\" data-element_type=\"container\" data-settings=\"{&quot;background_background&quot;:&quot;classic&quot;}\">\n\t\t<div class=\"elementor-element elementor-element-34c6217 e-con-full e-flex parallax_section_no qode_elementor_container_no e-con e-child\" data-id=\"34c6217\" data-element_type=\"container\">\n\t\t<div class=\"elementor-element elementor-element-a38d663 e-grid e-con-full parallax_section_no qode_elementor_container_no e-con e-child\" data-id=\"a38d663\" data-element_type=\"container\">\n\t\t\t\t<div class=\"elementor-element elementor-element-6e4678b elementor-widget elementor-widget-image\" data-id=\"6e4678b\" data-element_type=\"widget\" data-widget_type=\"image.default\">\n\t\t\t\t<div class=\"elementor-widget-container\">\n\t\t\t\t\t\t\t\t\t\t\t\t\t\t\t\t<a href=\"#elementor-action%3Aaction%3Dpopup%3Aopen%26settings%3DeyJpZCI6IjE1MjU2NCIsInRvZ2dsZSI6ZmFsc2V9\">\n\t\t\t\t\t\t\t<img fetchpriority=\"high\" decoding=\"async\" width=\"1200\" height=\"1500\" src=\"https:\/\/greenpatio.es\/wp-content\/uploads\/2025\/07\/1L.jpg\" class=\"attachment-full size-full wp-image-152325\" alt=\"\" srcset=\"https:\/\/greenpatio.es\/wp-content\/uploads\/2025\/07\/1L.jpg 1200w, https:\/\/greenpatio.es\/wp-content\/uploads\/2025\/07\/1L-240x300.jpg 240w, https:\/\/greenpatio.es\/wp-content\/uploads\/2025\/07\/1L-819x1024.jpg 819w, https:\/\/greenpatio.es\/wp-content\/uploads\/2025\/07\/1L-768x960.jpg 768w, https:\/\/greenpatio.es\/wp-content\/uploads\/2025\/07\/1L-10x12.jpg 10w, https:\/\/greenpatio.es\/wp-content\/uploads\/2025\/07\/1L-700x875.jpg 700w\" sizes=\"(max-width: 1200px) 100vw, 1200px\" \/>\t\t\t\t\t\t\t\t<\/a>\n\t\t\t\t\t\t\t\t\t\t\t\t\t\t\t<\/div>\n\t\t\t\t<\/div>\n\t\t\t\t<div class=\"elementor-element elementor-element-4b35c2d elementor-widget elementor-widget-image\" data-id=\"4b35c2d\" data-element_type=\"widget\" data-widget_type=\"image.default\">\n\t\t\t\t<div class=\"elementor-widget-container\">\n\t\t\t\t\t\t\t\t\t\t\t\t\t\t\t\t<a href=\"#elementor-action%3Aaction%3Dpopup%3Aopen%26settings%3DeyJpZCI6IjE1MjU5NyIsInRvZ2dsZSI6ZmFsc2V9\">\n\t\t\t\t\t\t\t<img decoding=\"async\" width=\"1200\" height=\"1500\" src=\"https:\/\/greenpatio.es\/wp-content\/uploads\/2025\/07\/2L.jpg\" class=\"attachment-full size-full wp-image-152326\" alt=\"\" srcset=\"https:\/\/greenpatio.es\/wp-content\/uploads\/2025\/07\/2L.jpg 1200w, https:\/\/greenpatio.es\/wp-content\/uploads\/2025\/07\/2L-240x300.jpg 240w, https:\/\/greenpatio.es\/wp-content\/uploads\/2025\/07\/2L-819x1024.jpg 819w, https:\/\/greenpatio.es\/wp-content\/uploads\/2025\/07\/2L-768x960.jpg 768w, https:\/\/greenpatio.es\/wp-content\/uploads\/2025\/07\/2L-10x12.jpg 10w, https:\/\/greenpatio.es\/wp-content\/uploads\/2025\/07\/2L-700x875.jpg 700w\" sizes=\"(max-width: 1200px) 100vw, 1200px\" \/>\t\t\t\t\t\t\t\t<\/a>\n\t\t\t\t\t\t\t\t\t\t\t\t\t\t\t<\/div>\n\t\t\t\t<\/div>\n\t\t\t\t<div class=\"elementor-element elementor-element-54fbcfb elementor-widget elementor-widget-image\" data-id=\"54fbcfb\" data-element_type=\"widget\" data-widget_type=\"image.default\">\n\t\t\t\t<div class=\"elementor-widget-container\">\n\t\t\t\t\t\t\t\t\t\t\t\t\t\t\t\t<a href=\"#elementor-action%3Aaction%3Dpopup%3Aopen%26settings%3DeyJpZCI6IjE1MjYwNyIsInRvZ2dsZSI6ZmFsc2V9\">\n\t\t\t\t\t\t\t<img decoding=\"async\" width=\"1200\" height=\"1500\" src=\"https:\/\/greenpatio.es\/wp-content\/uploads\/2025\/07\/3L.jpg\" class=\"attachment-full size-full wp-image-152327\" alt=\"\" srcset=\"https:\/\/greenpatio.es\/wp-content\/uploads\/2025\/07\/3L.jpg 1200w, https:\/\/greenpatio.es\/wp-content\/uploads\/2025\/07\/3L-240x300.jpg 240w, https:\/\/greenpatio.es\/wp-content\/uploads\/2025\/07\/3L-819x1024.jpg 819w, https:\/\/greenpatio.es\/wp-content\/uploads\/2025\/07\/3L-768x960.jpg 768w, https:\/\/greenpatio.es\/wp-content\/uploads\/2025\/07\/3L-10x12.jpg 10w, https:\/\/greenpatio.es\/wp-content\/uploads\/2025\/07\/3L-700x875.jpg 700w\" sizes=\"(max-width: 1200px) 100vw, 1200px\" \/>\t\t\t\t\t\t\t\t<\/a>\n\t\t\t\t\t\t\t\t\t\t\t\t\t\t\t<\/div>\n\t\t\t\t<\/div>\n\t\t\t\t<div class=\"elementor-element elementor-element-f9a4ccc elementor-widget elementor-widget-image\" data-id=\"f9a4ccc\" data-element_type=\"widget\" data-widget_type=\"image.default\">\n\t\t\t\t<div class=\"elementor-widget-container\">\n\t\t\t\t\t\t\t\t\t\t\t\t\t\t\t\t<a href=\"#elementor-action%3Aaction%3Dpopup%3Aopen%26settings%3DeyJpZCI6IjE1MjYyMiIsInRvZ2dsZSI6ZmFsc2V9\">\n\t\t\t\t\t\t\t<img loading=\"lazy\" decoding=\"async\" width=\"1200\" height=\"1500\" src=\"https:\/\/greenpatio.es\/wp-content\/uploads\/2025\/07\/4L.jpg\" class=\"attachment-full size-full wp-image-152328\" alt=\"\" srcset=\"https:\/\/greenpatio.es\/wp-content\/uploads\/2025\/07\/4L.jpg 1200w, https:\/\/greenpatio.es\/wp-content\/uploads\/2025\/07\/4L-240x300.jpg 240w, https:\/\/greenpatio.es\/wp-content\/uploads\/2025\/07\/4L-819x1024.jpg 819w, https:\/\/greenpatio.es\/wp-content\/uploads\/2025\/07\/4L-768x960.jpg 768w, https:\/\/greenpatio.es\/wp-content\/uploads\/2025\/07\/4L-10x12.jpg 10w, https:\/\/greenpatio.es\/wp-content\/uploads\/2025\/07\/4L-700x875.jpg 700w\" sizes=\"(max-width: 1200px) 100vw, 1200px\" \/>\t\t\t\t\t\t\t\t<\/a>\n\t\t\t\t\t\t\t\t\t\t\t\t\t\t\t<\/div>\n\t\t\t\t<\/div>\n\t\t\t\t<div class=\"elementor-element elementor-element-21b9af8 elementor-widget elementor-widget-image\" data-id=\"21b9af8\" data-element_type=\"widget\" data-widget_type=\"image.default\">\n\t\t\t\t<div class=\"elementor-widget-container\">\n\t\t\t\t\t\t\t\t\t\t\t\t\t\t\t\t<a href=\"#elementor-action%3Aaction%3Dpopup%3Aopen%26settings%3DeyJpZCI6IjE1MjYyOSIsInRvZ2dsZSI6ZmFsc2V9\">\n\t\t\t\t\t\t\t<img loading=\"lazy\" decoding=\"async\" width=\"1200\" height=\"1500\" src=\"https:\/\/greenpatio.es\/wp-content\/uploads\/2025\/09\/SALONES_LIMA_ROOM_TODAS.jpg\" class=\"attachment-full size-full wp-image-152853\" alt=\"\" srcset=\"https:\/\/greenpatio.es\/wp-content\/uploads\/2025\/09\/SALONES_LIMA_ROOM_TODAS.jpg 1200w, https:\/\/greenpatio.es\/wp-content\/uploads\/2025\/09\/SALONES_LIMA_ROOM_TODAS-240x300.jpg 240w, https:\/\/greenpatio.es\/wp-content\/uploads\/2025\/09\/SALONES_LIMA_ROOM_TODAS-819x1024.jpg 819w, https:\/\/greenpatio.es\/wp-content\/uploads\/2025\/09\/SALONES_LIMA_ROOM_TODAS-768x960.jpg 768w, https:\/\/greenpatio.es\/wp-content\/uploads\/2025\/09\/SALONES_LIMA_ROOM_TODAS-10x12.jpg 10w, https:\/\/greenpatio.es\/wp-content\/uploads\/2025\/09\/SALONES_LIMA_ROOM_TODAS-700x875.jpg 700w\" sizes=\"(max-width: 1200px) 100vw, 1200px\" \/>\t\t\t\t\t\t\t\t<\/a>\n\t\t\t\t\t\t\t\t\t\t\t\t\t\t\t<\/div>\n\t\t\t\t<\/div>\n\t\t\t\t<div class=\"elementor-element elementor-element-674b626 elementor-widget elementor-widget-image\" data-id=\"674b626\" data-element_type=\"widget\" data-widget_type=\"image.default\">\n\t\t\t\t<div class=\"elementor-widget-container\">\n\t\t\t\t\t\t\t\t\t\t\t\t\t\t\t\t<a href=\"#elementor-action%3Aaction%3Dpopup%3Aopen%26settings%3DeyJpZCI6IjE1MjY1MyIsInRvZ2dsZSI6ZmFsc2V9\">\n\t\t\t\t\t\t\t<img loading=\"lazy\" decoding=\"async\" width=\"1200\" height=\"1500\" src=\"https:\/\/greenpatio.es\/wp-content\/uploads\/2025\/07\/6L.jpg\" class=\"attachment-full size-full wp-image-152330\" alt=\"\" srcset=\"https:\/\/greenpatio.es\/wp-content\/uploads\/2025\/07\/6L.jpg 1200w, https:\/\/greenpatio.es\/wp-content\/uploads\/2025\/07\/6L-240x300.jpg 240w, https:\/\/greenpatio.es\/wp-content\/uploads\/2025\/07\/6L-819x1024.jpg 819w, https:\/\/greenpatio.es\/wp-content\/uploads\/2025\/07\/6L-768x960.jpg 768w, https:\/\/greenpatio.es\/wp-content\/uploads\/2025\/07\/6L-10x12.jpg 10w, https:\/\/greenpatio.es\/wp-content\/uploads\/2025\/07\/6L-700x875.jpg 700w\" sizes=\"(max-width: 1200px) 100vw, 1200px\" \/>\t\t\t\t\t\t\t\t<\/a>\n\t\t\t\t\t\t\t\t\t\t\t\t\t\t\t<\/div>\n\t\t\t\t<\/div>\n\t\t\t\t<div class=\"elementor-element elementor-element-81e7686 elementor-widget elementor-widget-image\" data-id=\"81e7686\" data-element_type=\"widget\" data-widget_type=\"image.default\">\n\t\t\t\t<div class=\"elementor-widget-container\">\n\t\t\t\t\t\t\t\t\t\t\t\t\t\t\t\t<a href=\"#elementor-action%3Aaction%3Dpopup%3Aopen%26settings%3DeyJpZCI6IjE1MjY2MiIsInRvZ2dsZSI6ZmFsc2V9\">\n\t\t\t\t\t\t\t<img loading=\"lazy\" decoding=\"async\" width=\"1200\" height=\"1500\" src=\"https:\/\/greenpatio.es\/wp-content\/uploads\/2025\/07\/7L.jpg\" class=\"attachment-full size-full wp-image-152331\" alt=\"\" srcset=\"https:\/\/greenpatio.es\/wp-content\/uploads\/2025\/07\/7L.jpg 1200w, https:\/\/greenpatio.es\/wp-content\/uploads\/2025\/07\/7L-240x300.jpg 240w, https:\/\/greenpatio.es\/wp-content\/uploads\/2025\/07\/7L-819x1024.jpg 819w, https:\/\/greenpatio.es\/wp-content\/uploads\/2025\/07\/7L-768x960.jpg 768w, https:\/\/greenpatio.es\/wp-content\/uploads\/2025\/07\/7L-10x12.jpg 10w, https:\/\/greenpatio.es\/wp-content\/uploads\/2025\/07\/7L-700x875.jpg 700w\" sizes=\"(max-width: 1200px) 100vw, 1200px\" \/>\t\t\t\t\t\t\t\t<\/a>\n\t\t\t\t\t\t\t\t\t\t\t\t\t\t\t<\/div>\n\t\t\t\t<\/div>\n\t\t\t\t<\/div>\n\t\t\t\t<\/div>\n\t\t\t\t<\/div>\n\t\t<div class=\"elementor-element elementor-element-3da8d76 e-con-full e-flex parallax_section_no qode_elementor_container_no e-con e-parent\" data-id=\"3da8d76\" data-element_type=\"container\" id=\"contacto-25\">\n\t\t\t\t<div class=\"elementor-element elementor-element-4d588f3 elementor-widget elementor-widget-qi_addons_for_elementor_section_title\" data-id=\"4d588f3\" data-element_type=\"widget\" data-widget_type=\"qi_addons_for_elementor_section_title.default\">\n\t\t\t\t<div class=\"elementor-widget-container\">\n\t\t\t\t\t<div class=\"qodef-shortcode qodef-m  qodef-qi-section-title  qodef-decoration--italic  qodef-link--underline-draw qodef-subtitle-icon--left\">\n\t\t\t\t<h6 class=\"qodef-m-subtitle\">\n\t\tLOCALIZA\u00c7\u00c3O\t\t\t<\/h6>\n\t\t\t<h1 class=\"qodef-m-title\">\n\t\tCONTACTO\t<\/h1>\n\t\t\t<\/div>\n\t\t\t\t<\/div>\n\t\t\t\t<\/div>\n\t\t\t\t<\/div>\n\t\t<div class=\"elementor-element elementor-element-73c0a14 e-con-full qode_elementor_container_inner e-flex parallax_section_no e-con e-parent\" data-id=\"73c0a14\" data-element_type=\"container\">\n\t\t<div class=\"elementor-element elementor-element-aae541a e-con-full e-flex parallax_section_no qode_elementor_container_no e-con e-child\" data-id=\"aae541a\" data-element_type=\"container\">\n\t\t\t\t<div class=\"elementor-element elementor-element-a253088 elementor-widget elementor-widget-google_maps\" data-id=\"a253088\" data-element_type=\"widget\" data-widget_type=\"google_maps.default\">\n\t\t\t\t<div class=\"elementor-widget-container\">\n\t\t\t\t\t\t\t<div class=\"elementor-custom-embed\">\n\t\t\t<iframe loading=\"lazy\"\n\t\t\t\t\tsrc=\"https:\/\/www.google.com\/maps\/embed\/v1\/place?key=AIzaSyAjoVOdInGgzaGSqebFLmoGasqU4YTmsNQ&#038;q=Green%20Patio&#038;zoom=11\"\n\t\t\t\t\ttitle=\"Green Patio\"\n\t\t\t\t\taria-label=\"Green Patio\"\n\t\t\t><\/iframe>\n\t\t<\/div>\n\t\t\t\t\t\t<\/div>\n\t\t\t\t<\/div>\n\t\t<div class=\"elementor-element elementor-element-24daba3 e-flex e-con-boxed parallax_section_no qode_elementor_container_no e-con e-child\" data-id=\"24daba3\" data-element_type=\"container\">\n\t\t\t\t\t<div class=\"e-con-inner\">\n\t\t<div class=\"elementor-element elementor-element-f219ab3 e-grid e-con-full parallax_section_no qode_elementor_container_no e-con e-child\" data-id=\"f219ab3\" data-element_type=\"container\" data-settings=\"{&quot;background_background&quot;:&quot;classic&quot;}\">\n\t\t\t\t<div class=\"elementor-element elementor-element-0ccf02d elementor-widget elementor-widget-bridge_icon_text\" data-id=\"0ccf02d\" data-element_type=\"widget\" data-widget_type=\"bridge_icon_text.default\">\n\t\t\t\t<div class=\"elementor-widget-container\">\n\t\t\t\t\t<div class='q_icon_with_title tiny custom_icon_image center qode-iwt-content-alignment-left'><div class=\"icon_holder\" style=\" \"><img decoding=\"async\" itemprop=\"image\" style=\"\" src=\"https:\/\/greenpatio.es\/wp-content\/uploads\/2024\/11\/pngwing.com_.png\" alt=\"\"><\/div><div class=\"icon_text_holder\" style=\"\"><div class=\"icon_text_inner\" style=\"\"><h4 class=\"icon_title\" style=\"color: #000000;\"><b>Metro<\/b><\/h4><p style=''>Metro Estrecho (Linha 1). <br>Metro Tetu\u00e1n (Linha 1).<\/p><\/div><\/div><\/div>\t\t\t\t<\/div>\n\t\t\t\t<\/div>\n\t\t\t\t<div class=\"elementor-element elementor-element-f13dd21 elementor-widget elementor-widget-bridge_icon_text\" data-id=\"f13dd21\" data-element_type=\"widget\" data-widget_type=\"bridge_icon_text.default\">\n\t\t\t\t<div class=\"elementor-widget-container\">\n\t\t\t\t\t<div class='q_icon_with_title tiny custom_icon_image center qode-iwt-content-alignment-left'><div class=\"icon_holder\" style=\" \"><img decoding=\"async\" itemprop=\"image\" style=\"\" src=\"https:\/\/greenpatio.es\/wp-content\/uploads\/2024\/11\/pngwing.com_.png\" alt=\"\"><\/div><div class=\"icon_text_holder\" style=\"\"><div class=\"icon_text_inner\" style=\"\"><h4 class=\"icon_title\" style=\"color: #000000;\"><b>Suburbano<\/b><\/h4><p style=''>Cercan\u00edas Nuevos Ministerios (C1, C2, C3, C3A, C4A, C4B, C7, C8 e C10).<\/p><\/div><\/div><\/div>\t\t\t\t<\/div>\n\t\t\t\t<\/div>\n\t\t\t\t<div class=\"elementor-element elementor-element-2d3597a elementor-widget elementor-widget-bridge_icon_text\" data-id=\"2d3597a\" data-element_type=\"widget\" data-widget_type=\"bridge_icon_text.default\">\n\t\t\t\t<div class=\"elementor-widget-container\">\n\t\t\t\t\t<div class='q_icon_with_title tiny custom_icon_image center qode-iwt-content-alignment-left'><div class=\"icon_holder\" style=\" \"><img decoding=\"async\" itemprop=\"image\" style=\"\" src=\"https:\/\/greenpatio.es\/wp-content\/uploads\/2024\/11\/transport_16065889.png\" alt=\"\"><\/div><div class=\"icon_text_holder\" style=\"\"><div class=\"icon_text_inner\" style=\"\"><h4 class=\"icon_title\" style=\"color: #000000;\"><b>Autocarro<\/b><\/h4><p style=''>3, 64, 124, 66, 124, 128.<\/p><\/div><\/div><\/div>\t\t\t\t<\/div>\n\t\t\t\t<\/div>\n\t\t\t\t<\/div>\n\t\t\t\t\t<\/div>\n\t\t\t\t<\/div>\n\t\t\t\t<\/div>\n\t\t<div class=\"elementor-element elementor-element-e0f278c e-con-full e-flex parallax_section_no qode_elementor_container_no e-con e-child\" data-id=\"e0f278c\" data-element_type=\"container\">\n\t\t\t\t<div class=\"elementor-element elementor-element-48f83ba elementor-widget elementor-widget-bridge_cf_7\" data-id=\"48f83ba\" data-element_type=\"widget\" data-widget_type=\"bridge_cf_7.default\">\n\t\t\t\t<div class=\"elementor-widget-container\">\n\t\t\t\t\t    <div class=\"qode-contact-form-7 qode-contact-form-7-0\">\n    \n<div class=\"wpcf7 no-js\" id=\"wpcf7-f5-o1\" lang=\"en-US\" dir=\"ltr\" data-wpcf7-id=\"5\">\n<div class=\"screen-reader-response\"><p role=\"status\" aria-live=\"polite\" aria-atomic=\"true\"><\/p> <ul><\/ul><\/div>\n<form action=\"\/pt\/wp-json\/wp\/v2\/pages\/152058#wpcf7-f5-o1\" method=\"post\" class=\"wpcf7-form init cf7_custom_style_1\" aria-label=\"Formul\u00e1rio de contacto\" novalidate=\"novalidate\" data-status=\"init\" data-trp-original-action=\"\/pt\/wp-json\/wp\/v2\/pages\/152058#wpcf7-f5-o1\">\n<fieldset class=\"hidden-fields-container\"><input type=\"hidden\" name=\"_wpcf7\" value=\"5\" \/><input type=\"hidden\" name=\"_wpcf7_version\" value=\"6.1.3\" \/><input type=\"hidden\" name=\"_wpcf7_locale\" value=\"en_US\" \/><input type=\"hidden\" name=\"_wpcf7_unit_tag\" value=\"wpcf7-f5-o1\" \/><input type=\"hidden\" name=\"_wpcf7_container_post\" value=\"0\" \/><input type=\"hidden\" name=\"_wpcf7_posted_data_hash\" value=\"\" \/><input type=\"hidden\" name=\"_wpcf7_recaptcha_response\" value=\"\" \/>\n<\/fieldset>\n<!-- Fila 1 \u00b7 Nombre  |  Tel\u00e9fono -->\n<div class=\"two_columns_50_50 clearfix\">\n    <div class=\"column1\">\n        <div class=\"column_inner\">\n            <span class=\"wpcf7-form-control-wrap\" data-name=\"your-name\"><input size=\"40\" maxlength=\"400\" class=\"wpcf7-form-control wpcf7-text wpcf7-validates-as-required\" aria-required=\"true\" aria-invalid=\"false\" placeholder=\"Nome e apelido\" value=\"\" type=\"text\" name=\"your-name\" \/><\/span>\n        <\/div>\n    <\/div>\n\n    <div class=\"column2\">\n        <div class=\"column_inner\">\n            <span class=\"wpcf7-form-control-wrap\" data-name=\"your-phone\"><input size=\"40\" maxlength=\"400\" class=\"wpcf7-form-control wpcf7-tel wpcf7-validates-as-required wpcf7-text wpcf7-validates-as-tel\" aria-required=\"true\" aria-invalid=\"false\" placeholder=\"Telefone\" value=\"\" type=\"tel\" name=\"your-phone\" \/><\/span>\n        <\/div>\n    <\/div>\n<\/div>\n\n<!-- Fila 2 \u00b7 Correo electr\u00f3nico | \u00bfC\u00f3mo nos has conocido? -->\n<div class=\"two_columns_50_50 clearfix\">\n    <div class=\"column1\">\n        <div class=\"column_inner\">\n            <span class=\"wpcf7-form-control-wrap\" data-name=\"your-email\"><input size=\"40\" maxlength=\"400\" class=\"wpcf7-form-control wpcf7-email wpcf7-validates-as-required wpcf7-text wpcf7-validates-as-email\" aria-required=\"true\" aria-invalid=\"false\" placeholder=\"Endere\u00e7o eletr\u00f3nico\" value=\"\" type=\"email\" name=\"your-email\" \/><\/span>\n        <\/div>\n    <\/div>\n\n    <div class=\"column2\">\n        <div class=\"column_inner\">\n            <span class=\"wpcf7-form-control-wrap\" data-name=\"your-referral\"><select class=\"wpcf7-form-control wpcf7-select wpcf7-validates-as-required\" aria-required=\"true\" aria-invalid=\"false\" name=\"your-referral\"><option value=\"\u00bfC\u00f3mo nos has conocido?\">Como \u00e9 que nos conheceram?<\/option><option value=\"A trav\u00e9s de Instagram\">Via Instagram<\/option><option value=\"En LinkedIn\">No LinkedIn<\/option><option value=\"Buscando en Google\">Pesquisa no Google<\/option><option value=\"Me lo recomend\u00f3 un amigo\">Foi-me recomendado por um amigo<\/option><option value=\"En medios de comunicaci\u00f3n\">Nos media<\/option><\/select><\/span>\n        <\/div>\n    <\/div>\n<\/div>\n\n<!-- Fila 3 \u00b7 Fecha del evento | N\u00ba asistentes -->\n<div class=\"two_columns_50_50 clearfix\">\n    <div class=\"column1\">\n        <div class=\"column_inner\">\n<span class=\"wpcf7-form-control-wrap\" data-name=\"your-event-date\"><input class=\"wpcf7-form-control wpcf7-date wpcf7-validates-as-required wpcf7-validates-as-date event-date\" id=\"event-date\" min=\"2024-01-01\" max=\"2026-12-31\" aria-required=\"true\" aria-invalid=\"false\" value=\"\" type=\"date\" name=\"your-event-date\" \/><\/span>\n\n        <\/div>\n    <\/div>\n\n    <div class=\"column2\">\n        <div class=\"column_inner\">\n            <span class=\"wpcf7-form-control-wrap\" data-name=\"your-attendees\"><input class=\"wpcf7-form-control wpcf7-number wpcf7-validates-as-number\" aria-invalid=\"false\" placeholder=\"N.\u00ba aproximado de participantes\" value=\"\" type=\"number\" name=\"your-attendees\" \/><\/span>\n        <\/div>\n    <\/div>\n<\/div>\n\n<!-- Selector de espacio -->\n<div class=\"qodef-input-wrapper\">\n    <label for=\"event-space\"><p>Selecionar o espa\u00e7o:<\/p><\/label>\n    <span class=\"wpcf7-form-control-wrap\" data-name=\"event-space\"><select class=\"wpcf7-form-control wpcf7-select wpcf7-validates-as-required\" aria-required=\"true\" aria-invalid=\"false\" name=\"event-space\"><option value=\"La Imprenta - Sala Plenaria\">La Imprenta - Sala Plen\u00e1ria<\/option><option value=\"La Imprenta - Invernadero\">La Imprenta - Estufa<\/option><option value=\"La Imprenta - Escenario\">La Imprenta - Palco<\/option><option value=\"La Imprenta - Sala Cristal\">La Imprenta - Sala de Cristal<\/option><option value=\"La Imprenta - L&#039;Atelier\">La Imprenta - L'Atelier<\/option><option value=\"Covarrubias The One - Sala White\">Covarrubias The One - Quarto Branco<\/option><option value=\"Covarrubias The One - Sala Black\">Covarrubias The One - Sala Black<\/option><option value=\"Sala 25\">Sala 25<\/option><option value=\"Lima Rooms\">Quartos Lima<\/option><option value=\"Espacio Legends\">Espa\u00e7o Legends<\/option><\/select><\/span>\n<\/div><br>\n\n<span class=\"wpcf7-form-control-wrap\" data-name=\"your-event-details\"><textarea cols=\"40\" rows=\"10\" maxlength=\"2000\" class=\"wpcf7-form-control wpcf7-textarea wpcf7-validates-as-required\" aria-required=\"true\" aria-invalid=\"false\" placeholder=\"Fale-nos do seu evento...\" name=\"your-event-details\"><\/textarea><\/span>\n\n<!-- Bot\u00f3n -->\n<div class=\"qodef-cf-submit-holder\">\n    <div class=\"qodef-cf-submit-inner\">\n        <input class=\"wpcf7-form-control wpcf7-submit has-spinner\" type=\"submit\" value=\"Enviar uma mensagem\" \/>\n    <\/div>\n<\/div><div class=\"wpcf7-response-output\" aria-hidden=\"true\"><\/div>\n<input type=\"hidden\" name=\"trp-form-language\" value=\"pt\"\/><\/form>\n<\/div>\n    <\/div>\n\t\t\t\t<\/div>\n\t\t\t\t<\/div>\n\t\t\t\t<\/div>\n\t\t\t\t<\/div>\n\t\t\t\t<\/div>","protected":false},"excerpt":{"rendered":"<p>Um espa\u00e7o que inspira com...<\/p>","protected":false},"author":1,"featured_media":0,"parent":0,"menu_order":0,"comment_status":"closed","ping_status":"closed","template":"full_width.php","meta":{"_monsterinsights_skip_tracking":false,"_monsterinsights_sitenote_active":false,"_monsterinsights_sitenote_note":"","_monsterinsights_sitenote_category":0,"footnotes":""},"class_list":["post-152058","page","type-page","status-publish","hentry"],"yoast_head":"<!-- This site is optimized with the Yoast SEO plugin v24.0 - https:\/\/yoast.com\/wordpress\/plugins\/seo\/ -->\n<title>Lima Rooms - Green Patio<\/title>\n<meta name=\"description\" content=\"Descubre Sala 25 en Green Patio, un espacio \u00fanico y sostenible para eventos en Madrid. Perfecto para reuniones y conferencias especiales.\" \/>\n<meta name=\"robots\" content=\"index, follow, max-snippet:-1, max-image-preview:large, max-video-preview:-1\" \/>\n<link rel=\"canonical\" href=\"https:\/\/greenpatio.es\/pt\/lima-rooms\/\" \/>\n<meta property=\"og:locale\" content=\"pt_PT\" \/>\n<meta property=\"og:type\" content=\"article\" \/>\n<meta property=\"og:title\" content=\"Lima Rooms - Green Patio\" \/>\n<meta property=\"og:description\" content=\"Descubre Sala 25 en Green Patio, un espacio \u00fanico y sostenible para eventos en Madrid. Perfecto para reuniones y conferencias especiales.\" \/>\n<meta property=\"og:url\" content=\"https:\/\/greenpatio.es\/pt\/lima-rooms\/\" \/>\n<meta property=\"og:site_name\" content=\"Green Patio\" \/>\n<meta property=\"article:modified_time\" content=\"2026-04-17T06:41:13+00:00\" \/>\n<meta property=\"og:image\" content=\"https:\/\/greenpatio.es\/wp-content\/uploads\/2025\/07\/1L.jpg\" \/>\n\t<meta property=\"og:image:width\" content=\"1200\" \/>\n\t<meta property=\"og:image:height\" content=\"1500\" \/>\n\t<meta property=\"og:image:type\" content=\"image\/jpeg\" \/>\n<meta name=\"twitter:card\" content=\"summary_large_image\" \/>\n<meta name=\"twitter:label1\" content=\"Tempo estimado de leitura\" \/>\n\t<meta name=\"twitter:data1\" content=\"4 minutos\" \/>\n<script type=\"application\/ld+json\" class=\"yoast-schema-graph\">{\"@context\":\"https:\/\/schema.org\",\"@graph\":[{\"@type\":\"NewsArticle\",\"@id\":\"https:\/\/greenpatio.es\/lima-rooms\/#article\",\"isPartOf\":{\"@id\":\"https:\/\/greenpatio.es\/lima-rooms\/\"},\"author\":{\"name\":\"admin\",\"@id\":\"https:\/\/greenpatio.es\/#\/schema\/person\/85538d898e3b9d8195d05f58aa605b8d\"},\"headline\":\"Lima Rooms\",\"datePublished\":\"2025-07-22T13:07:47+00:00\",\"dateModified\":\"2026-04-17T06:41:13+00:00\",\"mainEntityOfPage\":{\"@id\":\"https:\/\/greenpatio.es\/lima-rooms\/\"},\"wordCount\":233,\"publisher\":{\"@id\":\"https:\/\/greenpatio.es\/#organization\"},\"image\":{\"@id\":\"https:\/\/greenpatio.es\/lima-rooms\/#primaryimage\"},\"thumbnailUrl\":\"https:\/\/greenpatio.es\/wp-content\/uploads\/2025\/07\/1L.jpg\",\"inLanguage\":\"pt-PT\"},{\"@type\":\"WebPage\",\"@id\":\"https:\/\/greenpatio.es\/lima-rooms\/\",\"url\":\"https:\/\/greenpatio.es\/lima-rooms\/\",\"name\":\"Lima Rooms - Green Patio\",\"isPartOf\":{\"@id\":\"https:\/\/greenpatio.es\/#website\"},\"primaryImageOfPage\":{\"@id\":\"https:\/\/greenpatio.es\/lima-rooms\/#primaryimage\"},\"image\":{\"@id\":\"https:\/\/greenpatio.es\/lima-rooms\/#primaryimage\"},\"thumbnailUrl\":\"https:\/\/greenpatio.es\/wp-content\/uploads\/2025\/07\/1L.jpg\",\"datePublished\":\"2025-07-22T13:07:47+00:00\",\"dateModified\":\"2026-04-17T06:41:13+00:00\",\"description\":\"Descubre Sala 25 en Green Patio, un espacio \u00fanico y sostenible para eventos en Madrid. Perfecto para reuniones y conferencias especiales.\",\"breadcrumb\":{\"@id\":\"https:\/\/greenpatio.es\/lima-rooms\/#breadcrumb\"},\"inLanguage\":\"pt-PT\",\"potentialAction\":[{\"@type\":\"ReadAction\",\"target\":[\"https:\/\/greenpatio.es\/lima-rooms\/\"]}]},{\"@type\":\"ImageObject\",\"inLanguage\":\"pt-PT\",\"@id\":\"https:\/\/greenpatio.es\/lima-rooms\/#primaryimage\",\"url\":\"https:\/\/greenpatio.es\/wp-content\/uploads\/2025\/07\/1L.jpg\",\"contentUrl\":\"https:\/\/greenpatio.es\/wp-content\/uploads\/2025\/07\/1L.jpg\"},{\"@type\":\"BreadcrumbList\",\"@id\":\"https:\/\/greenpatio.es\/lima-rooms\/#breadcrumb\",\"itemListElement\":[{\"@type\":\"ListItem\",\"position\":1,\"name\":\"Inicio\",\"item\":\"https:\/\/greenpatio.es\/\"},{\"@type\":\"ListItem\",\"position\":2,\"name\":\"Lima Rooms\"}]},{\"@type\":\"WebSite\",\"@id\":\"https:\/\/greenpatio.es\/#website\",\"url\":\"https:\/\/greenpatio.es\/\",\"name\":\"Green Patio\",\"description\":\"Espacios para eventos en Madrid\",\"publisher\":{\"@id\":\"https:\/\/greenpatio.es\/#organization\"},\"alternateName\":\"Green Patio - Espacios para eventos en Madrid\",\"potentialAction\":[{\"@type\":\"SearchAction\",\"target\":{\"@type\":\"EntryPoint\",\"urlTemplate\":\"https:\/\/greenpatio.es\/?s={search_term_string}\"},\"query-input\":{\"@type\":\"PropertyValueSpecification\",\"valueRequired\":true,\"valueName\":\"search_term_string\"}}],\"inLanguage\":\"pt-PT\"},{\"@type\":\"Organization\",\"@id\":\"https:\/\/greenpatio.es\/#organization\",\"name\":\"Green Patio\",\"alternateName\":\"Green Patio Espacio para eventos en Madrid\",\"url\":\"https:\/\/greenpatio.es\/\",\"logo\":{\"@type\":\"ImageObject\",\"inLanguage\":\"pt-PT\",\"@id\":\"https:\/\/greenpatio.es\/#\/schema\/logo\/image\/\",\"url\":\"https:\/\/greenpatio.es\/wp-content\/uploads\/2024\/12\/logo-reducido-green-patio.png\",\"contentUrl\":\"https:\/\/greenpatio.es\/wp-content\/uploads\/2024\/12\/logo-reducido-green-patio.png\",\"width\":1465,\"height\":1465,\"caption\":\"Green Patio\"},\"image\":{\"@id\":\"https:\/\/greenpatio.es\/#\/schema\/logo\/image\/\"},\"sameAs\":[\"https:\/\/www.instagram.com\/greenpatioevents\/\"]},{\"@type\":\"Person\",\"@id\":\"https:\/\/greenpatio.es\/#\/schema\/person\/85538d898e3b9d8195d05f58aa605b8d\",\"name\":\"admin\",\"image\":{\"@type\":\"ImageObject\",\"inLanguage\":\"pt-PT\",\"@id\":\"https:\/\/greenpatio.es\/#\/schema\/person\/image\/\",\"url\":\"https:\/\/secure.gravatar.com\/avatar\/dc343822ff32eded78127b9bc70d7a8bc38956142c75c7731c634a64f56fcafe?s=96&d=mm&r=g\",\"contentUrl\":\"https:\/\/secure.gravatar.com\/avatar\/dc343822ff32eded78127b9bc70d7a8bc38956142c75c7731c634a64f56fcafe?s=96&d=mm&r=g\",\"caption\":\"admin\"},\"sameAs\":[\"https:\/\/greenpatio.es\"]}]}<\/script>\n<!-- \/ Yoast SEO plugin. -->","yoast_head_json":{"title":"Lima Rooms - Green Patio","description":"Descubre Sala 25 en Green Patio, un espacio \u00fanico y sostenible para eventos en Madrid. Perfecto para reuniones y conferencias especiales.","robots":{"index":"index","follow":"follow","max-snippet":"max-snippet:-1","max-image-preview":"max-image-preview:large","max-video-preview":"max-video-preview:-1"},"canonical":"https:\/\/greenpatio.es\/pt\/lima-rooms\/","og_locale":"pt_PT","og_type":"article","og_title":"Lima Rooms - Green Patio","og_description":"Descubre Sala 25 en Green Patio, un espacio \u00fanico y sostenible para eventos en Madrid. Perfecto para reuniones y conferencias especiales.","og_url":"https:\/\/greenpatio.es\/pt\/lima-rooms\/","og_site_name":"Green Patio","article_modified_time":"2026-04-17T06:41:13+00:00","og_image":[{"width":1200,"height":1500,"url":"https:\/\/greenpatio.es\/wp-content\/uploads\/2025\/07\/1L.jpg","type":"image\/jpeg"}],"twitter_card":"summary_large_image","twitter_misc":{"Tempo estimado de leitura":"4 minutos"},"schema":{"@context":"https:\/\/schema.org","@graph":[{"@type":"NewsArticle","@id":"https:\/\/greenpatio.es\/lima-rooms\/#article","isPartOf":{"@id":"https:\/\/greenpatio.es\/lima-rooms\/"},"author":{"name":"admin","@id":"https:\/\/greenpatio.es\/#\/schema\/person\/85538d898e3b9d8195d05f58aa605b8d"},"headline":"Lima Rooms","datePublished":"2025-07-22T13:07:47+00:00","dateModified":"2026-04-17T06:41:13+00:00","mainEntityOfPage":{"@id":"https:\/\/greenpatio.es\/lima-rooms\/"},"wordCount":233,"publisher":{"@id":"https:\/\/greenpatio.es\/#organization"},"image":{"@id":"https:\/\/greenpatio.es\/lima-rooms\/#primaryimage"},"thumbnailUrl":"https:\/\/greenpatio.es\/wp-content\/uploads\/2025\/07\/1L.jpg","inLanguage":"pt-PT"},{"@type":"WebPage","@id":"https:\/\/greenpatio.es\/lima-rooms\/","url":"https:\/\/greenpatio.es\/lima-rooms\/","name":"Lima Rooms - Green Patio","isPartOf":{"@id":"https:\/\/greenpatio.es\/#website"},"primaryImageOfPage":{"@id":"https:\/\/greenpatio.es\/lima-rooms\/#primaryimage"},"image":{"@id":"https:\/\/greenpatio.es\/lima-rooms\/#primaryimage"},"thumbnailUrl":"https:\/\/greenpatio.es\/wp-content\/uploads\/2025\/07\/1L.jpg","datePublished":"2025-07-22T13:07:47+00:00","dateModified":"2026-04-17T06:41:13+00:00","description":"Descubre Sala 25 en Green Patio, un espacio \u00fanico y sostenible para eventos en Madrid. Perfecto para reuniones y conferencias especiales.","breadcrumb":{"@id":"https:\/\/greenpatio.es\/lima-rooms\/#breadcrumb"},"inLanguage":"pt-PT","potentialAction":[{"@type":"ReadAction","target":["https:\/\/greenpatio.es\/lima-rooms\/"]}]},{"@type":"ImageObject","inLanguage":"pt-PT","@id":"https:\/\/greenpatio.es\/lima-rooms\/#primaryimage","url":"https:\/\/greenpatio.es\/wp-content\/uploads\/2025\/07\/1L.jpg","contentUrl":"https:\/\/greenpatio.es\/wp-content\/uploads\/2025\/07\/1L.jpg"},{"@type":"BreadcrumbList","@id":"https:\/\/greenpatio.es\/lima-rooms\/#breadcrumb","itemListElement":[{"@type":"ListItem","position":1,"name":"Inicio","item":"https:\/\/greenpatio.es\/"},{"@type":"ListItem","position":2,"name":"Lima Rooms"}]},{"@type":"WebSite","@id":"https:\/\/greenpatio.es\/#website","url":"https:\/\/greenpatio.es\/","name":"Green Patio","description":"Espacios para eventos en Madrid","publisher":{"@id":"https:\/\/greenpatio.es\/#organization"},"alternateName":"Green Patio - Espacios para eventos en Madrid","potentialAction":[{"@type":"SearchAction","target":{"@type":"EntryPoint","urlTemplate":"https:\/\/greenpatio.es\/?s={search_term_string}"},"query-input":{"@type":"PropertyValueSpecification","valueRequired":true,"valueName":"search_term_string"}}],"inLanguage":"pt-PT"},{"@type":"Organization","@id":"https:\/\/greenpatio.es\/#organization","name":"Green Patio","alternateName":"Green Patio Espacio para eventos en Madrid","url":"https:\/\/greenpatio.es\/","logo":{"@type":"ImageObject","inLanguage":"pt-PT","@id":"https:\/\/greenpatio.es\/#\/schema\/logo\/image\/","url":"https:\/\/greenpatio.es\/wp-content\/uploads\/2024\/12\/logo-reducido-green-patio.png","contentUrl":"https:\/\/greenpatio.es\/wp-content\/uploads\/2024\/12\/logo-reducido-green-patio.png","width":1465,"height":1465,"caption":"Green Patio"},"image":{"@id":"https:\/\/greenpatio.es\/#\/schema\/logo\/image\/"},"sameAs":["https:\/\/www.instagram.com\/greenpatioevents\/"]},{"@type":"Person","@id":"https:\/\/greenpatio.es\/#\/schema\/person\/85538d898e3b9d8195d05f58aa605b8d","name":"admin","image":{"@type":"ImageObject","inLanguage":"pt-PT","@id":"https:\/\/greenpatio.es\/#\/schema\/person\/image\/","url":"https:\/\/secure.gravatar.com\/avatar\/dc343822ff32eded78127b9bc70d7a8bc38956142c75c7731c634a64f56fcafe?s=96&d=mm&r=g","contentUrl":"https:\/\/secure.gravatar.com\/avatar\/dc343822ff32eded78127b9bc70d7a8bc38956142c75c7731c634a64f56fcafe?s=96&d=mm&r=g","caption":"admin"},"sameAs":["https:\/\/greenpatio.es"]}]}},"_links":{"self":[{"href":"https:\/\/greenpatio.es\/pt\/wp-json\/wp\/v2\/pages\/152058","targetHints":{"allow":["GET"]}}],"collection":[{"href":"https:\/\/greenpatio.es\/pt\/wp-json\/wp\/v2\/pages"}],"about":[{"href":"https:\/\/greenpatio.es\/pt\/wp-json\/wp\/v2\/types\/page"}],"author":[{"embeddable":true,"href":"https:\/\/greenpatio.es\/pt\/wp-json\/wp\/v2\/users\/1"}],"replies":[{"embeddable":true,"href":"https:\/\/greenpatio.es\/pt\/wp-json\/wp\/v2\/comments?post=152058"}],"version-history":[{"count":309,"href":"https:\/\/greenpatio.es\/pt\/wp-json\/wp\/v2\/pages\/152058\/revisions"}],"predecessor-version":[{"id":154518,"href":"https:\/\/greenpatio.es\/pt\/wp-json\/wp\/v2\/pages\/152058\/revisions\/154518"}],"wp:attachment":[{"href":"https:\/\/greenpatio.es\/pt\/wp-json\/wp\/v2\/media?parent=152058"}],"curies":[{"name":"wp","href":"https:\/\/api.w.org\/{rel}","templated":true}]}}