{"id":152378,"date":"2025-07-24T13:22:55","date_gmt":"2025-07-24T13:22:55","guid":{"rendered":"https:\/\/greenpatio.es\/?page_id=152378"},"modified":"2025-07-24T13:42:59","modified_gmt":"2025-07-24T13:42:59","slug":"politica-privacidad","status":"publish","type":"page","link":"https:\/\/greenpatio.es\/pt\/politica-privacidad\/","title":{"rendered":"Pol\u00edtica de privacidade"},"content":{"rendered":"<div data-elementor-type=\"wp-page\" data-elementor-id=\"152378\" class=\"elementor elementor-152378\" data-elementor-post-type=\"page\">\n\t\t\t\t<div class=\"elementor-element elementor-element-3eb93f5 e-con-full e-flex parallax_section_no qode_elementor_container_no e-con e-parent\" data-id=\"3eb93f5\" data-element_type=\"container\">\n\t\t\t\t<\/div>\n\t\t<div class=\"elementor-element elementor-element-f0a3855 e-con-full e-flex parallax_section_no qode_elementor_container_no e-con e-parent\" data-id=\"f0a3855\" data-element_type=\"container\" data-settings=\"{&quot;background_background&quot;:&quot;classic&quot;}\">\n\t\t<div class=\"elementor-element elementor-element-a9d443f e-con-full e-flex parallax_section_no qode_elementor_container_no e-con e-child\" data-id=\"a9d443f\" data-element_type=\"container\" data-settings=\"{&quot;background_background&quot;:&quot;classic&quot;}\">\n\t\t\t\t<div class=\"elementor-element elementor-element-84f3e1b elementor-widget elementor-widget-heading\" data-id=\"84f3e1b\" data-element_type=\"widget\" data-widget_type=\"heading.default\">\n\t\t\t\t<div class=\"elementor-widget-container\">\n\t\t\t\t\t<h1 class=\"elementor-heading-title elementor-size-default\"><b>Pol\u00edtica de privacidade<\/b>\n<\/h1>\t\t\t\t<\/div>\n\t\t\t\t<\/div>\n\t\t\t\t<\/div>\n\t\t\t\t<\/div>\n\t\t<div class=\"elementor-element elementor-element-403dc23 e-con-full e-flex parallax_section_no qode_elementor_container_no e-con e-parent\" data-id=\"403dc23\" data-element_type=\"container\">\n\t\t\t\t<div class=\"elementor-element elementor-element-2e248fc elementor-widget elementor-widget-text-editor\" data-id=\"2e248fc\" data-element_type=\"widget\" data-widget_type=\"text-editor.default\">\n\t\t\t\t<div class=\"elementor-widget-container\">\n\t\t\t\t\t\t\t\t\t<!DOCTYPE html>\n<html lang=\"es\">\n<head>\n  <meta charset=\"UTF-8\">\n  <title>Pol\u00edtica de Privacidad &#8211; GREEN PATIO<\/title>\n<\/head>\n<body>\n\n<h1>POL\u00cdTICA DE PRIVACIDADE<\/h1>\n\n<p>Na presente Pol\u00edtica de Privacidade encontrar\u00e1 todas as informa\u00e7\u00f5es relevantes sobre o tratamento de dados efectuado sob a propriedade e responsabilidade de <strong>P\u00e1tio Verde S.L.<\/strong> (a seguir designado \"<strong>GREEN PATIO<\/strong>\"), para o coletivo dos interessados nos nossos servi\u00e7os.<\/p>\n\n<p>Reserve alguns minutos para ler a nossa pol\u00edtica de privacidade, n\u00e3o demora muito. Queremos explicar-lhe de uma forma simples, clara e transparente como tratamos e protegemos os seus dados pessoais e os seus direitos. A sua seguran\u00e7a e a seguran\u00e7a dos seus dados pessoais s\u00e3o de extrema import\u00e2ncia para a GREEN PATIO e levamos muito a s\u00e9rio a sua prote\u00e7\u00e3o adequada.<\/p>\n\n<h2>A QUEM SE DESTINA E SE APLICA ESTA POL\u00cdTICA?<\/h2>\n\n<p>A presente pol\u00edtica de privacidade aplica-se a todos os utilizadores do Website, quer sejam ou n\u00e3o clientes da GREEN PATIO (doravante, indistintamente, \"o utilizador\" ou \"utilizadores\") que sejam considerados pessoas singulares. Por dados pessoais, referimo-nos a qualquer informa\u00e7\u00e3o sobre uma pessoa singular identificada ou identific\u00e1vel.<\/p>\n\n<p>Este s\u00edtio Web destina-se a Utilizadores maiores de 18 anos, sendo proibida a sua utiliza\u00e7\u00e3o por menores de 18 anos para o registo e contrata\u00e7\u00e3o dos nossos servi\u00e7os que possam ser oferecidos no mesmo.<\/p>\n\n<p>Este s\u00edtio Web reserva-se o direito de proceder \u00e0 verifica\u00e7\u00e3o da idade das pessoas que fornecem dados pessoais. Os dados de uma pessoa com menos de 18 anos de idade ser\u00e3o eliminados.<\/p>\n\n<p>O Utilizador reconhece responsavelmente que tem capacidade jur\u00eddica suficiente para poder subscrever, se for caso disso, os servi\u00e7os de registo ou de pagamento oferecidos pelo S\u00edtio Web.<\/p>\n\n<p>Os menores de 18 anos devem obter autoriza\u00e7\u00e3o pr\u00e9via dos pais, tutores ou representantes legais, que ser\u00e3o respons\u00e1veis pelos actos praticados pelos menores a seu cargo, de acordo com a regulamenta\u00e7\u00e3o em vigor.<\/p>\n\n<p>Agradecemos que nos ajude a manter os seus dados pessoais actualizados, informando-nos de quaisquer altera\u00e7\u00f5es aos seus dados de contacto ou prefer\u00eancias.<\/p>\n\n<h2>Informa\u00e7\u00f5es sobre o tratamento<\/h2>\n\n<p>Em conformidade com as disposi\u00e7\u00f5es do Regulamento Geral sobre a Prote\u00e7\u00e3o de Dados da UE (a seguir designado \"RGPD\"), de 27 de abril de 2016, o utilizador deve receber informa\u00e7\u00f5es atempadas e espec\u00edficas do respons\u00e1vel pelo tratamento, bem como as utiliza\u00e7\u00f5es e finalidades do tratamento.<\/p>\n\n<p>Para o efeito, s\u00e3o fornecidas as seguintes informa\u00e7\u00f5es:<\/p>\n\n<h3>SE NAVEGAR OU UTILIZAR O NOSSO S\u00cdTIO WEB, QUEM \u00c9 RESPONS\u00c1VEL PELO TRATAMENTO DOS SEUS DADOS?<\/h3>\n\n<ul>\n  <li><strong>Identidade:<\/strong> P\u00e1tio Verde S.L.<\/li>\n  <li><strong>NIF:<\/strong> B88404678<\/li>\n  <li><strong>Endere\u00e7o:<\/strong> c\/ Salamanca n\u00ba 23, 28.020 - Madrid<\/li>\n  <li><strong>Respons\u00e1vel pela prote\u00e7\u00e3o de dados:<\/strong> <a href=\"mailto:administracion@greenpatio.es\">administracion@greenpatio.es<\/a><\/li>\n<\/ul>\n<h2>QUE TIPO DE DADOS TRATAMOS?<\/h2>\n\n<p>O tratamento dos seus dados \u00e9 necess\u00e1rio para lhe dar acesso aos conte\u00fados e\/ou funcionalidades do S\u00edtio Web ou, se o solicitar, para lhe poder enviar informa\u00e7\u00f5es ou prestar-lhe os servi\u00e7os dispon\u00edveis atrav\u00e9s do S\u00edtio Web. A este respeito, estamos firmemente empenhados em tratar os seus dados pessoais de forma leg\u00edtima e coerente, de acordo com os princ\u00edpios e obriga\u00e7\u00f5es legais previstos nos regulamentos de prote\u00e7\u00e3o de dados pessoais em vigor.<\/p>\n\n<p>Quando navega no S\u00edtio Web e, em particular, quando interage, fornece-nos dados diretamente, por exemplo, quando preenche qualquer formul\u00e1rio ou pedido disponibilizado online, de acordo com as finalidades de tratamento indicadas em cada caso.<\/p>\n\n<p>Todos os campos assinalados com um asterisco (*) nos formul\u00e1rios que lhe s\u00e3o fornecidos devem ser preenchidos. O n\u00e3o preenchimento pode impossibilitar-nos de o atender e de lhe prestar as informa\u00e7\u00f5es ou os servi\u00e7os solicitados.<\/p>\n\n<p>Por conseguinte, o utilizador deve fornecer informa\u00e7\u00f5es verdadeiras, sendo proibida a utiliza\u00e7\u00e3o de pseud\u00f3nimos ou outros meios para ocultar a sua identidade, exceto quando solicitamos expressamente a cria\u00e7\u00e3o de uma alcunha ou pseud\u00f3nimo como nome de utilizador.<\/p>\n\n<p>No caso de ser necess\u00e1rio criar uma palavra-passe de acesso privado, aconselhamos o utilizador a mant\u00ea-la sempre segura. O utilizador \u00e9 o \u00fanico respons\u00e1vel pela utiliza\u00e7\u00e3o da sua conta pessoal, autorizada ou n\u00e3o, e, neste sentido, compromete-se a fazer uma utiliza\u00e7\u00e3o diligente destas informa\u00e7\u00f5es, a n\u00e3o as disponibilizar a terceiros e a comunicar a sua perda ou roubo.<\/p>\n\n<p>Para que a informa\u00e7\u00e3o disponibilizada esteja sempre actualizada e n\u00e3o contenha erros, dever\u00e1 informar a GREEN PATIO, com a maior brevidade poss\u00edvel, das altera\u00e7\u00f5es e correc\u00e7\u00f5es aos seus dados pessoais que ocorram, conforme indicado no Ponto 9 - Direitos.<\/p>\n\n<p>Em suma, tratamos os dados pessoais que nos forneceu em rela\u00e7\u00e3o aos nossos servi\u00e7os pelos quais demonstrou interesse.<\/p>\n\n<p>Pedir-lhe-emos sempre dados adequados, pertinentes e limitados ao que \u00e9 necess\u00e1rio para efeitos de tratamento (princ\u00edpio da minimiza\u00e7\u00e3o dos dados pessoais):<\/p>\n\n<ul>\n  <li><strong>Dados de identifica\u00e7\u00e3o:<\/strong> nome pr\u00f3prio, apelido.<\/li>\n  <li><strong>Dados de contacto:<\/strong> n\u00famero de telefone, endere\u00e7o eletr\u00f3nico.<\/li>\n  <li><strong>Comercial e prefer\u00eancias:<\/strong> informa\u00e7\u00f5es fornecidas pelo utilizador sobre as suas prefer\u00eancias, por exemplo, o tipo de produto ou servi\u00e7o em que est\u00e1 interessado.<\/li>\n  <li><strong>Dados do historial do cliente:<\/strong> comunica\u00e7\u00f5es com a GREEN PATIO atrav\u00e9s de qualquer canal (telefone, correio eletr\u00f3nico, mensagens instant\u00e2neas, redes sociais, inqu\u00e9ritos de satisfa\u00e7\u00e3o, etc.).<\/li>\n  <li><strong>Dados de navega\u00e7\u00e3o:<\/strong> recolhidos atrav\u00e9s de cookies. Pode configurar a utiliza\u00e7\u00e3o de cookies na Pol\u00edtica de Cookies.<\/li>\n  <li><strong>Dados de liga\u00e7\u00e3o:<\/strong> IP do dispositivo, fornecido pelo browser que utiliza para se ligar. N\u00e3o utilizamos o IP para o identificar ou associar a navega\u00e7\u00e3o ao utilizador.<\/li>\n<\/ul>\n<h2>COM QUE BASE PROCESSAMOS LEGITIMAMENTE OS SEUS DADOS?<\/h2>\n\n<table border=\"1\" cellpadding=\"8\" cellspacing=\"0\">\n  <thead>\n    <tr>\n      <th><strong>Objectivos do tratamento<\/strong><\/th>\n      <th><strong>Base leg\u00edtima para o tratamento<\/strong><\/th>\n    <\/tr>\n  <\/thead>\n  <tbody>\n    <tr>\n      <td>Permitir ao utilizador navegar no s\u00edtio Web, acedendo aos seus conte\u00fados<\/td>\n      <td>\n        Consentimento (art. 6.1.a RGPD) <br>\n        Interesse leg\u00edtimo (art. 6.1.f RGPD)\n      <\/td>\n    <\/tr>\n    <tr>\n      <td>Apresentar informa\u00e7\u00f5es sobre as carater\u00edsticas dos servi\u00e7os solicitados<\/td>\n      <td>\n        Medidas pr\u00e9-contratuais (art. 6.\u00ba, n.\u00ba 1, al\u00ednea b), do RGPD) <br>\n        Consentimento (art. 6.1.a RGPD)\n      <\/td>\n    <\/tr>\n    <tr>\n      <td>Envio de comunica\u00e7\u00f5es semelhantes a servi\u00e7os contratados ou interessados<\/td>\n      <td>\n        Artigo 21.2 LSSI-CE <br>\n        Interesse leg\u00edtimo (art. 6.1.f RGPD)\n      <\/td>\n    <\/tr>\n    <tr>\n      <td>Enviar promo\u00e7\u00f5es, ofertas, eventos, sorteios, campanhas, etc.<\/td>\n      <td>Consentimento (art. 6.1.a RGPD)<\/td>\n    <\/tr>\n    <tr>\n      <td>Gest\u00e3o de concursos e sorteios (incluindo a utiliza\u00e7\u00e3o da imagem)<\/td>\n      <td>Consentimento (art. 6.1.a RGPD)<\/td>\n    <\/tr>\n    <tr>\n      <td>Servi\u00e7o ao cliente e tratamento de reclama\u00e7\u00f5es<\/td>\n      <td>\n        Medidas pr\u00e9-contratuais ou contratuais (art. 6.1.b RGPD) <br>\n        Consentimento (art. 6.1.a RGPD) <br>\n        Obriga\u00e7\u00f5es legais (art. 6.1.c RGPD)\n      <\/td>\n    <\/tr>\n    <tr>\n      <td>Inqu\u00e9ritos de qualidade e satisfa\u00e7\u00e3o<\/td>\n      <td>Interesse leg\u00edtimo (art. 6.1.f RGPD)<\/td>\n    <\/tr>\n    <tr>\n      <td>Utiliza\u00e7\u00e3o de cookies anal\u00edticos ou estat\u00edsticos<\/td>\n      <td>Consentimento (art. 6.1.a RGPD)<\/td>\n    <\/tr>\n    <tr>\n      <td>Medidas de prote\u00e7\u00e3o t\u00e9cnicas e organizacionais<\/td>\n      <td>\n        Obriga\u00e7\u00e3o legal (art. 6.1.c RGPD) <br>\n        Interesse leg\u00edtimo (art. 6.1.f RGPD) <br>\n        Considerando 49 do RGPD\n      <\/td>\n    <\/tr>\n    <tr>\n      <td>Dete\u00e7\u00e3o de fraudes, preven\u00e7\u00e3o de crimes, conformidade<\/td>\n      <td>\n        Obriga\u00e7\u00e3o legal (art. 6.1.c RGPD) <br>\n        Interesse leg\u00edtimo (art. 6.1.f RGPD)\n      <\/td>\n    <\/tr>\n  <\/tbody>\n<\/table>\n\n<h3>Revoga\u00e7\u00e3o do consentimento<\/h3>\n<p>Quando a base leg\u00edtima para o tratamento dos seus dados pessoais for o seu consentimento, recordamos que tem o direito de revogar o seu consentimento a qualquer momento, de forma simples e gratuita, escrevendo-nos para <a href=\"mailto:administracion@greenpatio.es\">administracion@greenpatio.es<\/a>.<\/p>\n\n<h3>* Interesse leg\u00edtimo: o que significa no nosso caso?<\/h3>\n<p>A GREEN PATIO pode tratar os seus dados pessoais com base no seu interesse leg\u00edtimo para:<\/p>\n<ul>\n  <li>Enviar-lhe comunica\u00e7\u00f5es sobre servi\u00e7os similares contratados ou com interesse pr\u00e9vio.<\/li>\n  <li>Enviar comunica\u00e7\u00f5es n\u00e3o electr\u00f3nicas a empresas ou freelancers.<\/li>\n  <li>Realizar inqu\u00e9ritos para controlar a qualidade dos servi\u00e7os prestados.<\/li>\n  <li>Contact\u00e1-lo em caso de emerg\u00eancia para sua seguran\u00e7a.<\/li>\n<\/ul>\n<h2>DURANTE QUANTO TEMPO CONSERVAMOS OS SEUS DADOS?<\/h2>\n\n<table border=\"1\" cellpadding=\"8\" cellspacing=\"0\">\n  <thead>\n    <tr>\n      <th><strong>Dados pessoais associados \u00e0s finalidades de tratamento comunicadas<\/strong><\/th>\n      <th><strong>Per\u00edodos ou crit\u00e9rios de conserva\u00e7\u00e3o<\/strong><\/th>\n    <\/tr>\n  <\/thead>\n  <tbody>\n    <tr>\n      <td>Navega\u00e7\u00e3o no s\u00edtio Web<\/td>\n      <td>Para o tempo essencial e necess\u00e1rio para lhe permitir navegar corretamente. Para cookies anal\u00edticos, como indicado na Pol\u00edtica de Cookies.<\/td>\n    <\/tr>\n    <tr>\n      <td>Informa\u00e7\u00f5es sobre os servi\u00e7os solicitados<\/td>\n      <td>Durante 2 anos a partir da \u00faltima autoriza\u00e7\u00e3o, ou at\u00e9 que revogue o seu consentimento ou se oponha ao tratamento.<\/td>\n    <\/tr>\n    <tr>\n      <td>Comunica\u00e7\u00f5es semelhantes a servi\u00e7os contratados<\/td>\n      <td>At\u00e9 que revogue o consentimento ou se oponha, e durante um m\u00e1ximo de 2 anos a partir do \u00faltimo contacto.<\/td>\n    <\/tr>\n    <tr>\n      <td>Publicidade, promo\u00e7\u00f5es, sorteios e campanhas<\/td>\n      <td>O mesmo que acima: at\u00e9 \u00e0 oposi\u00e7\u00e3o ou no m\u00e1ximo 2 anos desde o \u00faltimo contacto.<\/td>\n    <\/tr>\n    <tr>\n      <td>Servi\u00e7o ao cliente<\/td>\n      <td>Durante o tempo estritamente necess\u00e1rio para gerir e resolver a consulta.<\/td>\n    <\/tr>\n    <tr>\n      <td>Inqu\u00e9ritos de opini\u00e3o e de qualidade<\/td>\n      <td>Desde que exista uma rela\u00e7\u00e3o pr\u00e9-contratual ou contratual.<\/td>\n    <\/tr>\n    <tr>\n      <td>Cookies anal\u00edticos<\/td>\n      <td>Conforme indicado na Pol\u00edtica de Cookies.<\/td>\n    <\/tr>\n    <tr>\n      <td>Medidas de seguran\u00e7a t\u00e9cnicas e organizativas<\/td>\n      <td>Durante o tratamento e a conserva\u00e7\u00e3o legais dos dados. Posteriormente, podem ser tornados an\u00f3nimos.<\/td>\n    <\/tr>\n    <tr>\n      <td>Conformidade regulamentar, fraude, crime<\/td>\n      <td>\n        - 10 anos (Lei sobre o branqueamento de capitais) <br>\n        - 6 anos (obriga\u00e7\u00f5es fiscais) <br>\n        - 3 anos (queixas dos consumidores) <br>\n        - 4 a 10 anos (documenta\u00e7\u00e3o contabil\u00edstica\/fiscal)\n      <\/td>\n    <\/tr>\n  <\/tbody>\n<\/table>\n\n<h3>Notas importantes<\/h3>\n<ul>\n  <li>Os dados ser\u00e3o conservados durante o tempo necess\u00e1rio para cumprir a sua finalidade, exceto se for legalmente exigido um per\u00edodo mais longo.<\/li>\n  <li>Devido aos regulamentos de prote\u00e7\u00e3o de dados, podemos manter as suas informa\u00e7\u00f5es em seguran\u00e7a at\u00e9 3 anos ap\u00f3s a recolha, mesmo que j\u00e1 n\u00e3o sejam utilizadas.<\/li>\n  <li>Uma vez terminada a necessidade de tratamento, os dados podem:\n    <ul>\n      <li>Ser bloqueado para ser colocado \u00e0 disposi\u00e7\u00e3o das autoridades.<\/li>\n      <li>Ser apagado de forma segura ou an\u00f3nima.<\/li>\n    <\/ul>\n  <\/li>\n<\/ul>\n<h2>O QUE ACONTECE SE N\u00c3O NOS FORNECER OS SEUS DADOS?<\/h2>\n\n<p>Informamos que os dados que lhe solicitamos ser\u00e3o os m\u00ednimos necess\u00e1rios para cumprir a finalidade do tratamento, pelo que, se n\u00e3o os fornecer, n\u00e3o o poderemos efetuar.<\/p>\n\n<ul>\n  <li>Se n\u00e3o fornecer os seus dados de contacto, n\u00e3o poderemos responder ao seu pedido ou enviar-lhe informa\u00e7\u00f5es comerciais.<\/li>\n  <li>Se n\u00e3o aceitar os cookies t\u00e9cnicos, n\u00e3o poder\u00e1 navegar corretamente no s\u00edtio Web.<\/li>\n<\/ul>\n\n<h2>PARTILHAMOS OS SEUS DADOS PESSOAIS COM TERCEIROS?<\/h2>\n\n<p>N\u00e3o vendemos nem alugamos os seus dados pessoais. Apenas os partilharemos nos seguintes casos:<\/p>\n\n<ul>\n  <li>Com os fornecedores de tecnologia ou colaboradores que prestam servi\u00e7os para a GREEN PATIO, sempre sob um contrato de confidencialidade e ordem de processamento de acordo com o art. 28 RGPD.<\/li>\n  <li>Com entidades de dete\u00e7\u00e3o de fraude ou preven\u00e7\u00e3o de crimes, em cumprimento da lei.<\/li>\n  <li>Com autoridades p\u00fablicas, tribunais, se tal for exigido por lei.<\/li>\n<\/ul>\n\n<p>Todos os subcontratantes operam sob as nossas instru\u00e7\u00f5es e de acordo com crit\u00e9rios rigorosos de seguran\u00e7a, confidencialidade e regulamentos de prote\u00e7\u00e3o de dados.<\/p>\n\n<h2>EFECTUAMOS TRANSFER\u00caNCIAS INTERNACIONAIS?<\/h2>\n\n<p>N\u00e3o efectuamos transfer\u00eancias internacionais dos seus dados pessoais.<\/p>\n\n<p>Se um fornecedor estiver fora do Espa\u00e7o Econ\u00f3mico Europeu (EEE), garantiremos a exist\u00eancia de uma decis\u00e3o de adequa\u00e7\u00e3o, de cl\u00e1usulas-tipo aprovadas pela Comiss\u00e3o Europeia ou de regras vinculativas para empresas (BCR).<\/p>\n\n<h2>QUAIS S\u00c3O OS SEUS DIREITOS?<\/h2>\n\n<p>O utilizador pode exercer os seguintes direitos, em conformidade com os artigos 15\u00ba a 22\u00ba do RGPD:<\/p>\n\n<ul>\n  <li><strong>Acesso:<\/strong> saber quais os dados que processamos sobre si.<\/li>\n  <li><strong>Corre\u00e7\u00e3o:<\/strong> solicitar a corre\u00e7\u00e3o de dados inexactos.<\/li>\n  <li><strong>Supress\u00e3o:<\/strong> pedir-nos para apagar os seus dados quando estes j\u00e1 n\u00e3o forem necess\u00e1rios.<\/li>\n  <li><strong>Limita\u00e7\u00e3o:<\/strong> restringir o tratamento em determinadas condi\u00e7\u00f5es.<\/li>\n  <li><strong>Portabilidade:<\/strong> receber os seus dados num formato estruturado ou pedir-nos que os enviemos para outro respons\u00e1vel pelo tratamento de dados.<\/li>\n  <li><strong>Oposi\u00e7\u00e3o:<\/strong> opor-se ao tratamento com base em interesses leg\u00edtimos ou para fins de marketing.<\/li>\n  <li><strong>N\u00e3o estar sujeito a decis\u00f5es automatizadas:<\/strong> incluindo a defini\u00e7\u00e3o de perfis.<\/li>\n  <li><strong>Retirar o consentimento:<\/strong> a qualquer momento, sem afetar a legalidade do tratamento anterior.<\/li>\n<\/ul>\n\n<p>Pode exercer estes direitos gratuitamente, enviando um pedido acompanhado de uma c\u00f3pia do seu cart\u00e3o de identifica\u00e7\u00e3o para:<\/p>\n<ul>\n  <li><strong>Correio eletr\u00f3nico:<\/strong> <a href=\"mailto:administracion@greenpatio.es\">administracion@greenpatio.es<\/a><\/li>\n  <li><strong>Endere\u00e7o postal:<\/strong> c\/ Salamanca n\u00ba 23, 28020 - Madrid<\/li>\n<\/ul>\n\n<p>Tamb\u00e9m pode apresentar uma queixa junto da Ag\u00eancia Espanhola de Prote\u00e7\u00e3o de Dados (<a href=\"https:\/\/www.aepd.es\" target=\"_blank\">www.aepd.es<\/a>) se considerar que n\u00e3o trat\u00e1mos devidamente dos seus direitos.<\/p>\n<h2>QUE MEDIDAS DE SEGURAN\u00c7A APLICAMOS AOS SEUS DADOS?<\/h2>\n\n<p>A GREEN PATIO adoptou todas as medidas t\u00e9cnicas e organizativas necess\u00e1rias para garantir a seguran\u00e7a e integridade dos dados pessoais que trata, bem como para evitar a sua perda, altera\u00e7\u00e3o e\/ou acesso por parte de terceiros n\u00e3o autorizados.<\/p>\n\n<p>Entre outras medidas:<\/p>\n<ul>\n  <li>Prote\u00e7\u00e3o f\u00edsica das instala\u00e7\u00f5es e dos servidores.<\/li>\n  <li>Acesso restrito apenas a pessoal autorizado.<\/li>\n  <li>Encripta\u00e7\u00e3o e anonimiza\u00e7\u00e3o dos dados sempre que poss\u00edvel.<\/li>\n  <li>Prote\u00e7\u00e3o contra malware, firewalls e c\u00f3pias de seguran\u00e7a.<\/li>\n  <li>Palavras-passe pessoais e intransmiss\u00edveis.<\/li>\n  <li>Cl\u00e1usulas contratuais com os subcontratantes.<\/li>\n  <li>Forma\u00e7\u00e3o espec\u00edfica sobre privacidade para o pessoal.<\/li>\n<\/ul>\n\n<h2>VALIDADE E ALTERA\u00c7\u00c3O DA POL\u00cdTICA DE PRIVACIDADE<\/h2>\n\n<p>A GREEN PATIO reserva-se o direito de modificar a presente pol\u00edtica para a adaptar a novas legisla\u00e7\u00f5es ou jurisprud\u00eancias, bem como a crit\u00e9rios ou pr\u00e1ticas do sector.<\/p>\n\n<p>Nesse caso, ser\u00e1 anunciado no s\u00edtio Web com bastante anteced\u00eancia. Recomenda-se uma revis\u00e3o peri\u00f3dica.<\/p>\n\n<p>A presente Pol\u00edtica de Privacidade est\u00e1 em vigor desde 24 de junho de 2025.<\/p>\n\n<h2>JURISDI\u00c7\u00c3O E LEGISLA\u00c7\u00c3O APLIC\u00c1VEL<\/h2>\n\n<p>Em caso de lit\u00edgio ou controv\u00e9rsia, as partes submetem-se, com ren\u00fancia expressa a qualquer outra jurisdi\u00e7\u00e3o, aos tribunais de <strong>Julgados e Tribunais da Cidade de Vigo<\/strong>sem preju\u00edzo de quaisquer direitos que o consumidor possa ter de recorrer \u00e0 sua jurisdi\u00e7\u00e3o local, em conformidade com o Regulamento (UE) n.\u00ba 1215\/2012.<\/p>\n\n<p>Em qualquer caso, o GREEN PATIO compromete-se a tentar resolver qualquer lit\u00edgio de forma amig\u00e1vel antes de recorrer a uma a\u00e7\u00e3o judicial.<\/p>\n\n<\/body>\n<\/html>\n\n\t\t\t\t\t\t\t\t<\/div>\n\t\t\t\t<\/div>\n\t\t\t\t<\/div>\n\t\t\t\t<\/div>","protected":false},"excerpt":{"rendered":"<p>Pol\u00edtica de Privacidad Pol\u00edtica de&#8230;<\/p>","protected":false},"author":1,"featured_media":0,"parent":0,"menu_order":0,"comment_status":"closed","ping_status":"closed","template":"full_width.php","meta":{"_monsterinsights_skip_tracking":false,"_monsterinsights_sitenote_active":false,"_monsterinsights_sitenote_note":"","_monsterinsights_sitenote_category":0,"footnotes":""},"class_list":["post-152378","page","type-page","status-publish","hentry"],"yoast_head":"<!-- This site is optimized with the Yoast SEO plugin v24.0 - https:\/\/yoast.com\/wordpress\/plugins\/seo\/ -->\n<title>Contacta con Green Patio - Tel\u00e9fono - Green Patio<\/title>\n<meta name=\"description\" content=\"Tel\u00e9fono: 669 01 88 34 - Contacta para m\u00e1s informaci\u00f3n sobre alquiler de espacios para eventos en Madrid. Solicita tu presupuesto.\" \/>\n<meta name=\"robots\" content=\"index, follow, max-snippet:-1, max-image-preview:large, max-video-preview:-1\" \/>\n<link rel=\"canonical\" href=\"https:\/\/greenpatio.es\/pt\/politica-privacidad\/\" \/>\n<meta property=\"og:locale\" content=\"pt_PT\" \/>\n<meta property=\"og:type\" content=\"article\" \/>\n<meta property=\"og:title\" content=\"Contacta con Green Patio - Tel\u00e9fono - Green Patio\" \/>\n<meta property=\"og:description\" content=\"Tel\u00e9fono: 669 01 88 34 - Contacta para m\u00e1s informaci\u00f3n sobre alquiler de espacios para eventos en Madrid. Solicita tu presupuesto.\" \/>\n<meta property=\"og:url\" content=\"https:\/\/greenpatio.es\/pt\/politica-privacidad\/\" \/>\n<meta property=\"og:site_name\" content=\"Green Patio\" \/>\n<meta property=\"article:modified_time\" content=\"2025-07-24T13:42:59+00:00\" \/>\n<meta name=\"twitter:card\" content=\"summary_large_image\" \/>\n<meta name=\"twitter:label1\" content=\"Tempo estimado de leitura\" \/>\n\t<meta name=\"twitter:data1\" content=\"10 minutos\" \/>\n<script type=\"application\/ld+json\" class=\"yoast-schema-graph\">{\"@context\":\"https:\/\/schema.org\",\"@graph\":[{\"@type\":\"NewsArticle\",\"@id\":\"https:\/\/greenpatio.es\/politica-privacidad\/#article\",\"isPartOf\":{\"@id\":\"https:\/\/greenpatio.es\/politica-privacidad\/\"},\"author\":{\"name\":\"admin\",\"@id\":\"https:\/\/greenpatio.es\/#\/schema\/person\/85538d898e3b9d8195d05f58aa605b8d\"},\"headline\":\"Pol\u00edtica de Privacidad\",\"datePublished\":\"2025-07-24T13:22:55+00:00\",\"dateModified\":\"2025-07-24T13:42:59+00:00\",\"mainEntityOfPage\":{\"@id\":\"https:\/\/greenpatio.es\/politica-privacidad\/\"},\"wordCount\":2189,\"publisher\":{\"@id\":\"https:\/\/greenpatio.es\/#organization\"},\"inLanguage\":\"pt-PT\"},{\"@type\":\"WebPage\",\"@id\":\"https:\/\/greenpatio.es\/politica-privacidad\/\",\"url\":\"https:\/\/greenpatio.es\/politica-privacidad\/\",\"name\":\"Contacta con Green Patio - Tel\u00e9fono - Green Patio\",\"isPartOf\":{\"@id\":\"https:\/\/greenpatio.es\/#website\"},\"datePublished\":\"2025-07-24T13:22:55+00:00\",\"dateModified\":\"2025-07-24T13:42:59+00:00\",\"description\":\"Tel\u00e9fono: 669 01 88 34 - Contacta para m\u00e1s informaci\u00f3n sobre alquiler de espacios para eventos en Madrid. Solicita tu presupuesto.\",\"breadcrumb\":{\"@id\":\"https:\/\/greenpatio.es\/politica-privacidad\/#breadcrumb\"},\"inLanguage\":\"pt-PT\",\"potentialAction\":[{\"@type\":\"ReadAction\",\"target\":[\"https:\/\/greenpatio.es\/politica-privacidad\/\"]}]},{\"@type\":\"BreadcrumbList\",\"@id\":\"https:\/\/greenpatio.es\/politica-privacidad\/#breadcrumb\",\"itemListElement\":[{\"@type\":\"ListItem\",\"position\":1,\"name\":\"Inicio\",\"item\":\"https:\/\/greenpatio.es\/\"},{\"@type\":\"ListItem\",\"position\":2,\"name\":\"Pol\u00edtica de Privacidad\"}]},{\"@type\":\"WebSite\",\"@id\":\"https:\/\/greenpatio.es\/#website\",\"url\":\"https:\/\/greenpatio.es\/\",\"name\":\"Green Patio\",\"description\":\"Espacios para eventos en Madrid\",\"publisher\":{\"@id\":\"https:\/\/greenpatio.es\/#organization\"},\"alternateName\":\"Green Patio - Espacios para eventos en Madrid\",\"potentialAction\":[{\"@type\":\"SearchAction\",\"target\":{\"@type\":\"EntryPoint\",\"urlTemplate\":\"https:\/\/greenpatio.es\/?s={search_term_string}\"},\"query-input\":{\"@type\":\"PropertyValueSpecification\",\"valueRequired\":true,\"valueName\":\"search_term_string\"}}],\"inLanguage\":\"pt-PT\"},{\"@type\":\"Organization\",\"@id\":\"https:\/\/greenpatio.es\/#organization\",\"name\":\"Green Patio\",\"alternateName\":\"Green Patio Espacio para eventos en Madrid\",\"url\":\"https:\/\/greenpatio.es\/\",\"logo\":{\"@type\":\"ImageObject\",\"inLanguage\":\"pt-PT\",\"@id\":\"https:\/\/greenpatio.es\/#\/schema\/logo\/image\/\",\"url\":\"https:\/\/greenpatio.es\/wp-content\/uploads\/2024\/12\/logo-reducido-green-patio.png\",\"contentUrl\":\"https:\/\/greenpatio.es\/wp-content\/uploads\/2024\/12\/logo-reducido-green-patio.png\",\"width\":1465,\"height\":1465,\"caption\":\"Green Patio\"},\"image\":{\"@id\":\"https:\/\/greenpatio.es\/#\/schema\/logo\/image\/\"},\"sameAs\":[\"https:\/\/www.instagram.com\/greenpatioevents\/\"]},{\"@type\":\"Person\",\"@id\":\"https:\/\/greenpatio.es\/#\/schema\/person\/85538d898e3b9d8195d05f58aa605b8d\",\"name\":\"admin\",\"image\":{\"@type\":\"ImageObject\",\"inLanguage\":\"pt-PT\",\"@id\":\"https:\/\/greenpatio.es\/#\/schema\/person\/image\/\",\"url\":\"https:\/\/secure.gravatar.com\/avatar\/dc343822ff32eded78127b9bc70d7a8bc38956142c75c7731c634a64f56fcafe?s=96&d=mm&r=g\",\"contentUrl\":\"https:\/\/secure.gravatar.com\/avatar\/dc343822ff32eded78127b9bc70d7a8bc38956142c75c7731c634a64f56fcafe?s=96&d=mm&r=g\",\"caption\":\"admin\"},\"sameAs\":[\"https:\/\/greenpatio.es\"]}]}<\/script>\n<!-- \/ Yoast SEO plugin. -->","yoast_head_json":{"title":"Contacta con Green Patio - Tel\u00e9fono - Green Patio","description":"Tel\u00e9fono: 669 01 88 34 - Contacta para m\u00e1s informaci\u00f3n sobre alquiler de espacios para eventos en Madrid. Solicita tu presupuesto.","robots":{"index":"index","follow":"follow","max-snippet":"max-snippet:-1","max-image-preview":"max-image-preview:large","max-video-preview":"max-video-preview:-1"},"canonical":"https:\/\/greenpatio.es\/pt\/politica-privacidad\/","og_locale":"pt_PT","og_type":"article","og_title":"Contacta con Green Patio - Tel\u00e9fono - Green Patio","og_description":"Tel\u00e9fono: 669 01 88 34 - Contacta para m\u00e1s informaci\u00f3n sobre alquiler de espacios para eventos en Madrid. Solicita tu presupuesto.","og_url":"https:\/\/greenpatio.es\/pt\/politica-privacidad\/","og_site_name":"Green Patio","article_modified_time":"2025-07-24T13:42:59+00:00","twitter_card":"summary_large_image","twitter_misc":{"Tempo estimado de leitura":"10 minutos"},"schema":{"@context":"https:\/\/schema.org","@graph":[{"@type":"NewsArticle","@id":"https:\/\/greenpatio.es\/politica-privacidad\/#article","isPartOf":{"@id":"https:\/\/greenpatio.es\/politica-privacidad\/"},"author":{"name":"admin","@id":"https:\/\/greenpatio.es\/#\/schema\/person\/85538d898e3b9d8195d05f58aa605b8d"},"headline":"Pol\u00edtica de Privacidad","datePublished":"2025-07-24T13:22:55+00:00","dateModified":"2025-07-24T13:42:59+00:00","mainEntityOfPage":{"@id":"https:\/\/greenpatio.es\/politica-privacidad\/"},"wordCount":2189,"publisher":{"@id":"https:\/\/greenpatio.es\/#organization"},"inLanguage":"pt-PT"},{"@type":"WebPage","@id":"https:\/\/greenpatio.es\/politica-privacidad\/","url":"https:\/\/greenpatio.es\/politica-privacidad\/","name":"Contacta con Green Patio - Tel\u00e9fono - Green Patio","isPartOf":{"@id":"https:\/\/greenpatio.es\/#website"},"datePublished":"2025-07-24T13:22:55+00:00","dateModified":"2025-07-24T13:42:59+00:00","description":"Tel\u00e9fono: 669 01 88 34 - Contacta para m\u00e1s informaci\u00f3n sobre alquiler de espacios para eventos en Madrid. Solicita tu presupuesto.","breadcrumb":{"@id":"https:\/\/greenpatio.es\/politica-privacidad\/#breadcrumb"},"inLanguage":"pt-PT","potentialAction":[{"@type":"ReadAction","target":["https:\/\/greenpatio.es\/politica-privacidad\/"]}]},{"@type":"BreadcrumbList","@id":"https:\/\/greenpatio.es\/politica-privacidad\/#breadcrumb","itemListElement":[{"@type":"ListItem","position":1,"name":"Inicio","item":"https:\/\/greenpatio.es\/"},{"@type":"ListItem","position":2,"name":"Pol\u00edtica de Privacidad"}]},{"@type":"WebSite","@id":"https:\/\/greenpatio.es\/#website","url":"https:\/\/greenpatio.es\/","name":"Green Patio","description":"Espacios para eventos en Madrid","publisher":{"@id":"https:\/\/greenpatio.es\/#organization"},"alternateName":"Green Patio - Espacios para eventos en Madrid","potentialAction":[{"@type":"SearchAction","target":{"@type":"EntryPoint","urlTemplate":"https:\/\/greenpatio.es\/?s={search_term_string}"},"query-input":{"@type":"PropertyValueSpecification","valueRequired":true,"valueName":"search_term_string"}}],"inLanguage":"pt-PT"},{"@type":"Organization","@id":"https:\/\/greenpatio.es\/#organization","name":"Green Patio","alternateName":"Green Patio Espacio para eventos en Madrid","url":"https:\/\/greenpatio.es\/","logo":{"@type":"ImageObject","inLanguage":"pt-PT","@id":"https:\/\/greenpatio.es\/#\/schema\/logo\/image\/","url":"https:\/\/greenpatio.es\/wp-content\/uploads\/2024\/12\/logo-reducido-green-patio.png","contentUrl":"https:\/\/greenpatio.es\/wp-content\/uploads\/2024\/12\/logo-reducido-green-patio.png","width":1465,"height":1465,"caption":"Green Patio"},"image":{"@id":"https:\/\/greenpatio.es\/#\/schema\/logo\/image\/"},"sameAs":["https:\/\/www.instagram.com\/greenpatioevents\/"]},{"@type":"Person","@id":"https:\/\/greenpatio.es\/#\/schema\/person\/85538d898e3b9d8195d05f58aa605b8d","name":"admin","image":{"@type":"ImageObject","inLanguage":"pt-PT","@id":"https:\/\/greenpatio.es\/#\/schema\/person\/image\/","url":"https:\/\/secure.gravatar.com\/avatar\/dc343822ff32eded78127b9bc70d7a8bc38956142c75c7731c634a64f56fcafe?s=96&d=mm&r=g","contentUrl":"https:\/\/secure.gravatar.com\/avatar\/dc343822ff32eded78127b9bc70d7a8bc38956142c75c7731c634a64f56fcafe?s=96&d=mm&r=g","caption":"admin"},"sameAs":["https:\/\/greenpatio.es"]}]}},"_links":{"self":[{"href":"https:\/\/greenpatio.es\/pt\/wp-json\/wp\/v2\/pages\/152378","targetHints":{"allow":["GET"]}}],"collection":[{"href":"https:\/\/greenpatio.es\/pt\/wp-json\/wp\/v2\/pages"}],"about":[{"href":"https:\/\/greenpatio.es\/pt\/wp-json\/wp\/v2\/types\/page"}],"author":[{"embeddable":true,"href":"https:\/\/greenpatio.es\/pt\/wp-json\/wp\/v2\/users\/1"}],"replies":[{"embeddable":true,"href":"https:\/\/greenpatio.es\/pt\/wp-json\/wp\/v2\/comments?post=152378"}],"version-history":[{"count":7,"href":"https:\/\/greenpatio.es\/pt\/wp-json\/wp\/v2\/pages\/152378\/revisions"}],"predecessor-version":[{"id":152386,"href":"https:\/\/greenpatio.es\/pt\/wp-json\/wp\/v2\/pages\/152378\/revisions\/152386"}],"wp:attachment":[{"href":"https:\/\/greenpatio.es\/pt\/wp-json\/wp\/v2\/media?parent=152378"}],"curies":[{"name":"wp","href":"https:\/\/api.w.org\/{rel}","templated":true}]}}